{"version":"1.0","provider_name":"Haute-Ecole Arc","provider_url":"https:\/\/www.he-arc.ch\/en\/","title":"Portes ouvertes de la Haute Ecole Arc - Haute-Ecole Arc","type":"rich","width":600,"height":338,"html":"<blockquote class=\"wp-embedded-content\" data-secret=\"MHvU0fV4Wa\"><a href=\"https:\/\/www.he-arc.ch\/en\/agenda\/po\/\">Portes ouvertes de la Haute Ecole Arc<\/a><\/blockquote><iframe sandbox=\"allow-scripts\" security=\"restricted\" src=\"https:\/\/www.he-arc.ch\/en\/agenda\/po\/embed\/#?secret=MHvU0fV4Wa\" width=\"600\" height=\"338\" title=\"&#8220;Portes ouvertes de la Haute Ecole Arc&#8221; &#8212; Haute-Ecole Arc\" data-secret=\"MHvU0fV4Wa\" frameborder=\"0\" marginwidth=\"0\" marginheight=\"0\" scrolling=\"no\" class=\"wp-embedded-content\"><\/iframe><script type=\"text\/javascript\">\n\/* <![CDATA[ *\/\n\/*! This file is auto-generated *\/\n!function(d,l){\"use strict\";l.querySelector&&d.addEventListener&&\"undefined\"!=typeof URL&&(d.wp=d.wp||{},d.wp.receiveEmbedMessage||(d.wp.receiveEmbedMessage=function(e){var t=e.data;if((t||t.secret||t.message||t.value)&&!\/[^a-zA-Z0-9]\/.test(t.secret)){for(var s,r,n,a=l.querySelectorAll('iframe[data-secret=\"'+t.secret+'\"]'),o=l.querySelectorAll('blockquote[data-secret=\"'+t.secret+'\"]'),c=new RegExp(\"^https?:$\",\"i\"),i=0;i<o.length;i++)o[i].style.display=\"none\";for(i=0;i<a.length;i++)s=a[i],e.source===s.contentWindow&&(s.removeAttribute(\"style\"),\"height\"===t.message?(1e3<(r=parseInt(t.value,10))?r=1e3:~~r<200&&(r=200),s.height=r):\"link\"===t.message&&(r=new URL(s.getAttribute(\"src\")),n=new URL(t.value),c.test(n.protocol))&&n.host===r.host&&l.activeElement===s&&(d.top.location.href=t.value))}},d.addEventListener(\"message\",d.wp.receiveEmbedMessage,!1),l.addEventListener(\"DOMContentLoaded\",function(){for(var e,t,s=l.querySelectorAll(\"iframe.wp-embedded-content\"),r=0;r<s.length;r++)(t=(e=s[r]).getAttribute(\"data-secret\"))||(t=Math.random().toString(36).substring(2,12),e.src+=\"#?secret=\"+t,e.setAttribute(\"data-secret\",t)),e.contentWindow.postMessage({message:\"ready\",secret:t},\"*\")},!1)))}(window,document);\n\/\/# sourceURL=https:\/\/www.he-arc.ch\/wp-includes\/js\/wp-embed.min.js\n\/* ]]> *\/\n<\/script>\n","thumbnail_url":"https:\/\/www.he-arc.ch\/wp-content\/uploads\/2023\/02\/He-Arc_PO-2023_Affiche_F12_RVB.jpg","thumbnail_width":1908,"thumbnail_height":911,"description":"Les \u00e9tudiants, professeurs et collaborateurs de la Haute Ecole Arc se r\u00e9jouissent de vous accueillir sur leurs Campus de Neuch\u00e2tel et Del\u00e9mont\u00a0le samedi 12 f\u00e9vrier 2022, de 10h \u00e0 16h\u00a0pour vous faire d\u00e9couvrir la vie et les domaines d\u2019activit\u00e9 de la haute \u00e9cole sp\u00e9cialis\u00e9e de l\u2019Arc jurassien. Une journ\u00e9e pour explorer les mondes de la Sant\u00e9, de la Gestion, de l\u2019Ing\u00e9nierie et de la Conservation-restauration."}