{"id":21661,"date":"2020-12-18T10:46:00","date_gmt":"2020-12-18T10:46:00","guid":{"rendered":"https:\/\/www.he-arc.ch\/agenda\/6eme-seminaire-webinaire-de-droit-du-travail\/"},"modified":"2020-12-18T10:46:00","modified_gmt":"2020-12-18T10:46:00","slug":"6eme-seminaire-webinaire-de-droit-du-travail","status":"publish","type":"he-arc_event","link":"https:\/\/www.he-arc.ch\/en\/agenda\/6eme-seminaire-webinaire-de-droit-du-travail\/","title":{"rendered":"6\u00e8me s\u00e9minaire\/webinaire de droit du travail"},"content":{"rendered":"<p><strong>Pr\u00e9vention, gestion et surveillance de la sant\u00e9 au travail: outils pratiques et recommandations<\/strong><\/p>\n<p>La Haute \u00e9cole de gestion Arc, l\u2019association HR Neuch\u00e2tel, la Chambre neuch\u00e2teloise du commerce et de l\u2019industrie et la &nbsp;F\u00e9d\u00e9ration des entreprises romandes Neuch\u00e2tel s\u2019associent chaque ann\u00e9e pour organiser une manifestation en commun.<\/p>\n<p>La sant\u00e9 au travail est une pr\u00e9occupation qui a pris beaucoup d\u2019ampleur ces derni\u00e8res ann\u00e9es dans le domaine de la gestion des ressources humaines, notamment en raison de l\u2019acc\u00e9l\u00e9ration du rythme de travail et de la complexit\u00e9 croissante des t\u00e2ches. Plus r\u00e9cemment les questions li\u00e9es \u00e0 la pand\u00e9mie de COVID-19 ont plac\u00e9 cette th\u00e9matique au centre des d\u00e9bats. L\u2019enjeu est de taille : en Suisse, les probl\u00e8mes de sant\u00e9 li\u00e9s au travail ne cessent d\u2019augmenter et g\u00e9n\u00e8rent des co\u00fbts consid\u00e9rables tant pour les entreprises que pour notre syst\u00e8me de sant\u00e9. Il est donc indispensable dans ce contexte de prendre toutes les mesures utiles pour prot\u00e9ger la sant\u00e9 des collaborateurs.<\/p>\n<p>Les diff\u00e9rents intervenants de ce s\u00e9minaire en ligne, tous sp\u00e9cialistes dans leur domaine, vont pr\u00e9senter les diff\u00e9rents aspects de la sant\u00e9 au travail de mani\u00e8re concr\u00e8te, partager des outils pratiques et des recommandations \u00e0 l\u2019attention des employeurs et r\u00e9pondre \u00e0 des questions telles que&nbsp;: Quelles sont les dispositions l\u00e9gales applicables et les devoirs de l\u2019employeur ? Comment pr\u00e9venir les atteintes \u00e0 la sant\u00e9 et r\u00e9duire l\u2019absent\u00e9isme ? Quels sont les outils permettant de g\u00e9rer la sant\u00e9 des collaborateurs au travail ? Comment r\u00e9duire les risques psycho-sociaux ? Quel est le r\u00f4le de l\u2019autorit\u00e9 de surveillance?<\/p>\n<ul>\n<li><a href=\"\/sites\/www.he-arc.ch\/files\/GES\/Agenda\/2021\/ges-fly210209-droit-du-travail-sante-au-travail-def.pdf\" target=\"_blank\" rel=\"noopener\">Programme<\/a><\/li>\n<li><a href=\"https:\/\/www.ig.he-arc.ch\/santetravail\/\" target=\"_blank\" rel=\"noopener\">Inscription<\/a><\/li>\n<li><a href=\"mailto:ludmila.schindelholz@he-arc.ch?subject=S%C3%A9minaire%20de%20droit%20du%20travail\">Contact<\/a><\/li>\n<\/ul>\n","protected":false},"author":16,"featured_media":21552,"template":"","he-arc_domain":[2],"he-arc_event_category":[16],"class_list":["post-21661","he-arc_event","type-he-arc_event","status-publish","has-post-thumbnail","hentry","he-arc_domain-gestion","he-arc_event_category-seminaire-conference"],"acf":[],"yoast_head":"<!-- This site is optimized with the Yoast SEO plugin v26.6 - https:\/\/yoast.com\/wordpress\/plugins\/seo\/ -->\n<title>6\u00e8me s\u00e9minaire\/webinaire de droit du travail - Haute-Ecole Arc<\/title>\n<meta name=\"robots\" content=\"index, follow, max-snippet:-1, max-image-preview:large, max-video-preview:-1\" \/>\n<link rel=\"canonical\" href=\"https:\/\/www.he-arc.ch\/en\/agenda\/6eme-seminaire-webinaire-de-droit-du-travail\/\" \/>\n<meta property=\"og:locale\" content=\"en_US\" \/>\n<meta property=\"og:type\" content=\"article\" \/>\n<meta property=\"og:title\" content=\"6\u00e8me s\u00e9minaire\/webinaire de droit du travail - Haute-Ecole Arc\" \/>\n<meta property=\"og:description\" content=\"Pr\u00e9vention, gestion et surveillance de la sant\u00e9 au travail: outils pratiques et recommandations La Haute \u00e9cole de gestion Arc, l\u2019association HR Neuch\u00e2tel, la Chambre neuch\u00e2teloise du commerce et de l\u2019industrie et la &nbsp;F\u00e9d\u00e9ration des entreprises romandes Neuch\u00e2tel s\u2019associent chaque ann\u00e9e pour organiser une manifestation en commun. La sant\u00e9 au travail est une pr\u00e9occupation qui a [&hellip;]\" \/>\n<meta property=\"og:url\" content=\"https:\/\/www.he-arc.ch\/en\/agenda\/6eme-seminaire-webinaire-de-droit-du-travail\/\" \/>\n<meta property=\"og:site_name\" content=\"Haute-Ecole Arc\" \/>\n<meta property=\"og:image\" content=\"https:\/\/www.he-arc.ch\/wp-content\/uploads\/oldsite\/agenda\/agenda-conference-colloque-seminaire_53.jpg\" \/>\n\t<meta property=\"og:image:width\" content=\"2500\" \/>\n\t<meta property=\"og:image:height\" content=\"1375\" \/>\n\t<meta property=\"og:image:type\" content=\"image\/jpeg\" \/>\n<meta name=\"twitter:card\" content=\"summary_large_image\" \/>\n<meta name=\"twitter:label1\" content=\"Est. reading time\" \/>\n\t<meta name=\"twitter:data1\" content=\"1 minute\" \/>\n<script type=\"application\/ld+json\" class=\"yoast-schema-graph\">{\"@context\":\"https:\/\/schema.org\",\"@graph\":[{\"@type\":\"WebPage\",\"@id\":\"https:\/\/www.he-arc.ch\/en\/agenda\/6eme-seminaire-webinaire-de-droit-du-travail\/\",\"url\":\"https:\/\/www.he-arc.ch\/en\/agenda\/6eme-seminaire-webinaire-de-droit-du-travail\/\",\"name\":\"6\u00e8me s\u00e9minaire\/webinaire de droit du travail - Haute-Ecole Arc\",\"isPartOf\":{\"@id\":\"https:\/\/www.he-arc.ch\/en\/#website\"},\"primaryImageOfPage\":{\"@id\":\"https:\/\/www.he-arc.ch\/en\/agenda\/6eme-seminaire-webinaire-de-droit-du-travail\/#primaryimage\"},\"image\":{\"@id\":\"https:\/\/www.he-arc.ch\/en\/agenda\/6eme-seminaire-webinaire-de-droit-du-travail\/#primaryimage\"},\"thumbnailUrl\":\"https:\/\/www.he-arc.ch\/wp-content\/uploads\/oldsite\/agenda\/agenda-conference-colloque-seminaire_53.jpg\",\"datePublished\":\"2020-12-18T10:46:00+00:00\",\"breadcrumb\":{\"@id\":\"https:\/\/www.he-arc.ch\/en\/agenda\/6eme-seminaire-webinaire-de-droit-du-travail\/#breadcrumb\"},\"inLanguage\":\"en-US\",\"potentialAction\":[{\"@type\":\"ReadAction\",\"target\":[\"https:\/\/www.he-arc.ch\/en\/agenda\/6eme-seminaire-webinaire-de-droit-du-travail\/\"]}]},{\"@type\":\"ImageObject\",\"inLanguage\":\"en-US\",\"@id\":\"https:\/\/www.he-arc.ch\/en\/agenda\/6eme-seminaire-webinaire-de-droit-du-travail\/#primaryimage\",\"url\":\"https:\/\/www.he-arc.ch\/wp-content\/uploads\/oldsite\/agenda\/agenda-conference-colloque-seminaire_53.jpg\",\"contentUrl\":\"https:\/\/www.he-arc.ch\/wp-content\/uploads\/oldsite\/agenda\/agenda-conference-colloque-seminaire_53.jpg\",\"width\":2500,\"height\":1375},{\"@type\":\"BreadcrumbList\",\"@id\":\"https:\/\/www.he-arc.ch\/en\/agenda\/6eme-seminaire-webinaire-de-droit-du-travail\/#breadcrumb\",\"itemListElement\":[{\"@type\":\"ListItem\",\"position\":1,\"name\":\"Accueil\",\"item\":\"https:\/\/www.he-arc.ch\/en\/\"},{\"@type\":\"ListItem\",\"position\":2,\"name\":\"Events\",\"item\":\"https:\/\/www.he-arc.ch\/en\/events\/\"},{\"@type\":\"ListItem\",\"position\":3,\"name\":\"6\u00e8me s\u00e9minaire\/webinaire de droit du travail\"}]},{\"@type\":\"WebSite\",\"@id\":\"https:\/\/www.he-arc.ch\/en\/#website\",\"url\":\"https:\/\/www.he-arc.ch\/en\/\",\"name\":\"Haute-Ecole Arc\",\"description\":\"Haute \u00e9cole sp\u00e9cialis\u00e9e Suisse. Gestion, Ing\u00e9nierie, Sant\u00e9, Conservation-\u200brestauration.\",\"publisher\":{\"@id\":\"https:\/\/www.he-arc.ch\/en\/#organization\"},\"potentialAction\":[{\"@type\":\"SearchAction\",\"target\":{\"@type\":\"EntryPoint\",\"urlTemplate\":\"https:\/\/www.he-arc.ch\/en\/?s={search_term_string}\"},\"query-input\":{\"@type\":\"PropertyValueSpecification\",\"valueRequired\":true,\"valueName\":\"search_term_string\"}}],\"inLanguage\":\"en-US\"},{\"@type\":\"Organization\",\"@id\":\"https:\/\/www.he-arc.ch\/en\/#organization\",\"name\":\"Haute Ecole Arc\",\"url\":\"https:\/\/www.he-arc.ch\/en\/\",\"logo\":{\"@type\":\"ImageObject\",\"inLanguage\":\"en-US\",\"@id\":\"https:\/\/www.he-arc.ch\/en\/#\/schema\/logo\/image\/\",\"url\":\"https:\/\/www.he-arc.ch\/wp-content\/uploads\/2022\/01\/logo-he-arc.svg\",\"contentUrl\":\"https:\/\/www.he-arc.ch\/wp-content\/uploads\/2022\/01\/logo-he-arc.svg\",\"width\":140,\"height\":42,\"caption\":\"Haute Ecole Arc\"},\"image\":{\"@id\":\"https:\/\/www.he-arc.ch\/en\/#\/schema\/logo\/image\/\"}}]}<\/script>\n<!-- \/ Yoast SEO plugin. -->","yoast_head_json":{"title":"6\u00e8me s\u00e9minaire\/webinaire de droit du travail - Haute-Ecole Arc","robots":{"index":"index","follow":"follow","max-snippet":"max-snippet:-1","max-image-preview":"max-image-preview:large","max-video-preview":"max-video-preview:-1"},"canonical":"https:\/\/www.he-arc.ch\/en\/agenda\/6eme-seminaire-webinaire-de-droit-du-travail\/","og_locale":"en_US","og_type":"article","og_title":"6\u00e8me s\u00e9minaire\/webinaire de droit du travail - Haute-Ecole Arc","og_description":"Pr\u00e9vention, gestion et surveillance de la sant\u00e9 au travail: outils pratiques et recommandations La Haute \u00e9cole de gestion Arc, l\u2019association HR Neuch\u00e2tel, la Chambre neuch\u00e2teloise du commerce et de l\u2019industrie et la &nbsp;F\u00e9d\u00e9ration des entreprises romandes Neuch\u00e2tel s\u2019associent chaque ann\u00e9e pour organiser une manifestation en commun. La sant\u00e9 au travail est une pr\u00e9occupation qui a [&hellip;]","og_url":"https:\/\/www.he-arc.ch\/en\/agenda\/6eme-seminaire-webinaire-de-droit-du-travail\/","og_site_name":"Haute-Ecole Arc","og_image":[{"width":2500,"height":1375,"url":"https:\/\/www.he-arc.ch\/wp-content\/uploads\/oldsite\/agenda\/agenda-conference-colloque-seminaire_53.jpg","type":"image\/jpeg"}],"twitter_card":"summary_large_image","twitter_misc":{"Est. reading time":"1 minute"},"schema":{"@context":"https:\/\/schema.org","@graph":[{"@type":"WebPage","@id":"https:\/\/www.he-arc.ch\/en\/agenda\/6eme-seminaire-webinaire-de-droit-du-travail\/","url":"https:\/\/www.he-arc.ch\/en\/agenda\/6eme-seminaire-webinaire-de-droit-du-travail\/","name":"6\u00e8me s\u00e9minaire\/webinaire de droit du travail - Haute-Ecole Arc","isPartOf":{"@id":"https:\/\/www.he-arc.ch\/en\/#website"},"primaryImageOfPage":{"@id":"https:\/\/www.he-arc.ch\/en\/agenda\/6eme-seminaire-webinaire-de-droit-du-travail\/#primaryimage"},"image":{"@id":"https:\/\/www.he-arc.ch\/en\/agenda\/6eme-seminaire-webinaire-de-droit-du-travail\/#primaryimage"},"thumbnailUrl":"https:\/\/www.he-arc.ch\/wp-content\/uploads\/oldsite\/agenda\/agenda-conference-colloque-seminaire_53.jpg","datePublished":"2020-12-18T10:46:00+00:00","breadcrumb":{"@id":"https:\/\/www.he-arc.ch\/en\/agenda\/6eme-seminaire-webinaire-de-droit-du-travail\/#breadcrumb"},"inLanguage":"en-US","potentialAction":[{"@type":"ReadAction","target":["https:\/\/www.he-arc.ch\/en\/agenda\/6eme-seminaire-webinaire-de-droit-du-travail\/"]}]},{"@type":"ImageObject","inLanguage":"en-US","@id":"https:\/\/www.he-arc.ch\/en\/agenda\/6eme-seminaire-webinaire-de-droit-du-travail\/#primaryimage","url":"https:\/\/www.he-arc.ch\/wp-content\/uploads\/oldsite\/agenda\/agenda-conference-colloque-seminaire_53.jpg","contentUrl":"https:\/\/www.he-arc.ch\/wp-content\/uploads\/oldsite\/agenda\/agenda-conference-colloque-seminaire_53.jpg","width":2500,"height":1375},{"@type":"BreadcrumbList","@id":"https:\/\/www.he-arc.ch\/en\/agenda\/6eme-seminaire-webinaire-de-droit-du-travail\/#breadcrumb","itemListElement":[{"@type":"ListItem","position":1,"name":"Accueil","item":"https:\/\/www.he-arc.ch\/en\/"},{"@type":"ListItem","position":2,"name":"Events","item":"https:\/\/www.he-arc.ch\/en\/events\/"},{"@type":"ListItem","position":3,"name":"6\u00e8me s\u00e9minaire\/webinaire de droit du travail"}]},{"@type":"WebSite","@id":"https:\/\/www.he-arc.ch\/en\/#website","url":"https:\/\/www.he-arc.ch\/en\/","name":"Haute-Ecole Arc","description":"Haute \u00e9cole sp\u00e9cialis\u00e9e Suisse. Gestion, Ing\u00e9nierie, Sant\u00e9, Conservation-\u200brestauration.","publisher":{"@id":"https:\/\/www.he-arc.ch\/en\/#organization"},"potentialAction":[{"@type":"SearchAction","target":{"@type":"EntryPoint","urlTemplate":"https:\/\/www.he-arc.ch\/en\/?s={search_term_string}"},"query-input":{"@type":"PropertyValueSpecification","valueRequired":true,"valueName":"search_term_string"}}],"inLanguage":"en-US"},{"@type":"Organization","@id":"https:\/\/www.he-arc.ch\/en\/#organization","name":"Haute Ecole Arc","url":"https:\/\/www.he-arc.ch\/en\/","logo":{"@type":"ImageObject","inLanguage":"en-US","@id":"https:\/\/www.he-arc.ch\/en\/#\/schema\/logo\/image\/","url":"https:\/\/www.he-arc.ch\/wp-content\/uploads\/2022\/01\/logo-he-arc.svg","contentUrl":"https:\/\/www.he-arc.ch\/wp-content\/uploads\/2022\/01\/logo-he-arc.svg","width":140,"height":42,"caption":"Haute Ecole Arc"},"image":{"@id":"https:\/\/www.he-arc.ch\/en\/#\/schema\/logo\/image\/"}}]}},"_links":{"self":[{"href":"https:\/\/www.he-arc.ch\/en\/wp-json\/wp\/v2\/he-arc_event\/21661","targetHints":{"allow":["GET"]}}],"collection":[{"href":"https:\/\/www.he-arc.ch\/en\/wp-json\/wp\/v2\/he-arc_event"}],"about":[{"href":"https:\/\/www.he-arc.ch\/en\/wp-json\/wp\/v2\/types\/he-arc_event"}],"author":[{"embeddable":true,"href":"https:\/\/www.he-arc.ch\/en\/wp-json\/wp\/v2\/users\/16"}],"version-history":[{"count":0,"href":"https:\/\/www.he-arc.ch\/en\/wp-json\/wp\/v2\/he-arc_event\/21661\/revisions"}],"wp:featuredmedia":[{"embeddable":true,"href":"https:\/\/www.he-arc.ch\/en\/wp-json\/wp\/v2\/media\/21552"}],"wp:attachment":[{"href":"https:\/\/www.he-arc.ch\/en\/wp-json\/wp\/v2\/media?parent=21661"}],"wp:term":[{"taxonomy":"he-arc_domain","embeddable":true,"href":"https:\/\/www.he-arc.ch\/en\/wp-json\/wp\/v2\/he-arc_domain?post=21661"},{"taxonomy":"he-arc_event_category","embeddable":true,"href":"https:\/\/www.he-arc.ch\/en\/wp-json\/wp\/v2\/he-arc_event_category?post=21661"}],"curies":[{"name":"wp","href":"https:\/\/api.w.org\/{rel}","templated":true}]}}