{"id":21694,"date":"2021-04-20T13:09:00","date_gmt":"2021-04-20T13:09:00","guid":{"rendered":"https:\/\/www.he-arc.ch\/agenda\/presentation-du-microlean-lab-aux-entrepreneurs-italiens\/"},"modified":"2021-04-20T13:09:00","modified_gmt":"2021-04-20T13:09:00","slug":"presentation-du-microlean-lab-aux-entrepreneurs-italiens","status":"publish","type":"he-arc_event","link":"https:\/\/www.he-arc.ch\/en\/agenda\/presentation-du-microlean-lab-aux-entrepreneurs-italiens\/","title":{"rendered":"Pr\u00e9sentation du MicroLean Lab aux entrepreneurs italiens"},"content":{"rendered":"<p>Responsable partenariats et valorisation de la HE-Arc Ing\u00e9nierie, Max Monti pr\u00e9sentera&nbsp;le <a href=\"https:\/\/microleanlab.ch\/\">MicroLean Lab<\/a>&nbsp;dans le cadre d\u2019un webinaire organis\u00e9 par le Swiss Business Hub Italy sur le th\u00e8me \u00ab&nbsp;<a href=\"https:\/\/www.industry4business.it\/webinar\/industria-4-0-le-opportunita-offerte-dalla-svizzera-alle-imprese-del-manufacturing\/\">Industria 4.0: le opportunit\u00e0 offerte dalla Svizzera alle imprese del manufacturing&nbsp;<\/a>\u00bb.<\/p>\n","protected":false},"author":16,"featured_media":21578,"template":"","he-arc_domain":[3],"he-arc_event_category":[16],"class_list":["post-21694","he-arc_event","type-he-arc_event","status-publish","has-post-thumbnail","hentry","he-arc_domain-ingenierie","he-arc_event_category-seminaire-conference"],"acf":[],"yoast_head":"<!-- This site is optimized with the Yoast SEO plugin v26.6 - https:\/\/yoast.com\/wordpress\/plugins\/seo\/ -->\n<title>Pr\u00e9sentation du MicroLean Lab aux entrepreneurs italiens - Haute-Ecole Arc<\/title>\n<meta name=\"robots\" content=\"index, follow, max-snippet:-1, max-image-preview:large, max-video-preview:-1\" \/>\n<link rel=\"canonical\" href=\"https:\/\/www.he-arc.ch\/en\/agenda\/presentation-du-microlean-lab-aux-entrepreneurs-italiens\/\" \/>\n<meta property=\"og:locale\" content=\"en_US\" \/>\n<meta property=\"og:type\" content=\"article\" \/>\n<meta property=\"og:title\" content=\"Pr\u00e9sentation du MicroLean Lab aux entrepreneurs italiens - Haute-Ecole Arc\" \/>\n<meta property=\"og:description\" content=\"Responsable partenariats et valorisation de la HE-Arc Ing\u00e9nierie, Max Monti pr\u00e9sentera&nbsp;le MicroLean Lab&nbsp;dans le cadre d\u2019un webinaire organis\u00e9 par le Swiss Business Hub Italy sur le th\u00e8me \u00ab&nbsp;Industria 4.0: le opportunit\u00e0 offerte dalla Svizzera alle imprese del manufacturing&nbsp;\u00bb.\" \/>\n<meta property=\"og:url\" content=\"https:\/\/www.he-arc.ch\/en\/agenda\/presentation-du-microlean-lab-aux-entrepreneurs-italiens\/\" \/>\n<meta property=\"og:site_name\" content=\"Haute-Ecole Arc\" \/>\n<meta property=\"og:image\" content=\"https:\/\/www.he-arc.ch\/wp-content\/uploads\/oldsite\/agenda\/avatars-000238790781-483wla-t500x500.jpg\" \/>\n\t<meta property=\"og:image:width\" content=\"200\" \/>\n\t<meta property=\"og:image:height\" content=\"110\" \/>\n\t<meta property=\"og:image:type\" content=\"image\/jpeg\" \/>\n<meta name=\"twitter:card\" content=\"summary_large_image\" \/>\n<script type=\"application\/ld+json\" class=\"yoast-schema-graph\">{\"@context\":\"https:\/\/schema.org\",\"@graph\":[{\"@type\":\"WebPage\",\"@id\":\"https:\/\/www.he-arc.ch\/en\/agenda\/presentation-du-microlean-lab-aux-entrepreneurs-italiens\/\",\"url\":\"https:\/\/www.he-arc.ch\/en\/agenda\/presentation-du-microlean-lab-aux-entrepreneurs-italiens\/\",\"name\":\"Pr\u00e9sentation du MicroLean Lab aux entrepreneurs italiens - Haute-Ecole Arc\",\"isPartOf\":{\"@id\":\"https:\/\/www.he-arc.ch\/en\/#website\"},\"primaryImageOfPage\":{\"@id\":\"https:\/\/www.he-arc.ch\/en\/agenda\/presentation-du-microlean-lab-aux-entrepreneurs-italiens\/#primaryimage\"},\"image\":{\"@id\":\"https:\/\/www.he-arc.ch\/en\/agenda\/presentation-du-microlean-lab-aux-entrepreneurs-italiens\/#primaryimage\"},\"thumbnailUrl\":\"https:\/\/www.he-arc.ch\/wp-content\/uploads\/oldsite\/agenda\/avatars-000238790781-483wla-t500x500.jpg\",\"datePublished\":\"2021-04-20T13:09:00+00:00\",\"breadcrumb\":{\"@id\":\"https:\/\/www.he-arc.ch\/en\/agenda\/presentation-du-microlean-lab-aux-entrepreneurs-italiens\/#breadcrumb\"},\"inLanguage\":\"en-US\",\"potentialAction\":[{\"@type\":\"ReadAction\",\"target\":[\"https:\/\/www.he-arc.ch\/en\/agenda\/presentation-du-microlean-lab-aux-entrepreneurs-italiens\/\"]}]},{\"@type\":\"ImageObject\",\"inLanguage\":\"en-US\",\"@id\":\"https:\/\/www.he-arc.ch\/en\/agenda\/presentation-du-microlean-lab-aux-entrepreneurs-italiens\/#primaryimage\",\"url\":\"https:\/\/www.he-arc.ch\/wp-content\/uploads\/oldsite\/agenda\/avatars-000238790781-483wla-t500x500.jpg\",\"contentUrl\":\"https:\/\/www.he-arc.ch\/wp-content\/uploads\/oldsite\/agenda\/avatars-000238790781-483wla-t500x500.jpg\",\"width\":200,\"height\":110},{\"@type\":\"BreadcrumbList\",\"@id\":\"https:\/\/www.he-arc.ch\/en\/agenda\/presentation-du-microlean-lab-aux-entrepreneurs-italiens\/#breadcrumb\",\"itemListElement\":[{\"@type\":\"ListItem\",\"position\":1,\"name\":\"Accueil\",\"item\":\"https:\/\/www.he-arc.ch\/en\/\"},{\"@type\":\"ListItem\",\"position\":2,\"name\":\"Events\",\"item\":\"https:\/\/www.he-arc.ch\/en\/events\/\"},{\"@type\":\"ListItem\",\"position\":3,\"name\":\"Pr\u00e9sentation du MicroLean Lab aux entrepreneurs italiens\"}]},{\"@type\":\"WebSite\",\"@id\":\"https:\/\/www.he-arc.ch\/en\/#website\",\"url\":\"https:\/\/www.he-arc.ch\/en\/\",\"name\":\"Haute-Ecole Arc\",\"description\":\"Haute \u00e9cole sp\u00e9cialis\u00e9e Suisse. Gestion, Ing\u00e9nierie, Sant\u00e9, Conservation-\u200brestauration.\",\"publisher\":{\"@id\":\"https:\/\/www.he-arc.ch\/en\/#organization\"},\"potentialAction\":[{\"@type\":\"SearchAction\",\"target\":{\"@type\":\"EntryPoint\",\"urlTemplate\":\"https:\/\/www.he-arc.ch\/en\/?s={search_term_string}\"},\"query-input\":{\"@type\":\"PropertyValueSpecification\",\"valueRequired\":true,\"valueName\":\"search_term_string\"}}],\"inLanguage\":\"en-US\"},{\"@type\":\"Organization\",\"@id\":\"https:\/\/www.he-arc.ch\/en\/#organization\",\"name\":\"Haute Ecole Arc\",\"url\":\"https:\/\/www.he-arc.ch\/en\/\",\"logo\":{\"@type\":\"ImageObject\",\"inLanguage\":\"en-US\",\"@id\":\"https:\/\/www.he-arc.ch\/en\/#\/schema\/logo\/image\/\",\"url\":\"https:\/\/www.he-arc.ch\/wp-content\/uploads\/2022\/01\/logo-he-arc.svg\",\"contentUrl\":\"https:\/\/www.he-arc.ch\/wp-content\/uploads\/2022\/01\/logo-he-arc.svg\",\"width\":140,\"height\":42,\"caption\":\"Haute Ecole Arc\"},\"image\":{\"@id\":\"https:\/\/www.he-arc.ch\/en\/#\/schema\/logo\/image\/\"}}]}<\/script>\n<!-- \/ Yoast SEO plugin. -->","yoast_head_json":{"title":"Pr\u00e9sentation du MicroLean Lab aux entrepreneurs italiens - Haute-Ecole Arc","robots":{"index":"index","follow":"follow","max-snippet":"max-snippet:-1","max-image-preview":"max-image-preview:large","max-video-preview":"max-video-preview:-1"},"canonical":"https:\/\/www.he-arc.ch\/en\/agenda\/presentation-du-microlean-lab-aux-entrepreneurs-italiens\/","og_locale":"en_US","og_type":"article","og_title":"Pr\u00e9sentation du MicroLean Lab aux entrepreneurs italiens - Haute-Ecole Arc","og_description":"Responsable partenariats et valorisation de la HE-Arc Ing\u00e9nierie, Max Monti pr\u00e9sentera&nbsp;le MicroLean Lab&nbsp;dans le cadre d\u2019un webinaire organis\u00e9 par le Swiss Business Hub Italy sur le th\u00e8me \u00ab&nbsp;Industria 4.0: le opportunit\u00e0 offerte dalla Svizzera alle imprese del manufacturing&nbsp;\u00bb.","og_url":"https:\/\/www.he-arc.ch\/en\/agenda\/presentation-du-microlean-lab-aux-entrepreneurs-italiens\/","og_site_name":"Haute-Ecole Arc","og_image":[{"width":200,"height":110,"url":"https:\/\/www.he-arc.ch\/wp-content\/uploads\/oldsite\/agenda\/avatars-000238790781-483wla-t500x500.jpg","type":"image\/jpeg"}],"twitter_card":"summary_large_image","schema":{"@context":"https:\/\/schema.org","@graph":[{"@type":"WebPage","@id":"https:\/\/www.he-arc.ch\/en\/agenda\/presentation-du-microlean-lab-aux-entrepreneurs-italiens\/","url":"https:\/\/www.he-arc.ch\/en\/agenda\/presentation-du-microlean-lab-aux-entrepreneurs-italiens\/","name":"Pr\u00e9sentation du MicroLean Lab aux entrepreneurs italiens - Haute-Ecole Arc","isPartOf":{"@id":"https:\/\/www.he-arc.ch\/en\/#website"},"primaryImageOfPage":{"@id":"https:\/\/www.he-arc.ch\/en\/agenda\/presentation-du-microlean-lab-aux-entrepreneurs-italiens\/#primaryimage"},"image":{"@id":"https:\/\/www.he-arc.ch\/en\/agenda\/presentation-du-microlean-lab-aux-entrepreneurs-italiens\/#primaryimage"},"thumbnailUrl":"https:\/\/www.he-arc.ch\/wp-content\/uploads\/oldsite\/agenda\/avatars-000238790781-483wla-t500x500.jpg","datePublished":"2021-04-20T13:09:00+00:00","breadcrumb":{"@id":"https:\/\/www.he-arc.ch\/en\/agenda\/presentation-du-microlean-lab-aux-entrepreneurs-italiens\/#breadcrumb"},"inLanguage":"en-US","potentialAction":[{"@type":"ReadAction","target":["https:\/\/www.he-arc.ch\/en\/agenda\/presentation-du-microlean-lab-aux-entrepreneurs-italiens\/"]}]},{"@type":"ImageObject","inLanguage":"en-US","@id":"https:\/\/www.he-arc.ch\/en\/agenda\/presentation-du-microlean-lab-aux-entrepreneurs-italiens\/#primaryimage","url":"https:\/\/www.he-arc.ch\/wp-content\/uploads\/oldsite\/agenda\/avatars-000238790781-483wla-t500x500.jpg","contentUrl":"https:\/\/www.he-arc.ch\/wp-content\/uploads\/oldsite\/agenda\/avatars-000238790781-483wla-t500x500.jpg","width":200,"height":110},{"@type":"BreadcrumbList","@id":"https:\/\/www.he-arc.ch\/en\/agenda\/presentation-du-microlean-lab-aux-entrepreneurs-italiens\/#breadcrumb","itemListElement":[{"@type":"ListItem","position":1,"name":"Accueil","item":"https:\/\/www.he-arc.ch\/en\/"},{"@type":"ListItem","position":2,"name":"Events","item":"https:\/\/www.he-arc.ch\/en\/events\/"},{"@type":"ListItem","position":3,"name":"Pr\u00e9sentation du MicroLean Lab aux entrepreneurs italiens"}]},{"@type":"WebSite","@id":"https:\/\/www.he-arc.ch\/en\/#website","url":"https:\/\/www.he-arc.ch\/en\/","name":"Haute-Ecole Arc","description":"Haute \u00e9cole sp\u00e9cialis\u00e9e Suisse. Gestion, Ing\u00e9nierie, Sant\u00e9, Conservation-\u200brestauration.","publisher":{"@id":"https:\/\/www.he-arc.ch\/en\/#organization"},"potentialAction":[{"@type":"SearchAction","target":{"@type":"EntryPoint","urlTemplate":"https:\/\/www.he-arc.ch\/en\/?s={search_term_string}"},"query-input":{"@type":"PropertyValueSpecification","valueRequired":true,"valueName":"search_term_string"}}],"inLanguage":"en-US"},{"@type":"Organization","@id":"https:\/\/www.he-arc.ch\/en\/#organization","name":"Haute Ecole Arc","url":"https:\/\/www.he-arc.ch\/en\/","logo":{"@type":"ImageObject","inLanguage":"en-US","@id":"https:\/\/www.he-arc.ch\/en\/#\/schema\/logo\/image\/","url":"https:\/\/www.he-arc.ch\/wp-content\/uploads\/2022\/01\/logo-he-arc.svg","contentUrl":"https:\/\/www.he-arc.ch\/wp-content\/uploads\/2022\/01\/logo-he-arc.svg","width":140,"height":42,"caption":"Haute Ecole Arc"},"image":{"@id":"https:\/\/www.he-arc.ch\/en\/#\/schema\/logo\/image\/"}}]}},"_links":{"self":[{"href":"https:\/\/www.he-arc.ch\/en\/wp-json\/wp\/v2\/he-arc_event\/21694","targetHints":{"allow":["GET"]}}],"collection":[{"href":"https:\/\/www.he-arc.ch\/en\/wp-json\/wp\/v2\/he-arc_event"}],"about":[{"href":"https:\/\/www.he-arc.ch\/en\/wp-json\/wp\/v2\/types\/he-arc_event"}],"author":[{"embeddable":true,"href":"https:\/\/www.he-arc.ch\/en\/wp-json\/wp\/v2\/users\/16"}],"version-history":[{"count":0,"href":"https:\/\/www.he-arc.ch\/en\/wp-json\/wp\/v2\/he-arc_event\/21694\/revisions"}],"wp:featuredmedia":[{"embeddable":true,"href":"https:\/\/www.he-arc.ch\/en\/wp-json\/wp\/v2\/media\/21578"}],"wp:attachment":[{"href":"https:\/\/www.he-arc.ch\/en\/wp-json\/wp\/v2\/media?parent=21694"}],"wp:term":[{"taxonomy":"he-arc_domain","embeddable":true,"href":"https:\/\/www.he-arc.ch\/en\/wp-json\/wp\/v2\/he-arc_domain?post=21694"},{"taxonomy":"he-arc_event_category","embeddable":true,"href":"https:\/\/www.he-arc.ch\/en\/wp-json\/wp\/v2\/he-arc_event_category?post=21694"}],"curies":[{"name":"wp","href":"https:\/\/api.w.org\/{rel}","templated":true}]}}