{"id":21736,"date":"2021-06-23T14:32:00","date_gmt":"2021-06-23T14:32:00","guid":{"rendered":"https:\/\/www.he-arc.ch\/agenda\/les-ateliers-de-la-comptabilite-8\/"},"modified":"2021-06-23T14:32:00","modified_gmt":"2021-06-23T14:32:00","slug":"les-ateliers-de-la-comptabilite-8","status":"publish","type":"he-arc_event","link":"https:\/\/www.he-arc.ch\/en\/agenda\/les-ateliers-de-la-comptabilite-8\/","title":{"rendered":"Les ateliers de la comptabilit\u00e9 #8"},"content":{"rendered":"<p>Dans la s\u00e9rie de s\u00e9minaires \u00ab Les ateliers de la comptabilit\u00e9 \u00bb, les intervenant-e-s abordent, par des cas et par l\u2019\u00e9change, diverses situations sp\u00e9cifiques et riches d\u2019enseignement par demi-journ\u00e9e. Nous voici d\u00e9j\u00e0 \u00e0 la 8e \u00e9dition avec de nouveaux th\u00e8mes et probl\u00e9matiques comptables complexes, toujours dans le cadre des PME et toujours selon le Code des obligations.<\/p>\n<p>Pourquoi th\u00e9matiser des situations comptables complexes ? Simplement car le droit comptable suisse est merveilleux ! Concis, bas\u00e9 sur des principes \u00e0 interpr\u00e9ter (et non pas sur des r\u00e8gles pr\u00e9cises), ouvert, flexible \u2013 tr\u00e8s suisse en somme \u2013 notre droit comptable n\u2019est cependant pas si simple d\u2019application. Trouve-t-on dans ce droit les r\u00e9ponses \u00e0 chaque situation complexe ? Non ! Et pourtant les situations complexes existent.<\/p>\n<p>Th\u00e8mes de la demi-journ\u00e9e :<\/p>\n<ul>\n<li>Marge de fluctuation du capital<\/li>\n<li>Dividendes interm\u00e9diaires<\/li>\n<li>Monnaies \u00e9trang\u00e8res<\/li>\n<li>Les nouveaux articles 725 CO<\/li>\n<li>Activation de softwares<\/li>\n<li>Imp\u00f4ts latents dans le cadre d\u2019un bouclement individuel CO<\/li>\n<li>Remboursement des apports dans les soci\u00e9t\u00e9s coop\u00e9ratives<\/li>\n<li>COVID-19<\/li>\n<li>Annexe<\/li>\n<li>Emploi du b\u00e9n\u00e9fice au bilan<\/li>\n<li>\u00abCarnet du lait\u00bb<\/li>\n<\/ul>\n<p>Le nombre de places \u00e0 ce s\u00e9minaire est limit\u00e9 permettant ainsi son d\u00e9roulement dans le respect des prescriptions du Conseil f\u00e9d\u00e9ral et du plan de protection de la Haute \u00e9cole Arc.<\/p>\n<p>HEG &#8211; Haute \u00e9cole de gestion Arc<br \/>\nEspace de l\u2019Europe 21<br \/>\n2000 Neuch\u00e2tel<\/p>\n<ul>\n<li><a class=\"pdf\" href=\"\/sites\/www.he-arc.ch\/files\/GES\/Agenda\/2021\/les_ateliers_de_la_comptabilite8-ubs-4_pages.pdf\" target=\"_blank\" rel=\"noopener\">Flyer<\/a><\/li>\n<li><a href=\"https:\/\/www.ig.he-arc.ch\/AteliersCompta8\">Inscription<\/a><\/li>\n<li><a href=\"mailto:fabienne.schader@he-arc.ch\">Contact<\/a><\/li>\n<\/ul>\n","protected":false},"author":16,"featured_media":0,"template":"","he-arc_domain":[2],"he-arc_event_category":[16],"class_list":["post-21736","he-arc_event","type-he-arc_event","status-publish","hentry","he-arc_domain-gestion","he-arc_event_category-seminaire-conference"],"acf":[],"yoast_head":"<!-- This site is optimized with the Yoast SEO plugin v26.6 - https:\/\/yoast.com\/wordpress\/plugins\/seo\/ -->\n<title>Les ateliers de la comptabilit\u00e9 #8 - Haute-Ecole Arc<\/title>\n<meta name=\"robots\" content=\"index, follow, max-snippet:-1, max-image-preview:large, max-video-preview:-1\" \/>\n<link rel=\"canonical\" href=\"https:\/\/www.he-arc.ch\/en\/agenda\/les-ateliers-de-la-comptabilite-8\/\" \/>\n<meta property=\"og:locale\" content=\"en_US\" \/>\n<meta property=\"og:type\" content=\"article\" \/>\n<meta property=\"og:title\" content=\"Les ateliers de la comptabilit\u00e9 #8 - Haute-Ecole Arc\" \/>\n<meta property=\"og:description\" content=\"Dans la s\u00e9rie de s\u00e9minaires \u00ab Les ateliers de la comptabilit\u00e9 \u00bb, les intervenant-e-s abordent, par des cas et par l\u2019\u00e9change, diverses situations sp\u00e9cifiques et riches d\u2019enseignement par demi-journ\u00e9e. Nous voici d\u00e9j\u00e0 \u00e0 la 8e \u00e9dition avec de nouveaux th\u00e8mes et probl\u00e9matiques comptables complexes, toujours dans le cadre des PME et toujours selon le Code [&hellip;]\" \/>\n<meta property=\"og:url\" content=\"https:\/\/www.he-arc.ch\/en\/agenda\/les-ateliers-de-la-comptabilite-8\/\" \/>\n<meta property=\"og:site_name\" content=\"Haute-Ecole Arc\" \/>\n<meta property=\"og:image\" content=\"https:\/\/www.he-arc.ch\/wp-content\/uploads\/oldsite\/agenda\/agenda-ateliers-de-la-comptabilite_3.jpg\" \/>\n\t<meta property=\"og:image:width\" content=\"200\" \/>\n\t<meta property=\"og:image:height\" content=\"110\" \/>\n\t<meta property=\"og:image:type\" content=\"image\/jpeg\" \/>\n<meta name=\"twitter:card\" content=\"summary_large_image\" \/>\n<meta name=\"twitter:label1\" content=\"Est. reading time\" \/>\n\t<meta name=\"twitter:data1\" content=\"1 minute\" \/>\n<script type=\"application\/ld+json\" class=\"yoast-schema-graph\">{\"@context\":\"https:\/\/schema.org\",\"@graph\":[{\"@type\":\"WebPage\",\"@id\":\"https:\/\/www.he-arc.ch\/en\/agenda\/les-ateliers-de-la-comptabilite-8\/\",\"url\":\"https:\/\/www.he-arc.ch\/en\/agenda\/les-ateliers-de-la-comptabilite-8\/\",\"name\":\"Les ateliers de la comptabilit\u00e9 #8 - Haute-Ecole Arc\",\"isPartOf\":{\"@id\":\"https:\/\/www.he-arc.ch\/en\/#website\"},\"datePublished\":\"2021-06-23T14:32:00+00:00\",\"breadcrumb\":{\"@id\":\"https:\/\/www.he-arc.ch\/en\/agenda\/les-ateliers-de-la-comptabilite-8\/#breadcrumb\"},\"inLanguage\":\"en-US\",\"potentialAction\":[{\"@type\":\"ReadAction\",\"target\":[\"https:\/\/www.he-arc.ch\/en\/agenda\/les-ateliers-de-la-comptabilite-8\/\"]}]},{\"@type\":\"BreadcrumbList\",\"@id\":\"https:\/\/www.he-arc.ch\/en\/agenda\/les-ateliers-de-la-comptabilite-8\/#breadcrumb\",\"itemListElement\":[{\"@type\":\"ListItem\",\"position\":1,\"name\":\"Accueil\",\"item\":\"https:\/\/www.he-arc.ch\/en\/\"},{\"@type\":\"ListItem\",\"position\":2,\"name\":\"Events\",\"item\":\"https:\/\/www.he-arc.ch\/en\/events\/\"},{\"@type\":\"ListItem\",\"position\":3,\"name\":\"Les ateliers de la comptabilit\u00e9 #8\"}]},{\"@type\":\"WebSite\",\"@id\":\"https:\/\/www.he-arc.ch\/en\/#website\",\"url\":\"https:\/\/www.he-arc.ch\/en\/\",\"name\":\"Haute-Ecole Arc\",\"description\":\"Haute \u00e9cole sp\u00e9cialis\u00e9e Suisse. Gestion, Ing\u00e9nierie, Sant\u00e9, Conservation-\u200brestauration.\",\"publisher\":{\"@id\":\"https:\/\/www.he-arc.ch\/en\/#organization\"},\"potentialAction\":[{\"@type\":\"SearchAction\",\"target\":{\"@type\":\"EntryPoint\",\"urlTemplate\":\"https:\/\/www.he-arc.ch\/en\/?s={search_term_string}\"},\"query-input\":{\"@type\":\"PropertyValueSpecification\",\"valueRequired\":true,\"valueName\":\"search_term_string\"}}],\"inLanguage\":\"en-US\"},{\"@type\":\"Organization\",\"@id\":\"https:\/\/www.he-arc.ch\/en\/#organization\",\"name\":\"Haute Ecole Arc\",\"url\":\"https:\/\/www.he-arc.ch\/en\/\",\"logo\":{\"@type\":\"ImageObject\",\"inLanguage\":\"en-US\",\"@id\":\"https:\/\/www.he-arc.ch\/en\/#\/schema\/logo\/image\/\",\"url\":\"https:\/\/www.he-arc.ch\/wp-content\/uploads\/2022\/01\/logo-he-arc.svg\",\"contentUrl\":\"https:\/\/www.he-arc.ch\/wp-content\/uploads\/2022\/01\/logo-he-arc.svg\",\"width\":140,\"height\":42,\"caption\":\"Haute Ecole Arc\"},\"image\":{\"@id\":\"https:\/\/www.he-arc.ch\/en\/#\/schema\/logo\/image\/\"}}]}<\/script>\n<!-- \/ Yoast SEO plugin. -->","yoast_head_json":{"title":"Les ateliers de la comptabilit\u00e9 #8 - Haute-Ecole Arc","robots":{"index":"index","follow":"follow","max-snippet":"max-snippet:-1","max-image-preview":"max-image-preview:large","max-video-preview":"max-video-preview:-1"},"canonical":"https:\/\/www.he-arc.ch\/en\/agenda\/les-ateliers-de-la-comptabilite-8\/","og_locale":"en_US","og_type":"article","og_title":"Les ateliers de la comptabilit\u00e9 #8 - Haute-Ecole Arc","og_description":"Dans la s\u00e9rie de s\u00e9minaires \u00ab Les ateliers de la comptabilit\u00e9 \u00bb, les intervenant-e-s abordent, par des cas et par l\u2019\u00e9change, diverses situations sp\u00e9cifiques et riches d\u2019enseignement par demi-journ\u00e9e. Nous voici d\u00e9j\u00e0 \u00e0 la 8e \u00e9dition avec de nouveaux th\u00e8mes et probl\u00e9matiques comptables complexes, toujours dans le cadre des PME et toujours selon le Code [&hellip;]","og_url":"https:\/\/www.he-arc.ch\/en\/agenda\/les-ateliers-de-la-comptabilite-8\/","og_site_name":"Haute-Ecole Arc","og_image":[{"width":200,"height":110,"url":"https:\/\/www.he-arc.ch\/wp-content\/uploads\/oldsite\/agenda\/agenda-ateliers-de-la-comptabilite_3.jpg","type":"image\/jpeg"}],"twitter_card":"summary_large_image","twitter_misc":{"Est. reading time":"1 minute"},"schema":{"@context":"https:\/\/schema.org","@graph":[{"@type":"WebPage","@id":"https:\/\/www.he-arc.ch\/en\/agenda\/les-ateliers-de-la-comptabilite-8\/","url":"https:\/\/www.he-arc.ch\/en\/agenda\/les-ateliers-de-la-comptabilite-8\/","name":"Les ateliers de la comptabilit\u00e9 #8 - Haute-Ecole Arc","isPartOf":{"@id":"https:\/\/www.he-arc.ch\/en\/#website"},"datePublished":"2021-06-23T14:32:00+00:00","breadcrumb":{"@id":"https:\/\/www.he-arc.ch\/en\/agenda\/les-ateliers-de-la-comptabilite-8\/#breadcrumb"},"inLanguage":"en-US","potentialAction":[{"@type":"ReadAction","target":["https:\/\/www.he-arc.ch\/en\/agenda\/les-ateliers-de-la-comptabilite-8\/"]}]},{"@type":"BreadcrumbList","@id":"https:\/\/www.he-arc.ch\/en\/agenda\/les-ateliers-de-la-comptabilite-8\/#breadcrumb","itemListElement":[{"@type":"ListItem","position":1,"name":"Accueil","item":"https:\/\/www.he-arc.ch\/en\/"},{"@type":"ListItem","position":2,"name":"Events","item":"https:\/\/www.he-arc.ch\/en\/events\/"},{"@type":"ListItem","position":3,"name":"Les ateliers de la comptabilit\u00e9 #8"}]},{"@type":"WebSite","@id":"https:\/\/www.he-arc.ch\/en\/#website","url":"https:\/\/www.he-arc.ch\/en\/","name":"Haute-Ecole Arc","description":"Haute \u00e9cole sp\u00e9cialis\u00e9e Suisse. Gestion, Ing\u00e9nierie, Sant\u00e9, Conservation-\u200brestauration.","publisher":{"@id":"https:\/\/www.he-arc.ch\/en\/#organization"},"potentialAction":[{"@type":"SearchAction","target":{"@type":"EntryPoint","urlTemplate":"https:\/\/www.he-arc.ch\/en\/?s={search_term_string}"},"query-input":{"@type":"PropertyValueSpecification","valueRequired":true,"valueName":"search_term_string"}}],"inLanguage":"en-US"},{"@type":"Organization","@id":"https:\/\/www.he-arc.ch\/en\/#organization","name":"Haute Ecole Arc","url":"https:\/\/www.he-arc.ch\/en\/","logo":{"@type":"ImageObject","inLanguage":"en-US","@id":"https:\/\/www.he-arc.ch\/en\/#\/schema\/logo\/image\/","url":"https:\/\/www.he-arc.ch\/wp-content\/uploads\/2022\/01\/logo-he-arc.svg","contentUrl":"https:\/\/www.he-arc.ch\/wp-content\/uploads\/2022\/01\/logo-he-arc.svg","width":140,"height":42,"caption":"Haute Ecole Arc"},"image":{"@id":"https:\/\/www.he-arc.ch\/en\/#\/schema\/logo\/image\/"}}]}},"_links":{"self":[{"href":"https:\/\/www.he-arc.ch\/en\/wp-json\/wp\/v2\/he-arc_event\/21736","targetHints":{"allow":["GET"]}}],"collection":[{"href":"https:\/\/www.he-arc.ch\/en\/wp-json\/wp\/v2\/he-arc_event"}],"about":[{"href":"https:\/\/www.he-arc.ch\/en\/wp-json\/wp\/v2\/types\/he-arc_event"}],"author":[{"embeddable":true,"href":"https:\/\/www.he-arc.ch\/en\/wp-json\/wp\/v2\/users\/16"}],"version-history":[{"count":0,"href":"https:\/\/www.he-arc.ch\/en\/wp-json\/wp\/v2\/he-arc_event\/21736\/revisions"}],"wp:attachment":[{"href":"https:\/\/www.he-arc.ch\/en\/wp-json\/wp\/v2\/media?parent=21736"}],"wp:term":[{"taxonomy":"he-arc_domain","embeddable":true,"href":"https:\/\/www.he-arc.ch\/en\/wp-json\/wp\/v2\/he-arc_domain?post=21736"},{"taxonomy":"he-arc_event_category","embeddable":true,"href":"https:\/\/www.he-arc.ch\/en\/wp-json\/wp\/v2\/he-arc_event_category?post=21736"}],"curies":[{"name":"wp","href":"https:\/\/api.w.org\/{rel}","templated":true}]}}