{"id":38160,"date":"2022-09-28T08:07:00","date_gmt":"2022-09-28T07:07:00","guid":{"rendered":"https:\/\/www.he-arc.ch\/?post_type=he-arc_event&#038;p=38160"},"modified":"2022-09-28T08:07:01","modified_gmt":"2022-09-28T07:07:01","slug":"journee-cantonale-des-professions-de-la-sante","status":"publish","type":"he-arc_event","link":"https:\/\/www.he-arc.ch\/en\/agenda\/journee-cantonale-des-professions-de-la-sante\/","title":{"rendered":"Journ\u00e9e cantonale des professions de la sant\u00e9"},"content":{"rendered":"\n<p>La Haute Ecole Arc Sant\u00e9 est pr\u00e9sente \u00e0 la journ\u00e9e cantonale des professions de la sant\u00e9 \u00e0 L&#8217;h\u00f4pital de Moutier pour pr\u00e9senter le Bachelor en Soins infirmiers ainsi que l&#8217;Ann\u00e9e Prop\u00e9deutique Sant\u00e9. Les classes bernoises ainsi que les personnes individuelles ont la possibilit\u00e9 d\u2019avoir un aper\u00e7u direct du monde des professions de la sant\u00e9 et d\u2019\u00e9changer directement avec des sp\u00e9cialistes.<\/p>\n","protected":false},"author":10,"featured_media":38161,"template":"","he-arc_domain":[4],"he-arc_event_category":[],"class_list":["post-38160","he-arc_event","type-he-arc_event","status-publish","has-post-thumbnail","hentry","he-arc_domain-sante"],"acf":[],"yoast_head":"<!-- This site is optimized with the Yoast SEO plugin v26.6 - https:\/\/yoast.com\/wordpress\/plugins\/seo\/ -->\n<title>Journ\u00e9e cantonale des professions de la sant\u00e9 - Haute-Ecole Arc<\/title>\n<meta name=\"robots\" content=\"index, follow, max-snippet:-1, max-image-preview:large, max-video-preview:-1\" \/>\n<link rel=\"canonical\" href=\"https:\/\/www.he-arc.ch\/en\/agenda\/journee-cantonale-des-professions-de-la-sante\/\" \/>\n<meta property=\"og:locale\" content=\"en_US\" \/>\n<meta property=\"og:type\" content=\"article\" \/>\n<meta property=\"og:title\" content=\"Journ\u00e9e cantonale des professions de la sant\u00e9 - Haute-Ecole Arc\" \/>\n<meta property=\"og:description\" content=\"La Haute Ecole Arc Sant\u00e9 est pr\u00e9sente \u00e0 la journ\u00e9e cantonale des professions de la sant\u00e9 \u00e0 L&#8217;h\u00f4pital de Moutier pour pr\u00e9senter le Bachelor en Soins infirmiers ainsi que l&#8217;Ann\u00e9e Prop\u00e9deutique Sant\u00e9. Les classes bernoises ainsi que les personnes individuelles ont la possibilit\u00e9 d\u2019avoir un aper\u00e7u direct du monde des professions de la sant\u00e9 et [&hellip;]\" \/>\n<meta property=\"og:url\" content=\"https:\/\/www.he-arc.ch\/en\/agenda\/journee-cantonale-des-professions-de-la-sante\/\" \/>\n<meta property=\"og:site_name\" content=\"Haute-Ecole Arc\" \/>\n<meta property=\"article:modified_time\" content=\"2022-09-28T07:07:01+00:00\" \/>\n<meta property=\"og:image\" content=\"https:\/\/www.he-arc.ch\/wp-content\/uploads\/2022\/09\/JCS2022.jpg\" \/>\n\t<meta property=\"og:image:width\" content=\"2048\" \/>\n\t<meta property=\"og:image:height\" content=\"1369\" \/>\n\t<meta property=\"og:image:type\" content=\"image\/jpeg\" \/>\n<meta name=\"twitter:card\" content=\"summary_large_image\" \/>\n<meta name=\"twitter:label1\" content=\"Est. reading time\" \/>\n\t<meta name=\"twitter:data1\" content=\"1 minute\" \/>\n<script type=\"application\/ld+json\" class=\"yoast-schema-graph\">{\"@context\":\"https:\/\/schema.org\",\"@graph\":[{\"@type\":\"WebPage\",\"@id\":\"https:\/\/www.he-arc.ch\/en\/agenda\/journee-cantonale-des-professions-de-la-sante\/\",\"url\":\"https:\/\/www.he-arc.ch\/en\/agenda\/journee-cantonale-des-professions-de-la-sante\/\",\"name\":\"Journ\u00e9e cantonale des professions de la sant\u00e9 - Haute-Ecole Arc\",\"isPartOf\":{\"@id\":\"https:\/\/www.he-arc.ch\/en\/#website\"},\"primaryImageOfPage\":{\"@id\":\"https:\/\/www.he-arc.ch\/en\/agenda\/journee-cantonale-des-professions-de-la-sante\/#primaryimage\"},\"image\":{\"@id\":\"https:\/\/www.he-arc.ch\/en\/agenda\/journee-cantonale-des-professions-de-la-sante\/#primaryimage\"},\"thumbnailUrl\":\"https:\/\/www.he-arc.ch\/wp-content\/uploads\/2022\/09\/JCS2022.jpg\",\"datePublished\":\"2022-09-28T07:07:00+00:00\",\"dateModified\":\"2022-09-28T07:07:01+00:00\",\"breadcrumb\":{\"@id\":\"https:\/\/www.he-arc.ch\/en\/agenda\/journee-cantonale-des-professions-de-la-sante\/#breadcrumb\"},\"inLanguage\":\"en-US\",\"potentialAction\":[{\"@type\":\"ReadAction\",\"target\":[\"https:\/\/www.he-arc.ch\/en\/agenda\/journee-cantonale-des-professions-de-la-sante\/\"]}]},{\"@type\":\"ImageObject\",\"inLanguage\":\"en-US\",\"@id\":\"https:\/\/www.he-arc.ch\/en\/agenda\/journee-cantonale-des-professions-de-la-sante\/#primaryimage\",\"url\":\"https:\/\/www.he-arc.ch\/wp-content\/uploads\/2022\/09\/JCS2022.jpg\",\"contentUrl\":\"https:\/\/www.he-arc.ch\/wp-content\/uploads\/2022\/09\/JCS2022.jpg\",\"width\":2048,\"height\":1369},{\"@type\":\"BreadcrumbList\",\"@id\":\"https:\/\/www.he-arc.ch\/en\/agenda\/journee-cantonale-des-professions-de-la-sante\/#breadcrumb\",\"itemListElement\":[{\"@type\":\"ListItem\",\"position\":1,\"name\":\"Accueil\",\"item\":\"https:\/\/www.he-arc.ch\/en\/\"},{\"@type\":\"ListItem\",\"position\":2,\"name\":\"Events\",\"item\":\"https:\/\/www.he-arc.ch\/en\/events\/\"},{\"@type\":\"ListItem\",\"position\":3,\"name\":\"Journ\u00e9e cantonale des professions de la sant\u00e9\"}]},{\"@type\":\"WebSite\",\"@id\":\"https:\/\/www.he-arc.ch\/en\/#website\",\"url\":\"https:\/\/www.he-arc.ch\/en\/\",\"name\":\"Haute-Ecole Arc\",\"description\":\"Haute \u00e9cole sp\u00e9cialis\u00e9e Suisse. Gestion, Ing\u00e9nierie, Sant\u00e9, Conservation-\u200brestauration.\",\"publisher\":{\"@id\":\"https:\/\/www.he-arc.ch\/en\/#organization\"},\"potentialAction\":[{\"@type\":\"SearchAction\",\"target\":{\"@type\":\"EntryPoint\",\"urlTemplate\":\"https:\/\/www.he-arc.ch\/en\/?s={search_term_string}\"},\"query-input\":{\"@type\":\"PropertyValueSpecification\",\"valueRequired\":true,\"valueName\":\"search_term_string\"}}],\"inLanguage\":\"en-US\"},{\"@type\":\"Organization\",\"@id\":\"https:\/\/www.he-arc.ch\/en\/#organization\",\"name\":\"Haute Ecole Arc\",\"url\":\"https:\/\/www.he-arc.ch\/en\/\",\"logo\":{\"@type\":\"ImageObject\",\"inLanguage\":\"en-US\",\"@id\":\"https:\/\/www.he-arc.ch\/en\/#\/schema\/logo\/image\/\",\"url\":\"https:\/\/www.he-arc.ch\/wp-content\/uploads\/2022\/01\/logo-he-arc.svg\",\"contentUrl\":\"https:\/\/www.he-arc.ch\/wp-content\/uploads\/2022\/01\/logo-he-arc.svg\",\"width\":140,\"height\":42,\"caption\":\"Haute Ecole Arc\"},\"image\":{\"@id\":\"https:\/\/www.he-arc.ch\/en\/#\/schema\/logo\/image\/\"}}]}<\/script>\n<!-- \/ Yoast SEO plugin. -->","yoast_head_json":{"title":"Journ\u00e9e cantonale des professions de la sant\u00e9 - Haute-Ecole Arc","robots":{"index":"index","follow":"follow","max-snippet":"max-snippet:-1","max-image-preview":"max-image-preview:large","max-video-preview":"max-video-preview:-1"},"canonical":"https:\/\/www.he-arc.ch\/en\/agenda\/journee-cantonale-des-professions-de-la-sante\/","og_locale":"en_US","og_type":"article","og_title":"Journ\u00e9e cantonale des professions de la sant\u00e9 - Haute-Ecole Arc","og_description":"La Haute Ecole Arc Sant\u00e9 est pr\u00e9sente \u00e0 la journ\u00e9e cantonale des professions de la sant\u00e9 \u00e0 L&#8217;h\u00f4pital de Moutier pour pr\u00e9senter le Bachelor en Soins infirmiers ainsi que l&#8217;Ann\u00e9e Prop\u00e9deutique Sant\u00e9. Les classes bernoises ainsi que les personnes individuelles ont la possibilit\u00e9 d\u2019avoir un aper\u00e7u direct du monde des professions de la sant\u00e9 et [&hellip;]","og_url":"https:\/\/www.he-arc.ch\/en\/agenda\/journee-cantonale-des-professions-de-la-sante\/","og_site_name":"Haute-Ecole Arc","article_modified_time":"2022-09-28T07:07:01+00:00","og_image":[{"width":2048,"height":1369,"url":"https:\/\/www.he-arc.ch\/wp-content\/uploads\/2022\/09\/JCS2022.jpg","type":"image\/jpeg"}],"twitter_card":"summary_large_image","twitter_misc":{"Est. reading time":"1 minute"},"schema":{"@context":"https:\/\/schema.org","@graph":[{"@type":"WebPage","@id":"https:\/\/www.he-arc.ch\/en\/agenda\/journee-cantonale-des-professions-de-la-sante\/","url":"https:\/\/www.he-arc.ch\/en\/agenda\/journee-cantonale-des-professions-de-la-sante\/","name":"Journ\u00e9e cantonale des professions de la sant\u00e9 - Haute-Ecole Arc","isPartOf":{"@id":"https:\/\/www.he-arc.ch\/en\/#website"},"primaryImageOfPage":{"@id":"https:\/\/www.he-arc.ch\/en\/agenda\/journee-cantonale-des-professions-de-la-sante\/#primaryimage"},"image":{"@id":"https:\/\/www.he-arc.ch\/en\/agenda\/journee-cantonale-des-professions-de-la-sante\/#primaryimage"},"thumbnailUrl":"https:\/\/www.he-arc.ch\/wp-content\/uploads\/2022\/09\/JCS2022.jpg","datePublished":"2022-09-28T07:07:00+00:00","dateModified":"2022-09-28T07:07:01+00:00","breadcrumb":{"@id":"https:\/\/www.he-arc.ch\/en\/agenda\/journee-cantonale-des-professions-de-la-sante\/#breadcrumb"},"inLanguage":"en-US","potentialAction":[{"@type":"ReadAction","target":["https:\/\/www.he-arc.ch\/en\/agenda\/journee-cantonale-des-professions-de-la-sante\/"]}]},{"@type":"ImageObject","inLanguage":"en-US","@id":"https:\/\/www.he-arc.ch\/en\/agenda\/journee-cantonale-des-professions-de-la-sante\/#primaryimage","url":"https:\/\/www.he-arc.ch\/wp-content\/uploads\/2022\/09\/JCS2022.jpg","contentUrl":"https:\/\/www.he-arc.ch\/wp-content\/uploads\/2022\/09\/JCS2022.jpg","width":2048,"height":1369},{"@type":"BreadcrumbList","@id":"https:\/\/www.he-arc.ch\/en\/agenda\/journee-cantonale-des-professions-de-la-sante\/#breadcrumb","itemListElement":[{"@type":"ListItem","position":1,"name":"Accueil","item":"https:\/\/www.he-arc.ch\/en\/"},{"@type":"ListItem","position":2,"name":"Events","item":"https:\/\/www.he-arc.ch\/en\/events\/"},{"@type":"ListItem","position":3,"name":"Journ\u00e9e cantonale des professions de la sant\u00e9"}]},{"@type":"WebSite","@id":"https:\/\/www.he-arc.ch\/en\/#website","url":"https:\/\/www.he-arc.ch\/en\/","name":"Haute-Ecole Arc","description":"Haute \u00e9cole sp\u00e9cialis\u00e9e Suisse. Gestion, Ing\u00e9nierie, Sant\u00e9, Conservation-\u200brestauration.","publisher":{"@id":"https:\/\/www.he-arc.ch\/en\/#organization"},"potentialAction":[{"@type":"SearchAction","target":{"@type":"EntryPoint","urlTemplate":"https:\/\/www.he-arc.ch\/en\/?s={search_term_string}"},"query-input":{"@type":"PropertyValueSpecification","valueRequired":true,"valueName":"search_term_string"}}],"inLanguage":"en-US"},{"@type":"Organization","@id":"https:\/\/www.he-arc.ch\/en\/#organization","name":"Haute Ecole Arc","url":"https:\/\/www.he-arc.ch\/en\/","logo":{"@type":"ImageObject","inLanguage":"en-US","@id":"https:\/\/www.he-arc.ch\/en\/#\/schema\/logo\/image\/","url":"https:\/\/www.he-arc.ch\/wp-content\/uploads\/2022\/01\/logo-he-arc.svg","contentUrl":"https:\/\/www.he-arc.ch\/wp-content\/uploads\/2022\/01\/logo-he-arc.svg","width":140,"height":42,"caption":"Haute Ecole Arc"},"image":{"@id":"https:\/\/www.he-arc.ch\/en\/#\/schema\/logo\/image\/"}}]}},"_links":{"self":[{"href":"https:\/\/www.he-arc.ch\/en\/wp-json\/wp\/v2\/he-arc_event\/38160","targetHints":{"allow":["GET"]}}],"collection":[{"href":"https:\/\/www.he-arc.ch\/en\/wp-json\/wp\/v2\/he-arc_event"}],"about":[{"href":"https:\/\/www.he-arc.ch\/en\/wp-json\/wp\/v2\/types\/he-arc_event"}],"author":[{"embeddable":true,"href":"https:\/\/www.he-arc.ch\/en\/wp-json\/wp\/v2\/users\/10"}],"version-history":[{"count":3,"href":"https:\/\/www.he-arc.ch\/en\/wp-json\/wp\/v2\/he-arc_event\/38160\/revisions"}],"predecessor-version":[{"id":38165,"href":"https:\/\/www.he-arc.ch\/en\/wp-json\/wp\/v2\/he-arc_event\/38160\/revisions\/38165"}],"wp:featuredmedia":[{"embeddable":true,"href":"https:\/\/www.he-arc.ch\/en\/wp-json\/wp\/v2\/media\/38161"}],"wp:attachment":[{"href":"https:\/\/www.he-arc.ch\/en\/wp-json\/wp\/v2\/media?parent=38160"}],"wp:term":[{"taxonomy":"he-arc_domain","embeddable":true,"href":"https:\/\/www.he-arc.ch\/en\/wp-json\/wp\/v2\/he-arc_domain?post=38160"},{"taxonomy":"he-arc_event_category","embeddable":true,"href":"https:\/\/www.he-arc.ch\/en\/wp-json\/wp\/v2\/he-arc_event_category?post=38160"}],"curies":[{"name":"wp","href":"https:\/\/api.w.org\/{rel}","templated":true}]}}