{"id":40111,"date":"2022-11-18T11:02:56","date_gmt":"2022-11-18T10:02:56","guid":{"rendered":"https:\/\/www.he-arc.ch\/?post_type=he-arc_event&#038;p=40111"},"modified":"2022-11-18T11:02:57","modified_gmt":"2022-11-18T10:02:57","slug":"conference-entre-plafond-de-verre-et-parois-etanches-comment-oeuvrer-pour-plus-de-mixite-dans-le-monde-professionnel","status":"publish","type":"he-arc_event","link":"https:\/\/www.he-arc.ch\/en\/agenda\/conference-entre-plafond-de-verre-et-parois-etanches-comment-oeuvrer-pour-plus-de-mixite-dans-le-monde-professionnel\/","title":{"rendered":"Conf\u00e9rence \u00abEntre plafond de verre et parois \u00e9tanches, comment \u0153uvrer pour plus de mixit\u00e9 dans le monde professionnel?\u00bb"},"content":{"rendered":"\n<p>Il n\u2019est plus \u00e0 d\u00e9montrer que la mixit\u00e9 apporte aux organisations de nombreux b\u00e9n\u00e9fices, en mati\u00e8re d\u2019innovation et de performance notamment. Pourtant, tr\u00e8s peu de domaines professionnels sont mixtes : les fili\u00e8res techniques sont largement pl\u00e9biscit\u00e9es par les hommes, quand les m\u00e9tiers du \u00ab care \u00bb sont presque exclusivement f\u00e9minins.<br>Par ailleurs, plus on \u00e9volue dans la hi\u00e9rarchie, et ce quel que soit le secteur, moins on trouve de femmes.<\/p>\n\n\n\n<p>Notre intervenante, \u00c9glantine Jamet est docteure en sciences sociales et sp\u00e9cialiste des questions de genre et de diversit\u00e9. Elle a commenc\u00e9 sa carri\u00e8re dans le monde acad\u00e9mique puis, ayant \u00e0 c\u0153ur d\u2019agir sur le terrain, a co-fond\u00e9, en 2018, Artemia Executive, premier cabinet de recrutement et de conseil en Suisse, ayant pour mission de favoriser une plus grande mixit\u00e9 dans les postes \u00e0 responsabilit\u00e9.<\/p>\n\n\n\n<p>Durant cette conf\u00e9rence, \u00c9glantine Jamet nous aidera \u00e0 mieux cerner ces 2 formes de s\u00e9gr\u00e9gation, horizontale comme verticale, constituent des obstacles structurels \u00e0 la mixit\u00e9. D\u2019o\u00f9 viennent-ils ? Comment les d\u00e9passer ? Et quels leviers peuvent \u00eatre actionn\u00e9s pour une meilleure r\u00e9partition des talents ?<\/p>\n\n\n\n<p>En esp\u00e9rant vous y rencontrer nombreuses et nombreux et dans l\u2019attente du plaisir de partager un d\u00e9but de soir\u00e9e en votre compagnie, nous vous adressons nos plus cordiales salutations.<\/p>\n\n\n\n<p>Pour tout renseignement, vous pouvez contacter Ludmila Schindelholz (+41 32 930 23 38 &#8211; ludmila.schindelholz@he-arc.ch)<\/p>\n","protected":false},"author":13,"featured_media":29728,"template":"","he-arc_domain":[6],"he-arc_event_category":[],"class_list":["post-40111","he-arc_event","type-he-arc_event","status-publish","has-post-thumbnail","hentry","he-arc_domain-he-arc"],"acf":[],"yoast_head":"<!-- This site is optimized with the Yoast SEO plugin v26.6 - https:\/\/yoast.com\/wordpress\/plugins\/seo\/ -->\n<title>Conf\u00e9rence \u00abEntre plafond de verre et parois \u00e9tanches, comment \u0153uvrer pour plus de mixit\u00e9 dans le monde professionnel?\u00bb - Haute-Ecole Arc<\/title>\n<meta name=\"robots\" content=\"index, follow, max-snippet:-1, max-image-preview:large, max-video-preview:-1\" \/>\n<link rel=\"canonical\" href=\"https:\/\/www.he-arc.ch\/en\/agenda\/conference-entre-plafond-de-verre-et-parois-etanches-comment-oeuvrer-pour-plus-de-mixite-dans-le-monde-professionnel\/\" \/>\n<meta property=\"og:locale\" content=\"en_US\" \/>\n<meta property=\"og:type\" content=\"article\" \/>\n<meta property=\"og:title\" content=\"Conf\u00e9rence \u00abEntre plafond de verre et parois \u00e9tanches, comment \u0153uvrer pour plus de mixit\u00e9 dans le monde professionnel?\u00bb - Haute-Ecole Arc\" \/>\n<meta property=\"og:description\" content=\"Il n\u2019est plus \u00e0 d\u00e9montrer que la mixit\u00e9 apporte aux organisations de nombreux b\u00e9n\u00e9fices, en mati\u00e8re d\u2019innovation et de performance notamment. Pourtant, tr\u00e8s peu de domaines professionnels sont mixtes : les fili\u00e8res techniques sont largement pl\u00e9biscit\u00e9es par les hommes, quand les m\u00e9tiers du \u00ab care \u00bb sont presque exclusivement f\u00e9minins.Par ailleurs, plus on \u00e9volue dans [&hellip;]\" \/>\n<meta property=\"og:url\" content=\"https:\/\/www.he-arc.ch\/en\/agenda\/conference-entre-plafond-de-verre-et-parois-etanches-comment-oeuvrer-pour-plus-de-mixite-dans-le-monde-professionnel\/\" \/>\n<meta property=\"og:site_name\" content=\"Haute-Ecole Arc\" \/>\n<meta property=\"article:modified_time\" content=\"2022-11-18T10:02:57+00:00\" \/>\n<meta property=\"og:image\" content=\"https:\/\/www.he-arc.ch\/wp-content\/uploads\/2022\/06\/fondActus.png\" \/>\n\t<meta property=\"og:image:width\" content=\"1919\" \/>\n\t<meta property=\"og:image:height\" content=\"844\" \/>\n\t<meta property=\"og:image:type\" content=\"image\/png\" \/>\n<meta name=\"twitter:card\" content=\"summary_large_image\" \/>\n<meta name=\"twitter:label1\" content=\"Est. reading time\" \/>\n\t<meta name=\"twitter:data1\" content=\"2 minutes\" \/>\n<script type=\"application\/ld+json\" class=\"yoast-schema-graph\">{\"@context\":\"https:\/\/schema.org\",\"@graph\":[{\"@type\":\"WebPage\",\"@id\":\"https:\/\/www.he-arc.ch\/en\/agenda\/conference-entre-plafond-de-verre-et-parois-etanches-comment-oeuvrer-pour-plus-de-mixite-dans-le-monde-professionnel\/\",\"url\":\"https:\/\/www.he-arc.ch\/en\/agenda\/conference-entre-plafond-de-verre-et-parois-etanches-comment-oeuvrer-pour-plus-de-mixite-dans-le-monde-professionnel\/\",\"name\":\"Conf\u00e9rence \u00abEntre plafond de verre et parois \u00e9tanches, comment \u0153uvrer pour plus de mixit\u00e9 dans le monde professionnel?\u00bb - Haute-Ecole Arc\",\"isPartOf\":{\"@id\":\"https:\/\/www.he-arc.ch\/en\/#website\"},\"primaryImageOfPage\":{\"@id\":\"https:\/\/www.he-arc.ch\/en\/agenda\/conference-entre-plafond-de-verre-et-parois-etanches-comment-oeuvrer-pour-plus-de-mixite-dans-le-monde-professionnel\/#primaryimage\"},\"image\":{\"@id\":\"https:\/\/www.he-arc.ch\/en\/agenda\/conference-entre-plafond-de-verre-et-parois-etanches-comment-oeuvrer-pour-plus-de-mixite-dans-le-monde-professionnel\/#primaryimage\"},\"thumbnailUrl\":\"https:\/\/www.he-arc.ch\/wp-content\/uploads\/2022\/06\/fondActus.png\",\"datePublished\":\"2022-11-18T10:02:56+00:00\",\"dateModified\":\"2022-11-18T10:02:57+00:00\",\"breadcrumb\":{\"@id\":\"https:\/\/www.he-arc.ch\/en\/agenda\/conference-entre-plafond-de-verre-et-parois-etanches-comment-oeuvrer-pour-plus-de-mixite-dans-le-monde-professionnel\/#breadcrumb\"},\"inLanguage\":\"en-US\",\"potentialAction\":[{\"@type\":\"ReadAction\",\"target\":[\"https:\/\/www.he-arc.ch\/en\/agenda\/conference-entre-plafond-de-verre-et-parois-etanches-comment-oeuvrer-pour-plus-de-mixite-dans-le-monde-professionnel\/\"]}]},{\"@type\":\"ImageObject\",\"inLanguage\":\"en-US\",\"@id\":\"https:\/\/www.he-arc.ch\/en\/agenda\/conference-entre-plafond-de-verre-et-parois-etanches-comment-oeuvrer-pour-plus-de-mixite-dans-le-monde-professionnel\/#primaryimage\",\"url\":\"https:\/\/www.he-arc.ch\/wp-content\/uploads\/2022\/06\/fondActus.png\",\"contentUrl\":\"https:\/\/www.he-arc.ch\/wp-content\/uploads\/2022\/06\/fondActus.png\",\"width\":1919,\"height\":844},{\"@type\":\"BreadcrumbList\",\"@id\":\"https:\/\/www.he-arc.ch\/en\/agenda\/conference-entre-plafond-de-verre-et-parois-etanches-comment-oeuvrer-pour-plus-de-mixite-dans-le-monde-professionnel\/#breadcrumb\",\"itemListElement\":[{\"@type\":\"ListItem\",\"position\":1,\"name\":\"Accueil\",\"item\":\"https:\/\/www.he-arc.ch\/en\/\"},{\"@type\":\"ListItem\",\"position\":2,\"name\":\"Events\",\"item\":\"https:\/\/www.he-arc.ch\/en\/events\/\"},{\"@type\":\"ListItem\",\"position\":3,\"name\":\"Conf\u00e9rence \u00abEntre plafond de verre et parois \u00e9tanches, comment \u0153uvrer pour plus de mixit\u00e9 dans le monde professionnel?\u00bb\"}]},{\"@type\":\"WebSite\",\"@id\":\"https:\/\/www.he-arc.ch\/en\/#website\",\"url\":\"https:\/\/www.he-arc.ch\/en\/\",\"name\":\"Haute-Ecole Arc\",\"description\":\"Haute \u00e9cole sp\u00e9cialis\u00e9e Suisse. Gestion, Ing\u00e9nierie, Sant\u00e9, Conservation-\u200brestauration.\",\"publisher\":{\"@id\":\"https:\/\/www.he-arc.ch\/en\/#organization\"},\"potentialAction\":[{\"@type\":\"SearchAction\",\"target\":{\"@type\":\"EntryPoint\",\"urlTemplate\":\"https:\/\/www.he-arc.ch\/en\/?s={search_term_string}\"},\"query-input\":{\"@type\":\"PropertyValueSpecification\",\"valueRequired\":true,\"valueName\":\"search_term_string\"}}],\"inLanguage\":\"en-US\"},{\"@type\":\"Organization\",\"@id\":\"https:\/\/www.he-arc.ch\/en\/#organization\",\"name\":\"Haute Ecole Arc\",\"url\":\"https:\/\/www.he-arc.ch\/en\/\",\"logo\":{\"@type\":\"ImageObject\",\"inLanguage\":\"en-US\",\"@id\":\"https:\/\/www.he-arc.ch\/en\/#\/schema\/logo\/image\/\",\"url\":\"https:\/\/www.he-arc.ch\/wp-content\/uploads\/2022\/01\/logo-he-arc.svg\",\"contentUrl\":\"https:\/\/www.he-arc.ch\/wp-content\/uploads\/2022\/01\/logo-he-arc.svg\",\"width\":140,\"height\":42,\"caption\":\"Haute Ecole Arc\"},\"image\":{\"@id\":\"https:\/\/www.he-arc.ch\/en\/#\/schema\/logo\/image\/\"}}]}<\/script>\n<!-- \/ Yoast SEO plugin. -->","yoast_head_json":{"title":"Conf\u00e9rence \u00abEntre plafond de verre et parois \u00e9tanches, comment \u0153uvrer pour plus de mixit\u00e9 dans le monde professionnel?\u00bb - Haute-Ecole Arc","robots":{"index":"index","follow":"follow","max-snippet":"max-snippet:-1","max-image-preview":"max-image-preview:large","max-video-preview":"max-video-preview:-1"},"canonical":"https:\/\/www.he-arc.ch\/en\/agenda\/conference-entre-plafond-de-verre-et-parois-etanches-comment-oeuvrer-pour-plus-de-mixite-dans-le-monde-professionnel\/","og_locale":"en_US","og_type":"article","og_title":"Conf\u00e9rence \u00abEntre plafond de verre et parois \u00e9tanches, comment \u0153uvrer pour plus de mixit\u00e9 dans le monde professionnel?\u00bb - Haute-Ecole Arc","og_description":"Il n\u2019est plus \u00e0 d\u00e9montrer que la mixit\u00e9 apporte aux organisations de nombreux b\u00e9n\u00e9fices, en mati\u00e8re d\u2019innovation et de performance notamment. Pourtant, tr\u00e8s peu de domaines professionnels sont mixtes : les fili\u00e8res techniques sont largement pl\u00e9biscit\u00e9es par les hommes, quand les m\u00e9tiers du \u00ab care \u00bb sont presque exclusivement f\u00e9minins.Par ailleurs, plus on \u00e9volue dans [&hellip;]","og_url":"https:\/\/www.he-arc.ch\/en\/agenda\/conference-entre-plafond-de-verre-et-parois-etanches-comment-oeuvrer-pour-plus-de-mixite-dans-le-monde-professionnel\/","og_site_name":"Haute-Ecole Arc","article_modified_time":"2022-11-18T10:02:57+00:00","og_image":[{"width":1919,"height":844,"url":"https:\/\/www.he-arc.ch\/wp-content\/uploads\/2022\/06\/fondActus.png","type":"image\/png"}],"twitter_card":"summary_large_image","twitter_misc":{"Est. reading time":"2 minutes"},"schema":{"@context":"https:\/\/schema.org","@graph":[{"@type":"WebPage","@id":"https:\/\/www.he-arc.ch\/en\/agenda\/conference-entre-plafond-de-verre-et-parois-etanches-comment-oeuvrer-pour-plus-de-mixite-dans-le-monde-professionnel\/","url":"https:\/\/www.he-arc.ch\/en\/agenda\/conference-entre-plafond-de-verre-et-parois-etanches-comment-oeuvrer-pour-plus-de-mixite-dans-le-monde-professionnel\/","name":"Conf\u00e9rence \u00abEntre plafond de verre et parois \u00e9tanches, comment \u0153uvrer pour plus de mixit\u00e9 dans le monde professionnel?\u00bb - Haute-Ecole Arc","isPartOf":{"@id":"https:\/\/www.he-arc.ch\/en\/#website"},"primaryImageOfPage":{"@id":"https:\/\/www.he-arc.ch\/en\/agenda\/conference-entre-plafond-de-verre-et-parois-etanches-comment-oeuvrer-pour-plus-de-mixite-dans-le-monde-professionnel\/#primaryimage"},"image":{"@id":"https:\/\/www.he-arc.ch\/en\/agenda\/conference-entre-plafond-de-verre-et-parois-etanches-comment-oeuvrer-pour-plus-de-mixite-dans-le-monde-professionnel\/#primaryimage"},"thumbnailUrl":"https:\/\/www.he-arc.ch\/wp-content\/uploads\/2022\/06\/fondActus.png","datePublished":"2022-11-18T10:02:56+00:00","dateModified":"2022-11-18T10:02:57+00:00","breadcrumb":{"@id":"https:\/\/www.he-arc.ch\/en\/agenda\/conference-entre-plafond-de-verre-et-parois-etanches-comment-oeuvrer-pour-plus-de-mixite-dans-le-monde-professionnel\/#breadcrumb"},"inLanguage":"en-US","potentialAction":[{"@type":"ReadAction","target":["https:\/\/www.he-arc.ch\/en\/agenda\/conference-entre-plafond-de-verre-et-parois-etanches-comment-oeuvrer-pour-plus-de-mixite-dans-le-monde-professionnel\/"]}]},{"@type":"ImageObject","inLanguage":"en-US","@id":"https:\/\/www.he-arc.ch\/en\/agenda\/conference-entre-plafond-de-verre-et-parois-etanches-comment-oeuvrer-pour-plus-de-mixite-dans-le-monde-professionnel\/#primaryimage","url":"https:\/\/www.he-arc.ch\/wp-content\/uploads\/2022\/06\/fondActus.png","contentUrl":"https:\/\/www.he-arc.ch\/wp-content\/uploads\/2022\/06\/fondActus.png","width":1919,"height":844},{"@type":"BreadcrumbList","@id":"https:\/\/www.he-arc.ch\/en\/agenda\/conference-entre-plafond-de-verre-et-parois-etanches-comment-oeuvrer-pour-plus-de-mixite-dans-le-monde-professionnel\/#breadcrumb","itemListElement":[{"@type":"ListItem","position":1,"name":"Accueil","item":"https:\/\/www.he-arc.ch\/en\/"},{"@type":"ListItem","position":2,"name":"Events","item":"https:\/\/www.he-arc.ch\/en\/events\/"},{"@type":"ListItem","position":3,"name":"Conf\u00e9rence \u00abEntre plafond de verre et parois \u00e9tanches, comment \u0153uvrer pour plus de mixit\u00e9 dans le monde professionnel?\u00bb"}]},{"@type":"WebSite","@id":"https:\/\/www.he-arc.ch\/en\/#website","url":"https:\/\/www.he-arc.ch\/en\/","name":"Haute-Ecole Arc","description":"Haute \u00e9cole sp\u00e9cialis\u00e9e Suisse. Gestion, Ing\u00e9nierie, Sant\u00e9, Conservation-\u200brestauration.","publisher":{"@id":"https:\/\/www.he-arc.ch\/en\/#organization"},"potentialAction":[{"@type":"SearchAction","target":{"@type":"EntryPoint","urlTemplate":"https:\/\/www.he-arc.ch\/en\/?s={search_term_string}"},"query-input":{"@type":"PropertyValueSpecification","valueRequired":true,"valueName":"search_term_string"}}],"inLanguage":"en-US"},{"@type":"Organization","@id":"https:\/\/www.he-arc.ch\/en\/#organization","name":"Haute Ecole Arc","url":"https:\/\/www.he-arc.ch\/en\/","logo":{"@type":"ImageObject","inLanguage":"en-US","@id":"https:\/\/www.he-arc.ch\/en\/#\/schema\/logo\/image\/","url":"https:\/\/www.he-arc.ch\/wp-content\/uploads\/2022\/01\/logo-he-arc.svg","contentUrl":"https:\/\/www.he-arc.ch\/wp-content\/uploads\/2022\/01\/logo-he-arc.svg","width":140,"height":42,"caption":"Haute Ecole Arc"},"image":{"@id":"https:\/\/www.he-arc.ch\/en\/#\/schema\/logo\/image\/"}}]}},"_links":{"self":[{"href":"https:\/\/www.he-arc.ch\/en\/wp-json\/wp\/v2\/he-arc_event\/40111","targetHints":{"allow":["GET"]}}],"collection":[{"href":"https:\/\/www.he-arc.ch\/en\/wp-json\/wp\/v2\/he-arc_event"}],"about":[{"href":"https:\/\/www.he-arc.ch\/en\/wp-json\/wp\/v2\/types\/he-arc_event"}],"author":[{"embeddable":true,"href":"https:\/\/www.he-arc.ch\/en\/wp-json\/wp\/v2\/users\/13"}],"version-history":[{"count":8,"href":"https:\/\/www.he-arc.ch\/en\/wp-json\/wp\/v2\/he-arc_event\/40111\/revisions"}],"predecessor-version":[{"id":40119,"href":"https:\/\/www.he-arc.ch\/en\/wp-json\/wp\/v2\/he-arc_event\/40111\/revisions\/40119"}],"wp:featuredmedia":[{"embeddable":true,"href":"https:\/\/www.he-arc.ch\/en\/wp-json\/wp\/v2\/media\/29728"}],"wp:attachment":[{"href":"https:\/\/www.he-arc.ch\/en\/wp-json\/wp\/v2\/media?parent=40111"}],"wp:term":[{"taxonomy":"he-arc_domain","embeddable":true,"href":"https:\/\/www.he-arc.ch\/en\/wp-json\/wp\/v2\/he-arc_domain?post=40111"},{"taxonomy":"he-arc_event_category","embeddable":true,"href":"https:\/\/www.he-arc.ch\/en\/wp-json\/wp\/v2\/he-arc_event_category?post=40111"}],"curies":[{"name":"wp","href":"https:\/\/api.w.org\/{rel}","templated":true}]}}