{"id":41685,"date":"2023-01-27T10:08:25","date_gmt":"2023-01-27T09:08:25","guid":{"rendered":"https:\/\/www.he-arc.ch\/?post_type=he-arc_event&#038;p=41685"},"modified":"2025-02-04T09:05:27","modified_gmt":"2025-02-04T08:05:27","slug":"formation-en-lutte-contre-la-criminalite-economique-niveau-ii-flce-ii","status":"publish","type":"he-arc_event","link":"https:\/\/www.he-arc.ch\/en\/agenda\/formation-en-lutte-contre-la-criminalite-economique-niveau-ii-flce-ii\/","title":{"rendered":"Formation en lutte contre la criminalit\u00e9 \u00e9conomique, niveau II (FLCE II)"},"content":{"rendered":"\n<p>Cette formation de 4 jours a pour ambition de dispenser une formation sp\u00e9cifique, construite sur les bases de FLCE I et se concentrant sur les crimes et d\u00e9lits li\u00e9s \u00e0 la faillite ainsi que les analyses bancaires et comptables. L\u2019objectif est de fournir aux participant.e.s les outils leur permettant de d\u00e9velopper de solides comp\u00e9tences dans le domaine \u00e9conomique et financier de l\u2019enqu\u00eate.<\/p>\n\n\n\n<p>La FLCE II est destin\u00e9e en particulier aux polici\u00e8res et policiers (enqu\u00eateurs et enqu\u00eatrices d\u2019arrondissements ou financiers de premier niveau), ainsi qu&#8217;aux enqu\u00eateurs et enqu\u00eatrices des douanes ou d\u2019autres services de l\u2019Etat.<\/p>\n\n\n\n<ul class=\"wp-block-list\">\n<li><a href=\"https:\/\/www.he-arc.ch\/wp-content\/uploads\/2025\/02\/Formation-en-LCE-niveau-II.pdf\" target=\"_blank\" rel=\"noreferrer noopener\">Flyer<\/a><\/li>\n\n\n\n<li><a href=\"https:\/\/jp-portal.gestion.he-arc.ch\/form\/141\" target=\"_blank\" rel=\"noreferrer noopener\">Inscription<\/a><\/li>\n<\/ul>\n","protected":false},"author":12,"featured_media":5166,"template":"","he-arc_domain":[2],"he-arc_event_category":[128],"class_list":["post-41685","he-arc_event","type-he-arc_event","status-publish","has-post-thumbnail","hentry","he-arc_domain-gestion","he-arc_event_category-formation"],"acf":[],"yoast_head":"<!-- This site is optimized with the Yoast SEO plugin v26.6 - https:\/\/yoast.com\/wordpress\/plugins\/seo\/ -->\n<title>Formation en lutte contre la criminalit\u00e9 \u00e9conomique, niveau II (FLCE II) - Haute-Ecole Arc<\/title>\n<meta name=\"robots\" content=\"index, follow, max-snippet:-1, max-image-preview:large, max-video-preview:-1\" \/>\n<link rel=\"canonical\" href=\"https:\/\/www.he-arc.ch\/en\/agenda\/formation-en-lutte-contre-la-criminalite-economique-niveau-ii-flce-ii\/\" \/>\n<meta property=\"og:locale\" content=\"en_US\" \/>\n<meta property=\"og:type\" content=\"article\" \/>\n<meta property=\"og:title\" content=\"Formation en lutte contre la criminalit\u00e9 \u00e9conomique, niveau II (FLCE II) - Haute-Ecole Arc\" \/>\n<meta property=\"og:description\" content=\"Cette formation de 4 jours a pour ambition de dispenser une formation sp\u00e9cifique, construite sur les bases de FLCE I et se concentrant sur les crimes et d\u00e9lits li\u00e9s \u00e0 la faillite ainsi que les analyses bancaires et comptables. L\u2019objectif est de fournir aux participant.e.s les outils leur permettant de d\u00e9velopper de solides comp\u00e9tences dans [&hellip;]\" \/>\n<meta property=\"og:url\" content=\"https:\/\/www.he-arc.ch\/en\/agenda\/formation-en-lutte-contre-la-criminalite-economique-niveau-ii-flce-ii\/\" \/>\n<meta property=\"og:site_name\" content=\"Haute-Ecole Arc\" \/>\n<meta property=\"article:modified_time\" content=\"2025-02-04T08:05:27+00:00\" \/>\n<meta property=\"og:image\" content=\"https:\/\/www.he-arc.ch\/wp-content\/uploads\/2021\/10\/Agenda-Conference-Colloque-Seminaire.jpg\" \/>\n\t<meta property=\"og:image:width\" content=\"2500\" \/>\n\t<meta property=\"og:image:height\" content=\"1375\" \/>\n\t<meta property=\"og:image:type\" content=\"image\/jpeg\" \/>\n<meta name=\"twitter:card\" content=\"summary_large_image\" \/>\n<meta name=\"twitter:label1\" content=\"Est. reading time\" \/>\n\t<meta name=\"twitter:data1\" content=\"1 minute\" \/>\n<script type=\"application\/ld+json\" class=\"yoast-schema-graph\">{\"@context\":\"https:\/\/schema.org\",\"@graph\":[{\"@type\":\"WebPage\",\"@id\":\"https:\/\/www.he-arc.ch\/en\/agenda\/formation-en-lutte-contre-la-criminalite-economique-niveau-ii-flce-ii\/\",\"url\":\"https:\/\/www.he-arc.ch\/en\/agenda\/formation-en-lutte-contre-la-criminalite-economique-niveau-ii-flce-ii\/\",\"name\":\"Formation en lutte contre la criminalit\u00e9 \u00e9conomique, niveau II (FLCE II) - Haute-Ecole Arc\",\"isPartOf\":{\"@id\":\"https:\/\/www.he-arc.ch\/en\/#website\"},\"primaryImageOfPage\":{\"@id\":\"https:\/\/www.he-arc.ch\/en\/agenda\/formation-en-lutte-contre-la-criminalite-economique-niveau-ii-flce-ii\/#primaryimage\"},\"image\":{\"@id\":\"https:\/\/www.he-arc.ch\/en\/agenda\/formation-en-lutte-contre-la-criminalite-economique-niveau-ii-flce-ii\/#primaryimage\"},\"thumbnailUrl\":\"https:\/\/www.he-arc.ch\/wp-content\/uploads\/2021\/10\/Agenda-Conference-Colloque-Seminaire.jpg\",\"datePublished\":\"2023-01-27T09:08:25+00:00\",\"dateModified\":\"2025-02-04T08:05:27+00:00\",\"breadcrumb\":{\"@id\":\"https:\/\/www.he-arc.ch\/en\/agenda\/formation-en-lutte-contre-la-criminalite-economique-niveau-ii-flce-ii\/#breadcrumb\"},\"inLanguage\":\"en-US\",\"potentialAction\":[{\"@type\":\"ReadAction\",\"target\":[\"https:\/\/www.he-arc.ch\/en\/agenda\/formation-en-lutte-contre-la-criminalite-economique-niveau-ii-flce-ii\/\"]}]},{\"@type\":\"ImageObject\",\"inLanguage\":\"en-US\",\"@id\":\"https:\/\/www.he-arc.ch\/en\/agenda\/formation-en-lutte-contre-la-criminalite-economique-niveau-ii-flce-ii\/#primaryimage\",\"url\":\"https:\/\/www.he-arc.ch\/wp-content\/uploads\/2021\/10\/Agenda-Conference-Colloque-Seminaire.jpg\",\"contentUrl\":\"https:\/\/www.he-arc.ch\/wp-content\/uploads\/2021\/10\/Agenda-Conference-Colloque-Seminaire.jpg\",\"width\":2500,\"height\":1375,\"caption\":\"Speaker face \u00e0 un public\"},{\"@type\":\"BreadcrumbList\",\"@id\":\"https:\/\/www.he-arc.ch\/en\/agenda\/formation-en-lutte-contre-la-criminalite-economique-niveau-ii-flce-ii\/#breadcrumb\",\"itemListElement\":[{\"@type\":\"ListItem\",\"position\":1,\"name\":\"Accueil\",\"item\":\"https:\/\/www.he-arc.ch\/en\/\"},{\"@type\":\"ListItem\",\"position\":2,\"name\":\"Events\",\"item\":\"https:\/\/www.he-arc.ch\/en\/events\/\"},{\"@type\":\"ListItem\",\"position\":3,\"name\":\"Formation en lutte contre la criminalit\u00e9 \u00e9conomique, niveau II (FLCE II)\"}]},{\"@type\":\"WebSite\",\"@id\":\"https:\/\/www.he-arc.ch\/en\/#website\",\"url\":\"https:\/\/www.he-arc.ch\/en\/\",\"name\":\"Haute-Ecole Arc\",\"description\":\"Haute \u00e9cole sp\u00e9cialis\u00e9e Suisse. Gestion, Ing\u00e9nierie, Sant\u00e9, Conservation-\u200brestauration.\",\"publisher\":{\"@id\":\"https:\/\/www.he-arc.ch\/en\/#organization\"},\"potentialAction\":[{\"@type\":\"SearchAction\",\"target\":{\"@type\":\"EntryPoint\",\"urlTemplate\":\"https:\/\/www.he-arc.ch\/en\/?s={search_term_string}\"},\"query-input\":{\"@type\":\"PropertyValueSpecification\",\"valueRequired\":true,\"valueName\":\"search_term_string\"}}],\"inLanguage\":\"en-US\"},{\"@type\":\"Organization\",\"@id\":\"https:\/\/www.he-arc.ch\/en\/#organization\",\"name\":\"Haute Ecole Arc\",\"url\":\"https:\/\/www.he-arc.ch\/en\/\",\"logo\":{\"@type\":\"ImageObject\",\"inLanguage\":\"en-US\",\"@id\":\"https:\/\/www.he-arc.ch\/en\/#\/schema\/logo\/image\/\",\"url\":\"https:\/\/www.he-arc.ch\/wp-content\/uploads\/2022\/01\/logo-he-arc.svg\",\"contentUrl\":\"https:\/\/www.he-arc.ch\/wp-content\/uploads\/2022\/01\/logo-he-arc.svg\",\"width\":140,\"height\":42,\"caption\":\"Haute Ecole Arc\"},\"image\":{\"@id\":\"https:\/\/www.he-arc.ch\/en\/#\/schema\/logo\/image\/\"}}]}<\/script>\n<!-- \/ Yoast SEO plugin. -->","yoast_head_json":{"title":"Formation en lutte contre la criminalit\u00e9 \u00e9conomique, niveau II (FLCE II) - Haute-Ecole Arc","robots":{"index":"index","follow":"follow","max-snippet":"max-snippet:-1","max-image-preview":"max-image-preview:large","max-video-preview":"max-video-preview:-1"},"canonical":"https:\/\/www.he-arc.ch\/en\/agenda\/formation-en-lutte-contre-la-criminalite-economique-niveau-ii-flce-ii\/","og_locale":"en_US","og_type":"article","og_title":"Formation en lutte contre la criminalit\u00e9 \u00e9conomique, niveau II (FLCE II) - Haute-Ecole Arc","og_description":"Cette formation de 4 jours a pour ambition de dispenser une formation sp\u00e9cifique, construite sur les bases de FLCE I et se concentrant sur les crimes et d\u00e9lits li\u00e9s \u00e0 la faillite ainsi que les analyses bancaires et comptables. L\u2019objectif est de fournir aux participant.e.s les outils leur permettant de d\u00e9velopper de solides comp\u00e9tences dans [&hellip;]","og_url":"https:\/\/www.he-arc.ch\/en\/agenda\/formation-en-lutte-contre-la-criminalite-economique-niveau-ii-flce-ii\/","og_site_name":"Haute-Ecole Arc","article_modified_time":"2025-02-04T08:05:27+00:00","og_image":[{"width":2500,"height":1375,"url":"https:\/\/www.he-arc.ch\/wp-content\/uploads\/2021\/10\/Agenda-Conference-Colloque-Seminaire.jpg","type":"image\/jpeg"}],"twitter_card":"summary_large_image","twitter_misc":{"Est. reading time":"1 minute"},"schema":{"@context":"https:\/\/schema.org","@graph":[{"@type":"WebPage","@id":"https:\/\/www.he-arc.ch\/en\/agenda\/formation-en-lutte-contre-la-criminalite-economique-niveau-ii-flce-ii\/","url":"https:\/\/www.he-arc.ch\/en\/agenda\/formation-en-lutte-contre-la-criminalite-economique-niveau-ii-flce-ii\/","name":"Formation en lutte contre la criminalit\u00e9 \u00e9conomique, niveau II (FLCE II) - Haute-Ecole Arc","isPartOf":{"@id":"https:\/\/www.he-arc.ch\/en\/#website"},"primaryImageOfPage":{"@id":"https:\/\/www.he-arc.ch\/en\/agenda\/formation-en-lutte-contre-la-criminalite-economique-niveau-ii-flce-ii\/#primaryimage"},"image":{"@id":"https:\/\/www.he-arc.ch\/en\/agenda\/formation-en-lutte-contre-la-criminalite-economique-niveau-ii-flce-ii\/#primaryimage"},"thumbnailUrl":"https:\/\/www.he-arc.ch\/wp-content\/uploads\/2021\/10\/Agenda-Conference-Colloque-Seminaire.jpg","datePublished":"2023-01-27T09:08:25+00:00","dateModified":"2025-02-04T08:05:27+00:00","breadcrumb":{"@id":"https:\/\/www.he-arc.ch\/en\/agenda\/formation-en-lutte-contre-la-criminalite-economique-niveau-ii-flce-ii\/#breadcrumb"},"inLanguage":"en-US","potentialAction":[{"@type":"ReadAction","target":["https:\/\/www.he-arc.ch\/en\/agenda\/formation-en-lutte-contre-la-criminalite-economique-niveau-ii-flce-ii\/"]}]},{"@type":"ImageObject","inLanguage":"en-US","@id":"https:\/\/www.he-arc.ch\/en\/agenda\/formation-en-lutte-contre-la-criminalite-economique-niveau-ii-flce-ii\/#primaryimage","url":"https:\/\/www.he-arc.ch\/wp-content\/uploads\/2021\/10\/Agenda-Conference-Colloque-Seminaire.jpg","contentUrl":"https:\/\/www.he-arc.ch\/wp-content\/uploads\/2021\/10\/Agenda-Conference-Colloque-Seminaire.jpg","width":2500,"height":1375,"caption":"Speaker face \u00e0 un public"},{"@type":"BreadcrumbList","@id":"https:\/\/www.he-arc.ch\/en\/agenda\/formation-en-lutte-contre-la-criminalite-economique-niveau-ii-flce-ii\/#breadcrumb","itemListElement":[{"@type":"ListItem","position":1,"name":"Accueil","item":"https:\/\/www.he-arc.ch\/en\/"},{"@type":"ListItem","position":2,"name":"Events","item":"https:\/\/www.he-arc.ch\/en\/events\/"},{"@type":"ListItem","position":3,"name":"Formation en lutte contre la criminalit\u00e9 \u00e9conomique, niveau II (FLCE II)"}]},{"@type":"WebSite","@id":"https:\/\/www.he-arc.ch\/en\/#website","url":"https:\/\/www.he-arc.ch\/en\/","name":"Haute-Ecole Arc","description":"Haute \u00e9cole sp\u00e9cialis\u00e9e Suisse. Gestion, Ing\u00e9nierie, Sant\u00e9, Conservation-\u200brestauration.","publisher":{"@id":"https:\/\/www.he-arc.ch\/en\/#organization"},"potentialAction":[{"@type":"SearchAction","target":{"@type":"EntryPoint","urlTemplate":"https:\/\/www.he-arc.ch\/en\/?s={search_term_string}"},"query-input":{"@type":"PropertyValueSpecification","valueRequired":true,"valueName":"search_term_string"}}],"inLanguage":"en-US"},{"@type":"Organization","@id":"https:\/\/www.he-arc.ch\/en\/#organization","name":"Haute Ecole Arc","url":"https:\/\/www.he-arc.ch\/en\/","logo":{"@type":"ImageObject","inLanguage":"en-US","@id":"https:\/\/www.he-arc.ch\/en\/#\/schema\/logo\/image\/","url":"https:\/\/www.he-arc.ch\/wp-content\/uploads\/2022\/01\/logo-he-arc.svg","contentUrl":"https:\/\/www.he-arc.ch\/wp-content\/uploads\/2022\/01\/logo-he-arc.svg","width":140,"height":42,"caption":"Haute Ecole Arc"},"image":{"@id":"https:\/\/www.he-arc.ch\/en\/#\/schema\/logo\/image\/"}}]}},"_links":{"self":[{"href":"https:\/\/www.he-arc.ch\/en\/wp-json\/wp\/v2\/he-arc_event\/41685","targetHints":{"allow":["GET"]}}],"collection":[{"href":"https:\/\/www.he-arc.ch\/en\/wp-json\/wp\/v2\/he-arc_event"}],"about":[{"href":"https:\/\/www.he-arc.ch\/en\/wp-json\/wp\/v2\/types\/he-arc_event"}],"author":[{"embeddable":true,"href":"https:\/\/www.he-arc.ch\/en\/wp-json\/wp\/v2\/users\/12"}],"version-history":[{"count":13,"href":"https:\/\/www.he-arc.ch\/en\/wp-json\/wp\/v2\/he-arc_event\/41685\/revisions"}],"predecessor-version":[{"id":65401,"href":"https:\/\/www.he-arc.ch\/en\/wp-json\/wp\/v2\/he-arc_event\/41685\/revisions\/65401"}],"wp:featuredmedia":[{"embeddable":true,"href":"https:\/\/www.he-arc.ch\/en\/wp-json\/wp\/v2\/media\/5166"}],"wp:attachment":[{"href":"https:\/\/www.he-arc.ch\/en\/wp-json\/wp\/v2\/media?parent=41685"}],"wp:term":[{"taxonomy":"he-arc_domain","embeddable":true,"href":"https:\/\/www.he-arc.ch\/en\/wp-json\/wp\/v2\/he-arc_domain?post=41685"},{"taxonomy":"he-arc_event_category","embeddable":true,"href":"https:\/\/www.he-arc.ch\/en\/wp-json\/wp\/v2\/he-arc_event_category?post=41685"}],"curies":[{"name":"wp","href":"https:\/\/api.w.org\/{rel}","templated":true}]}}