{"id":41813,"date":"2023-02-01T11:52:41","date_gmt":"2023-02-01T10:52:41","guid":{"rendered":"https:\/\/www.he-arc.ch\/?post_type=he-arc_event&#038;p=41813"},"modified":"2023-11-20T15:17:11","modified_gmt":"2023-11-20T14:17:11","slug":"po","status":"publish","type":"he-arc_event","link":"https:\/\/www.he-arc.ch\/en\/agenda\/po\/","title":{"rendered":"Portes ouvertes de la Haute Ecole Arc"},"content":{"rendered":"\n<p>Bienvenue chez toi !<\/p>\n\n\n\n<p>Avant d\u2019emm\u00e9nager rien ne vaut une visite.<\/p>\n\n\n\n<p><strong>Marine, Marie, Louis et Jacques<\/strong> ont fait le choix de la Haute Ecole Arc pour leur cursus bachelor en Gestion, Sant\u00e9, Conservation-restauration et Ing\u00e9nierie. Avant de poser leurs bagages sur les Campus de Neuch\u00e2tel et Del\u00e9mont, ils-elles sont venu-e-s visiter leurs futurs lieux d\u2019\u00e9tude, seul-e-s ou avec leur famille.<br>Faites comme elles-eux et profitez des <strong>portes ouvertes de la HE-Arc le 25 novembre 2023 entre 10h00 et 16h00<\/strong> pour faire un tour du propri\u00e9taire et rencontrer vos futur-e-s colocataires (\u00e9tudiant-e-s, professeur-e-s et collaborateur-trice-s).<\/p>\n\n\n\n<p>Au programme : rencontres, \u00e9changes, ateliers pratiques et s\u00e9ances d\u2019informations.<\/p>\n\n\n<div class=\"wp-block-image\">\n<figure class=\"aligncenter size-large is-resized\"><img decoding=\"async\" src=\"https:\/\/www.he-arc.ch\/wp-content\/uploads\/2023\/09\/PO_2023_AFFICHE_F200L_VALIDE_web-717x1024.jpg\" alt=\"\" class=\"wp-image-49476\" width=\"358\" height=\"512\" srcset=\"https:\/\/www.he-arc.ch\/wp-content\/uploads\/2023\/09\/PO_2023_AFFICHE_F200L_VALIDE_web-717x1024.jpg 717w, https:\/\/www.he-arc.ch\/wp-content\/uploads\/2023\/09\/PO_2023_AFFICHE_F200L_VALIDE_web-210x300.jpg 210w, https:\/\/www.he-arc.ch\/wp-content\/uploads\/2023\/09\/PO_2023_AFFICHE_F200L_VALIDE_web-768x1097.jpg 768w, https:\/\/www.he-arc.ch\/wp-content\/uploads\/2023\/09\/PO_2023_AFFICHE_F200L_VALIDE_web.jpg 1000w\" sizes=\"(max-width: 358px) 100vw, 358px\" \/><\/figure>\n<\/div>\n\n<section id_=\"page-section-block_aa77bdb27a16b8527a8ee1a72de52591\"\n         class=\" bg-white page-section\">\n\n  \n  <h2 class=\"section-title page-max \">A d\u00e9couvrir<\/h2>\n  <div class=\"page-section__inner page-max\">\n\n    <div class=\"page-section__content rich-text \">\n\n              \n\n<p><\/p>\n\n\n      \n    <\/div>\n\n    \n  <\/div>\n<\/section>\n\n\n\n<div class=\"mb-2-5 \">\n    <div id=\"accordion-block_f8d55b6e3e4fb7b8f0148ef36b736796\"\n      class=\" accordion-item collapsed is-shadowed \"\n      data-toggle=\"collapse\" data-target=\"#accordion-pane-block_f8d55b6e3e4fb7b8f0148ef36b736796\">\n    <div class=\"accordion-item__heading\">\n      <h2 class=\"accordion-item__title  \">Conservation-restauration<\/h2>\n    <\/div>\n    <span class=\"accordion-item__toggle hidden-print collapsed w-inline-block\">\n      <span class=\"plus-bar-1\"><\/span>\n      <span class=\"plus-bar-2\"><\/span>\n    <\/span>\n  <\/div>\n\n  <div id=\"accordion-pane-block_f8d55b6e3e4fb7b8f0148ef36b736796\" class=\"accordion-pane show-print collapse \">\n    <div class=\"rich-text mt-2 w-richtext\">\n\n      \n\n<h3 class=\"wp-block-heading\">Neuch\u00e2tel<\/h3>\n\n\n\n<p>Nos ateliers sont situ\u00e9s au rez-de-chauss\u00e9e du Campus Arc 2<\/p>\n\n\n\n<div class=\"cta-cards  \">\n\n    \n      \n        <ul class=\"flex-row mt-3 w-list-unstyled\">\n              <li class=\"size-full\">\n  \n  \n        <div class=\"cta-card is-wide is-shadowed\">\n                <div class=\"cta-card__inner \">\n                <div class=\"cta-card__overline\">Salle 302 &#8211; 3\u00e8me \u00e9tage<\/div>\n                <h3 class=\"cta-card__title  is-xlarge\">S\u00e9ance d&#8217;information, 11h45<\/h3>\n        <p class=\"cta-card__description is-large\">R\u00e9gis Bertholon, responsable de fili\u00e8re, pr\u00e9sente les m\u00e9tiers de la conservation-restauration et le programme d&#8217;\u00e9tudes Bachelor et Master.<\/p>\n              <\/div>\n        <\/div>\n    \n  \n<\/li>\n          <\/ul>\n    \n  \n<\/div>\n\n\n<div class=\"cta-cards  \">\n\n    \n      \n        <ul class=\"flex-row mt-3 w-list-unstyled\">\n              <li class=\"size-1-2 size-full-mobile\">\n  \n    <a href=\"https:\/\/player.vimeo.com\/video\/886392704\"  class=\"cta-card is-shadowed flex-column\">\n  \n          <div class=\"image-wrapper--landscape\" style=\"background-image: url(https:\/\/www.he-arc.ch\/wp-content\/uploads\/2023\/11\/Soclage-vignette-300x232.png)\"><\/div>\n        \n    <div class=\"cta-card__inner is-with-arrow\">\n            <div class=\"cta-card__overline\">Soclage<\/div>\n            <h3 class=\"cta-card__title pretty-underline is-large\">Un temps pour tout<\/h3>\n      <p class=\"cta-card__description\"><\/p>\n              <span class=\"icon-arrow-right cta-card__arrow\" \/>\n          <\/div>\n    <\/a>\n  <\/li>\n              <li class=\"size-1-2 size-full-mobile\">\n  \n    <a href=\"https:\/\/player.vimeo.com\/video\/886392734\"  class=\"cta-card is-shadowed flex-column\">\n  \n          <div class=\"image-wrapper--landscape\" style=\"background-image: url(https:\/\/www.he-arc.ch\/wp-content\/uploads\/2021\/10\/Archeo-vignette-300x206.png)\"><\/div>\n        \n    <div class=\"cta-card__inner is-with-arrow\">\n            <div class=\"cta-card__overline\">Objets arch\u00e9ologiques<\/div>\n            <h3 class=\"cta-card__title pretty-underline is-large\">A l&#8217;abri du temps<\/h3>\n      <p class=\"cta-card__description\"><\/p>\n              <span class=\"icon-arrow-right cta-card__arrow\" \/>\n          <\/div>\n    <\/a>\n  <\/li>\n          <\/ul>\n\n    \n      \n        <ul class=\"flex-row  w-list-unstyled\">\n              <li class=\"size-1-2 size-full-mobile\">\n  \n    <a href=\"https:\/\/player.vimeo.com\/video\/886392681\"  class=\"cta-card is-shadowed flex-column\">\n  \n          <div class=\"image-wrapper--landscape\" style=\"background-image: url(https:\/\/www.he-arc.ch\/wp-content\/uploads\/2021\/10\/Horloge-vignette-300x200.png)\"><\/div>\n        \n    <div class=\"cta-card__inner is-with-arrow\">\n            <div class=\"cta-card__overline\">Objets scientifiques, techniques et horlogers<\/div>\n            <h3 class=\"cta-card__title pretty-underline is-large\">En deux temps, trois mouvements<\/h3>\n      <p class=\"cta-card__description\"><\/p>\n              <span class=\"icon-arrow-right cta-card__arrow\" \/>\n          <\/div>\n    <\/a>\n  <\/li>\n              <li class=\"size-1-2 size-full-mobile\">\n  \n    <a href=\"https:\/\/player.vimeo.com\/video\/886392642\"  class=\"cta-card is-shadowed flex-column\">\n  \n          <div class=\"image-wrapper--landscape\" style=\"background-image: url(https:\/\/www.he-arc.ch\/wp-content\/uploads\/2023\/02\/Ethno-vignette-300x236.png)\"><\/div>\n        \n    <div class=\"cta-card__inner is-with-arrow\">\n            <div class=\"cta-card__overline\">Objets ethnographiques<\/div>\n            <h3 class=\"cta-card__title pretty-underline is-large\">Chaque chose en son temps<\/h3>\n      <p class=\"cta-card__description\"><\/p>\n              <span class=\"icon-arrow-right cta-card__arrow\" \/>\n          <\/div>\n    <\/a>\n  <\/li>\n          <\/ul>\n\n    \n  \n<\/div>\n\n\n<div class=\"cta-cards  \">\n\n    \n      \n        <ul class=\"flex-row mt-3 w-list-unstyled\">\n              <li class=\"size-1-3 size-full-mobile\">\n  \n    <div class=\"cta-card is-shadowed\">\n      <div class=\"cta-card__inner\">\n            <div class=\"cta-card__overline\">Salle 015<\/div>\n            <h3 class=\"cta-card__title \">Montage-d\u00e9montage<\/h3>\n      <p class=\"cta-card__description\">Pr\u00e9sentation des strat\u00e9gies et techniques de montage et d\u00e9montage d&#8217;objets du patrimoine.<\/p>\n    <\/div>\n    <\/div>\n  <\/li>\n              <li class=\"size-1-3 size-full-mobile\">\n  \n    <div class=\"cta-card is-shadowed\">\n      <div class=\"cta-card__inner\">\n            <div class=\"cta-card__overline\">Salle 015<\/div>\n            <h3 class=\"cta-card__title \">Conditionnement<\/h3>\n      <p class=\"cta-card__description\">D\u00e9monstration de conditionnements des objets du patrimoine. <\/p>\n    <\/div>\n    <\/div>\n  <\/li>\n              <li class=\"size-1-3 size-full-mobile\">\n  \n    <div class=\"cta-card is-shadowed\">\n      <div class=\"cta-card__inner\">\n            <div class=\"cta-card__overline\">Salle 029<\/div>\n            <h3 class=\"cta-card__title \">Support &#038; soclage<\/h3>\n      <p class=\"cta-card__description\">D\u00e9monstration d&#8217;adaptation de structure m\u00e9talliques \u00e0 l&#8217;objet pour sa mise en exposition.<\/p>\n    <\/div>\n    <\/div>\n  <\/li>\n          <\/ul>\n\n    \n      \n        <ul class=\"flex-row  w-list-unstyled\">\n              <li class=\"size-1-3 size-full-mobile\">\n  \n    <a href=\"https:\/\/www.he-arc.ch\/conservation-restauration\/recherche\/\"  class=\"cta-card is-shadowed\">\n      <div class=\"cta-card__inner\">\n            <div class=\"cta-card__overline\">Salle 031<\/div>\n            <h3 class=\"cta-card__title pretty-underline\">Projets RAD<\/h3>\n      <p class=\"cta-card__description\">Pr\u00e9sentation de nos activit\u00e9s RAD (d\u00e9tails \u00e0 venir)<\/p>\n    <\/div>\n    <\/a>\n  <\/li>\n              <li class=\"size-1-3 size-full-mobile\">\n  \n    <div class=\"cta-card is-shadowed\">\n      <div class=\"cta-card__inner\">\n            <div class=\"cta-card__overline\">Salle 033<\/div>\n            <h3 class=\"cta-card__title \">Conservation pr\u00e9ventive<\/h3>\n      <p class=\"cta-card__description\">Mesures climatiques, insectes ravageurs, mat\u00e9riaux de conservation, etc.<\/p>\n    <\/div>\n    <\/div>\n  <\/li>\n              <li class=\"size-1-3 size-full-mobile\">\n  \n    <div class=\"cta-card is-shadowed\">\n      <div class=\"cta-card__inner\">\n            <div class=\"cta-card__overline\">Salle 033<\/div>\n            <h3 class=\"cta-card__title \">Test d&#8217;oddy<\/h3>\n      <p class=\"cta-card__description\">Un test de vieillissement artificiel qui permet de v\u00e9rifier si un mat\u00e9riau de conservation (pour un support, une vitrine, du transport, du stockage, etc.) est adapt\u00e9 pour une utilisation avec des objets du patrimoine.<\/p>\n    <\/div>\n    <\/div>\n  <\/li>\n          <\/ul>\n\n    \n      \n        <ul class=\"flex-row  w-list-unstyled\">\n              <li class=\"size-1-3 size-full-mobile\">\n  \n    <div class=\"cta-card is-shadowed\">\n      <div class=\"cta-card__inner\">\n            <div class=\"cta-card__overline\">Vitrine salle 033<\/div>\n            <h3 class=\"cta-card__title \">Cabinet de curiosit\u00e9s<\/h3>\n      <p class=\"cta-card__description\">Admirez le travail de mise en valeur r\u00e9alis\u00e9 par les \u00e9tudiants Bachelor 2\u00e8me ann\u00e9e pour les objets de la collection Erzinger<\/p>\n    <\/div>\n    <\/div>\n  <\/li>\n              <li class=\"size-1-3 size-full-mobile\">\n  \n    <div class=\"cta-card is-shadowed\">\n      <div class=\"cta-card__inner\">\n            <div class=\"cta-card__overline\">Salle 035<\/div>\n            <h3 class=\"cta-card__title \">La CR des m\u00e9taux<\/h3>\n      <p class=\"cta-card__description\">D\u00e9monstration de conservation-restauration d&#8217;objets compos\u00e9s de m\u00e9taux.<\/p>\n    <\/div>\n    <\/div>\n  <\/li>\n              <li class=\"size-1-3 size-full-mobile\">\n  \n    <div class=\"cta-card is-shadowed\">\n      <div class=\"cta-card__inner\">\n            <div class=\"cta-card__overline\">Salle 035<\/div>\n            <h3 class=\"cta-card__title \">La CR de la c\u00e9ramique et du verre<\/h3>\n      <p class=\"cta-card__description\">D\u00e9monstration de conservation-restauration d&#8217;objets compos\u00e9s de c\u00e9ramique ou de verre.<\/p>\n    <\/div>\n    <\/div>\n  <\/li>\n          <\/ul>\n\n    \n      \n        <ul class=\"flex-row  w-list-unstyled\">\n              <li class=\"size-1-3 size-full-mobile\">\n  \n    <div class=\"cta-card is-shadowed\">\n      <div class=\"cta-card__inner\">\n            <div class=\"cta-card__overline\">Salle 037<\/div>\n            <h3 class=\"cta-card__title \">Les ateliers de 3\u00e8me ann\u00e9e Bachelor<\/h3>\n      <p class=\"cta-card__description\">D\u00e9tails \u00e0 venir<\/p>\n    <\/div>\n    <\/div>\n  <\/li>\n              <li class=\"size-1-3 size-full-mobile\">\n  \n    <div class=\"cta-card is-shadowed\">\n      <div class=\"cta-card__inner\">\n            <div class=\"cta-card__overline\">Salle 039<\/div>\n            <h3 class=\"cta-card__title \">Les ateliers Master objets scientifiques, techniques et horlogers<\/h3>\n      <p class=\"cta-card__description\">D\u00e9tails \u00e0 venir<\/p>\n    <\/div>\n    <\/div>\n  <\/li>\n                        <\/ul>\n\n    \n  \n<\/div>\n\n    <\/div>\n  <\/div>\n<\/div>\n\n\n\n<div class=\"mb-2-5 \">\n    <div id=\"accordion-block_f924242a044eb3081017e7ce466efbeb\"\n      class=\" accordion-item collapsed is-shadowed \"\n      data-toggle=\"collapse\" data-target=\"#accordion-pane-block_f924242a044eb3081017e7ce466efbeb\">\n    <div class=\"accordion-item__heading\">\n      <h2 class=\"accordion-item__title  \">Gestion<\/h2>\n    <\/div>\n    <span class=\"accordion-item__toggle hidden-print collapsed w-inline-block\">\n      <span class=\"plus-bar-1\"><\/span>\n      <span class=\"plus-bar-2\"><\/span>\n    <\/span>\n  <\/div>\n\n  <div id=\"accordion-pane-block_f924242a044eb3081017e7ce466efbeb\" class=\"accordion-pane show-print collapse \">\n    <div class=\"rich-text mt-2 w-richtext\">\n\n      \n\n<h3 class=\"wp-block-heading\">Neuch\u00e2tel et Del\u00e9mont<\/h3>\n\n\n\n<ul class=\"wp-block-list\">\n<li>Pr\u00e9sence des responsables de fili\u00e8res et de leurs adjoint-e-s pour r\u00e9pondre \u00e0 toutes les questions des futur-e-s \u00e9tudiant-e-s en <a href=\"https:\/\/www.he-arc.ch\/gestion\/bachelor\/droit-economique\/\">Droit \u00e9conomique<\/a>, <a href=\"https:\/\/www.he-arc.ch\/gestion\/bachelor\/economie-dentreprise\/\">\u00c9conomie d&#8217;entreprise<\/a> et <a href=\"https:\/\/www.he-arc.ch\/gestion\/bachelor\/informatique-de-gestion\/\">Informatique de gestion<\/a>.<\/li>\n\n\n\n<li>T\u00e9moignages d&#8217;\u00e9tudiant-e-s des trois fili\u00e8res Bachelor.<\/li>\n\n\n\n<li>D\u00e9couverte et exp\u00e9rimentation des m\u00e9tiers en lien avec la gestion.<\/li>\n<\/ul>\n\n\n    <\/div>\n  <\/div>\n<\/div>\n\n\n\n<div class=\"mb-2-5 \">\n    <div id=\"accordion-block_40e78c4bc4f4a621b50e3cf5e067d528\"\n      class=\" accordion-item collapsed is-shadowed \"\n      data-toggle=\"collapse\" data-target=\"#accordion-pane-block_40e78c4bc4f4a621b50e3cf5e067d528\">\n    <div class=\"accordion-item__heading\">\n      <h2 class=\"accordion-item__title  \">Ing\u00e9nierie<\/h2>\n    <\/div>\n    <span class=\"accordion-item__toggle hidden-print collapsed w-inline-block\">\n      <span class=\"plus-bar-1\"><\/span>\n      <span class=\"plus-bar-2\"><\/span>\n    <\/span>\n  <\/div>\n\n  <div id=\"accordion-pane-block_40e78c4bc4f4a621b50e3cf5e067d528\" class=\"accordion-pane show-print collapse \">\n    <div class=\"rich-text mt-2 w-richtext\">\n\n      \n\n<h3 class=\"wp-block-heading\">Neuch\u00e2tel<\/h3>\n\n\n\n<div class=\"cta-cards  \">\n\n    \n      \n        <ul class=\"flex-row mt-3 w-list-unstyled\">\n              <li class=\"size-1-2 size-full-mobile\">\n  \n    <div class=\"cta-card is-shadowed \">\n  \n              <div class=\"cta-card__image center \" style=\"background-image: url(https:\/\/www.he-arc.ch\/wp-content\/uploads\/2023\/10\/po-1-225x300.jpg)\"><\/div>\n    \n    <div class=\"cta-card__inner \">\n            <div class=\"cta-card__overline\">Plusieurs salles<\/div>\n            <h3 class=\"cta-card__title  is-large\">Pr\u00e9sentation des formations<\/h3>\n      <p class=\"cta-card__description\">Bachelor &#8211; Master &#8211; Formations continues<\/p>\n          <\/div>\n    <\/div>\n  <\/li>\n              <li class=\"size-1-2 size-full-mobile\">\n  \n    <a href=\"https:\/\/www.he-arc.ch\/en\/engineering\/bachelors\/\"  class=\"cta-card is-shadowed \">\n  \n              <div class=\"cta-card__image center \" style=\"background-image: url(https:\/\/www.he-arc.ch\/wp-content\/uploads\/2022\/04\/po_arc_ingenierie_seances_information-300x169.jpeg)\"><\/div>\n    \n    <div class=\"cta-card__inner is-with-arrow\">\n            <div class=\"cta-card__overline\">Salle 302<\/div>\n            <h3 class=\"cta-card__title pretty-underline is-large\">S\u00e9ances d&#8217;information Bachelors<\/h3>\n      <p class=\"cta-card__description\">A 10h30 et 13h30 (dur\u00e9e: 1h)<\/p>\n              <span class=\"icon-arrow-right cta-card__arrow\" \/>\n          <\/div>\n    <\/a>\n  <\/li>\n          <\/ul>\n\n    \n      \n        <ul class=\"flex-row  w-list-unstyled\">\n              <li class=\"size-1-2 size-full-mobile\">\n  \n    <div class=\"cta-card is-shadowed \">\n  \n              <div class=\"cta-card__image center \" style=\"background-image: url(https:\/\/www.he-arc.ch\/wp-content\/uploads\/2023\/10\/climat_14-300x300.jpg)\"><\/div>\n    \n    <div class=\"cta-card__inner \">\n            <div class=\"cta-card__overline\">Salle 128<\/div>\n            <h3 class=\"cta-card__title  is-large\">Pr\u00e9sentation &#8220;Quelle \u00e9nergie consommons-nous dans nos d\u00e9placements et sur nos \u00e9crans ?&#8221;<\/h3>\n      <p class=\"cta-card__description\">A 11h45 et 14h45 (dur\u00e9e: 0h30)<\/p>\n          <\/div>\n    <\/div>\n  <\/li>\n              <li class=\"size-1-2 size-full-mobile\">\n  \n    <a href=\"https:\/\/www.he-arc.ch\/ingenierie\/portes-ouvertes-atelier-electronique\/\"  class=\"cta-card is-shadowed \">\n  \n              <div class=\"cta-card__image center \" style=\"background-image: url(https:\/\/www.he-arc.ch\/wp-content\/uploads\/2023\/10\/he-arc-ingenierie-po-2023-atelier-informatique-300x191.png)\"><\/div>\n    \n    <div class=\"cta-card__inner is-with-arrow\">\n            <div class=\"cta-card__overline\">Salle 320<\/div>\n            <h3 class=\"cta-card__title pretty-underline is-large\">Atelier d&#8217;\u00e9lectronique<\/h3>\n      <p class=\"cta-card__description\">Montage et programmation d&#8217;une petite console de jeu. Sur inscription.\r\nA 10h30 et 14h (dur\u00e9e: 1h)<\/p>\n              <span class=\"icon-arrow-right cta-card__arrow\" \/>\n          <\/div>\n    <\/a>\n  <\/li>\n          <\/ul>\n\n    \n  \n<\/div>\n\n\n<p><\/p>\n\n\n\n<h3 class=\"wp-block-heading\">Del\u00e9mont<\/h3>\n\n\n\n<div class=\"cta-cards  \">\n\n    \n      \n        <ul class=\"flex-row mt-3 w-list-unstyled\">\n              <li class=\"size-1-2 size-full-mobile\">\n  \n    <div class=\"cta-card is-shadowed \">\n  \n              <div class=\"cta-card__image center \" style=\"background-image: url(https:\/\/www.he-arc.ch\/wp-content\/uploads\/2023\/10\/po-2-225x300.jpg)\"><\/div>\n    \n    <div class=\"cta-card__inner \">\n            <div class=\"cta-card__overline\">1er \u00e9tage<\/div>\n            <h3 class=\"cta-card__title  is-large\">Stand d&#8217;information<\/h3>\n      <p class=\"cta-card__description\">Aper\u00e7u des formations Bachelor en ing\u00e9nierie<\/p>\n          <\/div>\n    <\/div>\n  <\/li>\n              <li class=\"size-1-2 size-full-mobile\">\n  \n    <a href=\"https:\/\/www.he-arc.ch\/en\/engineering\/bachelors\/\"  class=\"cta-card is-shadowed \">\n  \n              <div class=\"cta-card__image center \" style=\"background-image: url(https:\/\/www.he-arc.ch\/wp-content\/uploads\/2023\/10\/po-3-225x300.jpg)\"><\/div>\n    \n    <div class=\"cta-card__inner is-with-arrow\">\n            <div class=\"cta-card__overline\">Salle 116<\/div>\n            <h3 class=\"cta-card__title pretty-underline is-large\">S\u00e9ance d&#8217;information Bachelors<\/h3>\n      <p class=\"cta-card__description\">A 10h30<\/p>\n              <span class=\"icon-arrow-right cta-card__arrow\" \/>\n          <\/div>\n    <\/a>\n  <\/li>\n          <\/ul>\n\n    \n  \n<\/div>\n\n    <\/div>\n  <\/div>\n<\/div>\n\n\n\n<div class=\"mb-2-5 \">\n    <div id=\"accordion-block_c378e066c76b03fcec96a083a4829c2a\"\n      class=\" accordion-item collapsed is-shadowed \"\n      data-toggle=\"collapse\" data-target=\"#accordion-pane-block_c378e066c76b03fcec96a083a4829c2a\">\n    <div class=\"accordion-item__heading\">\n      <h2 class=\"accordion-item__title  \">Sant\u00e9<\/h2>\n    <\/div>\n    <span class=\"accordion-item__toggle hidden-print collapsed w-inline-block\">\n      <span class=\"plus-bar-1\"><\/span>\n      <span class=\"plus-bar-2\"><\/span>\n    <\/span>\n  <\/div>\n\n  <div id=\"accordion-pane-block_c378e066c76b03fcec96a083a4829c2a\" class=\"accordion-pane show-print collapse \">\n    <div class=\"rich-text mt-2 w-richtext\">\n\n      \n\n<h3 class=\"wp-block-heading\">Neuch\u00e2tel<\/h3>\n\n\n\n<div class=\"cta-cards  \">\n\n    \n      \n        <ul class=\"flex-row mt-3 w-list-unstyled\">\n              <li class=\"size-1-2 size-full-mobile\">\n  \n    <div class=\"cta-card is-shadowed \">\n  \n              <div class=\"cta-card__image center \" style=\"background-image: url(https:\/\/www.he-arc.ch\/wp-content\/uploads\/2023\/09\/PO_2023_AFFICHE_F200L_VALIDE_web-210x300.jpg)\"><\/div>\n    \n    <div class=\"cta-card__inner \">\n            <div class=\"cta-card__overline\">Plusieurs salles<\/div>\n            <h3 class=\"cta-card__title  is-large\">Pr\u00e9sentation des formations<\/h3>\n      <p class=\"cta-card__description\">Bachelor en Soins Infirmiers &#8211; Ann\u00e9e Prop\u00e9deutique Sant\u00e9<\/p>\n          <\/div>\n    <\/div>\n  <\/li>\n              <li class=\"size-1-2 size-full-mobile\">\n  \n    <div class=\"cta-card is-shadowed \">\n  \n              <div class=\"cta-card__image center \" style=\"background-image: url(https:\/\/www.he-arc.ch\/wp-content\/uploads\/2021\/11\/schreyer_1702728-300x240.jpg)\"><\/div>\n    \n    <div class=\"cta-card__inner \">\n            <div class=\"cta-card__overline\">Salle 112<\/div>\n            <h3 class=\"cta-card__title  is-large\">S\u00e9ances d&#8217;information Bachelor et APS<\/h3>\n      <p class=\"cta-card__description\">A 11h30 et 15h00<\/p>\n          <\/div>\n    <\/div>\n  <\/li>\n          <\/ul>\n\n    \n  \n<\/div>\n\n\n<p><\/p>\n\n\n\n<h3 class=\"wp-block-heading\">Del\u00e9mont<\/h3>\n\n\n\n<p><strong>A 10h45, venez d\u00e9couvrir une simulation grandeur nature d&#8217;un cas d&#8217;urgence dans notre centre de simulation o\u00f9 les \u00e9tudiantes en Soins infirmiers seront en action<\/strong><\/p>\n\n\n\n<div class=\"cta-cards  \">\n\n    \n      \n        <ul class=\"flex-row mt-3 w-list-unstyled\">\n              <li class=\"size-1-2 size-full-mobile\">\n  \n    <div class=\"cta-card is-shadowed \">\n  \n              <div class=\"cta-card__image center \" style=\"background-image: url(https:\/\/www.he-arc.ch\/wp-content\/uploads\/2023\/09\/PO_2023_AFFICHE_F200L_VALIDE_web-210x300.jpg)\"><\/div>\n    \n    <div class=\"cta-card__inner \">\n            <div class=\"cta-card__overline\">Plusieurs salles<\/div>\n            <h3 class=\"cta-card__title  is-large\">Pr\u00e9sentation des formations<\/h3>\n      <p class=\"cta-card__description\">Bachelor en Soins Infirmiers &#8211; Bachelor en Physioth\u00e9rapie &#8211; Ann\u00e9e Prop\u00e9deutique Sant\u00e9<\/p>\n          <\/div>\n    <\/div>\n  <\/li>\n              <li class=\"size-1-2 size-full-mobile\">\n  \n    <div class=\"cta-card is-shadowed \">\n  \n              <div class=\"cta-card__image center \" style=\"background-image: url(https:\/\/www.he-arc.ch\/wp-content\/uploads\/2021\/11\/schreyer_1702728-300x240.jpg)\"><\/div>\n    \n    <div class=\"cta-card__inner \">\n            <div class=\"cta-card__overline\">Salle 112<\/div>\n            <h3 class=\"cta-card__title  is-large\">S\u00e9ance d&#8217;information Bachelors et APS<\/h3>\n      <p class=\"cta-card__description\">A 11h30 <\/p>\n          <\/div>\n    <\/div>\n  <\/li>\n          <\/ul>\n\n    \n      \n        <ul class=\"flex-row  w-list-unstyled\">\n              <li class=\"size-1-2 size-full-mobile\">\n  \n    <div class=\"cta-card is-shadowed \">\n  \n              <div class=\"cta-card__image center \" style=\"background-image: url(https:\/\/www.he-arc.ch\/wp-content\/uploads\/2022\/12\/Image2-300x157.png)\"><\/div>\n    \n    <div class=\"cta-card__inner \">\n            <div class=\"cta-card__overline\">3\u00e8me \u00e9tage<\/div>\n            <h3 class=\"cta-card__title  is-large\">S\u00e9ance d&#8217;information Bachelor en Physioth\u00e9rapie<\/h3>\n      <p class=\"cta-card__description\">A  13h30<\/p>\n          <\/div>\n    <\/div>\n  <\/li>\n                        <\/ul>\n\n    \n  \n<\/div>\n\n    <\/div>\n  <\/div>\n<\/div>\n\n\n\n<div class=\"mb-2-5 \">\n    <div id=\"accordion-block_34be03d5ff6e718a268928fa54170804\"\n      class=\" accordion-item collapsed is-shadowed \"\n      data-toggle=\"collapse\" data-target=\"#accordion-pane-block_34be03d5ff6e718a268928fa54170804\">\n    <div class=\"accordion-item__heading\">\n      <h2 class=\"accordion-item__title  \">FabLab Arc<\/h2>\n    <\/div>\n    <span class=\"accordion-item__toggle hidden-print collapsed w-inline-block\">\n      <span class=\"plus-bar-1\"><\/span>\n      <span class=\"plus-bar-2\"><\/span>\n    <\/span>\n  <\/div>\n\n  <div id=\"accordion-pane-block_34be03d5ff6e718a268928fa54170804\" class=\"accordion-pane show-print collapse \">\n    <div class=\"rich-text mt-2 w-richtext\">\n\n      \n\n<p>Le FabLab Arc est ouvert entre 10h et 16h. Durant ce laps de temps, diverses d\u00e9monstrations d\u2019outils de fabrication num\u00e9rique vous seront propos\u00e9es, notamment un mini concert-pr\u00e9sentation du <strong>cor des Labs<\/strong>, le cor des Alpes imprim\u00e9 en PET recycl\u00e9! Musiciens: Valentin Faivre, professeur de cor des Alpes et Catherine Aeschlimann, joueuse de cor des Alpes et utilisatrice du FabLab. Concert \u00e0 11h00.<\/p>\n\n\n\n<figure class=\"wp-block-image size-large is-resized\"><a href=\"https:\/\/www.he-arc.ch\/wp-content\/uploads\/2023\/11\/CorDesLabsFINAL-scaled.jpg\"><img decoding=\"async\" src=\"https:\/\/www.he-arc.ch\/wp-content\/uploads\/2023\/11\/CorDesLabsFINAL-542x1024.jpg\" alt=\"\" class=\"wp-image-51159\" width=\"264\" height=\"499\" srcset=\"https:\/\/www.he-arc.ch\/wp-content\/uploads\/2023\/11\/CorDesLabsFINAL-542x1024.jpg 542w, https:\/\/www.he-arc.ch\/wp-content\/uploads\/2023\/11\/CorDesLabsFINAL-159x300.jpg 159w, https:\/\/www.he-arc.ch\/wp-content\/uploads\/2023\/11\/CorDesLabsFINAL-768x1450.jpg 768w, https:\/\/www.he-arc.ch\/wp-content\/uploads\/2023\/11\/CorDesLabsFINAL-813x1536.jpg 813w, https:\/\/www.he-arc.ch\/wp-content\/uploads\/2023\/11\/CorDesLabsFINAL-1084x2048.jpg 1084w, https:\/\/www.he-arc.ch\/wp-content\/uploads\/2023\/11\/CorDesLabsFINAL-scaled.jpg 1356w\" sizes=\"(max-width: 264px) 100vw, 264px\" \/><\/a><\/figure>\n\n\n\n<p><a href=\"https:\/\/fablab-neuch.ch\/\" target=\"_blank\" rel=\"noreferrer noopener\">fablab-neuch.ch<\/a><\/p>\n\n\n    <\/div>\n  <\/div>\n<\/div>\n\n\n<section id_=\"page-section-block_db3eced9ac0ebbe8be65d13ee8a82afa\"\n         class=\" bg-white page-section\">\n\n  \n  <h2 class=\"section-title page-max \">Infos pratiques<\/h2>\n  <div class=\"page-section__inner page-max\">\n\n    <div class=\"page-section__content rich-text \">\n\n              \n\n<p> <\/p>\n\n\n      \n    <\/div>\n\n    \n  <\/div>\n<\/section>\n\n\n\n<div class=\"mb-2-5 \">\n    <div id=\"accordion-block_435b6acb5f970110f677e32269d93787\"\n      class=\" accordion-item collapsed is-shadowed \"\n      data-toggle=\"collapse\" data-target=\"#accordion-pane-block_435b6acb5f970110f677e32269d93787\">\n    <div class=\"accordion-item__heading\">\n      <h2 class=\"accordion-item__title  \">Horaires et acc\u00e8s<\/h2>\n    <\/div>\n    <span class=\"accordion-item__toggle hidden-print collapsed w-inline-block\">\n      <span class=\"plus-bar-1\"><\/span>\n      <span class=\"plus-bar-2\"><\/span>\n    <\/span>\n  <\/div>\n\n  <div id=\"accordion-pane-block_435b6acb5f970110f677e32269d93787\" class=\"accordion-pane show-print collapse \">\n    <div class=\"rich-text mt-2 w-richtext\">\n\n      \n\n<h3 class=\"wp-block-heading\">Horaires<\/h3>\n\n\n\n<p>10h-16h<\/p>\n\n\n\n<h3 class=\"wp-block-heading\">Acc\u00e8s<\/h3>\n\n\n\n<h5 class=\"wp-block-heading\">Neuch\u00e2tel :<a href=\"https:\/\/www.google.com\/maps\/place\/Haute+Ecole+Arc+Neuch%C3%A2tel+Berne+Jura\/@46.9976485,6.9387246,15z\/data=!4m5!3m4!1s0x0:0xe22d2e0c259f485c!8m2!3d46.9976485!4d6.9387246\"> Espace de l&#8217;Europe 11 &#8211; Campus Arc 2 &#8211; \u00e0 c\u00f4t\u00e9 de la gare<\/a><\/h5>\n\n\n  <a href=\"https:\/\/www.he-arc.ch\/he-arc\/campus-neuchatel\/\" target=\"_blank\" class=\"btn-primary is-arrowed \">\n    <div class=\"btn-primary__title\">Campus de Neuch\u00e2tel<\/div>\n  <\/a>\n\n\n\n<p>   <\/p>\n\n\n\n<h5 class=\"wp-block-heading\"><a href=\"https:\/\/www.google.com\/maps\/place\/Haute+Ecole+Arc+(Sant%C3%A9,+Gestion+et+Ing%C3%A9nierie)\/@47.3625334,7.3500949,17z\/data=!4m12!1m6!3m5!1s0x4791e7d1d4c97c07:0xf8179113c1ba8af5!2sHaute+Ecole+Arc+(Sant%C3%A9,+Gestion+et+Ing%C3%A9nierie)!8m2!3d47.3625241!4d7.3522874!3m4!1s0x4791e7d1d4c97c07:0xf8179113c1ba8af5!8m2!3d47.3625241!4d7.3522874?hl=fr\">Del\u00e9mont : Rte de Moutier 14 &#8211; Campus Arc 3 &#8211; \u00e0 c\u00f4t\u00e9 de la gare<\/a><\/h5>\n\n\n  <a href=\"https:\/\/www.he-arc.ch\/he-arc\/campus-delemont\/\" target=\"_blank\" class=\"btn-primary is-arrowed \">\n    <div class=\"btn-primary__title\">Campus de Del\u00e9mont<\/div>\n  <\/a>\n\n\n    <\/div>\n  <\/div>\n<\/div>\n\n\n\n<p>   <\/p>\n\n\n\n<p>   <\/p>\n","protected":false},"author":13,"featured_media":49474,"template":"","he-arc_domain":[6],"he-arc_event_category":[],"class_list":["post-41813","he-arc_event","type-he-arc_event","status-publish","has-post-thumbnail","hentry","he-arc_domain-he-arc"],"acf":[],"yoast_head":"<!-- This site is optimized with the Yoast SEO plugin v26.6 - https:\/\/yoast.com\/wordpress\/plugins\/seo\/ -->\n<title>Portes ouvertes de la Haute Ecole Arc - Haute-Ecole Arc<\/title>\n<meta name=\"description\" content=\"Les \u00e9tudiants, professeurs et collaborateurs de la Haute Ecole Arc se r\u00e9jouissent de vous accueillir sur leurs Campus de Neuch\u00e2tel et Del\u00e9mont\u00a0le samedi 12 f\u00e9vrier 2022, de 10h \u00e0 16h\u00a0pour vous faire d\u00e9couvrir la vie et les domaines d\u2019activit\u00e9 de la haute \u00e9cole sp\u00e9cialis\u00e9e de l\u2019Arc jurassien. Une journ\u00e9e pour explorer les mondes de la Sant\u00e9, de la Gestion, de l\u2019Ing\u00e9nierie et de la Conservation-restauration.\" \/>\n<meta name=\"robots\" content=\"index, follow, max-snippet:-1, max-image-preview:large, max-video-preview:-1\" \/>\n<link rel=\"canonical\" href=\"https:\/\/www.he-arc.ch\/en\/agenda\/po\/\" \/>\n<meta property=\"og:locale\" content=\"en_US\" \/>\n<meta property=\"og:type\" content=\"article\" \/>\n<meta property=\"og:title\" content=\"Portes ouvertes de la Haute Ecole Arc - Haute-Ecole Arc\" \/>\n<meta property=\"og:description\" content=\"Les \u00e9tudiants, professeurs et collaborateurs de la Haute Ecole Arc se r\u00e9jouissent de vous accueillir sur leurs Campus de Neuch\u00e2tel et Del\u00e9mont\u00a0le samedi 12 f\u00e9vrier 2022, de 10h \u00e0 16h\u00a0pour vous faire d\u00e9couvrir la vie et les domaines d\u2019activit\u00e9 de la haute \u00e9cole sp\u00e9cialis\u00e9e de l\u2019Arc jurassien. Une journ\u00e9e pour explorer les mondes de la Sant\u00e9, de la Gestion, de l\u2019Ing\u00e9nierie et de la Conservation-restauration.\" \/>\n<meta property=\"og:url\" content=\"https:\/\/www.he-arc.ch\/en\/agenda\/po\/\" \/>\n<meta property=\"og:site_name\" content=\"Haute-Ecole Arc\" \/>\n<meta property=\"article:modified_time\" content=\"2023-11-20T14:17:11+00:00\" \/>\n<meta property=\"og:image\" content=\"https:\/\/www.he-arc.ch\/wp-content\/uploads\/2023\/02\/He-Arc_PO-2023_Affiche_F12_RVB.jpg\" \/>\n\t<meta property=\"og:image:width\" content=\"1908\" \/>\n\t<meta property=\"og:image:height\" content=\"911\" \/>\n\t<meta property=\"og:image:type\" content=\"image\/jpeg\" \/>\n<meta name=\"twitter:card\" content=\"summary_large_image\" \/>\n<meta name=\"twitter:label1\" content=\"Est. reading time\" \/>\n\t<meta name=\"twitter:data1\" content=\"2 minutes\" \/>\n<script type=\"application\/ld+json\" class=\"yoast-schema-graph\">{\"@context\":\"https:\/\/schema.org\",\"@graph\":[{\"@type\":\"WebPage\",\"@id\":\"https:\/\/www.he-arc.ch\/en\/agenda\/po\/\",\"url\":\"https:\/\/www.he-arc.ch\/en\/agenda\/po\/\",\"name\":\"Portes ouvertes de la Haute Ecole Arc - Haute-Ecole Arc\",\"isPartOf\":{\"@id\":\"https:\/\/www.he-arc.ch\/en\/#website\"},\"primaryImageOfPage\":{\"@id\":\"https:\/\/www.he-arc.ch\/en\/agenda\/po\/#primaryimage\"},\"image\":{\"@id\":\"https:\/\/www.he-arc.ch\/en\/agenda\/po\/#primaryimage\"},\"thumbnailUrl\":\"https:\/\/www.he-arc.ch\/wp-content\/uploads\/2023\/02\/He-Arc_PO-2023_Affiche_F12_RVB.jpg\",\"datePublished\":\"2023-02-01T10:52:41+00:00\",\"dateModified\":\"2023-11-20T14:17:11+00:00\",\"description\":\"Les \u00e9tudiants, professeurs et collaborateurs de la Haute Ecole Arc se r\u00e9jouissent de vous accueillir sur leurs Campus de Neuch\u00e2tel et Del\u00e9mont\u00a0le samedi 12 f\u00e9vrier 2022, de 10h \u00e0 16h\u00a0pour vous faire d\u00e9couvrir la vie et les domaines d\u2019activit\u00e9 de la haute \u00e9cole sp\u00e9cialis\u00e9e de l\u2019Arc jurassien. Une journ\u00e9e pour explorer les mondes de la Sant\u00e9, de la Gestion, de l\u2019Ing\u00e9nierie et de la Conservation-restauration.\",\"breadcrumb\":{\"@id\":\"https:\/\/www.he-arc.ch\/en\/agenda\/po\/#breadcrumb\"},\"inLanguage\":\"en-US\",\"potentialAction\":[{\"@type\":\"ReadAction\",\"target\":[\"https:\/\/www.he-arc.ch\/en\/agenda\/po\/\"]}]},{\"@type\":\"ImageObject\",\"inLanguage\":\"en-US\",\"@id\":\"https:\/\/www.he-arc.ch\/en\/agenda\/po\/#primaryimage\",\"url\":\"https:\/\/www.he-arc.ch\/wp-content\/uploads\/2023\/02\/He-Arc_PO-2023_Affiche_F12_RVB.jpg\",\"contentUrl\":\"https:\/\/www.he-arc.ch\/wp-content\/uploads\/2023\/02\/He-Arc_PO-2023_Affiche_F12_RVB.jpg\",\"width\":1908,\"height\":911},{\"@type\":\"BreadcrumbList\",\"@id\":\"https:\/\/www.he-arc.ch\/en\/agenda\/po\/#breadcrumb\",\"itemListElement\":[{\"@type\":\"ListItem\",\"position\":1,\"name\":\"Accueil\",\"item\":\"https:\/\/www.he-arc.ch\/en\/\"},{\"@type\":\"ListItem\",\"position\":2,\"name\":\"Events\",\"item\":\"https:\/\/www.he-arc.ch\/en\/events\/\"},{\"@type\":\"ListItem\",\"position\":3,\"name\":\"Portes ouvertes de la Haute Ecole Arc\"}]},{\"@type\":\"WebSite\",\"@id\":\"https:\/\/www.he-arc.ch\/en\/#website\",\"url\":\"https:\/\/www.he-arc.ch\/en\/\",\"name\":\"Haute-Ecole Arc\",\"description\":\"Haute \u00e9cole sp\u00e9cialis\u00e9e Suisse. Gestion, Ing\u00e9nierie, Sant\u00e9, Conservation-\u200brestauration.\",\"publisher\":{\"@id\":\"https:\/\/www.he-arc.ch\/en\/#organization\"},\"potentialAction\":[{\"@type\":\"SearchAction\",\"target\":{\"@type\":\"EntryPoint\",\"urlTemplate\":\"https:\/\/www.he-arc.ch\/en\/?s={search_term_string}\"},\"query-input\":{\"@type\":\"PropertyValueSpecification\",\"valueRequired\":true,\"valueName\":\"search_term_string\"}}],\"inLanguage\":\"en-US\"},{\"@type\":\"Organization\",\"@id\":\"https:\/\/www.he-arc.ch\/en\/#organization\",\"name\":\"Haute Ecole Arc\",\"url\":\"https:\/\/www.he-arc.ch\/en\/\",\"logo\":{\"@type\":\"ImageObject\",\"inLanguage\":\"en-US\",\"@id\":\"https:\/\/www.he-arc.ch\/en\/#\/schema\/logo\/image\/\",\"url\":\"https:\/\/www.he-arc.ch\/wp-content\/uploads\/2022\/01\/logo-he-arc.svg\",\"contentUrl\":\"https:\/\/www.he-arc.ch\/wp-content\/uploads\/2022\/01\/logo-he-arc.svg\",\"width\":140,\"height\":42,\"caption\":\"Haute Ecole Arc\"},\"image\":{\"@id\":\"https:\/\/www.he-arc.ch\/en\/#\/schema\/logo\/image\/\"}}]}<\/script>\n<!-- \/ Yoast SEO plugin. -->","yoast_head_json":{"title":"Portes ouvertes de la Haute Ecole Arc - Haute-Ecole Arc","description":"Les \u00e9tudiants, professeurs et collaborateurs de la Haute Ecole Arc se r\u00e9jouissent de vous accueillir sur leurs Campus de Neuch\u00e2tel et Del\u00e9mont\u00a0le samedi 12 f\u00e9vrier 2022, de 10h \u00e0 16h\u00a0pour vous faire d\u00e9couvrir la vie et les domaines d\u2019activit\u00e9 de la haute \u00e9cole sp\u00e9cialis\u00e9e de l\u2019Arc jurassien. Une journ\u00e9e pour explorer les mondes de la Sant\u00e9, de la Gestion, de l\u2019Ing\u00e9nierie et de la Conservation-restauration.","robots":{"index":"index","follow":"follow","max-snippet":"max-snippet:-1","max-image-preview":"max-image-preview:large","max-video-preview":"max-video-preview:-1"},"canonical":"https:\/\/www.he-arc.ch\/en\/agenda\/po\/","og_locale":"en_US","og_type":"article","og_title":"Portes ouvertes de la Haute Ecole Arc - Haute-Ecole Arc","og_description":"Les \u00e9tudiants, professeurs et collaborateurs de la Haute Ecole Arc se r\u00e9jouissent de vous accueillir sur leurs Campus de Neuch\u00e2tel et Del\u00e9mont\u00a0le samedi 12 f\u00e9vrier 2022, de 10h \u00e0 16h\u00a0pour vous faire d\u00e9couvrir la vie et les domaines d\u2019activit\u00e9 de la haute \u00e9cole sp\u00e9cialis\u00e9e de l\u2019Arc jurassien. Une journ\u00e9e pour explorer les mondes de la Sant\u00e9, de la Gestion, de l\u2019Ing\u00e9nierie et de la Conservation-restauration.","og_url":"https:\/\/www.he-arc.ch\/en\/agenda\/po\/","og_site_name":"Haute-Ecole Arc","article_modified_time":"2023-11-20T14:17:11+00:00","og_image":[{"width":1908,"height":911,"url":"https:\/\/www.he-arc.ch\/wp-content\/uploads\/2023\/02\/He-Arc_PO-2023_Affiche_F12_RVB.jpg","type":"image\/jpeg"}],"twitter_card":"summary_large_image","twitter_misc":{"Est. reading time":"2 minutes"},"schema":{"@context":"https:\/\/schema.org","@graph":[{"@type":"WebPage","@id":"https:\/\/www.he-arc.ch\/en\/agenda\/po\/","url":"https:\/\/www.he-arc.ch\/en\/agenda\/po\/","name":"Portes ouvertes de la Haute Ecole Arc - Haute-Ecole Arc","isPartOf":{"@id":"https:\/\/www.he-arc.ch\/en\/#website"},"primaryImageOfPage":{"@id":"https:\/\/www.he-arc.ch\/en\/agenda\/po\/#primaryimage"},"image":{"@id":"https:\/\/www.he-arc.ch\/en\/agenda\/po\/#primaryimage"},"thumbnailUrl":"https:\/\/www.he-arc.ch\/wp-content\/uploads\/2023\/02\/He-Arc_PO-2023_Affiche_F12_RVB.jpg","datePublished":"2023-02-01T10:52:41+00:00","dateModified":"2023-11-20T14:17:11+00:00","description":"Les \u00e9tudiants, professeurs et collaborateurs de la Haute Ecole Arc se r\u00e9jouissent de vous accueillir sur leurs Campus de Neuch\u00e2tel et Del\u00e9mont\u00a0le samedi 12 f\u00e9vrier 2022, de 10h \u00e0 16h\u00a0pour vous faire d\u00e9couvrir la vie et les domaines d\u2019activit\u00e9 de la haute \u00e9cole sp\u00e9cialis\u00e9e de l\u2019Arc jurassien. Une journ\u00e9e pour explorer les mondes de la Sant\u00e9, de la Gestion, de l\u2019Ing\u00e9nierie et de la Conservation-restauration.","breadcrumb":{"@id":"https:\/\/www.he-arc.ch\/en\/agenda\/po\/#breadcrumb"},"inLanguage":"en-US","potentialAction":[{"@type":"ReadAction","target":["https:\/\/www.he-arc.ch\/en\/agenda\/po\/"]}]},{"@type":"ImageObject","inLanguage":"en-US","@id":"https:\/\/www.he-arc.ch\/en\/agenda\/po\/#primaryimage","url":"https:\/\/www.he-arc.ch\/wp-content\/uploads\/2023\/02\/He-Arc_PO-2023_Affiche_F12_RVB.jpg","contentUrl":"https:\/\/www.he-arc.ch\/wp-content\/uploads\/2023\/02\/He-Arc_PO-2023_Affiche_F12_RVB.jpg","width":1908,"height":911},{"@type":"BreadcrumbList","@id":"https:\/\/www.he-arc.ch\/en\/agenda\/po\/#breadcrumb","itemListElement":[{"@type":"ListItem","position":1,"name":"Accueil","item":"https:\/\/www.he-arc.ch\/en\/"},{"@type":"ListItem","position":2,"name":"Events","item":"https:\/\/www.he-arc.ch\/en\/events\/"},{"@type":"ListItem","position":3,"name":"Portes ouvertes de la Haute Ecole Arc"}]},{"@type":"WebSite","@id":"https:\/\/www.he-arc.ch\/en\/#website","url":"https:\/\/www.he-arc.ch\/en\/","name":"Haute-Ecole Arc","description":"Haute \u00e9cole sp\u00e9cialis\u00e9e Suisse. Gestion, Ing\u00e9nierie, Sant\u00e9, Conservation-\u200brestauration.","publisher":{"@id":"https:\/\/www.he-arc.ch\/en\/#organization"},"potentialAction":[{"@type":"SearchAction","target":{"@type":"EntryPoint","urlTemplate":"https:\/\/www.he-arc.ch\/en\/?s={search_term_string}"},"query-input":{"@type":"PropertyValueSpecification","valueRequired":true,"valueName":"search_term_string"}}],"inLanguage":"en-US"},{"@type":"Organization","@id":"https:\/\/www.he-arc.ch\/en\/#organization","name":"Haute Ecole Arc","url":"https:\/\/www.he-arc.ch\/en\/","logo":{"@type":"ImageObject","inLanguage":"en-US","@id":"https:\/\/www.he-arc.ch\/en\/#\/schema\/logo\/image\/","url":"https:\/\/www.he-arc.ch\/wp-content\/uploads\/2022\/01\/logo-he-arc.svg","contentUrl":"https:\/\/www.he-arc.ch\/wp-content\/uploads\/2022\/01\/logo-he-arc.svg","width":140,"height":42,"caption":"Haute Ecole Arc"},"image":{"@id":"https:\/\/www.he-arc.ch\/en\/#\/schema\/logo\/image\/"}}]}},"_links":{"self":[{"href":"https:\/\/www.he-arc.ch\/en\/wp-json\/wp\/v2\/he-arc_event\/41813","targetHints":{"allow":["GET"]}}],"collection":[{"href":"https:\/\/www.he-arc.ch\/en\/wp-json\/wp\/v2\/he-arc_event"}],"about":[{"href":"https:\/\/www.he-arc.ch\/en\/wp-json\/wp\/v2\/types\/he-arc_event"}],"author":[{"embeddable":true,"href":"https:\/\/www.he-arc.ch\/en\/wp-json\/wp\/v2\/users\/13"}],"version-history":[{"count":71,"href":"https:\/\/www.he-arc.ch\/en\/wp-json\/wp\/v2\/he-arc_event\/41813\/revisions"}],"predecessor-version":[{"id":61678,"href":"https:\/\/www.he-arc.ch\/en\/wp-json\/wp\/v2\/he-arc_event\/41813\/revisions\/61678"}],"wp:featuredmedia":[{"embeddable":true,"href":"https:\/\/www.he-arc.ch\/en\/wp-json\/wp\/v2\/media\/49474"}],"wp:attachment":[{"href":"https:\/\/www.he-arc.ch\/en\/wp-json\/wp\/v2\/media?parent=41813"}],"wp:term":[{"taxonomy":"he-arc_domain","embeddable":true,"href":"https:\/\/www.he-arc.ch\/en\/wp-json\/wp\/v2\/he-arc_domain?post=41813"},{"taxonomy":"he-arc_event_category","embeddable":true,"href":"https:\/\/www.he-arc.ch\/en\/wp-json\/wp\/v2\/he-arc_event_category?post=41813"}],"curies":[{"name":"wp","href":"https:\/\/api.w.org\/{rel}","templated":true}]}}