{"id":48703,"date":"2023-08-21T14:16:04","date_gmt":"2023-08-21T13:16:04","guid":{"rendered":"https:\/\/www.he-arc.ch\/?post_type=he-arc_event&#038;p=48703"},"modified":"2023-08-22T08:26:29","modified_gmt":"2023-08-22T07:26:29","slug":"challenge-microcite-2","status":"publish","type":"he-arc_event","link":"https:\/\/www.he-arc.ch\/en\/agenda\/challenge-microcite-2\/","title":{"rendered":"Troisi\u00e8me \u00e9dition du Challenge MicroCit\u00e9"},"content":{"rendered":"\n<p>La Haute Ecole Arc, l\u2019Universit\u00e9 de Neuch\u00e2tel, le Centre de formation professionnelle neuch\u00e2telois et Microcity organisent la troisi\u00e8me \u00e9dition du \u00abChallenge MicroCit\u00e9\u00bb du 11 au 14 septembre 2023.<\/p>\n\n\n\n<p>Des \u00e9tudiant-e-s r\u00e9parti-e-s en groupes interdisciplinaires et encadr\u00e9-e-s par des formateur-trice-s issu-e-s des quatre institutions partenaires, auront pour mission de r\u00e9pondre de mani\u00e8re innovante \u00e0 des d\u00e9fis propos\u00e9s par des entreprises et acteurs socio-\u00e9conomiques de la r\u00e9gion.<\/p>\n\n\n\n<h3 class=\"wp-block-heading\"><strong>Le Challenge&nbsp;MicroCit\u00e9&nbsp;c&#8217;est:<\/strong><\/h3>\n\n\n\n<ul class=\"wp-block-list\">\n<li><strong>10 d\u00e9fis r\u00e9gionaux&nbsp;<\/strong>\u00e0 relever<\/li>\n\n\n\n<li><strong>3 jours&nbsp;<\/strong>de challenge fun<\/li>\n\n\n\n<li><strong>3 prix&nbsp;<\/strong>\u00e0 gagner<\/li>\n\n\n\n<li><strong>1 exp\u00e9rience<\/strong>&nbsp;unique&nbsp;<\/li>\n\n\n\n<li><strong>Des repas offerts<\/strong>&nbsp;pendant toute la dur\u00e9e de l&#8217;\u00e9v\u00e9nement<\/li>\n\n\n\n<li><strong>Des rencontres<\/strong>&nbsp;avec des \u00e9tudiant-e-s d&#8217;autres horizons<\/li>\n\n\n\n<li><strong>La d\u00e9couverte<\/strong>&nbsp;d&#8217;entreprises de notre r\u00e9gion<\/li>\n\n\n\n<li><strong>Des challengers<\/strong>&nbsp;motiv\u00e9s et tourn\u00e9s vers l&#8217;avenir<\/li>\n\n\n\n<li><strong>Un-e coach<\/strong>&nbsp;sympathique et exp\u00e9riment\u00e9-e&nbsp;par \u00e9quipe<\/li>\n<\/ul>\n\n\n\n<p><a href=\"https:\/\/www.unine.ch\/microcite\/home\/le-challenge-microcite.html\" target=\"_blank\" rel=\"noreferrer noopener\">Pour en savoir plus&#8230;<\/a><\/p>\n","protected":false},"author":13,"featured_media":48704,"template":"","he-arc_domain":[6],"he-arc_event_category":[],"class_list":["post-48703","he-arc_event","type-he-arc_event","status-publish","has-post-thumbnail","hentry","he-arc_domain-he-arc"],"acf":[],"yoast_head":"<!-- This site is optimized with the Yoast SEO plugin v26.6 - https:\/\/yoast.com\/wordpress\/plugins\/seo\/ -->\n<title>Troisi\u00e8me \u00e9dition du Challenge MicroCit\u00e9 - Haute-Ecole Arc<\/title>\n<meta name=\"robots\" content=\"index, follow, max-snippet:-1, max-image-preview:large, max-video-preview:-1\" \/>\n<link rel=\"canonical\" href=\"https:\/\/www.he-arc.ch\/en\/agenda\/challenge-microcite-2\/\" \/>\n<meta property=\"og:locale\" content=\"en_US\" \/>\n<meta property=\"og:type\" content=\"article\" \/>\n<meta property=\"og:title\" content=\"Troisi\u00e8me \u00e9dition du Challenge MicroCit\u00e9 - Haute-Ecole Arc\" \/>\n<meta property=\"og:description\" content=\"La Haute Ecole Arc, l\u2019Universit\u00e9 de Neuch\u00e2tel, le Centre de formation professionnelle neuch\u00e2telois et Microcity organisent la troisi\u00e8me \u00e9dition du \u00abChallenge MicroCit\u00e9\u00bb du 11 au 14 septembre 2023. Des \u00e9tudiant-e-s r\u00e9parti-e-s en groupes interdisciplinaires et encadr\u00e9-e-s par des formateur-trice-s issu-e-s des quatre institutions partenaires, auront pour mission de r\u00e9pondre de mani\u00e8re innovante \u00e0 des d\u00e9fis [&hellip;]\" \/>\n<meta property=\"og:url\" content=\"https:\/\/www.he-arc.ch\/en\/agenda\/challenge-microcite-2\/\" \/>\n<meta property=\"og:site_name\" content=\"Haute-Ecole Arc\" \/>\n<meta property=\"article:modified_time\" content=\"2023-08-22T07:26:29+00:00\" \/>\n<meta property=\"og:image\" content=\"https:\/\/www.he-arc.ch\/wp-content\/uploads\/2023\/08\/microcite.jpg\" \/>\n\t<meta property=\"og:image:width\" content=\"960\" \/>\n\t<meta property=\"og:image:height\" content=\"150\" \/>\n\t<meta property=\"og:image:type\" content=\"image\/jpeg\" \/>\n<meta name=\"twitter:card\" content=\"summary_large_image\" \/>\n<meta name=\"twitter:label1\" content=\"Est. reading time\" \/>\n\t<meta name=\"twitter:data1\" content=\"1 minute\" \/>\n<script type=\"application\/ld+json\" class=\"yoast-schema-graph\">{\"@context\":\"https:\/\/schema.org\",\"@graph\":[{\"@type\":\"WebPage\",\"@id\":\"https:\/\/www.he-arc.ch\/en\/agenda\/challenge-microcite-2\/\",\"url\":\"https:\/\/www.he-arc.ch\/en\/agenda\/challenge-microcite-2\/\",\"name\":\"Troisi\u00e8me \u00e9dition du Challenge MicroCit\u00e9 - Haute-Ecole Arc\",\"isPartOf\":{\"@id\":\"https:\/\/www.he-arc.ch\/en\/#website\"},\"primaryImageOfPage\":{\"@id\":\"https:\/\/www.he-arc.ch\/en\/agenda\/challenge-microcite-2\/#primaryimage\"},\"image\":{\"@id\":\"https:\/\/www.he-arc.ch\/en\/agenda\/challenge-microcite-2\/#primaryimage\"},\"thumbnailUrl\":\"https:\/\/www.he-arc.ch\/wp-content\/uploads\/2023\/08\/microcite.jpg\",\"datePublished\":\"2023-08-21T13:16:04+00:00\",\"dateModified\":\"2023-08-22T07:26:29+00:00\",\"breadcrumb\":{\"@id\":\"https:\/\/www.he-arc.ch\/en\/agenda\/challenge-microcite-2\/#breadcrumb\"},\"inLanguage\":\"en-US\",\"potentialAction\":[{\"@type\":\"ReadAction\",\"target\":[\"https:\/\/www.he-arc.ch\/en\/agenda\/challenge-microcite-2\/\"]}]},{\"@type\":\"ImageObject\",\"inLanguage\":\"en-US\",\"@id\":\"https:\/\/www.he-arc.ch\/en\/agenda\/challenge-microcite-2\/#primaryimage\",\"url\":\"https:\/\/www.he-arc.ch\/wp-content\/uploads\/2023\/08\/microcite.jpg\",\"contentUrl\":\"https:\/\/www.he-arc.ch\/wp-content\/uploads\/2023\/08\/microcite.jpg\",\"width\":960,\"height\":150},{\"@type\":\"BreadcrumbList\",\"@id\":\"https:\/\/www.he-arc.ch\/en\/agenda\/challenge-microcite-2\/#breadcrumb\",\"itemListElement\":[{\"@type\":\"ListItem\",\"position\":1,\"name\":\"Accueil\",\"item\":\"https:\/\/www.he-arc.ch\/en\/\"},{\"@type\":\"ListItem\",\"position\":2,\"name\":\"Events\",\"item\":\"https:\/\/www.he-arc.ch\/en\/events\/\"},{\"@type\":\"ListItem\",\"position\":3,\"name\":\"Troisi\u00e8me \u00e9dition du Challenge MicroCit\u00e9\"}]},{\"@type\":\"WebSite\",\"@id\":\"https:\/\/www.he-arc.ch\/en\/#website\",\"url\":\"https:\/\/www.he-arc.ch\/en\/\",\"name\":\"Haute-Ecole Arc\",\"description\":\"Haute \u00e9cole sp\u00e9cialis\u00e9e Suisse. Gestion, Ing\u00e9nierie, Sant\u00e9, Conservation-\u200brestauration.\",\"publisher\":{\"@id\":\"https:\/\/www.he-arc.ch\/en\/#organization\"},\"potentialAction\":[{\"@type\":\"SearchAction\",\"target\":{\"@type\":\"EntryPoint\",\"urlTemplate\":\"https:\/\/www.he-arc.ch\/en\/?s={search_term_string}\"},\"query-input\":{\"@type\":\"PropertyValueSpecification\",\"valueRequired\":true,\"valueName\":\"search_term_string\"}}],\"inLanguage\":\"en-US\"},{\"@type\":\"Organization\",\"@id\":\"https:\/\/www.he-arc.ch\/en\/#organization\",\"name\":\"Haute Ecole Arc\",\"url\":\"https:\/\/www.he-arc.ch\/en\/\",\"logo\":{\"@type\":\"ImageObject\",\"inLanguage\":\"en-US\",\"@id\":\"https:\/\/www.he-arc.ch\/en\/#\/schema\/logo\/image\/\",\"url\":\"https:\/\/www.he-arc.ch\/wp-content\/uploads\/2022\/01\/logo-he-arc.svg\",\"contentUrl\":\"https:\/\/www.he-arc.ch\/wp-content\/uploads\/2022\/01\/logo-he-arc.svg\",\"width\":140,\"height\":42,\"caption\":\"Haute Ecole Arc\"},\"image\":{\"@id\":\"https:\/\/www.he-arc.ch\/en\/#\/schema\/logo\/image\/\"}}]}<\/script>\n<!-- \/ Yoast SEO plugin. -->","yoast_head_json":{"title":"Troisi\u00e8me \u00e9dition du Challenge MicroCit\u00e9 - Haute-Ecole Arc","robots":{"index":"index","follow":"follow","max-snippet":"max-snippet:-1","max-image-preview":"max-image-preview:large","max-video-preview":"max-video-preview:-1"},"canonical":"https:\/\/www.he-arc.ch\/en\/agenda\/challenge-microcite-2\/","og_locale":"en_US","og_type":"article","og_title":"Troisi\u00e8me \u00e9dition du Challenge MicroCit\u00e9 - Haute-Ecole Arc","og_description":"La Haute Ecole Arc, l\u2019Universit\u00e9 de Neuch\u00e2tel, le Centre de formation professionnelle neuch\u00e2telois et Microcity organisent la troisi\u00e8me \u00e9dition du \u00abChallenge MicroCit\u00e9\u00bb du 11 au 14 septembre 2023. Des \u00e9tudiant-e-s r\u00e9parti-e-s en groupes interdisciplinaires et encadr\u00e9-e-s par des formateur-trice-s issu-e-s des quatre institutions partenaires, auront pour mission de r\u00e9pondre de mani\u00e8re innovante \u00e0 des d\u00e9fis [&hellip;]","og_url":"https:\/\/www.he-arc.ch\/en\/agenda\/challenge-microcite-2\/","og_site_name":"Haute-Ecole Arc","article_modified_time":"2023-08-22T07:26:29+00:00","og_image":[{"width":960,"height":150,"url":"https:\/\/www.he-arc.ch\/wp-content\/uploads\/2023\/08\/microcite.jpg","type":"image\/jpeg"}],"twitter_card":"summary_large_image","twitter_misc":{"Est. reading time":"1 minute"},"schema":{"@context":"https:\/\/schema.org","@graph":[{"@type":"WebPage","@id":"https:\/\/www.he-arc.ch\/en\/agenda\/challenge-microcite-2\/","url":"https:\/\/www.he-arc.ch\/en\/agenda\/challenge-microcite-2\/","name":"Troisi\u00e8me \u00e9dition du Challenge MicroCit\u00e9 - Haute-Ecole Arc","isPartOf":{"@id":"https:\/\/www.he-arc.ch\/en\/#website"},"primaryImageOfPage":{"@id":"https:\/\/www.he-arc.ch\/en\/agenda\/challenge-microcite-2\/#primaryimage"},"image":{"@id":"https:\/\/www.he-arc.ch\/en\/agenda\/challenge-microcite-2\/#primaryimage"},"thumbnailUrl":"https:\/\/www.he-arc.ch\/wp-content\/uploads\/2023\/08\/microcite.jpg","datePublished":"2023-08-21T13:16:04+00:00","dateModified":"2023-08-22T07:26:29+00:00","breadcrumb":{"@id":"https:\/\/www.he-arc.ch\/en\/agenda\/challenge-microcite-2\/#breadcrumb"},"inLanguage":"en-US","potentialAction":[{"@type":"ReadAction","target":["https:\/\/www.he-arc.ch\/en\/agenda\/challenge-microcite-2\/"]}]},{"@type":"ImageObject","inLanguage":"en-US","@id":"https:\/\/www.he-arc.ch\/en\/agenda\/challenge-microcite-2\/#primaryimage","url":"https:\/\/www.he-arc.ch\/wp-content\/uploads\/2023\/08\/microcite.jpg","contentUrl":"https:\/\/www.he-arc.ch\/wp-content\/uploads\/2023\/08\/microcite.jpg","width":960,"height":150},{"@type":"BreadcrumbList","@id":"https:\/\/www.he-arc.ch\/en\/agenda\/challenge-microcite-2\/#breadcrumb","itemListElement":[{"@type":"ListItem","position":1,"name":"Accueil","item":"https:\/\/www.he-arc.ch\/en\/"},{"@type":"ListItem","position":2,"name":"Events","item":"https:\/\/www.he-arc.ch\/en\/events\/"},{"@type":"ListItem","position":3,"name":"Troisi\u00e8me \u00e9dition du Challenge MicroCit\u00e9"}]},{"@type":"WebSite","@id":"https:\/\/www.he-arc.ch\/en\/#website","url":"https:\/\/www.he-arc.ch\/en\/","name":"Haute-Ecole Arc","description":"Haute \u00e9cole sp\u00e9cialis\u00e9e Suisse. Gestion, Ing\u00e9nierie, Sant\u00e9, Conservation-\u200brestauration.","publisher":{"@id":"https:\/\/www.he-arc.ch\/en\/#organization"},"potentialAction":[{"@type":"SearchAction","target":{"@type":"EntryPoint","urlTemplate":"https:\/\/www.he-arc.ch\/en\/?s={search_term_string}"},"query-input":{"@type":"PropertyValueSpecification","valueRequired":true,"valueName":"search_term_string"}}],"inLanguage":"en-US"},{"@type":"Organization","@id":"https:\/\/www.he-arc.ch\/en\/#organization","name":"Haute Ecole Arc","url":"https:\/\/www.he-arc.ch\/en\/","logo":{"@type":"ImageObject","inLanguage":"en-US","@id":"https:\/\/www.he-arc.ch\/en\/#\/schema\/logo\/image\/","url":"https:\/\/www.he-arc.ch\/wp-content\/uploads\/2022\/01\/logo-he-arc.svg","contentUrl":"https:\/\/www.he-arc.ch\/wp-content\/uploads\/2022\/01\/logo-he-arc.svg","width":140,"height":42,"caption":"Haute Ecole Arc"},"image":{"@id":"https:\/\/www.he-arc.ch\/en\/#\/schema\/logo\/image\/"}}]}},"_links":{"self":[{"href":"https:\/\/www.he-arc.ch\/en\/wp-json\/wp\/v2\/he-arc_event\/48703","targetHints":{"allow":["GET"]}}],"collection":[{"href":"https:\/\/www.he-arc.ch\/en\/wp-json\/wp\/v2\/he-arc_event"}],"about":[{"href":"https:\/\/www.he-arc.ch\/en\/wp-json\/wp\/v2\/types\/he-arc_event"}],"author":[{"embeddable":true,"href":"https:\/\/www.he-arc.ch\/en\/wp-json\/wp\/v2\/users\/13"}],"version-history":[{"count":6,"href":"https:\/\/www.he-arc.ch\/en\/wp-json\/wp\/v2\/he-arc_event\/48703\/revisions"}],"predecessor-version":[{"id":48756,"href":"https:\/\/www.he-arc.ch\/en\/wp-json\/wp\/v2\/he-arc_event\/48703\/revisions\/48756"}],"wp:featuredmedia":[{"embeddable":true,"href":"https:\/\/www.he-arc.ch\/en\/wp-json\/wp\/v2\/media\/48704"}],"wp:attachment":[{"href":"https:\/\/www.he-arc.ch\/en\/wp-json\/wp\/v2\/media?parent=48703"}],"wp:term":[{"taxonomy":"he-arc_domain","embeddable":true,"href":"https:\/\/www.he-arc.ch\/en\/wp-json\/wp\/v2\/he-arc_domain?post=48703"},{"taxonomy":"he-arc_event_category","embeddable":true,"href":"https:\/\/www.he-arc.ch\/en\/wp-json\/wp\/v2\/he-arc_event_category?post=48703"}],"curies":[{"name":"wp","href":"https:\/\/api.w.org\/{rel}","templated":true}]}}