{"id":56950,"date":"2024-05-07T15:59:53","date_gmt":"2024-05-07T14:59:53","guid":{"rendered":"https:\/\/www.he-arc.ch\/?post_type=he-arc_event&#038;p=56950"},"modified":"2024-08-13T09:29:33","modified_gmt":"2024-08-13T08:29:33","slug":"journee-de-formation-ermp-biais-verites-reconstruites","status":"publish","type":"he-arc_event","link":"https:\/\/www.he-arc.ch\/en\/agenda\/journee-de-formation-ermp-biais-verites-reconstruites\/","title":{"rendered":"Journ\u00e9e de formation ERMP : Biais &#8211; V\u00e9rit\u00e9s (re)construites"},"content":{"rendered":"\n<p>L\u2019accent sera mis sur la recherche, la s\u00e9lection et l\u2019\u00e9valuation des traces. Dans un premier temps, un regard sera port\u00e9 sur le fonctionnement du cerveau et les m\u00e9canismes de traitement de l\u2019information. Dans un deuxi\u00e8me temps, il s\u2019agira de discuter, dans le cadre d\u2019un \u00e9change commun, de m\u00e9thodes et d\u2019approches appropri\u00e9es pour r\u00e9duire efficacement les effets de telles influences au niveau individuel et organisationnel.<\/p>\n\n\n\n<p><\/p>\n\n\n\n<p>Public cible :<br>Membres de la poursuite p\u00e9nale, juges, polici\u00e8res et policiers professionnel-le-s des services d\u2019identification judiciaire, de la m\u00e9decine l\u00e9gale et de la psychiatrie l\u00e9gale.<br><\/p>\n\n\n\n<p>HEG Arc &#8211; Haute \u00e9cole de gestion Arc<br>Espace de l\u2019Europe 21<br>2000 Neuch\u00e2tel<br>Auditorium 030<\/p>\n\n\n\n<ul class=\"wp-block-list\">\n<li><a href=\"https:\/\/www.he-arc.ch\/wp-content\/uploads\/2024\/05\/241129-Programme-Journee-de-formation-ERMP.pdf\">Flyer<\/a><\/li>\n\n\n\n<li><a href=\"https:\/\/jp-portal.gestion.he-arc.ch\/form\/106\">Inscription<\/a><\/li>\n<\/ul>\n","protected":false},"author":12,"featured_media":5166,"template":"","he-arc_domain":[2],"he-arc_event_category":[16],"class_list":["post-56950","he-arc_event","type-he-arc_event","status-publish","has-post-thumbnail","hentry","he-arc_domain-gestion","he-arc_event_category-seminaire-conference"],"acf":[],"yoast_head":"<!-- This site is optimized with the Yoast SEO plugin v26.6 - https:\/\/yoast.com\/wordpress\/plugins\/seo\/ -->\n<title>Journ\u00e9e de formation ERMP : Biais - V\u00e9rit\u00e9s (re)construites - Haute-Ecole Arc<\/title>\n<meta name=\"robots\" content=\"index, follow, max-snippet:-1, max-image-preview:large, max-video-preview:-1\" \/>\n<link rel=\"canonical\" href=\"https:\/\/www.he-arc.ch\/en\/agenda\/journee-de-formation-ermp-biais-verites-reconstruites\/\" \/>\n<meta property=\"og:locale\" content=\"en_US\" \/>\n<meta property=\"og:type\" content=\"article\" \/>\n<meta property=\"og:title\" content=\"Journ\u00e9e de formation ERMP : Biais - V\u00e9rit\u00e9s (re)construites - Haute-Ecole Arc\" \/>\n<meta property=\"og:description\" content=\"L\u2019accent sera mis sur la recherche, la s\u00e9lection et l\u2019\u00e9valuation des traces. Dans un premier temps, un regard sera port\u00e9 sur le fonctionnement du cerveau et les m\u00e9canismes de traitement de l\u2019information. Dans un deuxi\u00e8me temps, il s\u2019agira de discuter, dans le cadre d\u2019un \u00e9change commun, de m\u00e9thodes et d\u2019approches appropri\u00e9es pour r\u00e9duire efficacement les [&hellip;]\" \/>\n<meta property=\"og:url\" content=\"https:\/\/www.he-arc.ch\/en\/agenda\/journee-de-formation-ermp-biais-verites-reconstruites\/\" \/>\n<meta property=\"og:site_name\" content=\"Haute-Ecole Arc\" \/>\n<meta property=\"article:modified_time\" content=\"2024-08-13T08:29:33+00:00\" \/>\n<meta property=\"og:image\" content=\"https:\/\/www.he-arc.ch\/wp-content\/uploads\/2021\/10\/Agenda-Conference-Colloque-Seminaire.jpg\" \/>\n\t<meta property=\"og:image:width\" content=\"2500\" \/>\n\t<meta property=\"og:image:height\" content=\"1375\" \/>\n\t<meta property=\"og:image:type\" content=\"image\/jpeg\" \/>\n<meta name=\"twitter:card\" content=\"summary_large_image\" \/>\n<meta name=\"twitter:label1\" content=\"Est. reading time\" \/>\n\t<meta name=\"twitter:data1\" content=\"1 minute\" \/>\n<script type=\"application\/ld+json\" class=\"yoast-schema-graph\">{\"@context\":\"https:\/\/schema.org\",\"@graph\":[{\"@type\":\"WebPage\",\"@id\":\"https:\/\/www.he-arc.ch\/en\/agenda\/journee-de-formation-ermp-biais-verites-reconstruites\/\",\"url\":\"https:\/\/www.he-arc.ch\/en\/agenda\/journee-de-formation-ermp-biais-verites-reconstruites\/\",\"name\":\"Journ\u00e9e de formation ERMP : Biais - V\u00e9rit\u00e9s (re)construites - Haute-Ecole Arc\",\"isPartOf\":{\"@id\":\"https:\/\/www.he-arc.ch\/en\/#website\"},\"primaryImageOfPage\":{\"@id\":\"https:\/\/www.he-arc.ch\/en\/agenda\/journee-de-formation-ermp-biais-verites-reconstruites\/#primaryimage\"},\"image\":{\"@id\":\"https:\/\/www.he-arc.ch\/en\/agenda\/journee-de-formation-ermp-biais-verites-reconstruites\/#primaryimage\"},\"thumbnailUrl\":\"https:\/\/www.he-arc.ch\/wp-content\/uploads\/2021\/10\/Agenda-Conference-Colloque-Seminaire.jpg\",\"datePublished\":\"2024-05-07T14:59:53+00:00\",\"dateModified\":\"2024-08-13T08:29:33+00:00\",\"breadcrumb\":{\"@id\":\"https:\/\/www.he-arc.ch\/en\/agenda\/journee-de-formation-ermp-biais-verites-reconstruites\/#breadcrumb\"},\"inLanguage\":\"en-US\",\"potentialAction\":[{\"@type\":\"ReadAction\",\"target\":[\"https:\/\/www.he-arc.ch\/en\/agenda\/journee-de-formation-ermp-biais-verites-reconstruites\/\"]}]},{\"@type\":\"ImageObject\",\"inLanguage\":\"en-US\",\"@id\":\"https:\/\/www.he-arc.ch\/en\/agenda\/journee-de-formation-ermp-biais-verites-reconstruites\/#primaryimage\",\"url\":\"https:\/\/www.he-arc.ch\/wp-content\/uploads\/2021\/10\/Agenda-Conference-Colloque-Seminaire.jpg\",\"contentUrl\":\"https:\/\/www.he-arc.ch\/wp-content\/uploads\/2021\/10\/Agenda-Conference-Colloque-Seminaire.jpg\",\"width\":2500,\"height\":1375,\"caption\":\"Speaker face \u00e0 un public\"},{\"@type\":\"BreadcrumbList\",\"@id\":\"https:\/\/www.he-arc.ch\/en\/agenda\/journee-de-formation-ermp-biais-verites-reconstruites\/#breadcrumb\",\"itemListElement\":[{\"@type\":\"ListItem\",\"position\":1,\"name\":\"Accueil\",\"item\":\"https:\/\/www.he-arc.ch\/en\/\"},{\"@type\":\"ListItem\",\"position\":2,\"name\":\"Events\",\"item\":\"https:\/\/www.he-arc.ch\/en\/events\/\"},{\"@type\":\"ListItem\",\"position\":3,\"name\":\"Journ\u00e9e de formation ERMP : Biais &#8211; V\u00e9rit\u00e9s (re)construites\"}]},{\"@type\":\"WebSite\",\"@id\":\"https:\/\/www.he-arc.ch\/en\/#website\",\"url\":\"https:\/\/www.he-arc.ch\/en\/\",\"name\":\"Haute-Ecole Arc\",\"description\":\"Haute \u00e9cole sp\u00e9cialis\u00e9e Suisse. Gestion, Ing\u00e9nierie, Sant\u00e9, Conservation-\u200brestauration.\",\"publisher\":{\"@id\":\"https:\/\/www.he-arc.ch\/en\/#organization\"},\"potentialAction\":[{\"@type\":\"SearchAction\",\"target\":{\"@type\":\"EntryPoint\",\"urlTemplate\":\"https:\/\/www.he-arc.ch\/en\/?s={search_term_string}\"},\"query-input\":{\"@type\":\"PropertyValueSpecification\",\"valueRequired\":true,\"valueName\":\"search_term_string\"}}],\"inLanguage\":\"en-US\"},{\"@type\":\"Organization\",\"@id\":\"https:\/\/www.he-arc.ch\/en\/#organization\",\"name\":\"Haute Ecole Arc\",\"url\":\"https:\/\/www.he-arc.ch\/en\/\",\"logo\":{\"@type\":\"ImageObject\",\"inLanguage\":\"en-US\",\"@id\":\"https:\/\/www.he-arc.ch\/en\/#\/schema\/logo\/image\/\",\"url\":\"https:\/\/www.he-arc.ch\/wp-content\/uploads\/2022\/01\/logo-he-arc.svg\",\"contentUrl\":\"https:\/\/www.he-arc.ch\/wp-content\/uploads\/2022\/01\/logo-he-arc.svg\",\"width\":140,\"height\":42,\"caption\":\"Haute Ecole Arc\"},\"image\":{\"@id\":\"https:\/\/www.he-arc.ch\/en\/#\/schema\/logo\/image\/\"}}]}<\/script>\n<!-- \/ Yoast SEO plugin. -->","yoast_head_json":{"title":"Journ\u00e9e de formation ERMP : Biais - V\u00e9rit\u00e9s (re)construites - Haute-Ecole Arc","robots":{"index":"index","follow":"follow","max-snippet":"max-snippet:-1","max-image-preview":"max-image-preview:large","max-video-preview":"max-video-preview:-1"},"canonical":"https:\/\/www.he-arc.ch\/en\/agenda\/journee-de-formation-ermp-biais-verites-reconstruites\/","og_locale":"en_US","og_type":"article","og_title":"Journ\u00e9e de formation ERMP : Biais - V\u00e9rit\u00e9s (re)construites - Haute-Ecole Arc","og_description":"L\u2019accent sera mis sur la recherche, la s\u00e9lection et l\u2019\u00e9valuation des traces. Dans un premier temps, un regard sera port\u00e9 sur le fonctionnement du cerveau et les m\u00e9canismes de traitement de l\u2019information. Dans un deuxi\u00e8me temps, il s\u2019agira de discuter, dans le cadre d\u2019un \u00e9change commun, de m\u00e9thodes et d\u2019approches appropri\u00e9es pour r\u00e9duire efficacement les [&hellip;]","og_url":"https:\/\/www.he-arc.ch\/en\/agenda\/journee-de-formation-ermp-biais-verites-reconstruites\/","og_site_name":"Haute-Ecole Arc","article_modified_time":"2024-08-13T08:29:33+00:00","og_image":[{"width":2500,"height":1375,"url":"https:\/\/www.he-arc.ch\/wp-content\/uploads\/2021\/10\/Agenda-Conference-Colloque-Seminaire.jpg","type":"image\/jpeg"}],"twitter_card":"summary_large_image","twitter_misc":{"Est. reading time":"1 minute"},"schema":{"@context":"https:\/\/schema.org","@graph":[{"@type":"WebPage","@id":"https:\/\/www.he-arc.ch\/en\/agenda\/journee-de-formation-ermp-biais-verites-reconstruites\/","url":"https:\/\/www.he-arc.ch\/en\/agenda\/journee-de-formation-ermp-biais-verites-reconstruites\/","name":"Journ\u00e9e de formation ERMP : Biais - V\u00e9rit\u00e9s (re)construites - Haute-Ecole Arc","isPartOf":{"@id":"https:\/\/www.he-arc.ch\/en\/#website"},"primaryImageOfPage":{"@id":"https:\/\/www.he-arc.ch\/en\/agenda\/journee-de-formation-ermp-biais-verites-reconstruites\/#primaryimage"},"image":{"@id":"https:\/\/www.he-arc.ch\/en\/agenda\/journee-de-formation-ermp-biais-verites-reconstruites\/#primaryimage"},"thumbnailUrl":"https:\/\/www.he-arc.ch\/wp-content\/uploads\/2021\/10\/Agenda-Conference-Colloque-Seminaire.jpg","datePublished":"2024-05-07T14:59:53+00:00","dateModified":"2024-08-13T08:29:33+00:00","breadcrumb":{"@id":"https:\/\/www.he-arc.ch\/en\/agenda\/journee-de-formation-ermp-biais-verites-reconstruites\/#breadcrumb"},"inLanguage":"en-US","potentialAction":[{"@type":"ReadAction","target":["https:\/\/www.he-arc.ch\/en\/agenda\/journee-de-formation-ermp-biais-verites-reconstruites\/"]}]},{"@type":"ImageObject","inLanguage":"en-US","@id":"https:\/\/www.he-arc.ch\/en\/agenda\/journee-de-formation-ermp-biais-verites-reconstruites\/#primaryimage","url":"https:\/\/www.he-arc.ch\/wp-content\/uploads\/2021\/10\/Agenda-Conference-Colloque-Seminaire.jpg","contentUrl":"https:\/\/www.he-arc.ch\/wp-content\/uploads\/2021\/10\/Agenda-Conference-Colloque-Seminaire.jpg","width":2500,"height":1375,"caption":"Speaker face \u00e0 un public"},{"@type":"BreadcrumbList","@id":"https:\/\/www.he-arc.ch\/en\/agenda\/journee-de-formation-ermp-biais-verites-reconstruites\/#breadcrumb","itemListElement":[{"@type":"ListItem","position":1,"name":"Accueil","item":"https:\/\/www.he-arc.ch\/en\/"},{"@type":"ListItem","position":2,"name":"Events","item":"https:\/\/www.he-arc.ch\/en\/events\/"},{"@type":"ListItem","position":3,"name":"Journ\u00e9e de formation ERMP : Biais &#8211; V\u00e9rit\u00e9s (re)construites"}]},{"@type":"WebSite","@id":"https:\/\/www.he-arc.ch\/en\/#website","url":"https:\/\/www.he-arc.ch\/en\/","name":"Haute-Ecole Arc","description":"Haute \u00e9cole sp\u00e9cialis\u00e9e Suisse. Gestion, Ing\u00e9nierie, Sant\u00e9, Conservation-\u200brestauration.","publisher":{"@id":"https:\/\/www.he-arc.ch\/en\/#organization"},"potentialAction":[{"@type":"SearchAction","target":{"@type":"EntryPoint","urlTemplate":"https:\/\/www.he-arc.ch\/en\/?s={search_term_string}"},"query-input":{"@type":"PropertyValueSpecification","valueRequired":true,"valueName":"search_term_string"}}],"inLanguage":"en-US"},{"@type":"Organization","@id":"https:\/\/www.he-arc.ch\/en\/#organization","name":"Haute Ecole Arc","url":"https:\/\/www.he-arc.ch\/en\/","logo":{"@type":"ImageObject","inLanguage":"en-US","@id":"https:\/\/www.he-arc.ch\/en\/#\/schema\/logo\/image\/","url":"https:\/\/www.he-arc.ch\/wp-content\/uploads\/2022\/01\/logo-he-arc.svg","contentUrl":"https:\/\/www.he-arc.ch\/wp-content\/uploads\/2022\/01\/logo-he-arc.svg","width":140,"height":42,"caption":"Haute Ecole Arc"},"image":{"@id":"https:\/\/www.he-arc.ch\/en\/#\/schema\/logo\/image\/"}}]}},"_links":{"self":[{"href":"https:\/\/www.he-arc.ch\/en\/wp-json\/wp\/v2\/he-arc_event\/56950","targetHints":{"allow":["GET"]}}],"collection":[{"href":"https:\/\/www.he-arc.ch\/en\/wp-json\/wp\/v2\/he-arc_event"}],"about":[{"href":"https:\/\/www.he-arc.ch\/en\/wp-json\/wp\/v2\/types\/he-arc_event"}],"author":[{"embeddable":true,"href":"https:\/\/www.he-arc.ch\/en\/wp-json\/wp\/v2\/users\/12"}],"version-history":[{"count":4,"href":"https:\/\/www.he-arc.ch\/en\/wp-json\/wp\/v2\/he-arc_event\/56950\/revisions"}],"predecessor-version":[{"id":60746,"href":"https:\/\/www.he-arc.ch\/en\/wp-json\/wp\/v2\/he-arc_event\/56950\/revisions\/60746"}],"wp:featuredmedia":[{"embeddable":true,"href":"https:\/\/www.he-arc.ch\/en\/wp-json\/wp\/v2\/media\/5166"}],"wp:attachment":[{"href":"https:\/\/www.he-arc.ch\/en\/wp-json\/wp\/v2\/media?parent=56950"}],"wp:term":[{"taxonomy":"he-arc_domain","embeddable":true,"href":"https:\/\/www.he-arc.ch\/en\/wp-json\/wp\/v2\/he-arc_domain?post=56950"},{"taxonomy":"he-arc_event_category","embeddable":true,"href":"https:\/\/www.he-arc.ch\/en\/wp-json\/wp\/v2\/he-arc_event_category?post=56950"}],"curies":[{"name":"wp","href":"https:\/\/api.w.org\/{rel}","templated":true}]}}