{"id":57016,"date":"2024-05-13T09:11:45","date_gmt":"2024-05-13T08:11:45","guid":{"rendered":"https:\/\/www.he-arc.ch\/?post_type=he-arc_event&#038;p=57016"},"modified":"2024-05-13T09:13:19","modified_gmt":"2024-05-13T08:13:19","slug":"19eme-journee-franco-suisse-veille-strategique-et-intelligence-economique","status":"publish","type":"he-arc_event","link":"https:\/\/www.he-arc.ch\/en\/agenda\/19eme-journee-franco-suisse-veille-strategique-et-intelligence-economique\/","title":{"rendered":"19\u00e8me journ\u00e9e franco-suisse &#8211; Veille strat\u00e9gique et Intelligence \u00e9conomique"},"content":{"rendered":"\n<p>Depuis maintenant plus de 18 mois, chacun.e d\u2019entre nous peut avoir acc\u00e8s aux outils d\u2019intelligence artificielle g\u00e9n\u00e9rative, qui ont commenc\u00e9 \u00e0 modifier nos pratiques de traitement et de recherche d\u2019information. Que ce soit les outils ChatGPT 3.0, 3.5, 4.0, Bard, Claude ou d\u2019autres, utilis\u00e9s directement ou via une API, quels sont les types d\u2019utilisation que l\u2019on peut en faire pour une veille efficace ? Et quelles en sont les implications pour les activit\u00e9s et les m\u00e9tiers de la veille?<\/p>\n\n\n\n<p>Cette journ\u00e9e permettra de comprendre r\u00e9ellement les apports de ces outils pour la veille, de voir comment les utiliser au mieux pour rendre sa veille la plus efficace possible, et d\u2019appr\u00e9hender \u00e9galement les risques et limites de ces outils.<\/p>\n\n\n\n<p>Elle s\u2019adresse aux responsables ainsi qu\u2019aux sp\u00e9cialistes de l\u2019intelligence \u00e9conomique, de la veille, de la data et de la strat\u00e9gie, dans toutes les organisations publiques, para-publiques ou priv\u00e9es.<\/p>\n\n\n\n<p><\/p>\n\n\n\n<ul class=\"wp-block-list\">\n<li><a href=\"https:\/\/www.he-arc.ch\/wp-content\/uploads\/2024\/05\/Flyer_JVeille_13.06.2024.pdf\">Programme <\/a><\/li>\n<\/ul>\n\n\n\n<ul class=\"wp-block-list\">\n<li><a href=\"https:\/\/infomaniak.events\/fr-ch\/conferences\/jveille-2024-veille-et-intelligence-artificielle-generative-les-bonnes-pratiques\/8Li4jIrCzI2AFhz2MhOXxo0wDTRO\">Inscription<\/a><\/li>\n<\/ul>\n\n\n\n<p><\/p>\n","protected":false},"author":12,"featured_media":5166,"template":"","he-arc_domain":[2],"he-arc_event_category":[16],"class_list":["post-57016","he-arc_event","type-he-arc_event","status-publish","has-post-thumbnail","hentry","he-arc_domain-gestion","he-arc_event_category-seminaire-conference"],"acf":[],"yoast_head":"<!-- This site is optimized with the Yoast SEO plugin v26.6 - https:\/\/yoast.com\/wordpress\/plugins\/seo\/ -->\n<title>19\u00e8me journ\u00e9e franco-suisse - Veille strat\u00e9gique et Intelligence \u00e9conomique - Haute-Ecole Arc<\/title>\n<meta name=\"robots\" content=\"index, follow, max-snippet:-1, max-image-preview:large, max-video-preview:-1\" \/>\n<link rel=\"canonical\" href=\"https:\/\/www.he-arc.ch\/en\/agenda\/19eme-journee-franco-suisse-veille-strategique-et-intelligence-economique\/\" \/>\n<meta property=\"og:locale\" content=\"en_US\" \/>\n<meta property=\"og:type\" content=\"article\" \/>\n<meta property=\"og:title\" content=\"19\u00e8me journ\u00e9e franco-suisse - Veille strat\u00e9gique et Intelligence \u00e9conomique - Haute-Ecole Arc\" \/>\n<meta property=\"og:description\" content=\"Depuis maintenant plus de 18 mois, chacun.e d\u2019entre nous peut avoir acc\u00e8s aux outils d\u2019intelligence artificielle g\u00e9n\u00e9rative, qui ont commenc\u00e9 \u00e0 modifier nos pratiques de traitement et de recherche d\u2019information. Que ce soit les outils ChatGPT 3.0, 3.5, 4.0, Bard, Claude ou d\u2019autres, utilis\u00e9s directement ou via une API, quels sont les types d\u2019utilisation que [&hellip;]\" \/>\n<meta property=\"og:url\" content=\"https:\/\/www.he-arc.ch\/en\/agenda\/19eme-journee-franco-suisse-veille-strategique-et-intelligence-economique\/\" \/>\n<meta property=\"og:site_name\" content=\"Haute-Ecole Arc\" \/>\n<meta property=\"article:modified_time\" content=\"2024-05-13T08:13:19+00:00\" \/>\n<meta property=\"og:image\" content=\"https:\/\/www.he-arc.ch\/wp-content\/uploads\/2021\/10\/Agenda-Conference-Colloque-Seminaire.jpg\" \/>\n\t<meta property=\"og:image:width\" content=\"2500\" \/>\n\t<meta property=\"og:image:height\" content=\"1375\" \/>\n\t<meta property=\"og:image:type\" content=\"image\/jpeg\" \/>\n<meta name=\"twitter:card\" content=\"summary_large_image\" \/>\n<meta name=\"twitter:label1\" content=\"Est. reading time\" \/>\n\t<meta name=\"twitter:data1\" content=\"1 minute\" \/>\n<script type=\"application\/ld+json\" class=\"yoast-schema-graph\">{\"@context\":\"https:\/\/schema.org\",\"@graph\":[{\"@type\":\"WebPage\",\"@id\":\"https:\/\/www.he-arc.ch\/en\/agenda\/19eme-journee-franco-suisse-veille-strategique-et-intelligence-economique\/\",\"url\":\"https:\/\/www.he-arc.ch\/en\/agenda\/19eme-journee-franco-suisse-veille-strategique-et-intelligence-economique\/\",\"name\":\"19\u00e8me journ\u00e9e franco-suisse - Veille strat\u00e9gique et Intelligence \u00e9conomique - Haute-Ecole Arc\",\"isPartOf\":{\"@id\":\"https:\/\/www.he-arc.ch\/en\/#website\"},\"primaryImageOfPage\":{\"@id\":\"https:\/\/www.he-arc.ch\/en\/agenda\/19eme-journee-franco-suisse-veille-strategique-et-intelligence-economique\/#primaryimage\"},\"image\":{\"@id\":\"https:\/\/www.he-arc.ch\/en\/agenda\/19eme-journee-franco-suisse-veille-strategique-et-intelligence-economique\/#primaryimage\"},\"thumbnailUrl\":\"https:\/\/www.he-arc.ch\/wp-content\/uploads\/2021\/10\/Agenda-Conference-Colloque-Seminaire.jpg\",\"datePublished\":\"2024-05-13T08:11:45+00:00\",\"dateModified\":\"2024-05-13T08:13:19+00:00\",\"breadcrumb\":{\"@id\":\"https:\/\/www.he-arc.ch\/en\/agenda\/19eme-journee-franco-suisse-veille-strategique-et-intelligence-economique\/#breadcrumb\"},\"inLanguage\":\"en-US\",\"potentialAction\":[{\"@type\":\"ReadAction\",\"target\":[\"https:\/\/www.he-arc.ch\/en\/agenda\/19eme-journee-franco-suisse-veille-strategique-et-intelligence-economique\/\"]}]},{\"@type\":\"ImageObject\",\"inLanguage\":\"en-US\",\"@id\":\"https:\/\/www.he-arc.ch\/en\/agenda\/19eme-journee-franco-suisse-veille-strategique-et-intelligence-economique\/#primaryimage\",\"url\":\"https:\/\/www.he-arc.ch\/wp-content\/uploads\/2021\/10\/Agenda-Conference-Colloque-Seminaire.jpg\",\"contentUrl\":\"https:\/\/www.he-arc.ch\/wp-content\/uploads\/2021\/10\/Agenda-Conference-Colloque-Seminaire.jpg\",\"width\":2500,\"height\":1375,\"caption\":\"Speaker face \u00e0 un public\"},{\"@type\":\"BreadcrumbList\",\"@id\":\"https:\/\/www.he-arc.ch\/en\/agenda\/19eme-journee-franco-suisse-veille-strategique-et-intelligence-economique\/#breadcrumb\",\"itemListElement\":[{\"@type\":\"ListItem\",\"position\":1,\"name\":\"Accueil\",\"item\":\"https:\/\/www.he-arc.ch\/en\/\"},{\"@type\":\"ListItem\",\"position\":2,\"name\":\"Events\",\"item\":\"https:\/\/www.he-arc.ch\/en\/events\/\"},{\"@type\":\"ListItem\",\"position\":3,\"name\":\"19\u00e8me journ\u00e9e franco-suisse &#8211; Veille strat\u00e9gique et Intelligence \u00e9conomique\"}]},{\"@type\":\"WebSite\",\"@id\":\"https:\/\/www.he-arc.ch\/en\/#website\",\"url\":\"https:\/\/www.he-arc.ch\/en\/\",\"name\":\"Haute-Ecole Arc\",\"description\":\"Haute \u00e9cole sp\u00e9cialis\u00e9e Suisse. Gestion, Ing\u00e9nierie, Sant\u00e9, Conservation-\u200brestauration.\",\"publisher\":{\"@id\":\"https:\/\/www.he-arc.ch\/en\/#organization\"},\"potentialAction\":[{\"@type\":\"SearchAction\",\"target\":{\"@type\":\"EntryPoint\",\"urlTemplate\":\"https:\/\/www.he-arc.ch\/en\/?s={search_term_string}\"},\"query-input\":{\"@type\":\"PropertyValueSpecification\",\"valueRequired\":true,\"valueName\":\"search_term_string\"}}],\"inLanguage\":\"en-US\"},{\"@type\":\"Organization\",\"@id\":\"https:\/\/www.he-arc.ch\/en\/#organization\",\"name\":\"Haute Ecole Arc\",\"url\":\"https:\/\/www.he-arc.ch\/en\/\",\"logo\":{\"@type\":\"ImageObject\",\"inLanguage\":\"en-US\",\"@id\":\"https:\/\/www.he-arc.ch\/en\/#\/schema\/logo\/image\/\",\"url\":\"https:\/\/www.he-arc.ch\/wp-content\/uploads\/2022\/01\/logo-he-arc.svg\",\"contentUrl\":\"https:\/\/www.he-arc.ch\/wp-content\/uploads\/2022\/01\/logo-he-arc.svg\",\"width\":140,\"height\":42,\"caption\":\"Haute Ecole Arc\"},\"image\":{\"@id\":\"https:\/\/www.he-arc.ch\/en\/#\/schema\/logo\/image\/\"}}]}<\/script>\n<!-- \/ Yoast SEO plugin. -->","yoast_head_json":{"title":"19\u00e8me journ\u00e9e franco-suisse - Veille strat\u00e9gique et Intelligence \u00e9conomique - Haute-Ecole Arc","robots":{"index":"index","follow":"follow","max-snippet":"max-snippet:-1","max-image-preview":"max-image-preview:large","max-video-preview":"max-video-preview:-1"},"canonical":"https:\/\/www.he-arc.ch\/en\/agenda\/19eme-journee-franco-suisse-veille-strategique-et-intelligence-economique\/","og_locale":"en_US","og_type":"article","og_title":"19\u00e8me journ\u00e9e franco-suisse - Veille strat\u00e9gique et Intelligence \u00e9conomique - Haute-Ecole Arc","og_description":"Depuis maintenant plus de 18 mois, chacun.e d\u2019entre nous peut avoir acc\u00e8s aux outils d\u2019intelligence artificielle g\u00e9n\u00e9rative, qui ont commenc\u00e9 \u00e0 modifier nos pratiques de traitement et de recherche d\u2019information. Que ce soit les outils ChatGPT 3.0, 3.5, 4.0, Bard, Claude ou d\u2019autres, utilis\u00e9s directement ou via une API, quels sont les types d\u2019utilisation que [&hellip;]","og_url":"https:\/\/www.he-arc.ch\/en\/agenda\/19eme-journee-franco-suisse-veille-strategique-et-intelligence-economique\/","og_site_name":"Haute-Ecole Arc","article_modified_time":"2024-05-13T08:13:19+00:00","og_image":[{"width":2500,"height":1375,"url":"https:\/\/www.he-arc.ch\/wp-content\/uploads\/2021\/10\/Agenda-Conference-Colloque-Seminaire.jpg","type":"image\/jpeg"}],"twitter_card":"summary_large_image","twitter_misc":{"Est. reading time":"1 minute"},"schema":{"@context":"https:\/\/schema.org","@graph":[{"@type":"WebPage","@id":"https:\/\/www.he-arc.ch\/en\/agenda\/19eme-journee-franco-suisse-veille-strategique-et-intelligence-economique\/","url":"https:\/\/www.he-arc.ch\/en\/agenda\/19eme-journee-franco-suisse-veille-strategique-et-intelligence-economique\/","name":"19\u00e8me journ\u00e9e franco-suisse - Veille strat\u00e9gique et Intelligence \u00e9conomique - Haute-Ecole Arc","isPartOf":{"@id":"https:\/\/www.he-arc.ch\/en\/#website"},"primaryImageOfPage":{"@id":"https:\/\/www.he-arc.ch\/en\/agenda\/19eme-journee-franco-suisse-veille-strategique-et-intelligence-economique\/#primaryimage"},"image":{"@id":"https:\/\/www.he-arc.ch\/en\/agenda\/19eme-journee-franco-suisse-veille-strategique-et-intelligence-economique\/#primaryimage"},"thumbnailUrl":"https:\/\/www.he-arc.ch\/wp-content\/uploads\/2021\/10\/Agenda-Conference-Colloque-Seminaire.jpg","datePublished":"2024-05-13T08:11:45+00:00","dateModified":"2024-05-13T08:13:19+00:00","breadcrumb":{"@id":"https:\/\/www.he-arc.ch\/en\/agenda\/19eme-journee-franco-suisse-veille-strategique-et-intelligence-economique\/#breadcrumb"},"inLanguage":"en-US","potentialAction":[{"@type":"ReadAction","target":["https:\/\/www.he-arc.ch\/en\/agenda\/19eme-journee-franco-suisse-veille-strategique-et-intelligence-economique\/"]}]},{"@type":"ImageObject","inLanguage":"en-US","@id":"https:\/\/www.he-arc.ch\/en\/agenda\/19eme-journee-franco-suisse-veille-strategique-et-intelligence-economique\/#primaryimage","url":"https:\/\/www.he-arc.ch\/wp-content\/uploads\/2021\/10\/Agenda-Conference-Colloque-Seminaire.jpg","contentUrl":"https:\/\/www.he-arc.ch\/wp-content\/uploads\/2021\/10\/Agenda-Conference-Colloque-Seminaire.jpg","width":2500,"height":1375,"caption":"Speaker face \u00e0 un public"},{"@type":"BreadcrumbList","@id":"https:\/\/www.he-arc.ch\/en\/agenda\/19eme-journee-franco-suisse-veille-strategique-et-intelligence-economique\/#breadcrumb","itemListElement":[{"@type":"ListItem","position":1,"name":"Accueil","item":"https:\/\/www.he-arc.ch\/en\/"},{"@type":"ListItem","position":2,"name":"Events","item":"https:\/\/www.he-arc.ch\/en\/events\/"},{"@type":"ListItem","position":3,"name":"19\u00e8me journ\u00e9e franco-suisse &#8211; Veille strat\u00e9gique et Intelligence \u00e9conomique"}]},{"@type":"WebSite","@id":"https:\/\/www.he-arc.ch\/en\/#website","url":"https:\/\/www.he-arc.ch\/en\/","name":"Haute-Ecole Arc","description":"Haute \u00e9cole sp\u00e9cialis\u00e9e Suisse. Gestion, Ing\u00e9nierie, Sant\u00e9, Conservation-\u200brestauration.","publisher":{"@id":"https:\/\/www.he-arc.ch\/en\/#organization"},"potentialAction":[{"@type":"SearchAction","target":{"@type":"EntryPoint","urlTemplate":"https:\/\/www.he-arc.ch\/en\/?s={search_term_string}"},"query-input":{"@type":"PropertyValueSpecification","valueRequired":true,"valueName":"search_term_string"}}],"inLanguage":"en-US"},{"@type":"Organization","@id":"https:\/\/www.he-arc.ch\/en\/#organization","name":"Haute Ecole Arc","url":"https:\/\/www.he-arc.ch\/en\/","logo":{"@type":"ImageObject","inLanguage":"en-US","@id":"https:\/\/www.he-arc.ch\/en\/#\/schema\/logo\/image\/","url":"https:\/\/www.he-arc.ch\/wp-content\/uploads\/2022\/01\/logo-he-arc.svg","contentUrl":"https:\/\/www.he-arc.ch\/wp-content\/uploads\/2022\/01\/logo-he-arc.svg","width":140,"height":42,"caption":"Haute Ecole Arc"},"image":{"@id":"https:\/\/www.he-arc.ch\/en\/#\/schema\/logo\/image\/"}}]}},"_links":{"self":[{"href":"https:\/\/www.he-arc.ch\/en\/wp-json\/wp\/v2\/he-arc_event\/57016","targetHints":{"allow":["GET"]}}],"collection":[{"href":"https:\/\/www.he-arc.ch\/en\/wp-json\/wp\/v2\/he-arc_event"}],"about":[{"href":"https:\/\/www.he-arc.ch\/en\/wp-json\/wp\/v2\/types\/he-arc_event"}],"author":[{"embeddable":true,"href":"https:\/\/www.he-arc.ch\/en\/wp-json\/wp\/v2\/users\/12"}],"version-history":[{"count":3,"href":"https:\/\/www.he-arc.ch\/en\/wp-json\/wp\/v2\/he-arc_event\/57016\/revisions"}],"predecessor-version":[{"id":57019,"href":"https:\/\/www.he-arc.ch\/en\/wp-json\/wp\/v2\/he-arc_event\/57016\/revisions\/57019"}],"wp:featuredmedia":[{"embeddable":true,"href":"https:\/\/www.he-arc.ch\/en\/wp-json\/wp\/v2\/media\/5166"}],"wp:attachment":[{"href":"https:\/\/www.he-arc.ch\/en\/wp-json\/wp\/v2\/media?parent=57016"}],"wp:term":[{"taxonomy":"he-arc_domain","embeddable":true,"href":"https:\/\/www.he-arc.ch\/en\/wp-json\/wp\/v2\/he-arc_domain?post=57016"},{"taxonomy":"he-arc_event_category","embeddable":true,"href":"https:\/\/www.he-arc.ch\/en\/wp-json\/wp\/v2\/he-arc_event_category?post=57016"}],"curies":[{"name":"wp","href":"https:\/\/api.w.org\/{rel}","templated":true}]}}