{"id":60622,"date":"2024-08-12T10:17:57","date_gmt":"2024-08-12T09:17:57","guid":{"rendered":"https:\/\/www.he-arc.ch\/?post_type=he-arc_event&#038;p=60622"},"modified":"2024-08-12T10:56:24","modified_gmt":"2024-08-12T09:56:24","slug":"conference-bien-etre-cognitif-au-travail-dans-les-metiers-dinterface-quelle-realite-chez-les-enseignant%c2%b7e%c2%b7s-et-chercheur%c2%b7se%c2%b7s","status":"publish","type":"he-arc_event","link":"https:\/\/www.he-arc.ch\/en\/agenda\/conference-bien-etre-cognitif-au-travail-dans-les-metiers-dinterface-quelle-realite-chez-les-enseignant%c2%b7e%c2%b7s-et-chercheur%c2%b7se%c2%b7s\/","title":{"rendered":"Conf\u00e9rence &#8211; Bien-\u00eatre cognitif au travail dans les m\u00e9tiers d\u2019interface : quelle r\u00e9alit\u00e9 chez les enseignant\u00b7e\u00b7s et chercheur\u00b7se\u00b7s ?"},"content":{"rendered":"\n<p>En nous appuyant sur des pratiques fond\u00e9es sur des preuves, nous visons \u00e0 proposer des lignes directrices pour promouvoir le bien-\u00eatre au travail parmi les enseignant\u00b7e\u00b7s. Nous explorerons \u00e9galement les parall\u00e8les avec d&#8217;autres m\u00e9tiers d&#8217;interface tels que la police, la sant\u00e9 et le secteur social.<\/p>\n\n\n\n<p>Cette conf\u00e9rence s&#8217;adresse aux:<\/p>\n\n\n\n<ul class=\"wp-block-list\">\n<li>enseignant\u00b7e\u00b7s et chercheur\u00b7se\u00b7s<\/li>\n\n\n\n<li>responsables et directeurs\u00b7trices d&#8217;\u00e9tablissement d&#8217;enseignement<\/li>\n\n\n\n<li>responsables de la formation continue et du d\u00e9veloppement professionnel<\/li>\n\n\n\n<li>charg\u00e9\u00b7e\u00b7s de mission bien-\u00eatre au travail<\/li>\n\n\n\n<li>chercheur\u00b7se\u00b7s en management, psychologie du travail, et \u00e9ducation<\/li>\n\n\n\n<li>consultant\u00b7e\u00b7s sp\u00e9cialis\u00e9\u00b7e\u00b7s en ressources humaines<\/li>\n\n\n\n<li>\u00e9tudiant\u00b7e\u00b7s en management, \u00e9ducation, ou psychologie du travail.<\/li>\n\n\n\n<li>toute personne souhaitant approfondir ses connaissances<\/li>\n<\/ul>\n\n\n\n<p><strong>Lieu:<\/strong><br>HEG &#8211; Haute \u00e9cole de gestion Arc<br>Espace de l\u2019Europe 21<br>2000 Neuch\u00e2tel<\/p>\n\n\n\n<p><\/p>\n\n\n\n<ul class=\"wp-block-list\">\n<li><a href=\"https:\/\/www.he-arc.ch\/wp-content\/uploads\/2024\/08\/GES-FLY240919-Conference-Bien-etre-cognitif-au-travail-dans-les-metiers-dinterface.pdf\" target=\"_blank\" rel=\"noreferrer noopener\">Flyer<\/a><\/li>\n\n\n\n<li><a href=\"https:\/\/jp-portal.gestion.he-arc.ch\/form\/114\" target=\"_blank\" rel=\"noreferrer noopener\">Inscription<\/a><\/li>\n\n\n\n<li><a href=\"mailto:armand.kouadio@he-arc.ch\">Contact<\/a><br><br><\/li>\n<\/ul>\n","protected":false},"author":46,"featured_media":60699,"template":"","he-arc_domain":[2],"he-arc_event_category":[16],"class_list":["post-60622","he-arc_event","type-he-arc_event","status-publish","has-post-thumbnail","hentry","he-arc_domain-gestion","he-arc_event_category-seminaire-conference"],"acf":[],"yoast_head":"<!-- This site is optimized with the Yoast SEO plugin v26.6 - https:\/\/yoast.com\/wordpress\/plugins\/seo\/ -->\n<title>Conf\u00e9rence - Bien-\u00eatre cognitif au travail dans les m\u00e9tiers d\u2019interface : quelle r\u00e9alit\u00e9 chez les enseignant\u00b7e\u00b7s et chercheur\u00b7se\u00b7s ? - Haute-Ecole Arc<\/title>\n<meta name=\"description\" content=\"Cette s\u00e9rie de Master Class vient combler le besoin exprim\u00e9 par les professionnel-le-s en outils de pointe pour un management plus efficace et efficient.\" \/>\n<meta name=\"robots\" content=\"index, follow, max-snippet:-1, max-image-preview:large, max-video-preview:-1\" \/>\n<link rel=\"canonical\" href=\"https:\/\/www.he-arc.ch\/en\/agenda\/conference-bien-etre-cognitif-au-travail-dans-les-metiers-dinterface-quelle-realite-chez-les-enseignant%c2%b7e%c2%b7s-et-chercheur%c2%b7se%c2%b7s\/\" \/>\n<meta property=\"og:locale\" content=\"en_US\" \/>\n<meta property=\"og:type\" content=\"article\" \/>\n<meta property=\"og:title\" content=\"Conf\u00e9rence - Bien-\u00eatre cognitif au travail dans les m\u00e9tiers d\u2019interface : quelle r\u00e9alit\u00e9 chez les enseignant\u00b7e\u00b7s et chercheur\u00b7se\u00b7s ? - Haute-Ecole Arc\" \/>\n<meta property=\"og:description\" content=\"Cette s\u00e9rie de Master Class vient combler le besoin exprim\u00e9 par les professionnel-le-s en outils de pointe pour un management plus efficace et efficient.\" \/>\n<meta property=\"og:url\" content=\"https:\/\/www.he-arc.ch\/en\/agenda\/conference-bien-etre-cognitif-au-travail-dans-les-metiers-dinterface-quelle-realite-chez-les-enseignant%c2%b7e%c2%b7s-et-chercheur%c2%b7se%c2%b7s\/\" \/>\n<meta property=\"og:site_name\" content=\"Haute-Ecole Arc\" \/>\n<meta property=\"article:modified_time\" content=\"2024-08-12T09:56:24+00:00\" \/>\n<meta property=\"og:image\" content=\"https:\/\/www.he-arc.ch\/wp-content\/uploads\/2024\/08\/ConferenceBienetreMetierInterface_AdobeStock_768049994-scaled.jpeg\" \/>\n\t<meta property=\"og:image:width\" content=\"2560\" \/>\n\t<meta property=\"og:image:height\" content=\"1435\" \/>\n\t<meta property=\"og:image:type\" content=\"image\/jpeg\" \/>\n<meta name=\"twitter:card\" content=\"summary_large_image\" \/>\n<meta name=\"twitter:label1\" content=\"Est. reading time\" \/>\n\t<meta name=\"twitter:data1\" content=\"1 minute\" \/>\n<script type=\"application\/ld+json\" class=\"yoast-schema-graph\">{\"@context\":\"https:\/\/schema.org\",\"@graph\":[{\"@type\":\"WebPage\",\"@id\":\"https:\/\/www.he-arc.ch\/en\/agenda\/conference-bien-etre-cognitif-au-travail-dans-les-metiers-dinterface-quelle-realite-chez-les-enseignant%c2%b7e%c2%b7s-et-chercheur%c2%b7se%c2%b7s\/\",\"url\":\"https:\/\/www.he-arc.ch\/en\/agenda\/conference-bien-etre-cognitif-au-travail-dans-les-metiers-dinterface-quelle-realite-chez-les-enseignant%c2%b7e%c2%b7s-et-chercheur%c2%b7se%c2%b7s\/\",\"name\":\"Conf\u00e9rence - Bien-\u00eatre cognitif au travail dans les m\u00e9tiers d\u2019interface : quelle r\u00e9alit\u00e9 chez les enseignant\u00b7e\u00b7s et chercheur\u00b7se\u00b7s ? - Haute-Ecole Arc\",\"isPartOf\":{\"@id\":\"https:\/\/www.he-arc.ch\/en\/#website\"},\"primaryImageOfPage\":{\"@id\":\"https:\/\/www.he-arc.ch\/en\/agenda\/conference-bien-etre-cognitif-au-travail-dans-les-metiers-dinterface-quelle-realite-chez-les-enseignant%c2%b7e%c2%b7s-et-chercheur%c2%b7se%c2%b7s\/#primaryimage\"},\"image\":{\"@id\":\"https:\/\/www.he-arc.ch\/en\/agenda\/conference-bien-etre-cognitif-au-travail-dans-les-metiers-dinterface-quelle-realite-chez-les-enseignant%c2%b7e%c2%b7s-et-chercheur%c2%b7se%c2%b7s\/#primaryimage\"},\"thumbnailUrl\":\"https:\/\/www.he-arc.ch\/wp-content\/uploads\/2024\/08\/ConferenceBienetreMetierInterface_AdobeStock_768049994-scaled.jpeg\",\"datePublished\":\"2024-08-12T09:17:57+00:00\",\"dateModified\":\"2024-08-12T09:56:24+00:00\",\"description\":\"Cette s\u00e9rie de Master Class vient combler le besoin exprim\u00e9 par les professionnel-le-s en outils de pointe pour un management plus efficace et efficient.\",\"breadcrumb\":{\"@id\":\"https:\/\/www.he-arc.ch\/en\/agenda\/conference-bien-etre-cognitif-au-travail-dans-les-metiers-dinterface-quelle-realite-chez-les-enseignant%c2%b7e%c2%b7s-et-chercheur%c2%b7se%c2%b7s\/#breadcrumb\"},\"inLanguage\":\"en-US\",\"potentialAction\":[{\"@type\":\"ReadAction\",\"target\":[\"https:\/\/www.he-arc.ch\/en\/agenda\/conference-bien-etre-cognitif-au-travail-dans-les-metiers-dinterface-quelle-realite-chez-les-enseignant%c2%b7e%c2%b7s-et-chercheur%c2%b7se%c2%b7s\/\"]}]},{\"@type\":\"ImageObject\",\"inLanguage\":\"en-US\",\"@id\":\"https:\/\/www.he-arc.ch\/en\/agenda\/conference-bien-etre-cognitif-au-travail-dans-les-metiers-dinterface-quelle-realite-chez-les-enseignant%c2%b7e%c2%b7s-et-chercheur%c2%b7se%c2%b7s\/#primaryimage\",\"url\":\"https:\/\/www.he-arc.ch\/wp-content\/uploads\/2024\/08\/ConferenceBienetreMetierInterface_AdobeStock_768049994-scaled.jpeg\",\"contentUrl\":\"https:\/\/www.he-arc.ch\/wp-content\/uploads\/2024\/08\/ConferenceBienetreMetierInterface_AdobeStock_768049994-scaled.jpeg\",\"width\":2560,\"height\":1435,\"caption\":\"Vector line design; human head profile and jigsaw puzzle; notion of cognitive psychology or psychotherapy; mental health; brain trouble; personality disorder Illustrations .\"},{\"@type\":\"BreadcrumbList\",\"@id\":\"https:\/\/www.he-arc.ch\/en\/agenda\/conference-bien-etre-cognitif-au-travail-dans-les-metiers-dinterface-quelle-realite-chez-les-enseignant%c2%b7e%c2%b7s-et-chercheur%c2%b7se%c2%b7s\/#breadcrumb\",\"itemListElement\":[{\"@type\":\"ListItem\",\"position\":1,\"name\":\"Accueil\",\"item\":\"https:\/\/www.he-arc.ch\/en\/\"},{\"@type\":\"ListItem\",\"position\":2,\"name\":\"Events\",\"item\":\"https:\/\/www.he-arc.ch\/en\/events\/\"},{\"@type\":\"ListItem\",\"position\":3,\"name\":\"Conf\u00e9rence &#8211; Bien-\u00eatre cognitif au travail dans les m\u00e9tiers d\u2019interface : quelle r\u00e9alit\u00e9 chez les enseignant\u00b7e\u00b7s et chercheur\u00b7se\u00b7s ?\"}]},{\"@type\":\"WebSite\",\"@id\":\"https:\/\/www.he-arc.ch\/en\/#website\",\"url\":\"https:\/\/www.he-arc.ch\/en\/\",\"name\":\"Haute-Ecole Arc\",\"description\":\"Haute \u00e9cole sp\u00e9cialis\u00e9e Suisse. Gestion, Ing\u00e9nierie, Sant\u00e9, Conservation-\u200brestauration.\",\"publisher\":{\"@id\":\"https:\/\/www.he-arc.ch\/en\/#organization\"},\"potentialAction\":[{\"@type\":\"SearchAction\",\"target\":{\"@type\":\"EntryPoint\",\"urlTemplate\":\"https:\/\/www.he-arc.ch\/en\/?s={search_term_string}\"},\"query-input\":{\"@type\":\"PropertyValueSpecification\",\"valueRequired\":true,\"valueName\":\"search_term_string\"}}],\"inLanguage\":\"en-US\"},{\"@type\":\"Organization\",\"@id\":\"https:\/\/www.he-arc.ch\/en\/#organization\",\"name\":\"Haute Ecole Arc\",\"url\":\"https:\/\/www.he-arc.ch\/en\/\",\"logo\":{\"@type\":\"ImageObject\",\"inLanguage\":\"en-US\",\"@id\":\"https:\/\/www.he-arc.ch\/en\/#\/schema\/logo\/image\/\",\"url\":\"https:\/\/www.he-arc.ch\/wp-content\/uploads\/2022\/01\/logo-he-arc.svg\",\"contentUrl\":\"https:\/\/www.he-arc.ch\/wp-content\/uploads\/2022\/01\/logo-he-arc.svg\",\"width\":140,\"height\":42,\"caption\":\"Haute Ecole Arc\"},\"image\":{\"@id\":\"https:\/\/www.he-arc.ch\/en\/#\/schema\/logo\/image\/\"}}]}<\/script>\n<!-- \/ Yoast SEO plugin. -->","yoast_head_json":{"title":"Conf\u00e9rence - Bien-\u00eatre cognitif au travail dans les m\u00e9tiers d\u2019interface : quelle r\u00e9alit\u00e9 chez les enseignant\u00b7e\u00b7s et chercheur\u00b7se\u00b7s ? - Haute-Ecole Arc","description":"Cette s\u00e9rie de Master Class vient combler le besoin exprim\u00e9 par les professionnel-le-s en outils de pointe pour un management plus efficace et efficient.","robots":{"index":"index","follow":"follow","max-snippet":"max-snippet:-1","max-image-preview":"max-image-preview:large","max-video-preview":"max-video-preview:-1"},"canonical":"https:\/\/www.he-arc.ch\/en\/agenda\/conference-bien-etre-cognitif-au-travail-dans-les-metiers-dinterface-quelle-realite-chez-les-enseignant%c2%b7e%c2%b7s-et-chercheur%c2%b7se%c2%b7s\/","og_locale":"en_US","og_type":"article","og_title":"Conf\u00e9rence - Bien-\u00eatre cognitif au travail dans les m\u00e9tiers d\u2019interface : quelle r\u00e9alit\u00e9 chez les enseignant\u00b7e\u00b7s et chercheur\u00b7se\u00b7s ? - Haute-Ecole Arc","og_description":"Cette s\u00e9rie de Master Class vient combler le besoin exprim\u00e9 par les professionnel-le-s en outils de pointe pour un management plus efficace et efficient.","og_url":"https:\/\/www.he-arc.ch\/en\/agenda\/conference-bien-etre-cognitif-au-travail-dans-les-metiers-dinterface-quelle-realite-chez-les-enseignant%c2%b7e%c2%b7s-et-chercheur%c2%b7se%c2%b7s\/","og_site_name":"Haute-Ecole Arc","article_modified_time":"2024-08-12T09:56:24+00:00","og_image":[{"width":2560,"height":1435,"url":"https:\/\/www.he-arc.ch\/wp-content\/uploads\/2024\/08\/ConferenceBienetreMetierInterface_AdobeStock_768049994-scaled.jpeg","type":"image\/jpeg"}],"twitter_card":"summary_large_image","twitter_misc":{"Est. reading time":"1 minute"},"schema":{"@context":"https:\/\/schema.org","@graph":[{"@type":"WebPage","@id":"https:\/\/www.he-arc.ch\/en\/agenda\/conference-bien-etre-cognitif-au-travail-dans-les-metiers-dinterface-quelle-realite-chez-les-enseignant%c2%b7e%c2%b7s-et-chercheur%c2%b7se%c2%b7s\/","url":"https:\/\/www.he-arc.ch\/en\/agenda\/conference-bien-etre-cognitif-au-travail-dans-les-metiers-dinterface-quelle-realite-chez-les-enseignant%c2%b7e%c2%b7s-et-chercheur%c2%b7se%c2%b7s\/","name":"Conf\u00e9rence - Bien-\u00eatre cognitif au travail dans les m\u00e9tiers d\u2019interface : quelle r\u00e9alit\u00e9 chez les enseignant\u00b7e\u00b7s et chercheur\u00b7se\u00b7s ? - Haute-Ecole Arc","isPartOf":{"@id":"https:\/\/www.he-arc.ch\/en\/#website"},"primaryImageOfPage":{"@id":"https:\/\/www.he-arc.ch\/en\/agenda\/conference-bien-etre-cognitif-au-travail-dans-les-metiers-dinterface-quelle-realite-chez-les-enseignant%c2%b7e%c2%b7s-et-chercheur%c2%b7se%c2%b7s\/#primaryimage"},"image":{"@id":"https:\/\/www.he-arc.ch\/en\/agenda\/conference-bien-etre-cognitif-au-travail-dans-les-metiers-dinterface-quelle-realite-chez-les-enseignant%c2%b7e%c2%b7s-et-chercheur%c2%b7se%c2%b7s\/#primaryimage"},"thumbnailUrl":"https:\/\/www.he-arc.ch\/wp-content\/uploads\/2024\/08\/ConferenceBienetreMetierInterface_AdobeStock_768049994-scaled.jpeg","datePublished":"2024-08-12T09:17:57+00:00","dateModified":"2024-08-12T09:56:24+00:00","description":"Cette s\u00e9rie de Master Class vient combler le besoin exprim\u00e9 par les professionnel-le-s en outils de pointe pour un management plus efficace et efficient.","breadcrumb":{"@id":"https:\/\/www.he-arc.ch\/en\/agenda\/conference-bien-etre-cognitif-au-travail-dans-les-metiers-dinterface-quelle-realite-chez-les-enseignant%c2%b7e%c2%b7s-et-chercheur%c2%b7se%c2%b7s\/#breadcrumb"},"inLanguage":"en-US","potentialAction":[{"@type":"ReadAction","target":["https:\/\/www.he-arc.ch\/en\/agenda\/conference-bien-etre-cognitif-au-travail-dans-les-metiers-dinterface-quelle-realite-chez-les-enseignant%c2%b7e%c2%b7s-et-chercheur%c2%b7se%c2%b7s\/"]}]},{"@type":"ImageObject","inLanguage":"en-US","@id":"https:\/\/www.he-arc.ch\/en\/agenda\/conference-bien-etre-cognitif-au-travail-dans-les-metiers-dinterface-quelle-realite-chez-les-enseignant%c2%b7e%c2%b7s-et-chercheur%c2%b7se%c2%b7s\/#primaryimage","url":"https:\/\/www.he-arc.ch\/wp-content\/uploads\/2024\/08\/ConferenceBienetreMetierInterface_AdobeStock_768049994-scaled.jpeg","contentUrl":"https:\/\/www.he-arc.ch\/wp-content\/uploads\/2024\/08\/ConferenceBienetreMetierInterface_AdobeStock_768049994-scaled.jpeg","width":2560,"height":1435,"caption":"Vector line design; human head profile and jigsaw puzzle; notion of cognitive psychology or psychotherapy; mental health; brain trouble; personality disorder Illustrations ."},{"@type":"BreadcrumbList","@id":"https:\/\/www.he-arc.ch\/en\/agenda\/conference-bien-etre-cognitif-au-travail-dans-les-metiers-dinterface-quelle-realite-chez-les-enseignant%c2%b7e%c2%b7s-et-chercheur%c2%b7se%c2%b7s\/#breadcrumb","itemListElement":[{"@type":"ListItem","position":1,"name":"Accueil","item":"https:\/\/www.he-arc.ch\/en\/"},{"@type":"ListItem","position":2,"name":"Events","item":"https:\/\/www.he-arc.ch\/en\/events\/"},{"@type":"ListItem","position":3,"name":"Conf\u00e9rence &#8211; Bien-\u00eatre cognitif au travail dans les m\u00e9tiers d\u2019interface : quelle r\u00e9alit\u00e9 chez les enseignant\u00b7e\u00b7s et chercheur\u00b7se\u00b7s ?"}]},{"@type":"WebSite","@id":"https:\/\/www.he-arc.ch\/en\/#website","url":"https:\/\/www.he-arc.ch\/en\/","name":"Haute-Ecole Arc","description":"Haute \u00e9cole sp\u00e9cialis\u00e9e Suisse. Gestion, Ing\u00e9nierie, Sant\u00e9, Conservation-\u200brestauration.","publisher":{"@id":"https:\/\/www.he-arc.ch\/en\/#organization"},"potentialAction":[{"@type":"SearchAction","target":{"@type":"EntryPoint","urlTemplate":"https:\/\/www.he-arc.ch\/en\/?s={search_term_string}"},"query-input":{"@type":"PropertyValueSpecification","valueRequired":true,"valueName":"search_term_string"}}],"inLanguage":"en-US"},{"@type":"Organization","@id":"https:\/\/www.he-arc.ch\/en\/#organization","name":"Haute Ecole Arc","url":"https:\/\/www.he-arc.ch\/en\/","logo":{"@type":"ImageObject","inLanguage":"en-US","@id":"https:\/\/www.he-arc.ch\/en\/#\/schema\/logo\/image\/","url":"https:\/\/www.he-arc.ch\/wp-content\/uploads\/2022\/01\/logo-he-arc.svg","contentUrl":"https:\/\/www.he-arc.ch\/wp-content\/uploads\/2022\/01\/logo-he-arc.svg","width":140,"height":42,"caption":"Haute Ecole Arc"},"image":{"@id":"https:\/\/www.he-arc.ch\/en\/#\/schema\/logo\/image\/"}}]}},"_links":{"self":[{"href":"https:\/\/www.he-arc.ch\/en\/wp-json\/wp\/v2\/he-arc_event\/60622","targetHints":{"allow":["GET"]}}],"collection":[{"href":"https:\/\/www.he-arc.ch\/en\/wp-json\/wp\/v2\/he-arc_event"}],"about":[{"href":"https:\/\/www.he-arc.ch\/en\/wp-json\/wp\/v2\/types\/he-arc_event"}],"author":[{"embeddable":true,"href":"https:\/\/www.he-arc.ch\/en\/wp-json\/wp\/v2\/users\/46"}],"version-history":[{"count":6,"href":"https:\/\/www.he-arc.ch\/en\/wp-json\/wp\/v2\/he-arc_event\/60622\/revisions"}],"predecessor-version":[{"id":60703,"href":"https:\/\/www.he-arc.ch\/en\/wp-json\/wp\/v2\/he-arc_event\/60622\/revisions\/60703"}],"wp:featuredmedia":[{"embeddable":true,"href":"https:\/\/www.he-arc.ch\/en\/wp-json\/wp\/v2\/media\/60699"}],"wp:attachment":[{"href":"https:\/\/www.he-arc.ch\/en\/wp-json\/wp\/v2\/media?parent=60622"}],"wp:term":[{"taxonomy":"he-arc_domain","embeddable":true,"href":"https:\/\/www.he-arc.ch\/en\/wp-json\/wp\/v2\/he-arc_domain?post=60622"},{"taxonomy":"he-arc_event_category","embeddable":true,"href":"https:\/\/www.he-arc.ch\/en\/wp-json\/wp\/v2\/he-arc_event_category?post=60622"}],"curies":[{"name":"wp","href":"https:\/\/api.w.org\/{rel}","templated":true}]}}