{"id":65760,"date":"2025-02-25T11:15:59","date_gmt":"2025-02-25T10:15:59","guid":{"rendered":"https:\/\/www.he-arc.ch\/?post_type=he-arc_event&#038;p=65760"},"modified":"2025-02-25T11:37:44","modified_gmt":"2025-02-25T10:37:44","slug":"masterclass-rh-management-maitriser-le-management-agile","status":"publish","type":"he-arc_event","link":"https:\/\/www.he-arc.ch\/en\/agenda\/masterclass-rh-management-maitriser-le-management-agile\/","title":{"rendered":"MasterClass RH &amp; Management &#8211; Ma\u00eetriser le management agile"},"content":{"rendered":"\n<p>Lors de ce s\u00e9minaire, <strong>Monsieur Fr\u00e9d\u00e9ric Bracher, Chief Operating Officer HR chez Swisscom<\/strong>, parlera de son exp\u00e9rience. Il pr\u00e9sentera \u00e9galement diff\u00e9rents aspects de l&#8217;agilit\u00e9 et partagera des outils pratiques et des recommandations. <\/p>\n\n\n\n<p>L&#8217;enseignement s&#8217;adresse \u00e0 un public qui souhaite comprendre le r\u00f4le central d&#8217;un manager agile au sein des entreprises et organisations. En particulier, les th\u00e8mes suivants seront discut\u00e9s:<\/p>\n\n\n\n<ul class=\"wp-block-list\">\n<li>La compr\u00e9hension du concept et la philosophie de l&#8217;agilit\u00e9<\/li>\n\n\n\n<li>L&#8217;\u00e9volution agile de la fonction RH et sa contribution \u00e0 la transformation de l&#8217;entreprise<\/li>\n\n\n\n<li>Des outils et des m\u00e9thodes concr\u00e8tes \u00e0 mettre en \u0153uvre de mani\u00e8re simple et rapide<\/li>\n\n\n\n<li>L&#8217;\u00e9laboration d&#8217;un plan individuel d&#8217;actions<\/li>\n<\/ul>\n\n\n\n<p>HEG &#8211; Haute \u00e9cole de gestion Arc<br>Espace de l\u2019Europe 21<br>2000 Neuch\u00e2tel<\/p>\n\n\n\n<ul class=\"wp-block-list\">\n<li><a href=\"https:\/\/www.he-arc.ch\/wp-content\/uploads\/2025\/02\/GES-FLY250905-Masterclass-RH-Management-Management-Agile.pdf\" target=\"_blank\" rel=\"noreferrer noopener\">Flyer<\/a><\/li>\n\n\n\n<li><a href=\"https:\/\/jp-portal.gestion.he-arc.ch\/form\/148\" target=\"_blank\" rel=\"noreferrer noopener\">Inscription<\/a><\/li>\n\n\n\n<li><a href=\"mailto:atia.piresvieira@he-arc.ch\">Contact<\/a><\/li>\n<\/ul>\n","protected":false},"author":46,"featured_media":50182,"template":"","he-arc_domain":[2],"he-arc_event_category":[226],"class_list":["post-65760","he-arc_event","type-he-arc_event","status-publish","has-post-thumbnail","hentry","he-arc_domain-gestion","he-arc_event_category-masterclass"],"acf":[],"yoast_head":"<!-- This site is optimized with the Yoast SEO plugin v26.6 - https:\/\/yoast.com\/wordpress\/plugins\/seo\/ -->\n<title>MasterClass RH &amp; Management - Ma\u00eetriser le management agile - Haute-Ecole Arc<\/title>\n<meta name=\"description\" content=\"Cette s\u00e9rie de MasterClass vient combler le besoin exprim\u00e9 par les professionnel-le-s en outils de pointe pour un management plus efficace et efficient.\" \/>\n<meta name=\"robots\" content=\"index, follow, max-snippet:-1, max-image-preview:large, max-video-preview:-1\" \/>\n<link rel=\"canonical\" href=\"https:\/\/www.he-arc.ch\/en\/agenda\/masterclass-rh-management-maitriser-le-management-agile\/\" \/>\n<meta property=\"og:locale\" content=\"en_US\" \/>\n<meta property=\"og:type\" content=\"article\" \/>\n<meta property=\"og:title\" content=\"MasterClass RH &amp; Management - Ma\u00eetriser le management agile - Haute-Ecole Arc\" \/>\n<meta property=\"og:description\" content=\"Cette s\u00e9rie de MasterClass vient combler le besoin exprim\u00e9 par les professionnel-le-s en outils de pointe pour un management plus efficace et efficient.\" \/>\n<meta property=\"og:url\" content=\"https:\/\/www.he-arc.ch\/en\/agenda\/masterclass-rh-management-maitriser-le-management-agile\/\" \/>\n<meta property=\"og:site_name\" content=\"Haute-Ecole Arc\" \/>\n<meta property=\"article:modified_time\" content=\"2025-02-25T10:37:44+00:00\" \/>\n<meta property=\"og:image\" content=\"https:\/\/www.he-arc.ch\/wp-content\/uploads\/2023\/10\/GES-IMG000000-Shuffle-arrows-aleatoire-dreamstime_xl_174843066-scaled.jpg\" \/>\n\t<meta property=\"og:image:width\" content=\"2560\" \/>\n\t<meta property=\"og:image:height\" content=\"2560\" \/>\n\t<meta property=\"og:image:type\" content=\"image\/jpeg\" \/>\n<meta name=\"twitter:card\" content=\"summary_large_image\" \/>\n<meta name=\"twitter:label1\" content=\"Est. reading time\" \/>\n\t<meta name=\"twitter:data1\" content=\"1 minute\" \/>\n<script type=\"application\/ld+json\" class=\"yoast-schema-graph\">{\"@context\":\"https:\/\/schema.org\",\"@graph\":[{\"@type\":\"WebPage\",\"@id\":\"https:\/\/www.he-arc.ch\/en\/agenda\/masterclass-rh-management-maitriser-le-management-agile\/\",\"url\":\"https:\/\/www.he-arc.ch\/en\/agenda\/masterclass-rh-management-maitriser-le-management-agile\/\",\"name\":\"MasterClass RH &amp; Management - Ma\u00eetriser le management agile - Haute-Ecole Arc\",\"isPartOf\":{\"@id\":\"https:\/\/www.he-arc.ch\/en\/#website\"},\"primaryImageOfPage\":{\"@id\":\"https:\/\/www.he-arc.ch\/en\/agenda\/masterclass-rh-management-maitriser-le-management-agile\/#primaryimage\"},\"image\":{\"@id\":\"https:\/\/www.he-arc.ch\/en\/agenda\/masterclass-rh-management-maitriser-le-management-agile\/#primaryimage\"},\"thumbnailUrl\":\"https:\/\/www.he-arc.ch\/wp-content\/uploads\/2023\/10\/GES-IMG000000-Shuffle-arrows-aleatoire-dreamstime_xl_174843066-scaled.jpg\",\"datePublished\":\"2025-02-25T10:15:59+00:00\",\"dateModified\":\"2025-02-25T10:37:44+00:00\",\"description\":\"Cette s\u00e9rie de MasterClass vient combler le besoin exprim\u00e9 par les professionnel-le-s en outils de pointe pour un management plus efficace et efficient.\",\"breadcrumb\":{\"@id\":\"https:\/\/www.he-arc.ch\/en\/agenda\/masterclass-rh-management-maitriser-le-management-agile\/#breadcrumb\"},\"inLanguage\":\"en-US\",\"potentialAction\":[{\"@type\":\"ReadAction\",\"target\":[\"https:\/\/www.he-arc.ch\/en\/agenda\/masterclass-rh-management-maitriser-le-management-agile\/\"]}]},{\"@type\":\"ImageObject\",\"inLanguage\":\"en-US\",\"@id\":\"https:\/\/www.he-arc.ch\/en\/agenda\/masterclass-rh-management-maitriser-le-management-agile\/#primaryimage\",\"url\":\"https:\/\/www.he-arc.ch\/wp-content\/uploads\/2023\/10\/GES-IMG000000-Shuffle-arrows-aleatoire-dreamstime_xl_174843066-scaled.jpg\",\"contentUrl\":\"https:\/\/www.he-arc.ch\/wp-content\/uploads\/2023\/10\/GES-IMG000000-Shuffle-arrows-aleatoire-dreamstime_xl_174843066-scaled.jpg\",\"width\":2560,\"height\":2560},{\"@type\":\"BreadcrumbList\",\"@id\":\"https:\/\/www.he-arc.ch\/en\/agenda\/masterclass-rh-management-maitriser-le-management-agile\/#breadcrumb\",\"itemListElement\":[{\"@type\":\"ListItem\",\"position\":1,\"name\":\"Accueil\",\"item\":\"https:\/\/www.he-arc.ch\/en\/\"},{\"@type\":\"ListItem\",\"position\":2,\"name\":\"Events\",\"item\":\"https:\/\/www.he-arc.ch\/en\/events\/\"},{\"@type\":\"ListItem\",\"position\":3,\"name\":\"MasterClass RH &amp; Management &#8211; Ma\u00eetriser le management agile\"}]},{\"@type\":\"WebSite\",\"@id\":\"https:\/\/www.he-arc.ch\/en\/#website\",\"url\":\"https:\/\/www.he-arc.ch\/en\/\",\"name\":\"Haute-Ecole Arc\",\"description\":\"Haute \u00e9cole sp\u00e9cialis\u00e9e Suisse. Gestion, Ing\u00e9nierie, Sant\u00e9, Conservation-\u200brestauration.\",\"publisher\":{\"@id\":\"https:\/\/www.he-arc.ch\/en\/#organization\"},\"potentialAction\":[{\"@type\":\"SearchAction\",\"target\":{\"@type\":\"EntryPoint\",\"urlTemplate\":\"https:\/\/www.he-arc.ch\/en\/?s={search_term_string}\"},\"query-input\":{\"@type\":\"PropertyValueSpecification\",\"valueRequired\":true,\"valueName\":\"search_term_string\"}}],\"inLanguage\":\"en-US\"},{\"@type\":\"Organization\",\"@id\":\"https:\/\/www.he-arc.ch\/en\/#organization\",\"name\":\"Haute Ecole Arc\",\"url\":\"https:\/\/www.he-arc.ch\/en\/\",\"logo\":{\"@type\":\"ImageObject\",\"inLanguage\":\"en-US\",\"@id\":\"https:\/\/www.he-arc.ch\/en\/#\/schema\/logo\/image\/\",\"url\":\"https:\/\/www.he-arc.ch\/wp-content\/uploads\/2022\/01\/logo-he-arc.svg\",\"contentUrl\":\"https:\/\/www.he-arc.ch\/wp-content\/uploads\/2022\/01\/logo-he-arc.svg\",\"width\":140,\"height\":42,\"caption\":\"Haute Ecole Arc\"},\"image\":{\"@id\":\"https:\/\/www.he-arc.ch\/en\/#\/schema\/logo\/image\/\"}}]}<\/script>\n<!-- \/ Yoast SEO plugin. -->","yoast_head_json":{"title":"MasterClass RH &amp; Management - Ma\u00eetriser le management agile - Haute-Ecole Arc","description":"Cette s\u00e9rie de MasterClass vient combler le besoin exprim\u00e9 par les professionnel-le-s en outils de pointe pour un management plus efficace et efficient.","robots":{"index":"index","follow":"follow","max-snippet":"max-snippet:-1","max-image-preview":"max-image-preview:large","max-video-preview":"max-video-preview:-1"},"canonical":"https:\/\/www.he-arc.ch\/en\/agenda\/masterclass-rh-management-maitriser-le-management-agile\/","og_locale":"en_US","og_type":"article","og_title":"MasterClass RH &amp; Management - Ma\u00eetriser le management agile - Haute-Ecole Arc","og_description":"Cette s\u00e9rie de MasterClass vient combler le besoin exprim\u00e9 par les professionnel-le-s en outils de pointe pour un management plus efficace et efficient.","og_url":"https:\/\/www.he-arc.ch\/en\/agenda\/masterclass-rh-management-maitriser-le-management-agile\/","og_site_name":"Haute-Ecole Arc","article_modified_time":"2025-02-25T10:37:44+00:00","og_image":[{"width":2560,"height":2560,"url":"https:\/\/www.he-arc.ch\/wp-content\/uploads\/2023\/10\/GES-IMG000000-Shuffle-arrows-aleatoire-dreamstime_xl_174843066-scaled.jpg","type":"image\/jpeg"}],"twitter_card":"summary_large_image","twitter_misc":{"Est. reading time":"1 minute"},"schema":{"@context":"https:\/\/schema.org","@graph":[{"@type":"WebPage","@id":"https:\/\/www.he-arc.ch\/en\/agenda\/masterclass-rh-management-maitriser-le-management-agile\/","url":"https:\/\/www.he-arc.ch\/en\/agenda\/masterclass-rh-management-maitriser-le-management-agile\/","name":"MasterClass RH &amp; Management - Ma\u00eetriser le management agile - Haute-Ecole Arc","isPartOf":{"@id":"https:\/\/www.he-arc.ch\/en\/#website"},"primaryImageOfPage":{"@id":"https:\/\/www.he-arc.ch\/en\/agenda\/masterclass-rh-management-maitriser-le-management-agile\/#primaryimage"},"image":{"@id":"https:\/\/www.he-arc.ch\/en\/agenda\/masterclass-rh-management-maitriser-le-management-agile\/#primaryimage"},"thumbnailUrl":"https:\/\/www.he-arc.ch\/wp-content\/uploads\/2023\/10\/GES-IMG000000-Shuffle-arrows-aleatoire-dreamstime_xl_174843066-scaled.jpg","datePublished":"2025-02-25T10:15:59+00:00","dateModified":"2025-02-25T10:37:44+00:00","description":"Cette s\u00e9rie de MasterClass vient combler le besoin exprim\u00e9 par les professionnel-le-s en outils de pointe pour un management plus efficace et efficient.","breadcrumb":{"@id":"https:\/\/www.he-arc.ch\/en\/agenda\/masterclass-rh-management-maitriser-le-management-agile\/#breadcrumb"},"inLanguage":"en-US","potentialAction":[{"@type":"ReadAction","target":["https:\/\/www.he-arc.ch\/en\/agenda\/masterclass-rh-management-maitriser-le-management-agile\/"]}]},{"@type":"ImageObject","inLanguage":"en-US","@id":"https:\/\/www.he-arc.ch\/en\/agenda\/masterclass-rh-management-maitriser-le-management-agile\/#primaryimage","url":"https:\/\/www.he-arc.ch\/wp-content\/uploads\/2023\/10\/GES-IMG000000-Shuffle-arrows-aleatoire-dreamstime_xl_174843066-scaled.jpg","contentUrl":"https:\/\/www.he-arc.ch\/wp-content\/uploads\/2023\/10\/GES-IMG000000-Shuffle-arrows-aleatoire-dreamstime_xl_174843066-scaled.jpg","width":2560,"height":2560},{"@type":"BreadcrumbList","@id":"https:\/\/www.he-arc.ch\/en\/agenda\/masterclass-rh-management-maitriser-le-management-agile\/#breadcrumb","itemListElement":[{"@type":"ListItem","position":1,"name":"Accueil","item":"https:\/\/www.he-arc.ch\/en\/"},{"@type":"ListItem","position":2,"name":"Events","item":"https:\/\/www.he-arc.ch\/en\/events\/"},{"@type":"ListItem","position":3,"name":"MasterClass RH &amp; Management &#8211; Ma\u00eetriser le management agile"}]},{"@type":"WebSite","@id":"https:\/\/www.he-arc.ch\/en\/#website","url":"https:\/\/www.he-arc.ch\/en\/","name":"Haute-Ecole Arc","description":"Haute \u00e9cole sp\u00e9cialis\u00e9e Suisse. Gestion, Ing\u00e9nierie, Sant\u00e9, Conservation-\u200brestauration.","publisher":{"@id":"https:\/\/www.he-arc.ch\/en\/#organization"},"potentialAction":[{"@type":"SearchAction","target":{"@type":"EntryPoint","urlTemplate":"https:\/\/www.he-arc.ch\/en\/?s={search_term_string}"},"query-input":{"@type":"PropertyValueSpecification","valueRequired":true,"valueName":"search_term_string"}}],"inLanguage":"en-US"},{"@type":"Organization","@id":"https:\/\/www.he-arc.ch\/en\/#organization","name":"Haute Ecole Arc","url":"https:\/\/www.he-arc.ch\/en\/","logo":{"@type":"ImageObject","inLanguage":"en-US","@id":"https:\/\/www.he-arc.ch\/en\/#\/schema\/logo\/image\/","url":"https:\/\/www.he-arc.ch\/wp-content\/uploads\/2022\/01\/logo-he-arc.svg","contentUrl":"https:\/\/www.he-arc.ch\/wp-content\/uploads\/2022\/01\/logo-he-arc.svg","width":140,"height":42,"caption":"Haute Ecole Arc"},"image":{"@id":"https:\/\/www.he-arc.ch\/en\/#\/schema\/logo\/image\/"}}]}},"_links":{"self":[{"href":"https:\/\/www.he-arc.ch\/en\/wp-json\/wp\/v2\/he-arc_event\/65760","targetHints":{"allow":["GET"]}}],"collection":[{"href":"https:\/\/www.he-arc.ch\/en\/wp-json\/wp\/v2\/he-arc_event"}],"about":[{"href":"https:\/\/www.he-arc.ch\/en\/wp-json\/wp\/v2\/types\/he-arc_event"}],"author":[{"embeddable":true,"href":"https:\/\/www.he-arc.ch\/en\/wp-json\/wp\/v2\/users\/46"}],"version-history":[{"count":3,"href":"https:\/\/www.he-arc.ch\/en\/wp-json\/wp\/v2\/he-arc_event\/65760\/revisions"}],"predecessor-version":[{"id":65763,"href":"https:\/\/www.he-arc.ch\/en\/wp-json\/wp\/v2\/he-arc_event\/65760\/revisions\/65763"}],"wp:featuredmedia":[{"embeddable":true,"href":"https:\/\/www.he-arc.ch\/en\/wp-json\/wp\/v2\/media\/50182"}],"wp:attachment":[{"href":"https:\/\/www.he-arc.ch\/en\/wp-json\/wp\/v2\/media?parent=65760"}],"wp:term":[{"taxonomy":"he-arc_domain","embeddable":true,"href":"https:\/\/www.he-arc.ch\/en\/wp-json\/wp\/v2\/he-arc_domain?post=65760"},{"taxonomy":"he-arc_event_category","embeddable":true,"href":"https:\/\/www.he-arc.ch\/en\/wp-json\/wp\/v2\/he-arc_event_category?post=65760"}],"curies":[{"name":"wp","href":"https:\/\/api.w.org\/{rel}","templated":true}]}}