{"id":66312,"date":"2025-04-08T17:12:28","date_gmt":"2025-04-08T15:12:28","guid":{"rendered":"https:\/\/www.he-arc.ch\/?post_type=he-arc_event&#038;p=66312"},"modified":"2025-04-08T17:16:18","modified_gmt":"2025-04-08T15:16:18","slug":"20eme-journee-franco-suisse-veille-strategique-et-intelligence-economique","status":"publish","type":"he-arc_event","link":"https:\/\/www.he-arc.ch\/en\/agenda\/20eme-journee-franco-suisse-veille-strategique-et-intelligence-economique\/","title":{"rendered":"20\u00e8me journ\u00e9e franco-suisse &#8211; Veille strat\u00e9gique et Intelligence \u00e9conomique"},"content":{"rendered":"\n<p>La gestion de crise et des risques est indissociable de la veille strat\u00e9gique : une veille inefficace ou une absence de veille expose l\u2019organisation \u00e0 des crises impr\u00e9vues, \u00e0 un manque de r\u00e9activit\u00e9, pouvant nuire gravement \u00e0 sa r\u00e9putation ou \u00e0 l\u2019ex\u00e9cution de ses activit\u00e9s. La capacit\u00e9 d&#8217;anticiper les risques reposera sur l\u2019identification de signaux forts ou faibles qui, lorsqu\u2019ils sont absents ou mal d\u00e9tect\u00e9s, plongent l\u2019organisation dans une incertitude. Si la veille aura permis d\u2019anticiper les sc\u00e9narios de crise, l\u2019organisation pourra agir avec m\u00e9thode ; sinon, elle devra r\u00e9agir dans l\u2019urgence avec des r\u00e9percussions potentiellement plus graves.<\/p>\n\n\n\n<p>Les conf\u00e9rencier\u00b7\u00e8re\u00b7s de cette 20\u00e8me JVeille sont des professionnel\u00b7le\u00b7s issu\u00b7e\u00b7s de diff\u00e9rents milieux \u00e9conomiques qui partageront leurs retours d\u2019exp\u00e9rience.<\/p>\n\n\n\n<h1 class=\"wp-block-heading\"><strong>Objectifs<\/strong><\/h1>\n\n\n\n<ul class=\"wp-block-list\">\n<li>d\u00e9montrer la n\u00e9cessit\u00e9 d&#8217;une veille informationnelle structur\u00e9e comme facteur clef de succ\u00e8s dans la prise de d\u00e9cision strat\u00e9gique ;<\/li>\n\n\n\n<li>illustrer la gestion de crise et des risques par des retours d&#8217;exp\u00e9rience d&#8217;organisations ;<\/li>\n\n\n\n<li>nouer des contacts et identifier des bonnes pratiques.<br><\/li>\n<\/ul>\n\n\n\n<h1 class=\"wp-block-heading\"><strong>Public cible<\/strong><\/h1>\n\n\n\n<ul class=\"wp-block-list\">\n<li>Chefs d&#8217;entreprise, Responsables d&#8217;organisations parapubliques, Chefs de service d&#8217;administrations publiques.<\/li>\n<\/ul>\n\n\n\n<ul class=\"wp-block-list\">\n<li>D\u00e9cideurs et sp\u00e9cialistes de la veille, de la strat\u00e9gie, du marketing, de la communication dans toutes les organisations publiques ou priv\u00e9es.<\/li>\n<\/ul>\n\n\n\n<ul class=\"wp-block-list\">\n<li>Gestionnaires des risques, charg\u00e9 de s\u00e9curit\u00e9<\/li>\n<\/ul>\n\n\n\n<p><\/p>\n\n\n\n<p><a href=\"https:\/\/www.he-arc.ch\/wp-content\/uploads\/2025\/04\/GES-FLY250626-jVeille.pdf\" target=\"_blank\" rel=\"noreferrer noopener\">Programme<\/a><\/p>\n\n\n\n<p><a href=\"https:\/\/jp-portal.gestion.he-arc.ch\/form\/167\" target=\"_blank\" rel=\"noreferrer noopener\">Inscription<\/a><\/p>\n\n\n\n<p><a href=\"mailto:catia.piresvieira@he-arc.ch\" target=\"_blank\" rel=\"noreferrer noopener\">Contact<\/a><\/p>\n\n\n\n<p><\/p>\n","protected":false},"author":12,"featured_media":66736,"template":"","he-arc_domain":[2],"he-arc_event_category":[16],"class_list":["post-66312","he-arc_event","type-he-arc_event","status-publish","has-post-thumbnail","hentry","he-arc_domain-gestion","he-arc_event_category-seminaire-conference"],"acf":[],"yoast_head":"<!-- This site is optimized with the Yoast SEO plugin v26.6 - https:\/\/yoast.com\/wordpress\/plugins\/seo\/ -->\n<title>20\u00e8me journ\u00e9e franco-suisse - Veille strat\u00e9gique et Intelligence \u00e9conomique - Haute-Ecole Arc<\/title>\n<meta name=\"robots\" content=\"index, follow, max-snippet:-1, max-image-preview:large, max-video-preview:-1\" \/>\n<link rel=\"canonical\" href=\"https:\/\/www.he-arc.ch\/en\/agenda\/20eme-journee-franco-suisse-veille-strategique-et-intelligence-economique\/\" \/>\n<meta property=\"og:locale\" content=\"en_US\" \/>\n<meta property=\"og:type\" content=\"article\" \/>\n<meta property=\"og:title\" content=\"20\u00e8me journ\u00e9e franco-suisse - Veille strat\u00e9gique et Intelligence \u00e9conomique - Haute-Ecole Arc\" \/>\n<meta property=\"og:description\" content=\"La gestion de crise et des risques est indissociable de la veille strat\u00e9gique : une veille inefficace ou une absence de veille expose l\u2019organisation \u00e0 des crises impr\u00e9vues, \u00e0 un manque de r\u00e9activit\u00e9, pouvant nuire gravement \u00e0 sa r\u00e9putation ou \u00e0 l\u2019ex\u00e9cution de ses activit\u00e9s. La capacit\u00e9 d&#8217;anticiper les risques reposera sur l\u2019identification de signaux [&hellip;]\" \/>\n<meta property=\"og:url\" content=\"https:\/\/www.he-arc.ch\/en\/agenda\/20eme-journee-franco-suisse-veille-strategique-et-intelligence-economique\/\" \/>\n<meta property=\"og:site_name\" content=\"Haute-Ecole Arc\" \/>\n<meta property=\"article:modified_time\" content=\"2025-04-08T15:16:18+00:00\" \/>\n<meta property=\"og:image\" content=\"https:\/\/www.he-arc.ch\/wp-content\/uploads\/2025\/03\/pexels-vlada-karpovich-7433878-scaled.jpg\" \/>\n\t<meta property=\"og:image:width\" content=\"2560\" \/>\n\t<meta property=\"og:image:height\" content=\"1707\" \/>\n\t<meta property=\"og:image:type\" content=\"image\/jpeg\" \/>\n<meta name=\"twitter:card\" content=\"summary_large_image\" \/>\n<meta name=\"twitter:label1\" content=\"Est. reading time\" \/>\n\t<meta name=\"twitter:data1\" content=\"2 minutes\" \/>\n<script type=\"application\/ld+json\" class=\"yoast-schema-graph\">{\"@context\":\"https:\/\/schema.org\",\"@graph\":[{\"@type\":\"WebPage\",\"@id\":\"https:\/\/www.he-arc.ch\/en\/agenda\/20eme-journee-franco-suisse-veille-strategique-et-intelligence-economique\/\",\"url\":\"https:\/\/www.he-arc.ch\/en\/agenda\/20eme-journee-franco-suisse-veille-strategique-et-intelligence-economique\/\",\"name\":\"20\u00e8me journ\u00e9e franco-suisse - Veille strat\u00e9gique et Intelligence \u00e9conomique - Haute-Ecole Arc\",\"isPartOf\":{\"@id\":\"https:\/\/www.he-arc.ch\/en\/#website\"},\"primaryImageOfPage\":{\"@id\":\"https:\/\/www.he-arc.ch\/en\/agenda\/20eme-journee-franco-suisse-veille-strategique-et-intelligence-economique\/#primaryimage\"},\"image\":{\"@id\":\"https:\/\/www.he-arc.ch\/en\/agenda\/20eme-journee-franco-suisse-veille-strategique-et-intelligence-economique\/#primaryimage\"},\"thumbnailUrl\":\"https:\/\/www.he-arc.ch\/wp-content\/uploads\/2025\/03\/pexels-vlada-karpovich-7433878-scaled.jpg\",\"datePublished\":\"2025-04-08T15:12:28+00:00\",\"dateModified\":\"2025-04-08T15:16:18+00:00\",\"breadcrumb\":{\"@id\":\"https:\/\/www.he-arc.ch\/en\/agenda\/20eme-journee-franco-suisse-veille-strategique-et-intelligence-economique\/#breadcrumb\"},\"inLanguage\":\"en-US\",\"potentialAction\":[{\"@type\":\"ReadAction\",\"target\":[\"https:\/\/www.he-arc.ch\/en\/agenda\/20eme-journee-franco-suisse-veille-strategique-et-intelligence-economique\/\"]}]},{\"@type\":\"ImageObject\",\"inLanguage\":\"en-US\",\"@id\":\"https:\/\/www.he-arc.ch\/en\/agenda\/20eme-journee-franco-suisse-veille-strategique-et-intelligence-economique\/#primaryimage\",\"url\":\"https:\/\/www.he-arc.ch\/wp-content\/uploads\/2025\/03\/pexels-vlada-karpovich-7433878-scaled.jpg\",\"contentUrl\":\"https:\/\/www.he-arc.ch\/wp-content\/uploads\/2025\/03\/pexels-vlada-karpovich-7433878-scaled.jpg\",\"width\":2560,\"height\":1707},{\"@type\":\"BreadcrumbList\",\"@id\":\"https:\/\/www.he-arc.ch\/en\/agenda\/20eme-journee-franco-suisse-veille-strategique-et-intelligence-economique\/#breadcrumb\",\"itemListElement\":[{\"@type\":\"ListItem\",\"position\":1,\"name\":\"Accueil\",\"item\":\"https:\/\/www.he-arc.ch\/en\/\"},{\"@type\":\"ListItem\",\"position\":2,\"name\":\"Events\",\"item\":\"https:\/\/www.he-arc.ch\/en\/events\/\"},{\"@type\":\"ListItem\",\"position\":3,\"name\":\"20\u00e8me journ\u00e9e franco-suisse &#8211; Veille strat\u00e9gique et Intelligence \u00e9conomique\"}]},{\"@type\":\"WebSite\",\"@id\":\"https:\/\/www.he-arc.ch\/en\/#website\",\"url\":\"https:\/\/www.he-arc.ch\/en\/\",\"name\":\"Haute-Ecole Arc\",\"description\":\"Haute \u00e9cole sp\u00e9cialis\u00e9e Suisse. Gestion, Ing\u00e9nierie, Sant\u00e9, Conservation-\u200brestauration.\",\"publisher\":{\"@id\":\"https:\/\/www.he-arc.ch\/en\/#organization\"},\"potentialAction\":[{\"@type\":\"SearchAction\",\"target\":{\"@type\":\"EntryPoint\",\"urlTemplate\":\"https:\/\/www.he-arc.ch\/en\/?s={search_term_string}\"},\"query-input\":{\"@type\":\"PropertyValueSpecification\",\"valueRequired\":true,\"valueName\":\"search_term_string\"}}],\"inLanguage\":\"en-US\"},{\"@type\":\"Organization\",\"@id\":\"https:\/\/www.he-arc.ch\/en\/#organization\",\"name\":\"Haute Ecole Arc\",\"url\":\"https:\/\/www.he-arc.ch\/en\/\",\"logo\":{\"@type\":\"ImageObject\",\"inLanguage\":\"en-US\",\"@id\":\"https:\/\/www.he-arc.ch\/en\/#\/schema\/logo\/image\/\",\"url\":\"https:\/\/www.he-arc.ch\/wp-content\/uploads\/2022\/01\/logo-he-arc.svg\",\"contentUrl\":\"https:\/\/www.he-arc.ch\/wp-content\/uploads\/2022\/01\/logo-he-arc.svg\",\"width\":140,\"height\":42,\"caption\":\"Haute Ecole Arc\"},\"image\":{\"@id\":\"https:\/\/www.he-arc.ch\/en\/#\/schema\/logo\/image\/\"}}]}<\/script>\n<!-- \/ Yoast SEO plugin. -->","yoast_head_json":{"title":"20\u00e8me journ\u00e9e franco-suisse - Veille strat\u00e9gique et Intelligence \u00e9conomique - Haute-Ecole Arc","robots":{"index":"index","follow":"follow","max-snippet":"max-snippet:-1","max-image-preview":"max-image-preview:large","max-video-preview":"max-video-preview:-1"},"canonical":"https:\/\/www.he-arc.ch\/en\/agenda\/20eme-journee-franco-suisse-veille-strategique-et-intelligence-economique\/","og_locale":"en_US","og_type":"article","og_title":"20\u00e8me journ\u00e9e franco-suisse - Veille strat\u00e9gique et Intelligence \u00e9conomique - Haute-Ecole Arc","og_description":"La gestion de crise et des risques est indissociable de la veille strat\u00e9gique : une veille inefficace ou une absence de veille expose l\u2019organisation \u00e0 des crises impr\u00e9vues, \u00e0 un manque de r\u00e9activit\u00e9, pouvant nuire gravement \u00e0 sa r\u00e9putation ou \u00e0 l\u2019ex\u00e9cution de ses activit\u00e9s. La capacit\u00e9 d&#8217;anticiper les risques reposera sur l\u2019identification de signaux [&hellip;]","og_url":"https:\/\/www.he-arc.ch\/en\/agenda\/20eme-journee-franco-suisse-veille-strategique-et-intelligence-economique\/","og_site_name":"Haute-Ecole Arc","article_modified_time":"2025-04-08T15:16:18+00:00","og_image":[{"width":2560,"height":1707,"url":"https:\/\/www.he-arc.ch\/wp-content\/uploads\/2025\/03\/pexels-vlada-karpovich-7433878-scaled.jpg","type":"image\/jpeg"}],"twitter_card":"summary_large_image","twitter_misc":{"Est. reading time":"2 minutes"},"schema":{"@context":"https:\/\/schema.org","@graph":[{"@type":"WebPage","@id":"https:\/\/www.he-arc.ch\/en\/agenda\/20eme-journee-franco-suisse-veille-strategique-et-intelligence-economique\/","url":"https:\/\/www.he-arc.ch\/en\/agenda\/20eme-journee-franco-suisse-veille-strategique-et-intelligence-economique\/","name":"20\u00e8me journ\u00e9e franco-suisse - Veille strat\u00e9gique et Intelligence \u00e9conomique - Haute-Ecole Arc","isPartOf":{"@id":"https:\/\/www.he-arc.ch\/en\/#website"},"primaryImageOfPage":{"@id":"https:\/\/www.he-arc.ch\/en\/agenda\/20eme-journee-franco-suisse-veille-strategique-et-intelligence-economique\/#primaryimage"},"image":{"@id":"https:\/\/www.he-arc.ch\/en\/agenda\/20eme-journee-franco-suisse-veille-strategique-et-intelligence-economique\/#primaryimage"},"thumbnailUrl":"https:\/\/www.he-arc.ch\/wp-content\/uploads\/2025\/03\/pexels-vlada-karpovich-7433878-scaled.jpg","datePublished":"2025-04-08T15:12:28+00:00","dateModified":"2025-04-08T15:16:18+00:00","breadcrumb":{"@id":"https:\/\/www.he-arc.ch\/en\/agenda\/20eme-journee-franco-suisse-veille-strategique-et-intelligence-economique\/#breadcrumb"},"inLanguage":"en-US","potentialAction":[{"@type":"ReadAction","target":["https:\/\/www.he-arc.ch\/en\/agenda\/20eme-journee-franco-suisse-veille-strategique-et-intelligence-economique\/"]}]},{"@type":"ImageObject","inLanguage":"en-US","@id":"https:\/\/www.he-arc.ch\/en\/agenda\/20eme-journee-franco-suisse-veille-strategique-et-intelligence-economique\/#primaryimage","url":"https:\/\/www.he-arc.ch\/wp-content\/uploads\/2025\/03\/pexels-vlada-karpovich-7433878-scaled.jpg","contentUrl":"https:\/\/www.he-arc.ch\/wp-content\/uploads\/2025\/03\/pexels-vlada-karpovich-7433878-scaled.jpg","width":2560,"height":1707},{"@type":"BreadcrumbList","@id":"https:\/\/www.he-arc.ch\/en\/agenda\/20eme-journee-franco-suisse-veille-strategique-et-intelligence-economique\/#breadcrumb","itemListElement":[{"@type":"ListItem","position":1,"name":"Accueil","item":"https:\/\/www.he-arc.ch\/en\/"},{"@type":"ListItem","position":2,"name":"Events","item":"https:\/\/www.he-arc.ch\/en\/events\/"},{"@type":"ListItem","position":3,"name":"20\u00e8me journ\u00e9e franco-suisse &#8211; Veille strat\u00e9gique et Intelligence \u00e9conomique"}]},{"@type":"WebSite","@id":"https:\/\/www.he-arc.ch\/en\/#website","url":"https:\/\/www.he-arc.ch\/en\/","name":"Haute-Ecole Arc","description":"Haute \u00e9cole sp\u00e9cialis\u00e9e Suisse. Gestion, Ing\u00e9nierie, Sant\u00e9, Conservation-\u200brestauration.","publisher":{"@id":"https:\/\/www.he-arc.ch\/en\/#organization"},"potentialAction":[{"@type":"SearchAction","target":{"@type":"EntryPoint","urlTemplate":"https:\/\/www.he-arc.ch\/en\/?s={search_term_string}"},"query-input":{"@type":"PropertyValueSpecification","valueRequired":true,"valueName":"search_term_string"}}],"inLanguage":"en-US"},{"@type":"Organization","@id":"https:\/\/www.he-arc.ch\/en\/#organization","name":"Haute Ecole Arc","url":"https:\/\/www.he-arc.ch\/en\/","logo":{"@type":"ImageObject","inLanguage":"en-US","@id":"https:\/\/www.he-arc.ch\/en\/#\/schema\/logo\/image\/","url":"https:\/\/www.he-arc.ch\/wp-content\/uploads\/2022\/01\/logo-he-arc.svg","contentUrl":"https:\/\/www.he-arc.ch\/wp-content\/uploads\/2022\/01\/logo-he-arc.svg","width":140,"height":42,"caption":"Haute Ecole Arc"},"image":{"@id":"https:\/\/www.he-arc.ch\/en\/#\/schema\/logo\/image\/"}}]}},"_links":{"self":[{"href":"https:\/\/www.he-arc.ch\/en\/wp-json\/wp\/v2\/he-arc_event\/66312","targetHints":{"allow":["GET"]}}],"collection":[{"href":"https:\/\/www.he-arc.ch\/en\/wp-json\/wp\/v2\/he-arc_event"}],"about":[{"href":"https:\/\/www.he-arc.ch\/en\/wp-json\/wp\/v2\/types\/he-arc_event"}],"author":[{"embeddable":true,"href":"https:\/\/www.he-arc.ch\/en\/wp-json\/wp\/v2\/users\/12"}],"version-history":[{"count":4,"href":"https:\/\/www.he-arc.ch\/en\/wp-json\/wp\/v2\/he-arc_event\/66312\/revisions"}],"predecessor-version":[{"id":66742,"href":"https:\/\/www.he-arc.ch\/en\/wp-json\/wp\/v2\/he-arc_event\/66312\/revisions\/66742"}],"wp:featuredmedia":[{"embeddable":true,"href":"https:\/\/www.he-arc.ch\/en\/wp-json\/wp\/v2\/media\/66736"}],"wp:attachment":[{"href":"https:\/\/www.he-arc.ch\/en\/wp-json\/wp\/v2\/media?parent=66312"}],"wp:term":[{"taxonomy":"he-arc_domain","embeddable":true,"href":"https:\/\/www.he-arc.ch\/en\/wp-json\/wp\/v2\/he-arc_domain?post=66312"},{"taxonomy":"he-arc_event_category","embeddable":true,"href":"https:\/\/www.he-arc.ch\/en\/wp-json\/wp\/v2\/he-arc_event_category?post=66312"}],"curies":[{"name":"wp","href":"https:\/\/api.w.org\/{rel}","templated":true}]}}