{"id":68994,"date":"2025-05-23T11:20:38","date_gmt":"2025-05-23T09:20:38","guid":{"rendered":"https:\/\/www.he-arc.ch\/?post_type=he-arc_event&#038;p=68994"},"modified":"2025-05-23T11:24:49","modified_gmt":"2025-05-23T09:24:49","slug":"conference-dis-siri-pourquoi-tu-parles-avec-une-voix-de-femme-les-biais-de-genre-dans-les-applications-numeriques-et-dans-lia","status":"publish","type":"he-arc_event","link":"https:\/\/www.he-arc.ch\/en\/agenda\/conference-dis-siri-pourquoi-tu-parles-avec-une-voix-de-femme-les-biais-de-genre-dans-les-applications-numeriques-et-dans-lia\/","title":{"rendered":"Conf\u00e9rence \u00abDIS SIRI, POURQUOI TU PARLES AVEC UNE VOIX DE FEMME ?\u00bb Les biais de genre dans les applications num\u00e9riques et dans l\u2019IA"},"content":{"rendered":"\n<p>Conf\u00e9rence de la Prof. Isabelle Collet &#8211; Responsable de l&#8217;\u00e9quipe G-RIRE : Genre, Rapports intersectionnels, Relation \u00e9ducative Pr\u00e9sidente de la commission &#8220;\u00c9galit\u00e9&#8221; de la Facult\u00e9 de psychologie et de sciences de l&#8217;\u00e9ducation Universit\u00e9 de Gen\u00e8ve.<\/p>\n\n\n\n<p>La conf\u00e9rence sera suivie d\u2019un verre de l\u2019amiti\u00e9 \u00e0 19h15.<\/p>\n\n\n\n<p>Conf\u00e9rence tout public. Inscription souhait\u00e9e : <a href=\"http:\/\/tinyurl.com\/2xctjpch\" target=\"_blank\" rel=\"noreferrer noopener\">tinyurl.com\/2xctjpch<\/a><\/p>\n\n\n\n<p><a href=\"https:\/\/www.he-arc.ch\/wp-content\/uploads\/2025\/05\/20250422-dis-siri-002.pdf\" target=\"_blank\" rel=\"noreferrer noopener\">Consulter le flyer<\/a><\/p>\n\n\n\n<p><em>Cet \u00e9v\u00e8nement est propos\u00e9 conjointement par les responsables de l&#8217;\u00e9galit\u00e9 du canton, de la ville de Neuch\u00e2tel, de la HE-Arc et de l&#8217;Universit\u00e9 de Neuch\u00e2tel.<\/em><\/p>\n\n\n<div id=\"cta-card-block_8a3b68416f3beb4c1ead20a4dbe16209\" class=\"contact-card is-shadowed mb-2-5 is-not-contained\">\n  <div class=\"contact-card__inner\">\n    <div class=\"contact-entry\">\n      <a href=\"https:\/\/www.he-arc.ch\/en\/he-arc-en\/equality-and-diversity\/\"  class=\"simple-link is-large contact-entry mb-1\">Egalit\u00e9 &#038; Diversit\u00e9 \u00e0 la HE-Arc<\/a>\n    <\/div>\n  <\/div>\n<\/div>\n","protected":false},"author":13,"featured_media":66513,"template":"","he-arc_domain":[6],"he-arc_event_category":[16],"class_list":["post-68994","he-arc_event","type-he-arc_event","status-publish","has-post-thumbnail","hentry","he-arc_domain-he-arc","he-arc_event_category-seminaire-conference"],"acf":[],"yoast_head":"<!-- This site is optimized with the Yoast SEO plugin v26.6 - https:\/\/yoast.com\/wordpress\/plugins\/seo\/ -->\n<title>Conf\u00e9rence \u00abDIS SIRI, POURQUOI TU PARLES AVEC UNE VOIX DE FEMME ?\u00bb Les biais de genre dans les applications num\u00e9riques et dans l\u2019IA - Haute-Ecole Arc<\/title>\n<meta name=\"robots\" content=\"index, follow, max-snippet:-1, max-image-preview:large, max-video-preview:-1\" \/>\n<link rel=\"canonical\" href=\"https:\/\/www.he-arc.ch\/en\/agenda\/conference-dis-siri-pourquoi-tu-parles-avec-une-voix-de-femme-les-biais-de-genre-dans-les-applications-numeriques-et-dans-lia\/\" \/>\n<meta property=\"og:locale\" content=\"en_US\" \/>\n<meta property=\"og:type\" content=\"article\" \/>\n<meta property=\"og:title\" content=\"Conf\u00e9rence \u00abDIS SIRI, POURQUOI TU PARLES AVEC UNE VOIX DE FEMME ?\u00bb Les biais de genre dans les applications num\u00e9riques et dans l\u2019IA - Haute-Ecole Arc\" \/>\n<meta property=\"og:description\" content=\"Conf\u00e9rence de la Prof. Isabelle Collet &#8211; Responsable de l&#8217;\u00e9quipe G-RIRE : Genre, Rapports intersectionnels, Relation \u00e9ducative Pr\u00e9sidente de la commission &#8220;\u00c9galit\u00e9&#8221; de la Facult\u00e9 de psychologie et de sciences de l&#8217;\u00e9ducation Universit\u00e9 de Gen\u00e8ve. La conf\u00e9rence sera suivie d\u2019un verre de l\u2019amiti\u00e9 \u00e0 19h15. Conf\u00e9rence tout public. Inscription souhait\u00e9e : tinyurl.com\/2xctjpch Consulter le flyer [&hellip;]\" \/>\n<meta property=\"og:url\" content=\"https:\/\/www.he-arc.ch\/en\/agenda\/conference-dis-siri-pourquoi-tu-parles-avec-une-voix-de-femme-les-biais-de-genre-dans-les-applications-numeriques-et-dans-lia\/\" \/>\n<meta property=\"og:site_name\" content=\"Haute-Ecole Arc\" \/>\n<meta property=\"article:modified_time\" content=\"2025-05-23T09:24:49+00:00\" \/>\n<meta property=\"og:image\" content=\"https:\/\/www.he-arc.ch\/wp-content\/uploads\/2025\/04\/fondActus2.png\" \/>\n\t<meta property=\"og:image:width\" content=\"1919\" \/>\n\t<meta property=\"og:image:height\" content=\"844\" \/>\n\t<meta property=\"og:image:type\" content=\"image\/png\" \/>\n<meta name=\"twitter:card\" content=\"summary_large_image\" \/>\n<meta name=\"twitter:label1\" content=\"Est. reading time\" \/>\n\t<meta name=\"twitter:data1\" content=\"1 minute\" \/>\n<script type=\"application\/ld+json\" class=\"yoast-schema-graph\">{\"@context\":\"https:\/\/schema.org\",\"@graph\":[{\"@type\":\"WebPage\",\"@id\":\"https:\/\/www.he-arc.ch\/en\/agenda\/conference-dis-siri-pourquoi-tu-parles-avec-une-voix-de-femme-les-biais-de-genre-dans-les-applications-numeriques-et-dans-lia\/\",\"url\":\"https:\/\/www.he-arc.ch\/en\/agenda\/conference-dis-siri-pourquoi-tu-parles-avec-une-voix-de-femme-les-biais-de-genre-dans-les-applications-numeriques-et-dans-lia\/\",\"name\":\"Conf\u00e9rence \u00abDIS SIRI, POURQUOI TU PARLES AVEC UNE VOIX DE FEMME ?\u00bb Les biais de genre dans les applications num\u00e9riques et dans l\u2019IA - Haute-Ecole Arc\",\"isPartOf\":{\"@id\":\"https:\/\/www.he-arc.ch\/en\/#website\"},\"primaryImageOfPage\":{\"@id\":\"https:\/\/www.he-arc.ch\/en\/agenda\/conference-dis-siri-pourquoi-tu-parles-avec-une-voix-de-femme-les-biais-de-genre-dans-les-applications-numeriques-et-dans-lia\/#primaryimage\"},\"image\":{\"@id\":\"https:\/\/www.he-arc.ch\/en\/agenda\/conference-dis-siri-pourquoi-tu-parles-avec-une-voix-de-femme-les-biais-de-genre-dans-les-applications-numeriques-et-dans-lia\/#primaryimage\"},\"thumbnailUrl\":\"https:\/\/www.he-arc.ch\/wp-content\/uploads\/2025\/04\/fondActus2.png\",\"datePublished\":\"2025-05-23T09:20:38+00:00\",\"dateModified\":\"2025-05-23T09:24:49+00:00\",\"breadcrumb\":{\"@id\":\"https:\/\/www.he-arc.ch\/en\/agenda\/conference-dis-siri-pourquoi-tu-parles-avec-une-voix-de-femme-les-biais-de-genre-dans-les-applications-numeriques-et-dans-lia\/#breadcrumb\"},\"inLanguage\":\"en-US\",\"potentialAction\":[{\"@type\":\"ReadAction\",\"target\":[\"https:\/\/www.he-arc.ch\/en\/agenda\/conference-dis-siri-pourquoi-tu-parles-avec-une-voix-de-femme-les-biais-de-genre-dans-les-applications-numeriques-et-dans-lia\/\"]}]},{\"@type\":\"ImageObject\",\"inLanguage\":\"en-US\",\"@id\":\"https:\/\/www.he-arc.ch\/en\/agenda\/conference-dis-siri-pourquoi-tu-parles-avec-une-voix-de-femme-les-biais-de-genre-dans-les-applications-numeriques-et-dans-lia\/#primaryimage\",\"url\":\"https:\/\/www.he-arc.ch\/wp-content\/uploads\/2025\/04\/fondActus2.png\",\"contentUrl\":\"https:\/\/www.he-arc.ch\/wp-content\/uploads\/2025\/04\/fondActus2.png\",\"width\":1919,\"height\":844},{\"@type\":\"BreadcrumbList\",\"@id\":\"https:\/\/www.he-arc.ch\/en\/agenda\/conference-dis-siri-pourquoi-tu-parles-avec-une-voix-de-femme-les-biais-de-genre-dans-les-applications-numeriques-et-dans-lia\/#breadcrumb\",\"itemListElement\":[{\"@type\":\"ListItem\",\"position\":1,\"name\":\"Accueil\",\"item\":\"https:\/\/www.he-arc.ch\/en\/\"},{\"@type\":\"ListItem\",\"position\":2,\"name\":\"Events\",\"item\":\"https:\/\/www.he-arc.ch\/en\/events\/\"},{\"@type\":\"ListItem\",\"position\":3,\"name\":\"Conf\u00e9rence \u00abDIS SIRI, POURQUOI TU PARLES AVEC UNE VOIX DE FEMME ?\u00bb Les biais de genre dans les applications num\u00e9riques et dans l\u2019IA\"}]},{\"@type\":\"WebSite\",\"@id\":\"https:\/\/www.he-arc.ch\/en\/#website\",\"url\":\"https:\/\/www.he-arc.ch\/en\/\",\"name\":\"Haute-Ecole Arc\",\"description\":\"Haute \u00e9cole sp\u00e9cialis\u00e9e Suisse. Gestion, Ing\u00e9nierie, Sant\u00e9, Conservation-\u200brestauration.\",\"publisher\":{\"@id\":\"https:\/\/www.he-arc.ch\/en\/#organization\"},\"potentialAction\":[{\"@type\":\"SearchAction\",\"target\":{\"@type\":\"EntryPoint\",\"urlTemplate\":\"https:\/\/www.he-arc.ch\/en\/?s={search_term_string}\"},\"query-input\":{\"@type\":\"PropertyValueSpecification\",\"valueRequired\":true,\"valueName\":\"search_term_string\"}}],\"inLanguage\":\"en-US\"},{\"@type\":\"Organization\",\"@id\":\"https:\/\/www.he-arc.ch\/en\/#organization\",\"name\":\"Haute Ecole Arc\",\"url\":\"https:\/\/www.he-arc.ch\/en\/\",\"logo\":{\"@type\":\"ImageObject\",\"inLanguage\":\"en-US\",\"@id\":\"https:\/\/www.he-arc.ch\/en\/#\/schema\/logo\/image\/\",\"url\":\"https:\/\/www.he-arc.ch\/wp-content\/uploads\/2022\/01\/logo-he-arc.svg\",\"contentUrl\":\"https:\/\/www.he-arc.ch\/wp-content\/uploads\/2022\/01\/logo-he-arc.svg\",\"width\":140,\"height\":42,\"caption\":\"Haute Ecole Arc\"},\"image\":{\"@id\":\"https:\/\/www.he-arc.ch\/en\/#\/schema\/logo\/image\/\"}}]}<\/script>\n<!-- \/ Yoast SEO plugin. -->","yoast_head_json":{"title":"Conf\u00e9rence \u00abDIS SIRI, POURQUOI TU PARLES AVEC UNE VOIX DE FEMME ?\u00bb Les biais de genre dans les applications num\u00e9riques et dans l\u2019IA - Haute-Ecole Arc","robots":{"index":"index","follow":"follow","max-snippet":"max-snippet:-1","max-image-preview":"max-image-preview:large","max-video-preview":"max-video-preview:-1"},"canonical":"https:\/\/www.he-arc.ch\/en\/agenda\/conference-dis-siri-pourquoi-tu-parles-avec-une-voix-de-femme-les-biais-de-genre-dans-les-applications-numeriques-et-dans-lia\/","og_locale":"en_US","og_type":"article","og_title":"Conf\u00e9rence \u00abDIS SIRI, POURQUOI TU PARLES AVEC UNE VOIX DE FEMME ?\u00bb Les biais de genre dans les applications num\u00e9riques et dans l\u2019IA - Haute-Ecole Arc","og_description":"Conf\u00e9rence de la Prof. Isabelle Collet &#8211; Responsable de l&#8217;\u00e9quipe G-RIRE : Genre, Rapports intersectionnels, Relation \u00e9ducative Pr\u00e9sidente de la commission &#8220;\u00c9galit\u00e9&#8221; de la Facult\u00e9 de psychologie et de sciences de l&#8217;\u00e9ducation Universit\u00e9 de Gen\u00e8ve. La conf\u00e9rence sera suivie d\u2019un verre de l\u2019amiti\u00e9 \u00e0 19h15. Conf\u00e9rence tout public. Inscription souhait\u00e9e : tinyurl.com\/2xctjpch Consulter le flyer [&hellip;]","og_url":"https:\/\/www.he-arc.ch\/en\/agenda\/conference-dis-siri-pourquoi-tu-parles-avec-une-voix-de-femme-les-biais-de-genre-dans-les-applications-numeriques-et-dans-lia\/","og_site_name":"Haute-Ecole Arc","article_modified_time":"2025-05-23T09:24:49+00:00","og_image":[{"width":1919,"height":844,"url":"https:\/\/www.he-arc.ch\/wp-content\/uploads\/2025\/04\/fondActus2.png","type":"image\/png"}],"twitter_card":"summary_large_image","twitter_misc":{"Est. reading time":"1 minute"},"schema":{"@context":"https:\/\/schema.org","@graph":[{"@type":"WebPage","@id":"https:\/\/www.he-arc.ch\/en\/agenda\/conference-dis-siri-pourquoi-tu-parles-avec-une-voix-de-femme-les-biais-de-genre-dans-les-applications-numeriques-et-dans-lia\/","url":"https:\/\/www.he-arc.ch\/en\/agenda\/conference-dis-siri-pourquoi-tu-parles-avec-une-voix-de-femme-les-biais-de-genre-dans-les-applications-numeriques-et-dans-lia\/","name":"Conf\u00e9rence \u00abDIS SIRI, POURQUOI TU PARLES AVEC UNE VOIX DE FEMME ?\u00bb Les biais de genre dans les applications num\u00e9riques et dans l\u2019IA - Haute-Ecole Arc","isPartOf":{"@id":"https:\/\/www.he-arc.ch\/en\/#website"},"primaryImageOfPage":{"@id":"https:\/\/www.he-arc.ch\/en\/agenda\/conference-dis-siri-pourquoi-tu-parles-avec-une-voix-de-femme-les-biais-de-genre-dans-les-applications-numeriques-et-dans-lia\/#primaryimage"},"image":{"@id":"https:\/\/www.he-arc.ch\/en\/agenda\/conference-dis-siri-pourquoi-tu-parles-avec-une-voix-de-femme-les-biais-de-genre-dans-les-applications-numeriques-et-dans-lia\/#primaryimage"},"thumbnailUrl":"https:\/\/www.he-arc.ch\/wp-content\/uploads\/2025\/04\/fondActus2.png","datePublished":"2025-05-23T09:20:38+00:00","dateModified":"2025-05-23T09:24:49+00:00","breadcrumb":{"@id":"https:\/\/www.he-arc.ch\/en\/agenda\/conference-dis-siri-pourquoi-tu-parles-avec-une-voix-de-femme-les-biais-de-genre-dans-les-applications-numeriques-et-dans-lia\/#breadcrumb"},"inLanguage":"en-US","potentialAction":[{"@type":"ReadAction","target":["https:\/\/www.he-arc.ch\/en\/agenda\/conference-dis-siri-pourquoi-tu-parles-avec-une-voix-de-femme-les-biais-de-genre-dans-les-applications-numeriques-et-dans-lia\/"]}]},{"@type":"ImageObject","inLanguage":"en-US","@id":"https:\/\/www.he-arc.ch\/en\/agenda\/conference-dis-siri-pourquoi-tu-parles-avec-une-voix-de-femme-les-biais-de-genre-dans-les-applications-numeriques-et-dans-lia\/#primaryimage","url":"https:\/\/www.he-arc.ch\/wp-content\/uploads\/2025\/04\/fondActus2.png","contentUrl":"https:\/\/www.he-arc.ch\/wp-content\/uploads\/2025\/04\/fondActus2.png","width":1919,"height":844},{"@type":"BreadcrumbList","@id":"https:\/\/www.he-arc.ch\/en\/agenda\/conference-dis-siri-pourquoi-tu-parles-avec-une-voix-de-femme-les-biais-de-genre-dans-les-applications-numeriques-et-dans-lia\/#breadcrumb","itemListElement":[{"@type":"ListItem","position":1,"name":"Accueil","item":"https:\/\/www.he-arc.ch\/en\/"},{"@type":"ListItem","position":2,"name":"Events","item":"https:\/\/www.he-arc.ch\/en\/events\/"},{"@type":"ListItem","position":3,"name":"Conf\u00e9rence \u00abDIS SIRI, POURQUOI TU PARLES AVEC UNE VOIX DE FEMME ?\u00bb Les biais de genre dans les applications num\u00e9riques et dans l\u2019IA"}]},{"@type":"WebSite","@id":"https:\/\/www.he-arc.ch\/en\/#website","url":"https:\/\/www.he-arc.ch\/en\/","name":"Haute-Ecole Arc","description":"Haute \u00e9cole sp\u00e9cialis\u00e9e Suisse. Gestion, Ing\u00e9nierie, Sant\u00e9, Conservation-\u200brestauration.","publisher":{"@id":"https:\/\/www.he-arc.ch\/en\/#organization"},"potentialAction":[{"@type":"SearchAction","target":{"@type":"EntryPoint","urlTemplate":"https:\/\/www.he-arc.ch\/en\/?s={search_term_string}"},"query-input":{"@type":"PropertyValueSpecification","valueRequired":true,"valueName":"search_term_string"}}],"inLanguage":"en-US"},{"@type":"Organization","@id":"https:\/\/www.he-arc.ch\/en\/#organization","name":"Haute Ecole Arc","url":"https:\/\/www.he-arc.ch\/en\/","logo":{"@type":"ImageObject","inLanguage":"en-US","@id":"https:\/\/www.he-arc.ch\/en\/#\/schema\/logo\/image\/","url":"https:\/\/www.he-arc.ch\/wp-content\/uploads\/2022\/01\/logo-he-arc.svg","contentUrl":"https:\/\/www.he-arc.ch\/wp-content\/uploads\/2022\/01\/logo-he-arc.svg","width":140,"height":42,"caption":"Haute Ecole Arc"},"image":{"@id":"https:\/\/www.he-arc.ch\/en\/#\/schema\/logo\/image\/"}}]}},"_links":{"self":[{"href":"https:\/\/www.he-arc.ch\/en\/wp-json\/wp\/v2\/he-arc_event\/68994","targetHints":{"allow":["GET"]}}],"collection":[{"href":"https:\/\/www.he-arc.ch\/en\/wp-json\/wp\/v2\/he-arc_event"}],"about":[{"href":"https:\/\/www.he-arc.ch\/en\/wp-json\/wp\/v2\/types\/he-arc_event"}],"author":[{"embeddable":true,"href":"https:\/\/www.he-arc.ch\/en\/wp-json\/wp\/v2\/users\/13"}],"version-history":[{"count":4,"href":"https:\/\/www.he-arc.ch\/en\/wp-json\/wp\/v2\/he-arc_event\/68994\/revisions"}],"predecessor-version":[{"id":69003,"href":"https:\/\/www.he-arc.ch\/en\/wp-json\/wp\/v2\/he-arc_event\/68994\/revisions\/69003"}],"wp:featuredmedia":[{"embeddable":true,"href":"https:\/\/www.he-arc.ch\/en\/wp-json\/wp\/v2\/media\/66513"}],"wp:attachment":[{"href":"https:\/\/www.he-arc.ch\/en\/wp-json\/wp\/v2\/media?parent=68994"}],"wp:term":[{"taxonomy":"he-arc_domain","embeddable":true,"href":"https:\/\/www.he-arc.ch\/en\/wp-json\/wp\/v2\/he-arc_domain?post=68994"},{"taxonomy":"he-arc_event_category","embeddable":true,"href":"https:\/\/www.he-arc.ch\/en\/wp-json\/wp\/v2\/he-arc_event_category?post=68994"}],"curies":[{"name":"wp","href":"https:\/\/api.w.org\/{rel}","templated":true}]}}