{"id":70720,"date":"2025-07-21T15:19:48","date_gmt":"2025-07-21T13:19:48","guid":{"rendered":"https:\/\/www.he-arc.ch\/?post_type=he-arc_event&#038;p=70720"},"modified":"2025-07-21T15:19:49","modified_gmt":"2025-07-21T13:19:49","slug":"tecday-au-lycee-college-la-planta-sion","status":"publish","type":"he-arc_event","link":"https:\/\/www.he-arc.ch\/en\/agenda\/tecday-au-lycee-college-la-planta-sion\/","title":{"rendered":"TecDay au Lyc\u00e9e Coll\u00e8ge la Planta, Sion"},"content":{"rendered":"\n<p>Plusieurs intervenant-e-s de la Haute Ecole Arc Ing\u00e9nierie participeront aux TecDay au Lyc\u00e9e Coll\u00e8ge la Planta de Sion.<\/p>\n\n\n\n<p>Ce TecDay permettra aux \u00e9l\u00e8ves du Lyc\u00e9e Coll\u00e8ge la Planta (Sion) de d\u00e9couvrir un monde fascinant et d&#8217;avoir un aper\u00e7u indispensable pour pouvoir prendre des d\u00e9cisions en tant que citoyen-ne, consommateur et consommatrice.<\/p>\n\n\n\n<p><strong>Les TecDays<\/strong><\/p>\n\n\n\n<p>Les TecDays de la SATW, organis\u00e9s depuis 2007 en collaboration avec les \u00e9tablissements scolaires secondaires suisses, proposent une journ\u00e9e d\u00e9di\u00e9e aux disciplines MINT. Ces \u00e9v\u00e9nements interactifs donnent aux \u00e9l\u00e8ves l\u2019opportunit\u00e9 de d\u00e9couvrir, le temps d\u2019une journ\u00e9e, l\u2019univers de la technique en \u00e9changeant avec des professionnel\u00b7les du domaine gr\u00e2ce \u00e0 un large choix de modules. Depuis leur cr\u00e9ation, une soixantaine d\u2019\u00e9coles du secondaire II et 80\u2019000 \u00e9l\u00e8ves y ont particip\u00e9.<\/p>\n\n\n\n<p><a href=\"https:\/\/mint.satw.ch\/fr\/tecdays\" target=\"_blank\" rel=\"noreferrer noopener\">Plus d&#8217;informations<\/a><\/p>\n","protected":false},"author":6,"featured_media":38495,"template":"","he-arc_domain":[3],"he-arc_event_category":[141],"class_list":["post-70720","he-arc_event","type-he-arc_event","status-publish","has-post-thumbnail","hentry","he-arc_domain-ingenierie","he-arc_event_category-atelier"],"acf":[],"yoast_head":"<!-- This site is optimized with the Yoast SEO plugin v26.6 - https:\/\/yoast.com\/wordpress\/plugins\/seo\/ -->\n<title>TecDay au Lyc\u00e9e Coll\u00e8ge la Planta, Sion - Haute-Ecole Arc<\/title>\n<meta name=\"robots\" content=\"index, follow, max-snippet:-1, max-image-preview:large, max-video-preview:-1\" \/>\n<link rel=\"canonical\" href=\"https:\/\/www.he-arc.ch\/en\/agenda\/tecday-au-lycee-college-la-planta-sion\/\" \/>\n<meta property=\"og:locale\" content=\"en_US\" \/>\n<meta property=\"og:type\" content=\"article\" \/>\n<meta property=\"og:title\" content=\"TecDay au Lyc\u00e9e Coll\u00e8ge la Planta, Sion - Haute-Ecole Arc\" \/>\n<meta property=\"og:description\" content=\"Plusieurs intervenant-e-s de la Haute Ecole Arc Ing\u00e9nierie participeront aux TecDay au Lyc\u00e9e Coll\u00e8ge la Planta de Sion. Ce TecDay permettra aux \u00e9l\u00e8ves du Lyc\u00e9e Coll\u00e8ge la Planta (Sion) de d\u00e9couvrir un monde fascinant et d&#8217;avoir un aper\u00e7u indispensable pour pouvoir prendre des d\u00e9cisions en tant que citoyen-ne, consommateur et consommatrice. Les TecDays Les TecDays [&hellip;]\" \/>\n<meta property=\"og:url\" content=\"https:\/\/www.he-arc.ch\/en\/agenda\/tecday-au-lycee-college-la-planta-sion\/\" \/>\n<meta property=\"og:site_name\" content=\"Haute-Ecole Arc\" \/>\n<meta property=\"article:modified_time\" content=\"2025-07-21T13:19:49+00:00\" \/>\n<meta property=\"og:image\" content=\"https:\/\/www.he-arc.ch\/wp-content\/uploads\/2022\/10\/he-arc-ingenierie-tecday.png\" \/>\n\t<meta property=\"og:image:width\" content=\"1215\" \/>\n\t<meta property=\"og:image:height\" content=\"445\" \/>\n\t<meta property=\"og:image:type\" content=\"image\/png\" \/>\n<meta name=\"twitter:card\" content=\"summary_large_image\" \/>\n<meta name=\"twitter:label1\" content=\"Est. reading time\" \/>\n\t<meta name=\"twitter:data1\" content=\"1 minute\" \/>\n<script type=\"application\/ld+json\" class=\"yoast-schema-graph\">{\"@context\":\"https:\/\/schema.org\",\"@graph\":[{\"@type\":\"WebPage\",\"@id\":\"https:\/\/www.he-arc.ch\/en\/agenda\/tecday-au-lycee-college-la-planta-sion\/\",\"url\":\"https:\/\/www.he-arc.ch\/en\/agenda\/tecday-au-lycee-college-la-planta-sion\/\",\"name\":\"TecDay au Lyc\u00e9e Coll\u00e8ge la Planta, Sion - Haute-Ecole Arc\",\"isPartOf\":{\"@id\":\"https:\/\/www.he-arc.ch\/en\/#website\"},\"primaryImageOfPage\":{\"@id\":\"https:\/\/www.he-arc.ch\/en\/agenda\/tecday-au-lycee-college-la-planta-sion\/#primaryimage\"},\"image\":{\"@id\":\"https:\/\/www.he-arc.ch\/en\/agenda\/tecday-au-lycee-college-la-planta-sion\/#primaryimage\"},\"thumbnailUrl\":\"https:\/\/www.he-arc.ch\/wp-content\/uploads\/2022\/10\/he-arc-ingenierie-tecday.png\",\"datePublished\":\"2025-07-21T13:19:48+00:00\",\"dateModified\":\"2025-07-21T13:19:49+00:00\",\"breadcrumb\":{\"@id\":\"https:\/\/www.he-arc.ch\/en\/agenda\/tecday-au-lycee-college-la-planta-sion\/#breadcrumb\"},\"inLanguage\":\"en-US\",\"potentialAction\":[{\"@type\":\"ReadAction\",\"target\":[\"https:\/\/www.he-arc.ch\/en\/agenda\/tecday-au-lycee-college-la-planta-sion\/\"]}]},{\"@type\":\"ImageObject\",\"inLanguage\":\"en-US\",\"@id\":\"https:\/\/www.he-arc.ch\/en\/agenda\/tecday-au-lycee-college-la-planta-sion\/#primaryimage\",\"url\":\"https:\/\/www.he-arc.ch\/wp-content\/uploads\/2022\/10\/he-arc-ingenierie-tecday.png\",\"contentUrl\":\"https:\/\/www.he-arc.ch\/wp-content\/uploads\/2022\/10\/he-arc-ingenierie-tecday.png\",\"width\":1215,\"height\":445},{\"@type\":\"BreadcrumbList\",\"@id\":\"https:\/\/www.he-arc.ch\/en\/agenda\/tecday-au-lycee-college-la-planta-sion\/#breadcrumb\",\"itemListElement\":[{\"@type\":\"ListItem\",\"position\":1,\"name\":\"Accueil\",\"item\":\"https:\/\/www.he-arc.ch\/en\/\"},{\"@type\":\"ListItem\",\"position\":2,\"name\":\"Events\",\"item\":\"https:\/\/www.he-arc.ch\/en\/events\/\"},{\"@type\":\"ListItem\",\"position\":3,\"name\":\"TecDay au Lyc\u00e9e Coll\u00e8ge la Planta, Sion\"}]},{\"@type\":\"WebSite\",\"@id\":\"https:\/\/www.he-arc.ch\/en\/#website\",\"url\":\"https:\/\/www.he-arc.ch\/en\/\",\"name\":\"Haute-Ecole Arc\",\"description\":\"Haute \u00e9cole sp\u00e9cialis\u00e9e Suisse. Gestion, Ing\u00e9nierie, Sant\u00e9, Conservation-\u200brestauration.\",\"publisher\":{\"@id\":\"https:\/\/www.he-arc.ch\/en\/#organization\"},\"potentialAction\":[{\"@type\":\"SearchAction\",\"target\":{\"@type\":\"EntryPoint\",\"urlTemplate\":\"https:\/\/www.he-arc.ch\/en\/?s={search_term_string}\"},\"query-input\":{\"@type\":\"PropertyValueSpecification\",\"valueRequired\":true,\"valueName\":\"search_term_string\"}}],\"inLanguage\":\"en-US\"},{\"@type\":\"Organization\",\"@id\":\"https:\/\/www.he-arc.ch\/en\/#organization\",\"name\":\"Haute Ecole Arc\",\"url\":\"https:\/\/www.he-arc.ch\/en\/\",\"logo\":{\"@type\":\"ImageObject\",\"inLanguage\":\"en-US\",\"@id\":\"https:\/\/www.he-arc.ch\/en\/#\/schema\/logo\/image\/\",\"url\":\"https:\/\/www.he-arc.ch\/wp-content\/uploads\/2022\/01\/logo-he-arc.svg\",\"contentUrl\":\"https:\/\/www.he-arc.ch\/wp-content\/uploads\/2022\/01\/logo-he-arc.svg\",\"width\":140,\"height\":42,\"caption\":\"Haute Ecole Arc\"},\"image\":{\"@id\":\"https:\/\/www.he-arc.ch\/en\/#\/schema\/logo\/image\/\"}}]}<\/script>\n<!-- \/ Yoast SEO plugin. -->","yoast_head_json":{"title":"TecDay au Lyc\u00e9e Coll\u00e8ge la Planta, Sion - Haute-Ecole Arc","robots":{"index":"index","follow":"follow","max-snippet":"max-snippet:-1","max-image-preview":"max-image-preview:large","max-video-preview":"max-video-preview:-1"},"canonical":"https:\/\/www.he-arc.ch\/en\/agenda\/tecday-au-lycee-college-la-planta-sion\/","og_locale":"en_US","og_type":"article","og_title":"TecDay au Lyc\u00e9e Coll\u00e8ge la Planta, Sion - Haute-Ecole Arc","og_description":"Plusieurs intervenant-e-s de la Haute Ecole Arc Ing\u00e9nierie participeront aux TecDay au Lyc\u00e9e Coll\u00e8ge la Planta de Sion. Ce TecDay permettra aux \u00e9l\u00e8ves du Lyc\u00e9e Coll\u00e8ge la Planta (Sion) de d\u00e9couvrir un monde fascinant et d&#8217;avoir un aper\u00e7u indispensable pour pouvoir prendre des d\u00e9cisions en tant que citoyen-ne, consommateur et consommatrice. Les TecDays Les TecDays [&hellip;]","og_url":"https:\/\/www.he-arc.ch\/en\/agenda\/tecday-au-lycee-college-la-planta-sion\/","og_site_name":"Haute-Ecole Arc","article_modified_time":"2025-07-21T13:19:49+00:00","og_image":[{"width":1215,"height":445,"url":"https:\/\/www.he-arc.ch\/wp-content\/uploads\/2022\/10\/he-arc-ingenierie-tecday.png","type":"image\/png"}],"twitter_card":"summary_large_image","twitter_misc":{"Est. reading time":"1 minute"},"schema":{"@context":"https:\/\/schema.org","@graph":[{"@type":"WebPage","@id":"https:\/\/www.he-arc.ch\/en\/agenda\/tecday-au-lycee-college-la-planta-sion\/","url":"https:\/\/www.he-arc.ch\/en\/agenda\/tecday-au-lycee-college-la-planta-sion\/","name":"TecDay au Lyc\u00e9e Coll\u00e8ge la Planta, Sion - Haute-Ecole Arc","isPartOf":{"@id":"https:\/\/www.he-arc.ch\/en\/#website"},"primaryImageOfPage":{"@id":"https:\/\/www.he-arc.ch\/en\/agenda\/tecday-au-lycee-college-la-planta-sion\/#primaryimage"},"image":{"@id":"https:\/\/www.he-arc.ch\/en\/agenda\/tecday-au-lycee-college-la-planta-sion\/#primaryimage"},"thumbnailUrl":"https:\/\/www.he-arc.ch\/wp-content\/uploads\/2022\/10\/he-arc-ingenierie-tecday.png","datePublished":"2025-07-21T13:19:48+00:00","dateModified":"2025-07-21T13:19:49+00:00","breadcrumb":{"@id":"https:\/\/www.he-arc.ch\/en\/agenda\/tecday-au-lycee-college-la-planta-sion\/#breadcrumb"},"inLanguage":"en-US","potentialAction":[{"@type":"ReadAction","target":["https:\/\/www.he-arc.ch\/en\/agenda\/tecday-au-lycee-college-la-planta-sion\/"]}]},{"@type":"ImageObject","inLanguage":"en-US","@id":"https:\/\/www.he-arc.ch\/en\/agenda\/tecday-au-lycee-college-la-planta-sion\/#primaryimage","url":"https:\/\/www.he-arc.ch\/wp-content\/uploads\/2022\/10\/he-arc-ingenierie-tecday.png","contentUrl":"https:\/\/www.he-arc.ch\/wp-content\/uploads\/2022\/10\/he-arc-ingenierie-tecday.png","width":1215,"height":445},{"@type":"BreadcrumbList","@id":"https:\/\/www.he-arc.ch\/en\/agenda\/tecday-au-lycee-college-la-planta-sion\/#breadcrumb","itemListElement":[{"@type":"ListItem","position":1,"name":"Accueil","item":"https:\/\/www.he-arc.ch\/en\/"},{"@type":"ListItem","position":2,"name":"Events","item":"https:\/\/www.he-arc.ch\/en\/events\/"},{"@type":"ListItem","position":3,"name":"TecDay au Lyc\u00e9e Coll\u00e8ge la Planta, Sion"}]},{"@type":"WebSite","@id":"https:\/\/www.he-arc.ch\/en\/#website","url":"https:\/\/www.he-arc.ch\/en\/","name":"Haute-Ecole Arc","description":"Haute \u00e9cole sp\u00e9cialis\u00e9e Suisse. Gestion, Ing\u00e9nierie, Sant\u00e9, Conservation-\u200brestauration.","publisher":{"@id":"https:\/\/www.he-arc.ch\/en\/#organization"},"potentialAction":[{"@type":"SearchAction","target":{"@type":"EntryPoint","urlTemplate":"https:\/\/www.he-arc.ch\/en\/?s={search_term_string}"},"query-input":{"@type":"PropertyValueSpecification","valueRequired":true,"valueName":"search_term_string"}}],"inLanguage":"en-US"},{"@type":"Organization","@id":"https:\/\/www.he-arc.ch\/en\/#organization","name":"Haute Ecole Arc","url":"https:\/\/www.he-arc.ch\/en\/","logo":{"@type":"ImageObject","inLanguage":"en-US","@id":"https:\/\/www.he-arc.ch\/en\/#\/schema\/logo\/image\/","url":"https:\/\/www.he-arc.ch\/wp-content\/uploads\/2022\/01\/logo-he-arc.svg","contentUrl":"https:\/\/www.he-arc.ch\/wp-content\/uploads\/2022\/01\/logo-he-arc.svg","width":140,"height":42,"caption":"Haute Ecole Arc"},"image":{"@id":"https:\/\/www.he-arc.ch\/en\/#\/schema\/logo\/image\/"}}]}},"_links":{"self":[{"href":"https:\/\/www.he-arc.ch\/en\/wp-json\/wp\/v2\/he-arc_event\/70720","targetHints":{"allow":["GET"]}}],"collection":[{"href":"https:\/\/www.he-arc.ch\/en\/wp-json\/wp\/v2\/he-arc_event"}],"about":[{"href":"https:\/\/www.he-arc.ch\/en\/wp-json\/wp\/v2\/types\/he-arc_event"}],"author":[{"embeddable":true,"href":"https:\/\/www.he-arc.ch\/en\/wp-json\/wp\/v2\/users\/6"}],"version-history":[{"count":1,"href":"https:\/\/www.he-arc.ch\/en\/wp-json\/wp\/v2\/he-arc_event\/70720\/revisions"}],"predecessor-version":[{"id":70721,"href":"https:\/\/www.he-arc.ch\/en\/wp-json\/wp\/v2\/he-arc_event\/70720\/revisions\/70721"}],"wp:featuredmedia":[{"embeddable":true,"href":"https:\/\/www.he-arc.ch\/en\/wp-json\/wp\/v2\/media\/38495"}],"wp:attachment":[{"href":"https:\/\/www.he-arc.ch\/en\/wp-json\/wp\/v2\/media?parent=70720"}],"wp:term":[{"taxonomy":"he-arc_domain","embeddable":true,"href":"https:\/\/www.he-arc.ch\/en\/wp-json\/wp\/v2\/he-arc_domain?post=70720"},{"taxonomy":"he-arc_event_category","embeddable":true,"href":"https:\/\/www.he-arc.ch\/en\/wp-json\/wp\/v2\/he-arc_event_category?post=70720"}],"curies":[{"name":"wp","href":"https:\/\/api.w.org\/{rel}","templated":true}]}}