{"id":71001,"date":"2025-08-04T15:14:06","date_gmt":"2025-08-04T13:14:06","guid":{"rendered":"https:\/\/www.he-arc.ch\/?post_type=he-arc_event&#038;p=71001"},"modified":"2025-10-23T13:40:14","modified_gmt":"2025-10-23T11:40:14","slug":"hack-for-social-good-2026-edition-2","status":"publish","type":"he-arc_event","link":"https:\/\/www.he-arc.ch\/en\/agenda\/hack-for-social-good-2026-edition-2\/","title":{"rendered":"Hack for Social Good \u2013 2026 Edition"},"content":{"rendered":"\n<p>The goal is to foster fair, inclusive, and effective digital transformation. Participants form interdisciplinary teams to co-create prototypes, data tools, platforms, or automation solutions based on needs submitted by social organizations.<\/p>\n\n\n\n<p><a href=\"https:\/\/www.he-arc.ch\/landing\/h4sg\/\" target=\"_blank\" rel=\"noreferrer noopener\">H4SG <\/a> welcomes anyone interested in contributing to the social impact of digitalization\u2014whether you\u2019re from IT, social work, research, or simply passionate about making a difference.<\/p>\n\n\n\n<p><strong><a href=\"https:\/\/bd.hack4socialgood.ch\/event\/9\" target=\"_blank\" rel=\"noreferrer noopener\">Submit your challenge\/idea&nbsp;<\/a>&nbsp;and if ready&nbsp;<a href=\"https:\/\/jp-portal.gestion.he-arc.ch\/apex\/f?p=444:50:::::P50_NUMERO:180\" target=\"_blank\" rel=\"noreferrer noopener\">register here<\/a>&nbsp;to participate!<\/strong><\/p>\n\n\n\n<h3 class=\"wp-block-heading\"><br><a href=\"https:\/\/www.he-arc.ch\/landing\/h4sg\/\" target=\"_blank\" rel=\"noreferrer noopener\">H4SG 2026 Edition<\/a><\/h3>\n\n\n\n<p><a href=\"https:\/\/www.he-arc.ch\/landing\/h4sg\/\" target=\"_blank\" rel=\"noreferrer noopener\">H4SG-26<\/a> is the fifth (following 2020, 2023, 2024, and 2025) and is co-organized by BFH, FHNW, HEG Arc, HSLU, ZHAW and sozialinfo.<\/p>\n\n\n\n<p>HEG Arc through the&nbsp;<a href=\"https:\/\/www.he-arc.ch\/gestion-en\/institut-de-digitalisation-des-organisations-ido\/\" target=\"_blank\" rel=\"noreferrer noopener\">Institut de digitalisation des organisation<\/a>, takes the lead role in hosting the 2026 edition. A collaboration with&nbsp;<a href=\"https:\/\/grainedebelette.com\/\" target=\"_blank\" rel=\"noreferrer noopener\">Graine de Belette<\/a>&nbsp;will offer a space for creative prototyping a dedicated program for children, designed to introduce them to digital innovation in a fun, hands-on way.<\/p>\n\n\n\n<p>The main venue for the event will be&nbsp;<a href=\"https:\/\/www.youtube.com\/watch?v=l6QIGrlVsMo\">Campus Arc 1<\/a>, located at&nbsp;<a href=\"https:\/\/www.google.ch\/maps\/place\/Espa.+de+l'Europe+21,+2000+Neuch%C3%A2tel\/@46.9986765,6.9392499,17z\/data=!3m1!4b1!4m6!3m5!1s0x478e0a2223826cc1:0x2655e9c6701d0ead!8m2!3d46.9986765!4d6.9418248!16s%2Fg%2F11c2pmdw9p?hl=fr&amp;entry=ttu&amp;g_ep=EgoyMDI1MDcwNy4wIKXMDSoASAFQAw%3D%3D\" target=\"_blank\" rel=\"noreferrer noopener\">Espace de l\u2019Europe 21&nbsp;<\/a>in Neuch\u00e2tel. To enhance accessibility, satellite locations may be set up at HES-SO Valais-Wallis in Sierre and HETSL in Lausanne, allowing participants who are unable to travel to Neuch\u00e2tel to take part from other campuses. Further details will be shared soon.<\/p>\n\n\n\n<p><strong><em>The event is held in English, but most documentation will be provided in both English and French. Teams are free to collaborate in the language of their choice.<\/em><\/strong><\/p>\n\n\n\n<h2 class=\"wp-block-heading\">Get in touch<\/h2>\n\n\n\n<p><a href=\"mailto:maria.sokhn@he-arc.ch\" target=\"_blank\" rel=\"noreferrer noopener\">Maria Sokhn<\/a>, Professor &amp; Head of the&nbsp;<a href=\"https:\/\/www.he-arc.ch\/gestion-en\/institut-de-digitalisation-des-organisations-ido\/\" target=\"_blank\" rel=\"noreferrer noopener\">Institute for the Digitalization of Organizations (IDO)<\/a><br>T. +41 32 930 20 81<\/p>\n\n\n\n<p><a href=\"https:\/\/www.he-arc.ch\/landing\/h4sg\/\" target=\"_blank\" rel=\"noreferrer noopener\">Visit the website<\/a><\/p>\n\n\n\n<p><\/p>\n","protected":false},"author":46,"featured_media":73158,"template":"","he-arc_domain":[2],"he-arc_event_category":[16],"class_list":["post-71001","he-arc_event","type-he-arc_event","status-publish","has-post-thumbnail","hentry","he-arc_domain-gestion","he-arc_event_category-seminaire-conference"],"acf":[],"yoast_head":"<!-- This site is optimized with the Yoast SEO plugin v26.6 - https:\/\/yoast.com\/wordpress\/plugins\/seo\/ -->\n<title>Hack for Social Good \u2013 2026 Edition - Haute-Ecole Arc<\/title>\n<meta name=\"robots\" content=\"index, follow, max-snippet:-1, max-image-preview:large, max-video-preview:-1\" \/>\n<link rel=\"canonical\" href=\"https:\/\/www.he-arc.ch\/en\/agenda\/hack-for-social-good-2026-edition-2\/\" \/>\n<meta property=\"og:locale\" content=\"en_US\" \/>\n<meta property=\"og:type\" content=\"article\" \/>\n<meta property=\"og:title\" content=\"Hack for Social Good \u2013 2026 Edition - Haute-Ecole Arc\" \/>\n<meta property=\"og:description\" content=\"The goal is to foster fair, inclusive, and effective digital transformation. Participants form interdisciplinary teams to co-create prototypes, data tools, platforms, or automation solutions based on needs submitted by social organizations. H4SG welcomes anyone interested in contributing to the social impact of digitalization\u2014whether you\u2019re from IT, social work, research, or simply passionate about making a [&hellip;]\" \/>\n<meta property=\"og:url\" content=\"https:\/\/www.he-arc.ch\/en\/agenda\/hack-for-social-good-2026-edition-2\/\" \/>\n<meta property=\"og:site_name\" content=\"Haute-Ecole Arc\" \/>\n<meta property=\"article:modified_time\" content=\"2025-10-23T11:40:14+00:00\" \/>\n<meta property=\"og:image\" content=\"https:\/\/www.he-arc.ch\/wp-content\/uploads\/2025\/06\/Tiny-people-near-hashtag-for-social-media_2-scaled.jpg\" \/>\n\t<meta property=\"og:image:width\" content=\"2560\" \/>\n\t<meta property=\"og:image:height\" content=\"1440\" \/>\n\t<meta property=\"og:image:type\" content=\"image\/jpeg\" \/>\n<meta name=\"twitter:card\" content=\"summary_large_image\" \/>\n<meta name=\"twitter:label1\" content=\"Est. reading time\" \/>\n\t<meta name=\"twitter:data1\" content=\"2 minutes\" \/>\n<script type=\"application\/ld+json\" class=\"yoast-schema-graph\">{\"@context\":\"https:\/\/schema.org\",\"@graph\":[{\"@type\":\"WebPage\",\"@id\":\"https:\/\/www.he-arc.ch\/en\/agenda\/hack-for-social-good-2026-edition-2\/\",\"url\":\"https:\/\/www.he-arc.ch\/en\/agenda\/hack-for-social-good-2026-edition-2\/\",\"name\":\"Hack for Social Good \u2013 2026 Edition - Haute-Ecole Arc\",\"isPartOf\":{\"@id\":\"https:\/\/www.he-arc.ch\/en\/#website\"},\"primaryImageOfPage\":{\"@id\":\"https:\/\/www.he-arc.ch\/en\/agenda\/hack-for-social-good-2026-edition-2\/#primaryimage\"},\"image\":{\"@id\":\"https:\/\/www.he-arc.ch\/en\/agenda\/hack-for-social-good-2026-edition-2\/#primaryimage\"},\"thumbnailUrl\":\"https:\/\/www.he-arc.ch\/wp-content\/uploads\/2025\/06\/Tiny-people-near-hashtag-for-social-media_2-scaled.jpg\",\"datePublished\":\"2025-08-04T13:14:06+00:00\",\"dateModified\":\"2025-10-23T11:40:14+00:00\",\"breadcrumb\":{\"@id\":\"https:\/\/www.he-arc.ch\/en\/agenda\/hack-for-social-good-2026-edition-2\/#breadcrumb\"},\"inLanguage\":\"en-US\",\"potentialAction\":[{\"@type\":\"ReadAction\",\"target\":[\"https:\/\/www.he-arc.ch\/en\/agenda\/hack-for-social-good-2026-edition-2\/\"]}]},{\"@type\":\"ImageObject\",\"inLanguage\":\"en-US\",\"@id\":\"https:\/\/www.he-arc.ch\/en\/agenda\/hack-for-social-good-2026-edition-2\/#primaryimage\",\"url\":\"https:\/\/www.he-arc.ch\/wp-content\/uploads\/2025\/06\/Tiny-people-near-hashtag-for-social-media_2-scaled.jpg\",\"contentUrl\":\"https:\/\/www.he-arc.ch\/wp-content\/uploads\/2025\/06\/Tiny-people-near-hashtag-for-social-media_2-scaled.jpg\",\"width\":2560,\"height\":1440},{\"@type\":\"BreadcrumbList\",\"@id\":\"https:\/\/www.he-arc.ch\/en\/agenda\/hack-for-social-good-2026-edition-2\/#breadcrumb\",\"itemListElement\":[{\"@type\":\"ListItem\",\"position\":1,\"name\":\"Accueil\",\"item\":\"https:\/\/www.he-arc.ch\/en\/\"},{\"@type\":\"ListItem\",\"position\":2,\"name\":\"Events\",\"item\":\"https:\/\/www.he-arc.ch\/en\/events\/\"},{\"@type\":\"ListItem\",\"position\":3,\"name\":\"Hack for Social Good \u2013 2026 Edition\"}]},{\"@type\":\"WebSite\",\"@id\":\"https:\/\/www.he-arc.ch\/en\/#website\",\"url\":\"https:\/\/www.he-arc.ch\/en\/\",\"name\":\"Haute-Ecole Arc\",\"description\":\"Haute \u00e9cole sp\u00e9cialis\u00e9e Suisse. Gestion, Ing\u00e9nierie, Sant\u00e9, Conservation-\u200brestauration.\",\"publisher\":{\"@id\":\"https:\/\/www.he-arc.ch\/en\/#organization\"},\"potentialAction\":[{\"@type\":\"SearchAction\",\"target\":{\"@type\":\"EntryPoint\",\"urlTemplate\":\"https:\/\/www.he-arc.ch\/en\/?s={search_term_string}\"},\"query-input\":{\"@type\":\"PropertyValueSpecification\",\"valueRequired\":true,\"valueName\":\"search_term_string\"}}],\"inLanguage\":\"en-US\"},{\"@type\":\"Organization\",\"@id\":\"https:\/\/www.he-arc.ch\/en\/#organization\",\"name\":\"Haute Ecole Arc\",\"url\":\"https:\/\/www.he-arc.ch\/en\/\",\"logo\":{\"@type\":\"ImageObject\",\"inLanguage\":\"en-US\",\"@id\":\"https:\/\/www.he-arc.ch\/en\/#\/schema\/logo\/image\/\",\"url\":\"https:\/\/www.he-arc.ch\/wp-content\/uploads\/2022\/01\/logo-he-arc.svg\",\"contentUrl\":\"https:\/\/www.he-arc.ch\/wp-content\/uploads\/2022\/01\/logo-he-arc.svg\",\"width\":140,\"height\":42,\"caption\":\"Haute Ecole Arc\"},\"image\":{\"@id\":\"https:\/\/www.he-arc.ch\/en\/#\/schema\/logo\/image\/\"}}]}<\/script>\n<!-- \/ Yoast SEO plugin. -->","yoast_head_json":{"title":"Hack for Social Good \u2013 2026 Edition - Haute-Ecole Arc","robots":{"index":"index","follow":"follow","max-snippet":"max-snippet:-1","max-image-preview":"max-image-preview:large","max-video-preview":"max-video-preview:-1"},"canonical":"https:\/\/www.he-arc.ch\/en\/agenda\/hack-for-social-good-2026-edition-2\/","og_locale":"en_US","og_type":"article","og_title":"Hack for Social Good \u2013 2026 Edition - Haute-Ecole Arc","og_description":"The goal is to foster fair, inclusive, and effective digital transformation. Participants form interdisciplinary teams to co-create prototypes, data tools, platforms, or automation solutions based on needs submitted by social organizations. H4SG welcomes anyone interested in contributing to the social impact of digitalization\u2014whether you\u2019re from IT, social work, research, or simply passionate about making a [&hellip;]","og_url":"https:\/\/www.he-arc.ch\/en\/agenda\/hack-for-social-good-2026-edition-2\/","og_site_name":"Haute-Ecole Arc","article_modified_time":"2025-10-23T11:40:14+00:00","og_image":[{"width":2560,"height":1440,"url":"https:\/\/www.he-arc.ch\/wp-content\/uploads\/2025\/06\/Tiny-people-near-hashtag-for-social-media_2-scaled.jpg","type":"image\/jpeg"}],"twitter_card":"summary_large_image","twitter_misc":{"Est. reading time":"2 minutes"},"schema":{"@context":"https:\/\/schema.org","@graph":[{"@type":"WebPage","@id":"https:\/\/www.he-arc.ch\/en\/agenda\/hack-for-social-good-2026-edition-2\/","url":"https:\/\/www.he-arc.ch\/en\/agenda\/hack-for-social-good-2026-edition-2\/","name":"Hack for Social Good \u2013 2026 Edition - Haute-Ecole Arc","isPartOf":{"@id":"https:\/\/www.he-arc.ch\/en\/#website"},"primaryImageOfPage":{"@id":"https:\/\/www.he-arc.ch\/en\/agenda\/hack-for-social-good-2026-edition-2\/#primaryimage"},"image":{"@id":"https:\/\/www.he-arc.ch\/en\/agenda\/hack-for-social-good-2026-edition-2\/#primaryimage"},"thumbnailUrl":"https:\/\/www.he-arc.ch\/wp-content\/uploads\/2025\/06\/Tiny-people-near-hashtag-for-social-media_2-scaled.jpg","datePublished":"2025-08-04T13:14:06+00:00","dateModified":"2025-10-23T11:40:14+00:00","breadcrumb":{"@id":"https:\/\/www.he-arc.ch\/en\/agenda\/hack-for-social-good-2026-edition-2\/#breadcrumb"},"inLanguage":"en-US","potentialAction":[{"@type":"ReadAction","target":["https:\/\/www.he-arc.ch\/en\/agenda\/hack-for-social-good-2026-edition-2\/"]}]},{"@type":"ImageObject","inLanguage":"en-US","@id":"https:\/\/www.he-arc.ch\/en\/agenda\/hack-for-social-good-2026-edition-2\/#primaryimage","url":"https:\/\/www.he-arc.ch\/wp-content\/uploads\/2025\/06\/Tiny-people-near-hashtag-for-social-media_2-scaled.jpg","contentUrl":"https:\/\/www.he-arc.ch\/wp-content\/uploads\/2025\/06\/Tiny-people-near-hashtag-for-social-media_2-scaled.jpg","width":2560,"height":1440},{"@type":"BreadcrumbList","@id":"https:\/\/www.he-arc.ch\/en\/agenda\/hack-for-social-good-2026-edition-2\/#breadcrumb","itemListElement":[{"@type":"ListItem","position":1,"name":"Accueil","item":"https:\/\/www.he-arc.ch\/en\/"},{"@type":"ListItem","position":2,"name":"Events","item":"https:\/\/www.he-arc.ch\/en\/events\/"},{"@type":"ListItem","position":3,"name":"Hack for Social Good \u2013 2026 Edition"}]},{"@type":"WebSite","@id":"https:\/\/www.he-arc.ch\/en\/#website","url":"https:\/\/www.he-arc.ch\/en\/","name":"Haute-Ecole Arc","description":"Haute \u00e9cole sp\u00e9cialis\u00e9e Suisse. Gestion, Ing\u00e9nierie, Sant\u00e9, Conservation-\u200brestauration.","publisher":{"@id":"https:\/\/www.he-arc.ch\/en\/#organization"},"potentialAction":[{"@type":"SearchAction","target":{"@type":"EntryPoint","urlTemplate":"https:\/\/www.he-arc.ch\/en\/?s={search_term_string}"},"query-input":{"@type":"PropertyValueSpecification","valueRequired":true,"valueName":"search_term_string"}}],"inLanguage":"en-US"},{"@type":"Organization","@id":"https:\/\/www.he-arc.ch\/en\/#organization","name":"Haute Ecole Arc","url":"https:\/\/www.he-arc.ch\/en\/","logo":{"@type":"ImageObject","inLanguage":"en-US","@id":"https:\/\/www.he-arc.ch\/en\/#\/schema\/logo\/image\/","url":"https:\/\/www.he-arc.ch\/wp-content\/uploads\/2022\/01\/logo-he-arc.svg","contentUrl":"https:\/\/www.he-arc.ch\/wp-content\/uploads\/2022\/01\/logo-he-arc.svg","width":140,"height":42,"caption":"Haute Ecole Arc"},"image":{"@id":"https:\/\/www.he-arc.ch\/en\/#\/schema\/logo\/image\/"}}]}},"_links":{"self":[{"href":"https:\/\/www.he-arc.ch\/en\/wp-json\/wp\/v2\/he-arc_event\/71001","targetHints":{"allow":["GET"]}}],"collection":[{"href":"https:\/\/www.he-arc.ch\/en\/wp-json\/wp\/v2\/he-arc_event"}],"about":[{"href":"https:\/\/www.he-arc.ch\/en\/wp-json\/wp\/v2\/types\/he-arc_event"}],"author":[{"embeddable":true,"href":"https:\/\/www.he-arc.ch\/en\/wp-json\/wp\/v2\/users\/46"}],"version-history":[{"count":11,"href":"https:\/\/www.he-arc.ch\/en\/wp-json\/wp\/v2\/he-arc_event\/71001\/revisions"}],"predecessor-version":[{"id":73163,"href":"https:\/\/www.he-arc.ch\/en\/wp-json\/wp\/v2\/he-arc_event\/71001\/revisions\/73163"}],"wp:featuredmedia":[{"embeddable":true,"href":"https:\/\/www.he-arc.ch\/en\/wp-json\/wp\/v2\/media\/73158"}],"wp:attachment":[{"href":"https:\/\/www.he-arc.ch\/en\/wp-json\/wp\/v2\/media?parent=71001"}],"wp:term":[{"taxonomy":"he-arc_domain","embeddable":true,"href":"https:\/\/www.he-arc.ch\/en\/wp-json\/wp\/v2\/he-arc_domain?post=71001"},{"taxonomy":"he-arc_event_category","embeddable":true,"href":"https:\/\/www.he-arc.ch\/en\/wp-json\/wp\/v2\/he-arc_event_category?post=71001"}],"curies":[{"name":"wp","href":"https:\/\/api.w.org\/{rel}","templated":true}]}}