{"id":72210,"date":"2025-09-25T14:44:32","date_gmt":"2025-09-25T12:44:32","guid":{"rendered":"https:\/\/www.he-arc.ch\/?post_type=he-arc_event&#038;p=72210"},"modified":"2025-10-13T08:59:14","modified_gmt":"2025-10-13T06:59:14","slug":"workgroup-fine-europe-2025","status":"publish","type":"he-arc_event","link":"https:\/\/www.he-arc.ch\/en\/agenda\/workgroup-fine-europe-2025\/","title":{"rendered":"Workgroup FINE Europe 2025"},"content":{"rendered":"\n<p><\/p>\n\n\n\n<p>Les 11 et 12 d\u00e9cembre prochains aura lieu le Workgroup <a href=\"https:\/\/fine-europe.eu\/\">FINE<\/a> (F\u00e9d\u00e9ration europ\u00e9enne des Enseignants en Sciences infirmi\u00e8res). L\u2019\u00e9v\u00e8nement, organis\u00e9 \u00e0 la Haute Ecole Arc Sant\u00e9 \u00e0 Neuch\u00e2tel, permettra de r\u00e9unir les diff\u00e9rents acteurs-trices de la formation en soins infirmiers au niveau europ\u00e9en, autour de la question de l\u2019engagement des \u00e9tudiant-e-s dans un environnement p\u00e9dagogique en constante \u00e9volution.<\/p>\n\n\n\n<p>Le but de cet \u00e9v\u00e8nement est de favoriser les \u00e9changes entre enseignant-e-s et formateurs-trices dans le domaine des soins infirmiers, de participer \u00e0 la promotion de l\u2019excellence infirmi\u00e8re et d\u2019influencer les politiques \u00e9ducatives.<\/p>\n\n\n\n<p><strong>Au programme&nbsp;:<\/strong><strong><\/strong><\/p>\n\n\n\n<ul class=\"wp-block-list\">\n<li>analyser les enjeux de l\u2019apprentissage actif&nbsp;;<\/li>\n\n\n\n<li>exp\u00e9rimenter et d\u00e9couvrir des approches p\u00e9dagogiques innovantes, avec des pairs venant de toute l\u2019Europe&nbsp;;<\/li>\n\n\n\n<li>partager des exp\u00e9riences, r\u00e9ussites et d\u00e9fis&nbsp;;<\/li>\n\n\n\n<li>identifier ensemble des moyens concrets pour transformer et enrichir les pratiques actuelles.<\/li>\n<\/ul>\n\n\n\n<p><strong>Un appui financier possible via Erasmus+<\/strong><strong><\/strong><\/p>\n\n\n\n<p><em>\u201cLa Haute Ecole ARC n\u2019\u00e9tant pas membre du programme Erasmus+, le financement des d\u00e9placements et s\u00e9jours en Suisse doit provenir de l\u2019\u00e9tablissement d\u2019origine ou de son universit\u00e9 partenaire titulaire d\u2019une charte ECHE. Une lettre d\u2019invitation officielle peut \u00eatre fournie sur demande pour appuyer les d\u00e9marches de financement.\u201d<\/em><\/p>\n\n\n\n<p><strong>Public cible<\/strong>&nbsp;: enseignant-e-s, formateurs-trices en soins infirmiers<\/p>\n\n\n\n<p><strong>Contact<\/strong>&nbsp;: Olivier Morenon \u2013 <a href=\"mailto:olivier.morenon@he-arc.ch\">olivier.morenon@he-arc.ch<\/a><\/p>\n\n\n\n<p><strong>Lien pour l\u2019inscription<\/strong>&nbsp;: <a href=\"https:\/\/app.clubcollect.com\/forms\/en\/fine-europe\/workgroup-neuchatel-switzerland-11-12-dec-2025\">https:\/\/app.clubcollect.com\/forms\/en\/fine-europe\/workgroup-neuchatel-switzerland-11-12-dec-2025<\/a><\/p>\n","protected":false},"author":10,"featured_media":72212,"template":"","he-arc_domain":[4],"he-arc_event_category":[16],"class_list":["post-72210","he-arc_event","type-he-arc_event","status-publish","has-post-thumbnail","hentry","he-arc_domain-sante","he-arc_event_category-seminaire-conference"],"acf":[],"yoast_head":"<!-- This site is optimized with the Yoast SEO plugin v26.6 - https:\/\/yoast.com\/wordpress\/plugins\/seo\/ -->\n<title>Workgroup FINE Europe 2025 - Haute-Ecole Arc<\/title>\n<meta name=\"robots\" content=\"index, follow, max-snippet:-1, max-image-preview:large, max-video-preview:-1\" \/>\n<link rel=\"canonical\" href=\"https:\/\/www.he-arc.ch\/en\/agenda\/workgroup-fine-europe-2025\/\" \/>\n<meta property=\"og:locale\" content=\"en_US\" \/>\n<meta property=\"og:type\" content=\"article\" \/>\n<meta property=\"og:title\" content=\"Workgroup FINE Europe 2025 - Haute-Ecole Arc\" \/>\n<meta property=\"og:description\" content=\"Les 11 et 12 d\u00e9cembre prochains aura lieu le Workgroup FINE (F\u00e9d\u00e9ration europ\u00e9enne des Enseignants en Sciences infirmi\u00e8res). L\u2019\u00e9v\u00e8nement, organis\u00e9 \u00e0 la Haute Ecole Arc Sant\u00e9 \u00e0 Neuch\u00e2tel, permettra de r\u00e9unir les diff\u00e9rents acteurs-trices de la formation en soins infirmiers au niveau europ\u00e9en, autour de la question de l\u2019engagement des \u00e9tudiant-e-s dans un environnement p\u00e9dagogique [&hellip;]\" \/>\n<meta property=\"og:url\" content=\"https:\/\/www.he-arc.ch\/en\/agenda\/workgroup-fine-europe-2025\/\" \/>\n<meta property=\"og:site_name\" content=\"Haute-Ecole Arc\" \/>\n<meta property=\"article:modified_time\" content=\"2025-10-13T06:59:14+00:00\" \/>\n<meta property=\"og:image\" content=\"https:\/\/www.he-arc.ch\/wp-content\/uploads\/2025\/09\/FINE.png\" \/>\n\t<meta property=\"og:image:width\" content=\"940\" \/>\n\t<meta property=\"og:image:height\" content=\"299\" \/>\n\t<meta property=\"og:image:type\" content=\"image\/png\" \/>\n<meta name=\"twitter:card\" content=\"summary_large_image\" \/>\n<meta name=\"twitter:label1\" content=\"Est. reading time\" \/>\n\t<meta name=\"twitter:data1\" content=\"2 minutes\" \/>\n<script type=\"application\/ld+json\" class=\"yoast-schema-graph\">{\"@context\":\"https:\/\/schema.org\",\"@graph\":[{\"@type\":\"WebPage\",\"@id\":\"https:\/\/www.he-arc.ch\/en\/agenda\/workgroup-fine-europe-2025\/\",\"url\":\"https:\/\/www.he-arc.ch\/en\/agenda\/workgroup-fine-europe-2025\/\",\"name\":\"Workgroup FINE Europe 2025 - Haute-Ecole Arc\",\"isPartOf\":{\"@id\":\"https:\/\/www.he-arc.ch\/en\/#website\"},\"primaryImageOfPage\":{\"@id\":\"https:\/\/www.he-arc.ch\/en\/agenda\/workgroup-fine-europe-2025\/#primaryimage\"},\"image\":{\"@id\":\"https:\/\/www.he-arc.ch\/en\/agenda\/workgroup-fine-europe-2025\/#primaryimage\"},\"thumbnailUrl\":\"https:\/\/www.he-arc.ch\/wp-content\/uploads\/2025\/09\/FINE.png\",\"datePublished\":\"2025-09-25T12:44:32+00:00\",\"dateModified\":\"2025-10-13T06:59:14+00:00\",\"breadcrumb\":{\"@id\":\"https:\/\/www.he-arc.ch\/en\/agenda\/workgroup-fine-europe-2025\/#breadcrumb\"},\"inLanguage\":\"en-US\",\"potentialAction\":[{\"@type\":\"ReadAction\",\"target\":[\"https:\/\/www.he-arc.ch\/en\/agenda\/workgroup-fine-europe-2025\/\"]}]},{\"@type\":\"ImageObject\",\"inLanguage\":\"en-US\",\"@id\":\"https:\/\/www.he-arc.ch\/en\/agenda\/workgroup-fine-europe-2025\/#primaryimage\",\"url\":\"https:\/\/www.he-arc.ch\/wp-content\/uploads\/2025\/09\/FINE.png\",\"contentUrl\":\"https:\/\/www.he-arc.ch\/wp-content\/uploads\/2025\/09\/FINE.png\",\"width\":940,\"height\":299},{\"@type\":\"BreadcrumbList\",\"@id\":\"https:\/\/www.he-arc.ch\/en\/agenda\/workgroup-fine-europe-2025\/#breadcrumb\",\"itemListElement\":[{\"@type\":\"ListItem\",\"position\":1,\"name\":\"Accueil\",\"item\":\"https:\/\/www.he-arc.ch\/en\/\"},{\"@type\":\"ListItem\",\"position\":2,\"name\":\"Events\",\"item\":\"https:\/\/www.he-arc.ch\/en\/events\/\"},{\"@type\":\"ListItem\",\"position\":3,\"name\":\"Workgroup FINE Europe 2025\"}]},{\"@type\":\"WebSite\",\"@id\":\"https:\/\/www.he-arc.ch\/en\/#website\",\"url\":\"https:\/\/www.he-arc.ch\/en\/\",\"name\":\"Haute-Ecole Arc\",\"description\":\"Haute \u00e9cole sp\u00e9cialis\u00e9e Suisse. Gestion, Ing\u00e9nierie, Sant\u00e9, Conservation-\u200brestauration.\",\"publisher\":{\"@id\":\"https:\/\/www.he-arc.ch\/en\/#organization\"},\"potentialAction\":[{\"@type\":\"SearchAction\",\"target\":{\"@type\":\"EntryPoint\",\"urlTemplate\":\"https:\/\/www.he-arc.ch\/en\/?s={search_term_string}\"},\"query-input\":{\"@type\":\"PropertyValueSpecification\",\"valueRequired\":true,\"valueName\":\"search_term_string\"}}],\"inLanguage\":\"en-US\"},{\"@type\":\"Organization\",\"@id\":\"https:\/\/www.he-arc.ch\/en\/#organization\",\"name\":\"Haute Ecole Arc\",\"url\":\"https:\/\/www.he-arc.ch\/en\/\",\"logo\":{\"@type\":\"ImageObject\",\"inLanguage\":\"en-US\",\"@id\":\"https:\/\/www.he-arc.ch\/en\/#\/schema\/logo\/image\/\",\"url\":\"https:\/\/www.he-arc.ch\/wp-content\/uploads\/2022\/01\/logo-he-arc.svg\",\"contentUrl\":\"https:\/\/www.he-arc.ch\/wp-content\/uploads\/2022\/01\/logo-he-arc.svg\",\"width\":140,\"height\":42,\"caption\":\"Haute Ecole Arc\"},\"image\":{\"@id\":\"https:\/\/www.he-arc.ch\/en\/#\/schema\/logo\/image\/\"}}]}<\/script>\n<!-- \/ Yoast SEO plugin. -->","yoast_head_json":{"title":"Workgroup FINE Europe 2025 - Haute-Ecole Arc","robots":{"index":"index","follow":"follow","max-snippet":"max-snippet:-1","max-image-preview":"max-image-preview:large","max-video-preview":"max-video-preview:-1"},"canonical":"https:\/\/www.he-arc.ch\/en\/agenda\/workgroup-fine-europe-2025\/","og_locale":"en_US","og_type":"article","og_title":"Workgroup FINE Europe 2025 - Haute-Ecole Arc","og_description":"Les 11 et 12 d\u00e9cembre prochains aura lieu le Workgroup FINE (F\u00e9d\u00e9ration europ\u00e9enne des Enseignants en Sciences infirmi\u00e8res). L\u2019\u00e9v\u00e8nement, organis\u00e9 \u00e0 la Haute Ecole Arc Sant\u00e9 \u00e0 Neuch\u00e2tel, permettra de r\u00e9unir les diff\u00e9rents acteurs-trices de la formation en soins infirmiers au niveau europ\u00e9en, autour de la question de l\u2019engagement des \u00e9tudiant-e-s dans un environnement p\u00e9dagogique [&hellip;]","og_url":"https:\/\/www.he-arc.ch\/en\/agenda\/workgroup-fine-europe-2025\/","og_site_name":"Haute-Ecole Arc","article_modified_time":"2025-10-13T06:59:14+00:00","og_image":[{"width":940,"height":299,"url":"https:\/\/www.he-arc.ch\/wp-content\/uploads\/2025\/09\/FINE.png","type":"image\/png"}],"twitter_card":"summary_large_image","twitter_misc":{"Est. reading time":"2 minutes"},"schema":{"@context":"https:\/\/schema.org","@graph":[{"@type":"WebPage","@id":"https:\/\/www.he-arc.ch\/en\/agenda\/workgroup-fine-europe-2025\/","url":"https:\/\/www.he-arc.ch\/en\/agenda\/workgroup-fine-europe-2025\/","name":"Workgroup FINE Europe 2025 - Haute-Ecole Arc","isPartOf":{"@id":"https:\/\/www.he-arc.ch\/en\/#website"},"primaryImageOfPage":{"@id":"https:\/\/www.he-arc.ch\/en\/agenda\/workgroup-fine-europe-2025\/#primaryimage"},"image":{"@id":"https:\/\/www.he-arc.ch\/en\/agenda\/workgroup-fine-europe-2025\/#primaryimage"},"thumbnailUrl":"https:\/\/www.he-arc.ch\/wp-content\/uploads\/2025\/09\/FINE.png","datePublished":"2025-09-25T12:44:32+00:00","dateModified":"2025-10-13T06:59:14+00:00","breadcrumb":{"@id":"https:\/\/www.he-arc.ch\/en\/agenda\/workgroup-fine-europe-2025\/#breadcrumb"},"inLanguage":"en-US","potentialAction":[{"@type":"ReadAction","target":["https:\/\/www.he-arc.ch\/en\/agenda\/workgroup-fine-europe-2025\/"]}]},{"@type":"ImageObject","inLanguage":"en-US","@id":"https:\/\/www.he-arc.ch\/en\/agenda\/workgroup-fine-europe-2025\/#primaryimage","url":"https:\/\/www.he-arc.ch\/wp-content\/uploads\/2025\/09\/FINE.png","contentUrl":"https:\/\/www.he-arc.ch\/wp-content\/uploads\/2025\/09\/FINE.png","width":940,"height":299},{"@type":"BreadcrumbList","@id":"https:\/\/www.he-arc.ch\/en\/agenda\/workgroup-fine-europe-2025\/#breadcrumb","itemListElement":[{"@type":"ListItem","position":1,"name":"Accueil","item":"https:\/\/www.he-arc.ch\/en\/"},{"@type":"ListItem","position":2,"name":"Events","item":"https:\/\/www.he-arc.ch\/en\/events\/"},{"@type":"ListItem","position":3,"name":"Workgroup FINE Europe 2025"}]},{"@type":"WebSite","@id":"https:\/\/www.he-arc.ch\/en\/#website","url":"https:\/\/www.he-arc.ch\/en\/","name":"Haute-Ecole Arc","description":"Haute \u00e9cole sp\u00e9cialis\u00e9e Suisse. Gestion, Ing\u00e9nierie, Sant\u00e9, Conservation-\u200brestauration.","publisher":{"@id":"https:\/\/www.he-arc.ch\/en\/#organization"},"potentialAction":[{"@type":"SearchAction","target":{"@type":"EntryPoint","urlTemplate":"https:\/\/www.he-arc.ch\/en\/?s={search_term_string}"},"query-input":{"@type":"PropertyValueSpecification","valueRequired":true,"valueName":"search_term_string"}}],"inLanguage":"en-US"},{"@type":"Organization","@id":"https:\/\/www.he-arc.ch\/en\/#organization","name":"Haute Ecole Arc","url":"https:\/\/www.he-arc.ch\/en\/","logo":{"@type":"ImageObject","inLanguage":"en-US","@id":"https:\/\/www.he-arc.ch\/en\/#\/schema\/logo\/image\/","url":"https:\/\/www.he-arc.ch\/wp-content\/uploads\/2022\/01\/logo-he-arc.svg","contentUrl":"https:\/\/www.he-arc.ch\/wp-content\/uploads\/2022\/01\/logo-he-arc.svg","width":140,"height":42,"caption":"Haute Ecole Arc"},"image":{"@id":"https:\/\/www.he-arc.ch\/en\/#\/schema\/logo\/image\/"}}]}},"_links":{"self":[{"href":"https:\/\/www.he-arc.ch\/en\/wp-json\/wp\/v2\/he-arc_event\/72210","targetHints":{"allow":["GET"]}}],"collection":[{"href":"https:\/\/www.he-arc.ch\/en\/wp-json\/wp\/v2\/he-arc_event"}],"about":[{"href":"https:\/\/www.he-arc.ch\/en\/wp-json\/wp\/v2\/types\/he-arc_event"}],"author":[{"embeddable":true,"href":"https:\/\/www.he-arc.ch\/en\/wp-json\/wp\/v2\/users\/10"}],"version-history":[{"count":3,"href":"https:\/\/www.he-arc.ch\/en\/wp-json\/wp\/v2\/he-arc_event\/72210\/revisions"}],"predecessor-version":[{"id":72738,"href":"https:\/\/www.he-arc.ch\/en\/wp-json\/wp\/v2\/he-arc_event\/72210\/revisions\/72738"}],"wp:featuredmedia":[{"embeddable":true,"href":"https:\/\/www.he-arc.ch\/en\/wp-json\/wp\/v2\/media\/72212"}],"wp:attachment":[{"href":"https:\/\/www.he-arc.ch\/en\/wp-json\/wp\/v2\/media?parent=72210"}],"wp:term":[{"taxonomy":"he-arc_domain","embeddable":true,"href":"https:\/\/www.he-arc.ch\/en\/wp-json\/wp\/v2\/he-arc_domain?post=72210"},{"taxonomy":"he-arc_event_category","embeddable":true,"href":"https:\/\/www.he-arc.ch\/en\/wp-json\/wp\/v2\/he-arc_event_category?post=72210"}],"curies":[{"name":"wp","href":"https:\/\/api.w.org\/{rel}","templated":true}]}}