{"id":81548,"date":"2026-04-10T12:32:52","date_gmt":"2026-04-10T10:32:52","guid":{"rendered":"https:\/\/www.he-arc.ch\/?post_type=he-arc_event&#038;p=81548"},"modified":"2026-04-29T10:27:43","modified_gmt":"2026-04-29T08:27:43","slug":"journee-internationale-des-infirmieres-2026","status":"publish","type":"he-arc_event","link":"https:\/\/www.he-arc.ch\/en\/agenda\/journee-internationale-des-infirmieres-2026\/","title":{"rendered":"Journ\u00e9e internationale des infirmi\u00e8res et infirmiers 2026"},"content":{"rendered":"\n<h3 class=\"wp-block-heading\">Le 12 mai, c&#8217;est la Journ\u00e9e internationale des infirmi\u00e8res et infirmiers<\/h3>\n\n\n\n<p>Le 12 mai, c&#8217;est la naissance de Florence Nightingale. Depuis plusieurs d\u00e9cennies, c&#8217;est aussi le jour o\u00f9 le monde entier c\u00e9l\u00e8bre les infirmi\u00e8res et infirmiers. Chaque ann\u00e9e, le Conseil international des Infirmi\u00e8res (CII) marque cette date en portant un message th\u00e9matique appuy\u00e9 sur des preuves concr\u00e8tes.<\/p>\n\n\n\n<p>Les infirmi\u00e8res et infirmiers sauvent des vies chaque jour. Leur impact est d\u00e9cupl\u00e9 lorsqu&#8217;elles\/ils disposent du pouvoir d&#8217;agir. Le th\u00e8me de cette ann\u00e9e appelle \u00e0 des changements structurels concrets pour lib\u00e9rer tout le potentiel de la profession, transformer les syst\u00e8mes de sant\u00e9 et relever les grands d\u00e9fis sanitaires mondiaux.<\/p>\n\n\n\n<p>Plus d&#8217;informations ici : <a href=\"https:\/\/www.icn.ch\/fr\/nos-actions\/campagnes\/journee-internationale-des-infirmieres\">Journ\u00e9e Internationale des Infirmi\u00e8res | ICN &#8211; International Council of Nurses<\/a><\/p>\n\n\n\n<h3 class=\"wp-block-heading\">C\u00e9l\u00e9brons cette journ\u00e9e \u00e0 Haute Ecole Arc Sant\u00e9 !<\/h3>\n\n\n\n<p>\u00c0 l&#8217;occasion de cette journ\u00e9e mondiale, l&#8217;Association suisse des Infirmi\u00e8res (ASI &#8211; section Neuch\u00e2tel Jura), Alliance Care et la Haute Ecole Arc Sant\u00e9 vous invitent \u00e0 une soir\u00e9e ouverte \u00e0 toutes et tous pour c\u00e9l\u00e9brer, partager et mettre \u00e0 l&#8217;honneur la profession infirmi\u00e8re.<\/p>\n\n\n\n<p>Au programme de cette soir\u00e9e :<\/p>\n\n\n\n<ul class=\"wp-block-list\">\n<li>Table ronde<\/li>\n\n\n\n<li>Catch Impro participatif<\/li>\n\n\n\n<li>Ap\u00e9ritif et \u00e9changes<\/li>\n<\/ul>\n\n\n\n<h3 class=\"wp-block-heading\">Informations pratiques<\/h3>\n\n\n\n<p>Date :le mardi 12 mai 2026<br>Lieu : HE-Arc Sant\u00e9, Neuch\u00e2tel (salle 328) d\u00e8s 17h30<br>Inscription obligatoire via ce formulaire jusqu&#8217;au 4 mai 2026 : <a href=\"https:\/\/forms.gle\/jZgugmGVttFsh9xE9\">https:\/\/forms.gle\/jZgugmGVttFsh9xE9<\/a><\/p>\n\n\n\n<p>Nous nous r\u00e9jouissons de vous retrouver lors de cet \u00e9v\u00e9nement !<\/p>\n\n\n\n<h3 class=\"wp-block-heading has-text-align-center\"><strong>\u00ab Nos infirmi\u00e8res, nos infirmiers. Notre avenir. Le pouvoir d&#8217;agir des infirmi\u00e8res sauve des vies. \u00bb<\/strong><\/h3>\n\n\n\n<p>Organis\u00e9 en partenariat avec :<\/p>\n\n\n\n<ul class=\"wp-block-list\">\n<li><a href=\"https:\/\/www.alliance-care.ch\/fr\/\">alliance care \u2013 Organisation fa\u00eeti\u00e8re dans le domaine des soins<\/a><\/li>\n\n\n\n<li><a href=\"https:\/\/sbk-asi.ch\/fr\">SBK ASI &#8211; die Stimme der Pflege<\/a><\/li>\n<\/ul>\n\n\n\n<p><\/p>\n\n\n\n<figure class=\"wp-block-image size-large\"><img decoding=\"async\" width=\"1024\" height=\"1024\" src=\"https:\/\/www.he-arc.ch\/wp-content\/uploads\/2026\/04\/Flyer-journee-internationale-infirmiere-1024x1024.jpg\" alt=\"Flyer journ\u00e9e internationale infirmi\u00e8res 2026\" class=\"wp-image-81549\" srcset=\"https:\/\/www.he-arc.ch\/wp-content\/uploads\/2026\/04\/Flyer-journee-internationale-infirmiere-1024x1024.jpg 1024w, https:\/\/www.he-arc.ch\/wp-content\/uploads\/2026\/04\/Flyer-journee-internationale-infirmiere-300x300.jpg 300w, https:\/\/www.he-arc.ch\/wp-content\/uploads\/2026\/04\/Flyer-journee-internationale-infirmiere-150x150.jpg 150w, https:\/\/www.he-arc.ch\/wp-content\/uploads\/2026\/04\/Flyer-journee-internationale-infirmiere-768x768.jpg 768w, https:\/\/www.he-arc.ch\/wp-content\/uploads\/2026\/04\/Flyer-journee-internationale-infirmiere.jpg 1500w\" sizes=\"(max-width: 1024px) 100vw, 1024px\" \/><figcaption class=\"wp-element-caption\">Flyer Journ\u00e9e internationale infirmi\u00e8res 2026<\/figcaption><\/figure>\n","protected":false},"author":59,"featured_media":81551,"template":"","he-arc_domain":[4],"he-arc_event_category":[],"class_list":["post-81548","he-arc_event","type-he-arc_event","status-publish","has-post-thumbnail","hentry","he-arc_domain-sante"],"acf":[],"yoast_head":"<!-- This site is optimized with the Yoast SEO plugin v26.6 - https:\/\/yoast.com\/wordpress\/plugins\/seo\/ -->\n<title>Journ\u00e9e internationale des infirmi\u00e8res et infirmiers 2026 - Haute-Ecole Arc<\/title>\n<meta name=\"description\" content=\"C\u00e9l\u00e9brez la Journ\u00e9e internationale des infirmi\u00e8res le 12 mai 2026 \u00e0 Neuch\u00e2tel : une soir\u00e9e gratuite et ouverte \u00e0 tous \u00e0 la HE-Arc Sant\u00e9.\" \/>\n<meta name=\"robots\" content=\"index, follow, max-snippet:-1, max-image-preview:large, max-video-preview:-1\" \/>\n<link rel=\"canonical\" href=\"https:\/\/www.he-arc.ch\/en\/agenda\/journee-internationale-des-infirmieres-2026\/\" \/>\n<meta property=\"og:locale\" content=\"en_US\" \/>\n<meta property=\"og:type\" content=\"article\" \/>\n<meta property=\"og:title\" content=\"Journ\u00e9e internationale des infirmi\u00e8res et infirmiers 2026 - Haute-Ecole Arc\" \/>\n<meta property=\"og:description\" content=\"C\u00e9l\u00e9brez la Journ\u00e9e internationale des infirmi\u00e8res le 12 mai 2026 \u00e0 Neuch\u00e2tel : une soir\u00e9e gratuite et ouverte \u00e0 tous \u00e0 la HE-Arc Sant\u00e9.\" \/>\n<meta property=\"og:url\" content=\"https:\/\/www.he-arc.ch\/en\/agenda\/journee-internationale-des-infirmieres-2026\/\" \/>\n<meta property=\"og:site_name\" content=\"Haute-Ecole Arc\" \/>\n<meta property=\"article:modified_time\" content=\"2026-04-29T08:27:43+00:00\" \/>\n<meta property=\"og:image\" content=\"https:\/\/www.he-arc.ch\/wp-content\/uploads\/2026\/04\/Journee-internationale-Infirmieres-CII-2026.png\" \/>\n\t<meta property=\"og:image:width\" content=\"1282\" \/>\n\t<meta property=\"og:image:height\" content=\"912\" \/>\n\t<meta property=\"og:image:type\" content=\"image\/png\" \/>\n<meta name=\"twitter:card\" content=\"summary_large_image\" \/>\n<meta name=\"twitter:label1\" content=\"Est. reading time\" \/>\n\t<meta name=\"twitter:data1\" content=\"2 minutes\" \/>\n<script type=\"application\/ld+json\" class=\"yoast-schema-graph\">{\"@context\":\"https:\/\/schema.org\",\"@graph\":[{\"@type\":\"WebPage\",\"@id\":\"https:\/\/www.he-arc.ch\/en\/agenda\/journee-internationale-des-infirmieres-2026\/\",\"url\":\"https:\/\/www.he-arc.ch\/en\/agenda\/journee-internationale-des-infirmieres-2026\/\",\"name\":\"Journ\u00e9e internationale des infirmi\u00e8res et infirmiers 2026 - Haute-Ecole Arc\",\"isPartOf\":{\"@id\":\"https:\/\/www.he-arc.ch\/en\/#website\"},\"primaryImageOfPage\":{\"@id\":\"https:\/\/www.he-arc.ch\/en\/agenda\/journee-internationale-des-infirmieres-2026\/#primaryimage\"},\"image\":{\"@id\":\"https:\/\/www.he-arc.ch\/en\/agenda\/journee-internationale-des-infirmieres-2026\/#primaryimage\"},\"thumbnailUrl\":\"https:\/\/www.he-arc.ch\/wp-content\/uploads\/2026\/04\/Journee-internationale-Infirmieres-CII-2026.png\",\"datePublished\":\"2026-04-10T10:32:52+00:00\",\"dateModified\":\"2026-04-29T08:27:43+00:00\",\"description\":\"C\u00e9l\u00e9brez la Journ\u00e9e internationale des infirmi\u00e8res le 12 mai 2026 \u00e0 Neuch\u00e2tel : une soir\u00e9e gratuite et ouverte \u00e0 tous \u00e0 la HE-Arc Sant\u00e9.\",\"breadcrumb\":{\"@id\":\"https:\/\/www.he-arc.ch\/en\/agenda\/journee-internationale-des-infirmieres-2026\/#breadcrumb\"},\"inLanguage\":\"en-US\",\"potentialAction\":[{\"@type\":\"ReadAction\",\"target\":[\"https:\/\/www.he-arc.ch\/en\/agenda\/journee-internationale-des-infirmieres-2026\/\"]}]},{\"@type\":\"ImageObject\",\"inLanguage\":\"en-US\",\"@id\":\"https:\/\/www.he-arc.ch\/en\/agenda\/journee-internationale-des-infirmieres-2026\/#primaryimage\",\"url\":\"https:\/\/www.he-arc.ch\/wp-content\/uploads\/2026\/04\/Journee-internationale-Infirmieres-CII-2026.png\",\"contentUrl\":\"https:\/\/www.he-arc.ch\/wp-content\/uploads\/2026\/04\/Journee-internationale-Infirmieres-CII-2026.png\",\"width\":1282,\"height\":912,\"caption\":\"Journ\u00e9e internationale des infirmi\u00e8res 2026\"},{\"@type\":\"BreadcrumbList\",\"@id\":\"https:\/\/www.he-arc.ch\/en\/agenda\/journee-internationale-des-infirmieres-2026\/#breadcrumb\",\"itemListElement\":[{\"@type\":\"ListItem\",\"position\":1,\"name\":\"Accueil\",\"item\":\"https:\/\/www.he-arc.ch\/en\/\"},{\"@type\":\"ListItem\",\"position\":2,\"name\":\"Events\",\"item\":\"https:\/\/www.he-arc.ch\/en\/events\/\"},{\"@type\":\"ListItem\",\"position\":3,\"name\":\"Journ\u00e9e internationale des infirmi\u00e8res et infirmiers 2026\"}]},{\"@type\":\"WebSite\",\"@id\":\"https:\/\/www.he-arc.ch\/en\/#website\",\"url\":\"https:\/\/www.he-arc.ch\/en\/\",\"name\":\"Haute-Ecole Arc\",\"description\":\"Haute \u00e9cole sp\u00e9cialis\u00e9e Suisse. Gestion, Ing\u00e9nierie, Sant\u00e9, Conservation-\u200brestauration.\",\"publisher\":{\"@id\":\"https:\/\/www.he-arc.ch\/en\/#organization\"},\"potentialAction\":[{\"@type\":\"SearchAction\",\"target\":{\"@type\":\"EntryPoint\",\"urlTemplate\":\"https:\/\/www.he-arc.ch\/en\/?s={search_term_string}\"},\"query-input\":{\"@type\":\"PropertyValueSpecification\",\"valueRequired\":true,\"valueName\":\"search_term_string\"}}],\"inLanguage\":\"en-US\"},{\"@type\":\"Organization\",\"@id\":\"https:\/\/www.he-arc.ch\/en\/#organization\",\"name\":\"Haute Ecole Arc\",\"url\":\"https:\/\/www.he-arc.ch\/en\/\",\"logo\":{\"@type\":\"ImageObject\",\"inLanguage\":\"en-US\",\"@id\":\"https:\/\/www.he-arc.ch\/en\/#\/schema\/logo\/image\/\",\"url\":\"https:\/\/www.he-arc.ch\/wp-content\/uploads\/2022\/01\/logo-he-arc.svg\",\"contentUrl\":\"https:\/\/www.he-arc.ch\/wp-content\/uploads\/2022\/01\/logo-he-arc.svg\",\"width\":140,\"height\":42,\"caption\":\"Haute Ecole Arc\"},\"image\":{\"@id\":\"https:\/\/www.he-arc.ch\/en\/#\/schema\/logo\/image\/\"}}]}<\/script>\n<!-- \/ Yoast SEO plugin. -->","yoast_head_json":{"title":"Journ\u00e9e internationale des infirmi\u00e8res et infirmiers 2026 - Haute-Ecole Arc","description":"C\u00e9l\u00e9brez la Journ\u00e9e internationale des infirmi\u00e8res le 12 mai 2026 \u00e0 Neuch\u00e2tel : une soir\u00e9e gratuite et ouverte \u00e0 tous \u00e0 la HE-Arc Sant\u00e9.","robots":{"index":"index","follow":"follow","max-snippet":"max-snippet:-1","max-image-preview":"max-image-preview:large","max-video-preview":"max-video-preview:-1"},"canonical":"https:\/\/www.he-arc.ch\/en\/agenda\/journee-internationale-des-infirmieres-2026\/","og_locale":"en_US","og_type":"article","og_title":"Journ\u00e9e internationale des infirmi\u00e8res et infirmiers 2026 - Haute-Ecole Arc","og_description":"C\u00e9l\u00e9brez la Journ\u00e9e internationale des infirmi\u00e8res le 12 mai 2026 \u00e0 Neuch\u00e2tel : une soir\u00e9e gratuite et ouverte \u00e0 tous \u00e0 la HE-Arc Sant\u00e9.","og_url":"https:\/\/www.he-arc.ch\/en\/agenda\/journee-internationale-des-infirmieres-2026\/","og_site_name":"Haute-Ecole Arc","article_modified_time":"2026-04-29T08:27:43+00:00","og_image":[{"width":1282,"height":912,"url":"https:\/\/www.he-arc.ch\/wp-content\/uploads\/2026\/04\/Journee-internationale-Infirmieres-CII-2026.png","type":"image\/png"}],"twitter_card":"summary_large_image","twitter_misc":{"Est. reading time":"2 minutes"},"schema":{"@context":"https:\/\/schema.org","@graph":[{"@type":"WebPage","@id":"https:\/\/www.he-arc.ch\/en\/agenda\/journee-internationale-des-infirmieres-2026\/","url":"https:\/\/www.he-arc.ch\/en\/agenda\/journee-internationale-des-infirmieres-2026\/","name":"Journ\u00e9e internationale des infirmi\u00e8res et infirmiers 2026 - Haute-Ecole Arc","isPartOf":{"@id":"https:\/\/www.he-arc.ch\/en\/#website"},"primaryImageOfPage":{"@id":"https:\/\/www.he-arc.ch\/en\/agenda\/journee-internationale-des-infirmieres-2026\/#primaryimage"},"image":{"@id":"https:\/\/www.he-arc.ch\/en\/agenda\/journee-internationale-des-infirmieres-2026\/#primaryimage"},"thumbnailUrl":"https:\/\/www.he-arc.ch\/wp-content\/uploads\/2026\/04\/Journee-internationale-Infirmieres-CII-2026.png","datePublished":"2026-04-10T10:32:52+00:00","dateModified":"2026-04-29T08:27:43+00:00","description":"C\u00e9l\u00e9brez la Journ\u00e9e internationale des infirmi\u00e8res le 12 mai 2026 \u00e0 Neuch\u00e2tel : une soir\u00e9e gratuite et ouverte \u00e0 tous \u00e0 la HE-Arc Sant\u00e9.","breadcrumb":{"@id":"https:\/\/www.he-arc.ch\/en\/agenda\/journee-internationale-des-infirmieres-2026\/#breadcrumb"},"inLanguage":"en-US","potentialAction":[{"@type":"ReadAction","target":["https:\/\/www.he-arc.ch\/en\/agenda\/journee-internationale-des-infirmieres-2026\/"]}]},{"@type":"ImageObject","inLanguage":"en-US","@id":"https:\/\/www.he-arc.ch\/en\/agenda\/journee-internationale-des-infirmieres-2026\/#primaryimage","url":"https:\/\/www.he-arc.ch\/wp-content\/uploads\/2026\/04\/Journee-internationale-Infirmieres-CII-2026.png","contentUrl":"https:\/\/www.he-arc.ch\/wp-content\/uploads\/2026\/04\/Journee-internationale-Infirmieres-CII-2026.png","width":1282,"height":912,"caption":"Journ\u00e9e internationale des infirmi\u00e8res 2026"},{"@type":"BreadcrumbList","@id":"https:\/\/www.he-arc.ch\/en\/agenda\/journee-internationale-des-infirmieres-2026\/#breadcrumb","itemListElement":[{"@type":"ListItem","position":1,"name":"Accueil","item":"https:\/\/www.he-arc.ch\/en\/"},{"@type":"ListItem","position":2,"name":"Events","item":"https:\/\/www.he-arc.ch\/en\/events\/"},{"@type":"ListItem","position":3,"name":"Journ\u00e9e internationale des infirmi\u00e8res et infirmiers 2026"}]},{"@type":"WebSite","@id":"https:\/\/www.he-arc.ch\/en\/#website","url":"https:\/\/www.he-arc.ch\/en\/","name":"Haute-Ecole Arc","description":"Haute \u00e9cole sp\u00e9cialis\u00e9e Suisse. Gestion, Ing\u00e9nierie, Sant\u00e9, Conservation-\u200brestauration.","publisher":{"@id":"https:\/\/www.he-arc.ch\/en\/#organization"},"potentialAction":[{"@type":"SearchAction","target":{"@type":"EntryPoint","urlTemplate":"https:\/\/www.he-arc.ch\/en\/?s={search_term_string}"},"query-input":{"@type":"PropertyValueSpecification","valueRequired":true,"valueName":"search_term_string"}}],"inLanguage":"en-US"},{"@type":"Organization","@id":"https:\/\/www.he-arc.ch\/en\/#organization","name":"Haute Ecole Arc","url":"https:\/\/www.he-arc.ch\/en\/","logo":{"@type":"ImageObject","inLanguage":"en-US","@id":"https:\/\/www.he-arc.ch\/en\/#\/schema\/logo\/image\/","url":"https:\/\/www.he-arc.ch\/wp-content\/uploads\/2022\/01\/logo-he-arc.svg","contentUrl":"https:\/\/www.he-arc.ch\/wp-content\/uploads\/2022\/01\/logo-he-arc.svg","width":140,"height":42,"caption":"Haute Ecole Arc"},"image":{"@id":"https:\/\/www.he-arc.ch\/en\/#\/schema\/logo\/image\/"}}]}},"_links":{"self":[{"href":"https:\/\/www.he-arc.ch\/en\/wp-json\/wp\/v2\/he-arc_event\/81548","targetHints":{"allow":["GET"]}}],"collection":[{"href":"https:\/\/www.he-arc.ch\/en\/wp-json\/wp\/v2\/he-arc_event"}],"about":[{"href":"https:\/\/www.he-arc.ch\/en\/wp-json\/wp\/v2\/types\/he-arc_event"}],"author":[{"embeddable":true,"href":"https:\/\/www.he-arc.ch\/en\/wp-json\/wp\/v2\/users\/59"}],"version-history":[{"count":8,"href":"https:\/\/www.he-arc.ch\/en\/wp-json\/wp\/v2\/he-arc_event\/81548\/revisions"}],"predecessor-version":[{"id":82050,"href":"https:\/\/www.he-arc.ch\/en\/wp-json\/wp\/v2\/he-arc_event\/81548\/revisions\/82050"}],"wp:featuredmedia":[{"embeddable":true,"href":"https:\/\/www.he-arc.ch\/en\/wp-json\/wp\/v2\/media\/81551"}],"wp:attachment":[{"href":"https:\/\/www.he-arc.ch\/en\/wp-json\/wp\/v2\/media?parent=81548"}],"wp:term":[{"taxonomy":"he-arc_domain","embeddable":true,"href":"https:\/\/www.he-arc.ch\/en\/wp-json\/wp\/v2\/he-arc_domain?post=81548"},{"taxonomy":"he-arc_event_category","embeddable":true,"href":"https:\/\/www.he-arc.ch\/en\/wp-json\/wp\/v2\/he-arc_event_category?post=81548"}],"curies":[{"name":"wp","href":"https:\/\/api.w.org\/{rel}","templated":true}]}}