{"id":81889,"date":"2026-04-24T10:55:26","date_gmt":"2026-04-24T08:55:26","guid":{"rendered":"https:\/\/www.he-arc.ch\/?post_type=he-arc_event&#038;p=81889"},"modified":"2026-04-27T09:10:47","modified_gmt":"2026-04-27T07:10:47","slug":"vernissage-de-lexposition-out-of-the-box","status":"publish","type":"he-arc_event","link":"https:\/\/www.he-arc.ch\/en\/agenda\/vernissage-de-lexposition-out-of-the-box\/","title":{"rendered":"Vernissage de l&#8217;exposition Out of the Box"},"content":{"rendered":"\n<p>Du 12 au 29 mai, l\u2019Universit\u00e9 de Neuch\u00e2tel accueille l\u2019exposition <em>Out of the Box<\/em>, conceptualis\u00e9e \u00e0 l\u2019Universit\u00e9 de Lausanne.<br><br>Dans le cadre de la Journ\u00e9e internationale de lutte contre les violences et discriminations LGBTIQ-phobe, un moment d\u2019\u00e9change sera consacr\u00e9 \u00e0 la gen\u00e8se de ce projet ainsi qu\u2019aux politiques EDI des institutions neuch\u00e2teloises. La rencontre se poursuivra autour d\u2019une verr\u00e9e et d\u2019un moment convivial.<\/p>\n\n\n\n<p>D\u00e9roulement du programme :<\/p>\n\n\n\n<ul class=\"wp-block-list\">\n<li>Pr\u00e9sentation du projet OUT OF THE BOX par Jo\u00eblle Richard :<br>Enjeux LGBTIQ \u00e0 l\u2019Universit\u00e9 et gen\u00e8se du projet.<\/li>\n\n\n\n<li>Intervention de X\u00e9nia Ch\u00e2telain :<br>Regard sur les politiques EDI des institutions partenaires<\/li>\n\n\n\n<li>\u00c9changes avec le public autour d\u2019une verr\u00e9e et visite libre de l\u2019exposition<\/li>\n<\/ul>\n\n\n\n<p><em><strong>\u00c9v\u00e9nement ouvert au public, <a href=\"https:\/\/forms.unine.ch\/InscriptionAtelier2\" target=\"_blank\" rel=\"noreferrer noopener\">inscription <\/a>souhait\u00e9e<\/strong><\/em><\/p>\n\n\n\n<p><a href=\"https:\/\/www.he-arc.ch\/wp-content\/uploads\/2026\/04\/Vernissage-OTB.pdf\" target=\"_blank\" rel=\"noreferrer noopener\">Consulter le flyer<\/a>.<\/p>\n\n\n\n<p><a href=\"https:\/\/www.unine.ch\/egalite\/evenement\/exposition-out-of-the-box\" target=\"_blank\" rel=\"noreferrer noopener\">Pour en savoir plus sur l&#8217;expo&#8230;<\/a><\/p>\n\n\n\n<p><\/p>\n","protected":false},"author":13,"featured_media":21824,"template":"","he-arc_domain":[6],"he-arc_event_category":[],"class_list":["post-81889","he-arc_event","type-he-arc_event","status-publish","has-post-thumbnail","hentry","he-arc_domain-he-arc"],"acf":[],"yoast_head":"<!-- This site is optimized with the Yoast SEO plugin v26.6 - https:\/\/yoast.com\/wordpress\/plugins\/seo\/ -->\n<title>Vernissage de l&#039;exposition Out of the Box - Haute-Ecole Arc<\/title>\n<meta name=\"robots\" content=\"index, follow, max-snippet:-1, max-image-preview:large, max-video-preview:-1\" \/>\n<link rel=\"canonical\" href=\"https:\/\/www.he-arc.ch\/en\/agenda\/vernissage-de-lexposition-out-of-the-box\/\" \/>\n<meta property=\"og:locale\" content=\"en_US\" \/>\n<meta property=\"og:type\" content=\"article\" \/>\n<meta property=\"og:title\" content=\"Vernissage de l&#039;exposition Out of the Box - Haute-Ecole Arc\" \/>\n<meta property=\"og:description\" content=\"Du 12 au 29 mai, l\u2019Universit\u00e9 de Neuch\u00e2tel accueille l\u2019exposition Out of the Box, conceptualis\u00e9e \u00e0 l\u2019Universit\u00e9 de Lausanne. Dans le cadre de la Journ\u00e9e internationale de lutte contre les violences et discriminations LGBTIQ-phobe, un moment d\u2019\u00e9change sera consacr\u00e9 \u00e0 la gen\u00e8se de ce projet ainsi qu\u2019aux politiques EDI des institutions neuch\u00e2teloises. La rencontre se [&hellip;]\" \/>\n<meta property=\"og:url\" content=\"https:\/\/www.he-arc.ch\/en\/agenda\/vernissage-de-lexposition-out-of-the-box\/\" \/>\n<meta property=\"og:site_name\" content=\"Haute-Ecole Arc\" \/>\n<meta property=\"article:modified_time\" content=\"2026-04-27T07:10:47+00:00\" \/>\n<meta property=\"og:image\" content=\"https:\/\/www.he-arc.ch\/wp-content\/uploads\/2021\/11\/fondActus.png\" \/>\n\t<meta property=\"og:image:width\" content=\"1919\" \/>\n\t<meta property=\"og:image:height\" content=\"844\" \/>\n\t<meta property=\"og:image:type\" content=\"image\/png\" \/>\n<meta name=\"twitter:card\" content=\"summary_large_image\" \/>\n<meta name=\"twitter:label1\" content=\"Est. reading time\" \/>\n\t<meta name=\"twitter:data1\" content=\"1 minute\" \/>\n<script type=\"application\/ld+json\" class=\"yoast-schema-graph\">{\"@context\":\"https:\/\/schema.org\",\"@graph\":[{\"@type\":\"WebPage\",\"@id\":\"https:\/\/www.he-arc.ch\/en\/agenda\/vernissage-de-lexposition-out-of-the-box\/\",\"url\":\"https:\/\/www.he-arc.ch\/en\/agenda\/vernissage-de-lexposition-out-of-the-box\/\",\"name\":\"Vernissage de l'exposition Out of the Box - Haute-Ecole Arc\",\"isPartOf\":{\"@id\":\"https:\/\/www.he-arc.ch\/en\/#website\"},\"primaryImageOfPage\":{\"@id\":\"https:\/\/www.he-arc.ch\/en\/agenda\/vernissage-de-lexposition-out-of-the-box\/#primaryimage\"},\"image\":{\"@id\":\"https:\/\/www.he-arc.ch\/en\/agenda\/vernissage-de-lexposition-out-of-the-box\/#primaryimage\"},\"thumbnailUrl\":\"https:\/\/www.he-arc.ch\/wp-content\/uploads\/2021\/11\/fondActus.png\",\"datePublished\":\"2026-04-24T08:55:26+00:00\",\"dateModified\":\"2026-04-27T07:10:47+00:00\",\"breadcrumb\":{\"@id\":\"https:\/\/www.he-arc.ch\/en\/agenda\/vernissage-de-lexposition-out-of-the-box\/#breadcrumb\"},\"inLanguage\":\"en-US\",\"potentialAction\":[{\"@type\":\"ReadAction\",\"target\":[\"https:\/\/www.he-arc.ch\/en\/agenda\/vernissage-de-lexposition-out-of-the-box\/\"]}]},{\"@type\":\"ImageObject\",\"inLanguage\":\"en-US\",\"@id\":\"https:\/\/www.he-arc.ch\/en\/agenda\/vernissage-de-lexposition-out-of-the-box\/#primaryimage\",\"url\":\"https:\/\/www.he-arc.ch\/wp-content\/uploads\/2021\/11\/fondActus.png\",\"contentUrl\":\"https:\/\/www.he-arc.ch\/wp-content\/uploads\/2021\/11\/fondActus.png\",\"width\":1919,\"height\":844},{\"@type\":\"BreadcrumbList\",\"@id\":\"https:\/\/www.he-arc.ch\/en\/agenda\/vernissage-de-lexposition-out-of-the-box\/#breadcrumb\",\"itemListElement\":[{\"@type\":\"ListItem\",\"position\":1,\"name\":\"Accueil\",\"item\":\"https:\/\/www.he-arc.ch\/en\/\"},{\"@type\":\"ListItem\",\"position\":2,\"name\":\"Events\",\"item\":\"https:\/\/www.he-arc.ch\/en\/events\/\"},{\"@type\":\"ListItem\",\"position\":3,\"name\":\"Vernissage de l&rsquo;exposition Out of the Box\"}]},{\"@type\":\"WebSite\",\"@id\":\"https:\/\/www.he-arc.ch\/en\/#website\",\"url\":\"https:\/\/www.he-arc.ch\/en\/\",\"name\":\"Haute-Ecole Arc\",\"description\":\"Haute \u00e9cole sp\u00e9cialis\u00e9e Suisse. Gestion, Ing\u00e9nierie, Sant\u00e9, Conservation-\u200brestauration.\",\"publisher\":{\"@id\":\"https:\/\/www.he-arc.ch\/en\/#organization\"},\"potentialAction\":[{\"@type\":\"SearchAction\",\"target\":{\"@type\":\"EntryPoint\",\"urlTemplate\":\"https:\/\/www.he-arc.ch\/en\/?s={search_term_string}\"},\"query-input\":{\"@type\":\"PropertyValueSpecification\",\"valueRequired\":true,\"valueName\":\"search_term_string\"}}],\"inLanguage\":\"en-US\"},{\"@type\":\"Organization\",\"@id\":\"https:\/\/www.he-arc.ch\/en\/#organization\",\"name\":\"Haute Ecole Arc\",\"url\":\"https:\/\/www.he-arc.ch\/en\/\",\"logo\":{\"@type\":\"ImageObject\",\"inLanguage\":\"en-US\",\"@id\":\"https:\/\/www.he-arc.ch\/en\/#\/schema\/logo\/image\/\",\"url\":\"https:\/\/www.he-arc.ch\/wp-content\/uploads\/2022\/01\/logo-he-arc.svg\",\"contentUrl\":\"https:\/\/www.he-arc.ch\/wp-content\/uploads\/2022\/01\/logo-he-arc.svg\",\"width\":140,\"height\":42,\"caption\":\"Haute Ecole Arc\"},\"image\":{\"@id\":\"https:\/\/www.he-arc.ch\/en\/#\/schema\/logo\/image\/\"}}]}<\/script>\n<!-- \/ Yoast SEO plugin. -->","yoast_head_json":{"title":"Vernissage de l'exposition Out of the Box - Haute-Ecole Arc","robots":{"index":"index","follow":"follow","max-snippet":"max-snippet:-1","max-image-preview":"max-image-preview:large","max-video-preview":"max-video-preview:-1"},"canonical":"https:\/\/www.he-arc.ch\/en\/agenda\/vernissage-de-lexposition-out-of-the-box\/","og_locale":"en_US","og_type":"article","og_title":"Vernissage de l'exposition Out of the Box - Haute-Ecole Arc","og_description":"Du 12 au 29 mai, l\u2019Universit\u00e9 de Neuch\u00e2tel accueille l\u2019exposition Out of the Box, conceptualis\u00e9e \u00e0 l\u2019Universit\u00e9 de Lausanne. Dans le cadre de la Journ\u00e9e internationale de lutte contre les violences et discriminations LGBTIQ-phobe, un moment d\u2019\u00e9change sera consacr\u00e9 \u00e0 la gen\u00e8se de ce projet ainsi qu\u2019aux politiques EDI des institutions neuch\u00e2teloises. La rencontre se [&hellip;]","og_url":"https:\/\/www.he-arc.ch\/en\/agenda\/vernissage-de-lexposition-out-of-the-box\/","og_site_name":"Haute-Ecole Arc","article_modified_time":"2026-04-27T07:10:47+00:00","og_image":[{"width":1919,"height":844,"url":"https:\/\/www.he-arc.ch\/wp-content\/uploads\/2021\/11\/fondActus.png","type":"image\/png"}],"twitter_card":"summary_large_image","twitter_misc":{"Est. reading time":"1 minute"},"schema":{"@context":"https:\/\/schema.org","@graph":[{"@type":"WebPage","@id":"https:\/\/www.he-arc.ch\/en\/agenda\/vernissage-de-lexposition-out-of-the-box\/","url":"https:\/\/www.he-arc.ch\/en\/agenda\/vernissage-de-lexposition-out-of-the-box\/","name":"Vernissage de l'exposition Out of the Box - Haute-Ecole Arc","isPartOf":{"@id":"https:\/\/www.he-arc.ch\/en\/#website"},"primaryImageOfPage":{"@id":"https:\/\/www.he-arc.ch\/en\/agenda\/vernissage-de-lexposition-out-of-the-box\/#primaryimage"},"image":{"@id":"https:\/\/www.he-arc.ch\/en\/agenda\/vernissage-de-lexposition-out-of-the-box\/#primaryimage"},"thumbnailUrl":"https:\/\/www.he-arc.ch\/wp-content\/uploads\/2021\/11\/fondActus.png","datePublished":"2026-04-24T08:55:26+00:00","dateModified":"2026-04-27T07:10:47+00:00","breadcrumb":{"@id":"https:\/\/www.he-arc.ch\/en\/agenda\/vernissage-de-lexposition-out-of-the-box\/#breadcrumb"},"inLanguage":"en-US","potentialAction":[{"@type":"ReadAction","target":["https:\/\/www.he-arc.ch\/en\/agenda\/vernissage-de-lexposition-out-of-the-box\/"]}]},{"@type":"ImageObject","inLanguage":"en-US","@id":"https:\/\/www.he-arc.ch\/en\/agenda\/vernissage-de-lexposition-out-of-the-box\/#primaryimage","url":"https:\/\/www.he-arc.ch\/wp-content\/uploads\/2021\/11\/fondActus.png","contentUrl":"https:\/\/www.he-arc.ch\/wp-content\/uploads\/2021\/11\/fondActus.png","width":1919,"height":844},{"@type":"BreadcrumbList","@id":"https:\/\/www.he-arc.ch\/en\/agenda\/vernissage-de-lexposition-out-of-the-box\/#breadcrumb","itemListElement":[{"@type":"ListItem","position":1,"name":"Accueil","item":"https:\/\/www.he-arc.ch\/en\/"},{"@type":"ListItem","position":2,"name":"Events","item":"https:\/\/www.he-arc.ch\/en\/events\/"},{"@type":"ListItem","position":3,"name":"Vernissage de l&rsquo;exposition Out of the Box"}]},{"@type":"WebSite","@id":"https:\/\/www.he-arc.ch\/en\/#website","url":"https:\/\/www.he-arc.ch\/en\/","name":"Haute-Ecole Arc","description":"Haute \u00e9cole sp\u00e9cialis\u00e9e Suisse. Gestion, Ing\u00e9nierie, Sant\u00e9, Conservation-\u200brestauration.","publisher":{"@id":"https:\/\/www.he-arc.ch\/en\/#organization"},"potentialAction":[{"@type":"SearchAction","target":{"@type":"EntryPoint","urlTemplate":"https:\/\/www.he-arc.ch\/en\/?s={search_term_string}"},"query-input":{"@type":"PropertyValueSpecification","valueRequired":true,"valueName":"search_term_string"}}],"inLanguage":"en-US"},{"@type":"Organization","@id":"https:\/\/www.he-arc.ch\/en\/#organization","name":"Haute Ecole Arc","url":"https:\/\/www.he-arc.ch\/en\/","logo":{"@type":"ImageObject","inLanguage":"en-US","@id":"https:\/\/www.he-arc.ch\/en\/#\/schema\/logo\/image\/","url":"https:\/\/www.he-arc.ch\/wp-content\/uploads\/2022\/01\/logo-he-arc.svg","contentUrl":"https:\/\/www.he-arc.ch\/wp-content\/uploads\/2022\/01\/logo-he-arc.svg","width":140,"height":42,"caption":"Haute Ecole Arc"},"image":{"@id":"https:\/\/www.he-arc.ch\/en\/#\/schema\/logo\/image\/"}}]}},"_links":{"self":[{"href":"https:\/\/www.he-arc.ch\/en\/wp-json\/wp\/v2\/he-arc_event\/81889","targetHints":{"allow":["GET"]}}],"collection":[{"href":"https:\/\/www.he-arc.ch\/en\/wp-json\/wp\/v2\/he-arc_event"}],"about":[{"href":"https:\/\/www.he-arc.ch\/en\/wp-json\/wp\/v2\/types\/he-arc_event"}],"author":[{"embeddable":true,"href":"https:\/\/www.he-arc.ch\/en\/wp-json\/wp\/v2\/users\/13"}],"version-history":[{"count":3,"href":"https:\/\/www.he-arc.ch\/en\/wp-json\/wp\/v2\/he-arc_event\/81889\/revisions"}],"predecessor-version":[{"id":81918,"href":"https:\/\/www.he-arc.ch\/en\/wp-json\/wp\/v2\/he-arc_event\/81889\/revisions\/81918"}],"wp:featuredmedia":[{"embeddable":true,"href":"https:\/\/www.he-arc.ch\/en\/wp-json\/wp\/v2\/media\/21824"}],"wp:attachment":[{"href":"https:\/\/www.he-arc.ch\/en\/wp-json\/wp\/v2\/media?parent=81889"}],"wp:term":[{"taxonomy":"he-arc_domain","embeddable":true,"href":"https:\/\/www.he-arc.ch\/en\/wp-json\/wp\/v2\/he-arc_domain?post=81889"},{"taxonomy":"he-arc_event_category","embeddable":true,"href":"https:\/\/www.he-arc.ch\/en\/wp-json\/wp\/v2\/he-arc_event_category?post=81889"}],"curies":[{"name":"wp","href":"https:\/\/api.w.org\/{rel}","templated":true}]}}