{"id":84540,"date":"2026-09-01T10:55:59","date_gmt":"2026-09-01T08:55:59","guid":{"rendered":"https:\/\/www.he-arc.ch\/?post_type=he-arc_event&#038;p=84540"},"modified":"2026-09-01T11:59:21","modified_gmt":"2026-09-01T09:59:21","slug":"seance-dinformation-en-ligne-cas-strategie-dentreprise-et-management-operationnel","status":"publish","type":"he-arc_event","link":"https:\/\/www.he-arc.ch\/en\/events\/seance-dinformation-en-ligne-cas-strategie-dentreprise-et-management-operationnel\/","title":{"rendered":"S\u00e9ance d&#8217;information : CAS Strat\u00e9gie d\u2019entreprise et management op\u00e9rationnel"},"content":{"rendered":"\n<p class=\"wp-block-paragraph\">Le <a href=\"https:\/\/www.he-arc.ch\/business-management\/continuing-education\/cas-strategie-dentreprise-et-management-operationnel\/\" target=\"_blank\" rel=\"noreferrer noopener\">CAS Strat\u00e9gie d\u2019entreprise et management op\u00e9rationnel<\/a> est une formation qui d\u00e9veloppe les comp\u00e9tences de leadership strat\u00e9gique permettant d\u2019analyser l\u2019environnement \u00e9conomique, technologique et soci\u00e9tal de l\u2019entreprise, d\u2019\u00e9laborer des diagnostics strat\u00e9giques et de concevoir des mod\u00e8les de management innovants adapt\u00e9s aux transformations contemporaines.<\/p>\n\n\n\n<p class=\"wp-block-paragraph\">Cette formation certifiante (12 ECTS) s\u2019adresse aux professionnel-le-s et entrepreneur-e-s souhaitant d\u00e9velopper leurs comp\u00e9tences manag\u00e9riales et renforcer leurs connaissances en gestion d\u2019entreprise.<\/p>\n\n\n\n<p class=\"wp-block-paragraph\"><strong><a href=\"https:\/\/esurvey.ig.he-arc.ch\/cas-semo\" target=\"_blank\" rel=\"noreferrer noopener\">Inscription obligatoire via le lien <\/a><\/strong><\/p>\n\n\n\n<p class=\"wp-block-paragraph\">Contact : 032 930 20 77<br><a href=\"mailto:line.ducommun@he-arc.ch\">Contact mail<\/a><\/p>\n\n\n\n<p class=\"wp-block-paragraph\"><\/p>\n","protected":false},"author":12,"featured_media":83432,"template":"","he-arc_domain":[2],"he-arc_event_category":[10],"class_list":["post-84540","he-arc_event","type-he-arc_event","status-publish","has-post-thumbnail","hentry","he-arc_domain-gestion","he-arc_event_category-seance-dinformation"],"acf":[],"yoast_head":"<!-- This site is optimized with the Yoast SEO plugin v28.1 - https:\/\/yoast.com\/product\/yoast-seo-wordpress\/ -->\n<title>S\u00e9ance d&#039;information : CAS Strat\u00e9gie d\u2019entreprise et management op\u00e9rationnel - Haute-Ecole Arc<\/title>\n<meta name=\"description\" content=\"CAS Strat\u00e9gie d\u2019entreprise et management op\u00e9rationnel d\u00e9veloppe un leadership strat\u00e9gique et innovant permettant d\u2019accompagner les transformations num\u00e9riques et organisationnelles, de prendre des d\u00e9cisions adapt\u00e9es aux \u00e9volutions de l\u2019environnement et de favoriser l\u2019engagement ainsi qu\u2019une performance durable.\" \/>\n<meta name=\"robots\" content=\"index, follow, max-snippet:-1, max-image-preview:large, max-video-preview:-1\" \/>\n<link rel=\"canonical\" href=\"https:\/\/www.he-arc.ch\/en\/events\/seance-dinformation-en-ligne-cas-strategie-dentreprise-et-management-operationnel\/\" \/>\n<meta property=\"og:locale\" content=\"en_US\" \/>\n<meta property=\"og:type\" content=\"article\" \/>\n<meta property=\"og:title\" content=\"S\u00e9ance d&#039;information : CAS Strat\u00e9gie d\u2019entreprise et management op\u00e9rationnel - Haute-Ecole Arc\" \/>\n<meta property=\"og:description\" content=\"CAS Strat\u00e9gie d\u2019entreprise et management op\u00e9rationnel d\u00e9veloppe un leadership strat\u00e9gique et innovant permettant d\u2019accompagner les transformations num\u00e9riques et organisationnelles, de prendre des d\u00e9cisions adapt\u00e9es aux \u00e9volutions de l\u2019environnement et de favoriser l\u2019engagement ainsi qu\u2019une performance durable.\" \/>\n<meta property=\"og:url\" content=\"https:\/\/www.he-arc.ch\/en\/events\/seance-dinformation-en-ligne-cas-strategie-dentreprise-et-management-operationnel\/\" \/>\n<meta property=\"og:site_name\" content=\"Haute-Ecole Arc\" \/>\n<meta property=\"article:modified_time\" content=\"2026-09-01T09:59:21+00:00\" \/>\n<meta property=\"og:image\" content=\"https:\/\/www.he-arc.ch\/wp-content\/uploads\/2026\/06\/GES-IMG000000-Visuel-brochure_CAS-SEMO.jpg\" \/>\n\t<meta property=\"og:image:width\" content=\"2367\" \/>\n\t<meta property=\"og:image:height\" content=\"1457\" \/>\n\t<meta property=\"og:image:type\" content=\"image\/jpeg\" \/>\n<meta name=\"twitter:card\" content=\"summary_large_image\" \/>\n<meta name=\"twitter:label1\" content=\"Est. reading time\" \/>\n\t<meta name=\"twitter:data1\" content=\"1 minute\" \/>\n<script type=\"application\/ld+json\" class=\"yoast-schema-graph\">{\"@context\":\"https:\\\/\\\/schema.org\",\"@graph\":[{\"@type\":\"WebPage\",\"@id\":\"https:\\\/\\\/www.he-arc.ch\\\/en\\\/events\\\/seance-dinformation-en-ligne-cas-strategie-dentreprise-et-management-operationnel\\\/\",\"url\":\"https:\\\/\\\/www.he-arc.ch\\\/en\\\/events\\\/seance-dinformation-en-ligne-cas-strategie-dentreprise-et-management-operationnel\\\/\",\"name\":\"S\u00e9ance d'information : CAS Strat\u00e9gie d\u2019entreprise et management op\u00e9rationnel - Haute-Ecole Arc\",\"isPartOf\":{\"@id\":\"https:\\\/\\\/www.he-arc.ch\\\/en\\\/#website\"},\"primaryImageOfPage\":{\"@id\":\"https:\\\/\\\/www.he-arc.ch\\\/en\\\/events\\\/seance-dinformation-en-ligne-cas-strategie-dentreprise-et-management-operationnel\\\/#primaryimage\"},\"image\":{\"@id\":\"https:\\\/\\\/www.he-arc.ch\\\/en\\\/events\\\/seance-dinformation-en-ligne-cas-strategie-dentreprise-et-management-operationnel\\\/#primaryimage\"},\"thumbnailUrl\":\"https:\\\/\\\/www.he-arc.ch\\\/wp-content\\\/uploads\\\/2026\\\/06\\\/GES-IMG000000-Visuel-brochure_CAS-SEMO.jpg\",\"datePublished\":\"2026-09-01T08:55:59+00:00\",\"dateModified\":\"2026-09-01T09:59:21+00:00\",\"description\":\"CAS Strat\u00e9gie d\u2019entreprise et management op\u00e9rationnel d\u00e9veloppe un leadership strat\u00e9gique et innovant permettant d\u2019accompagner les transformations num\u00e9riques et organisationnelles, de prendre des d\u00e9cisions adapt\u00e9es aux \u00e9volutions de l\u2019environnement et de favoriser l\u2019engagement ainsi qu\u2019une performance durable.\",\"breadcrumb\":{\"@id\":\"https:\\\/\\\/www.he-arc.ch\\\/en\\\/events\\\/seance-dinformation-en-ligne-cas-strategie-dentreprise-et-management-operationnel\\\/#breadcrumb\"},\"inLanguage\":\"en-US\",\"potentialAction\":[{\"@type\":\"ReadAction\",\"target\":[\"https:\\\/\\\/www.he-arc.ch\\\/en\\\/events\\\/seance-dinformation-en-ligne-cas-strategie-dentreprise-et-management-operationnel\\\/\"]}]},{\"@type\":\"ImageObject\",\"inLanguage\":\"en-US\",\"@id\":\"https:\\\/\\\/www.he-arc.ch\\\/en\\\/events\\\/seance-dinformation-en-ligne-cas-strategie-dentreprise-et-management-operationnel\\\/#primaryimage\",\"url\":\"https:\\\/\\\/www.he-arc.ch\\\/wp-content\\\/uploads\\\/2026\\\/06\\\/GES-IMG000000-Visuel-brochure_CAS-SEMO.jpg\",\"contentUrl\":\"https:\\\/\\\/www.he-arc.ch\\\/wp-content\\\/uploads\\\/2026\\\/06\\\/GES-IMG000000-Visuel-brochure_CAS-SEMO.jpg\",\"width\":2367,\"height\":1457,\"caption\":\"Visuel brochure_CAS SEMO\"},{\"@type\":\"BreadcrumbList\",\"@id\":\"https:\\\/\\\/www.he-arc.ch\\\/en\\\/events\\\/seance-dinformation-en-ligne-cas-strategie-dentreprise-et-management-operationnel\\\/#breadcrumb\",\"itemListElement\":[{\"@type\":\"ListItem\",\"position\":1,\"name\":\"Accueil\",\"item\":\"https:\\\/\\\/www.he-arc.ch\\\/en\\\/\"},{\"@type\":\"ListItem\",\"position\":2,\"name\":\"Events\",\"item\":\"https:\\\/\\\/www.he-arc.ch\\\/en\\\/events\\\/\"},{\"@type\":\"ListItem\",\"position\":3,\"name\":\"S\u00e9ance d&rsquo;information : CAS Strat\u00e9gie d\u2019entreprise et management op\u00e9rationnel\"}]},{\"@type\":\"WebSite\",\"@id\":\"https:\\\/\\\/www.he-arc.ch\\\/en\\\/#website\",\"url\":\"https:\\\/\\\/www.he-arc.ch\\\/en\\\/\",\"name\":\"Haute-Ecole Arc\",\"description\":\"Haute \u00e9cole sp\u00e9cialis\u00e9e Suisse. Gestion, Ing\u00e9nierie, Sant\u00e9, Conservation-\u200brestauration.\",\"publisher\":{\"@id\":\"https:\\\/\\\/www.he-arc.ch\\\/en\\\/#organization\"},\"potentialAction\":[{\"@type\":\"SearchAction\",\"target\":{\"@type\":\"EntryPoint\",\"urlTemplate\":\"https:\\\/\\\/www.he-arc.ch\\\/en\\\/?s={search_term_string}\"},\"query-input\":{\"@type\":\"PropertyValueSpecification\",\"valueRequired\":true,\"valueName\":\"search_term_string\"}}],\"inLanguage\":\"en-US\"},{\"@type\":\"Organization\",\"@id\":\"https:\\\/\\\/www.he-arc.ch\\\/en\\\/#organization\",\"name\":\"Haute Ecole Arc\",\"url\":\"https:\\\/\\\/www.he-arc.ch\\\/en\\\/\",\"logo\":{\"@type\":\"ImageObject\",\"inLanguage\":\"en-US\",\"@id\":\"https:\\\/\\\/www.he-arc.ch\\\/en\\\/#\\\/schema\\\/logo\\\/image\\\/\",\"url\":\"https:\\\/\\\/www.he-arc.ch\\\/wp-content\\\/uploads\\\/2022\\\/01\\\/logo-he-arc.svg\",\"contentUrl\":\"https:\\\/\\\/www.he-arc.ch\\\/wp-content\\\/uploads\\\/2022\\\/01\\\/logo-he-arc.svg\",\"width\":140,\"height\":42,\"caption\":\"Haute Ecole Arc\"},\"image\":{\"@id\":\"https:\\\/\\\/www.he-arc.ch\\\/en\\\/#\\\/schema\\\/logo\\\/image\\\/\"}}]}<\/script>\n<!-- \/ Yoast SEO plugin. -->","yoast_head_json":{"title":"S\u00e9ance d'information : CAS Strat\u00e9gie d\u2019entreprise et management op\u00e9rationnel - Haute-Ecole Arc","description":"CAS Strat\u00e9gie d\u2019entreprise et management op\u00e9rationnel d\u00e9veloppe un leadership strat\u00e9gique et innovant permettant d\u2019accompagner les transformations num\u00e9riques et organisationnelles, de prendre des d\u00e9cisions adapt\u00e9es aux \u00e9volutions de l\u2019environnement et de favoriser l\u2019engagement ainsi qu\u2019une performance durable.","robots":{"index":"index","follow":"follow","max-snippet":"max-snippet:-1","max-image-preview":"max-image-preview:large","max-video-preview":"max-video-preview:-1"},"canonical":"https:\/\/www.he-arc.ch\/en\/events\/seance-dinformation-en-ligne-cas-strategie-dentreprise-et-management-operationnel\/","og_locale":"en_US","og_type":"article","og_title":"S\u00e9ance d'information : CAS Strat\u00e9gie d\u2019entreprise et management op\u00e9rationnel - Haute-Ecole Arc","og_description":"CAS Strat\u00e9gie d\u2019entreprise et management op\u00e9rationnel d\u00e9veloppe un leadership strat\u00e9gique et innovant permettant d\u2019accompagner les transformations num\u00e9riques et organisationnelles, de prendre des d\u00e9cisions adapt\u00e9es aux \u00e9volutions de l\u2019environnement et de favoriser l\u2019engagement ainsi qu\u2019une performance durable.","og_url":"https:\/\/www.he-arc.ch\/en\/events\/seance-dinformation-en-ligne-cas-strategie-dentreprise-et-management-operationnel\/","og_site_name":"Haute-Ecole Arc","article_modified_time":"2026-09-01T09:59:21+00:00","og_image":[{"width":2367,"height":1457,"url":"https:\/\/www.he-arc.ch\/wp-content\/uploads\/2026\/06\/GES-IMG000000-Visuel-brochure_CAS-SEMO.jpg","type":"image\/jpeg"}],"twitter_card":"summary_large_image","twitter_misc":{"Est. reading time":"1 minute"},"schema":{"@context":"https:\/\/schema.org","@graph":[{"@type":"WebPage","@id":"https:\/\/www.he-arc.ch\/en\/events\/seance-dinformation-en-ligne-cas-strategie-dentreprise-et-management-operationnel\/","url":"https:\/\/www.he-arc.ch\/en\/events\/seance-dinformation-en-ligne-cas-strategie-dentreprise-et-management-operationnel\/","name":"S\u00e9ance d'information : CAS Strat\u00e9gie d\u2019entreprise et management op\u00e9rationnel - Haute-Ecole Arc","isPartOf":{"@id":"https:\/\/www.he-arc.ch\/en\/#website"},"primaryImageOfPage":{"@id":"https:\/\/www.he-arc.ch\/en\/events\/seance-dinformation-en-ligne-cas-strategie-dentreprise-et-management-operationnel\/#primaryimage"},"image":{"@id":"https:\/\/www.he-arc.ch\/en\/events\/seance-dinformation-en-ligne-cas-strategie-dentreprise-et-management-operationnel\/#primaryimage"},"thumbnailUrl":"https:\/\/www.he-arc.ch\/wp-content\/uploads\/2026\/06\/GES-IMG000000-Visuel-brochure_CAS-SEMO.jpg","datePublished":"2026-09-01T08:55:59+00:00","dateModified":"2026-09-01T09:59:21+00:00","description":"CAS Strat\u00e9gie d\u2019entreprise et management op\u00e9rationnel d\u00e9veloppe un leadership strat\u00e9gique et innovant permettant d\u2019accompagner les transformations num\u00e9riques et organisationnelles, de prendre des d\u00e9cisions adapt\u00e9es aux \u00e9volutions de l\u2019environnement et de favoriser l\u2019engagement ainsi qu\u2019une performance durable.","breadcrumb":{"@id":"https:\/\/www.he-arc.ch\/en\/events\/seance-dinformation-en-ligne-cas-strategie-dentreprise-et-management-operationnel\/#breadcrumb"},"inLanguage":"en-US","potentialAction":[{"@type":"ReadAction","target":["https:\/\/www.he-arc.ch\/en\/events\/seance-dinformation-en-ligne-cas-strategie-dentreprise-et-management-operationnel\/"]}]},{"@type":"ImageObject","inLanguage":"en-US","@id":"https:\/\/www.he-arc.ch\/en\/events\/seance-dinformation-en-ligne-cas-strategie-dentreprise-et-management-operationnel\/#primaryimage","url":"https:\/\/www.he-arc.ch\/wp-content\/uploads\/2026\/06\/GES-IMG000000-Visuel-brochure_CAS-SEMO.jpg","contentUrl":"https:\/\/www.he-arc.ch\/wp-content\/uploads\/2026\/06\/GES-IMG000000-Visuel-brochure_CAS-SEMO.jpg","width":2367,"height":1457,"caption":"Visuel brochure_CAS SEMO"},{"@type":"BreadcrumbList","@id":"https:\/\/www.he-arc.ch\/en\/events\/seance-dinformation-en-ligne-cas-strategie-dentreprise-et-management-operationnel\/#breadcrumb","itemListElement":[{"@type":"ListItem","position":1,"name":"Accueil","item":"https:\/\/www.he-arc.ch\/en\/"},{"@type":"ListItem","position":2,"name":"Events","item":"https:\/\/www.he-arc.ch\/en\/events\/"},{"@type":"ListItem","position":3,"name":"S\u00e9ance d&rsquo;information : CAS Strat\u00e9gie d\u2019entreprise et management op\u00e9rationnel"}]},{"@type":"WebSite","@id":"https:\/\/www.he-arc.ch\/en\/#website","url":"https:\/\/www.he-arc.ch\/en\/","name":"Haute-Ecole Arc","description":"Haute \u00e9cole sp\u00e9cialis\u00e9e Suisse. Gestion, Ing\u00e9nierie, Sant\u00e9, Conservation-\u200brestauration.","publisher":{"@id":"https:\/\/www.he-arc.ch\/en\/#organization"},"potentialAction":[{"@type":"SearchAction","target":{"@type":"EntryPoint","urlTemplate":"https:\/\/www.he-arc.ch\/en\/?s={search_term_string}"},"query-input":{"@type":"PropertyValueSpecification","valueRequired":true,"valueName":"search_term_string"}}],"inLanguage":"en-US"},{"@type":"Organization","@id":"https:\/\/www.he-arc.ch\/en\/#organization","name":"Haute Ecole Arc","url":"https:\/\/www.he-arc.ch\/en\/","logo":{"@type":"ImageObject","inLanguage":"en-US","@id":"https:\/\/www.he-arc.ch\/en\/#\/schema\/logo\/image\/","url":"https:\/\/www.he-arc.ch\/wp-content\/uploads\/2022\/01\/logo-he-arc.svg","contentUrl":"https:\/\/www.he-arc.ch\/wp-content\/uploads\/2022\/01\/logo-he-arc.svg","width":140,"height":42,"caption":"Haute Ecole Arc"},"image":{"@id":"https:\/\/www.he-arc.ch\/en\/#\/schema\/logo\/image\/"}}]}},"_links":{"self":[{"href":"https:\/\/www.he-arc.ch\/en\/wp-json\/wp\/v2\/he-arc_event\/84540","targetHints":{"allow":["GET"]}}],"collection":[{"href":"https:\/\/www.he-arc.ch\/en\/wp-json\/wp\/v2\/he-arc_event"}],"about":[{"href":"https:\/\/www.he-arc.ch\/en\/wp-json\/wp\/v2\/types\/he-arc_event"}],"author":[{"embeddable":true,"href":"https:\/\/www.he-arc.ch\/en\/wp-json\/wp\/v2\/users\/12"}],"version-history":[{"count":4,"href":"https:\/\/www.he-arc.ch\/en\/wp-json\/wp\/v2\/he-arc_event\/84540\/revisions"}],"predecessor-version":[{"id":84551,"href":"https:\/\/www.he-arc.ch\/en\/wp-json\/wp\/v2\/he-arc_event\/84540\/revisions\/84551"}],"wp:featuredmedia":[{"embeddable":true,"href":"https:\/\/www.he-arc.ch\/en\/wp-json\/wp\/v2\/media\/83432"}],"wp:attachment":[{"href":"https:\/\/www.he-arc.ch\/en\/wp-json\/wp\/v2\/media?parent=84540"}],"wp:term":[{"taxonomy":"he-arc_domain","embeddable":true,"href":"https:\/\/www.he-arc.ch\/en\/wp-json\/wp\/v2\/he-arc_domain?post=84540"},{"taxonomy":"he-arc_event_category","embeddable":true,"href":"https:\/\/www.he-arc.ch\/en\/wp-json\/wp\/v2\/he-arc_event_category?post=84540"}],"curies":[{"name":"wp","href":"https:\/\/api.w.org\/{rel}","templated":true}]}}