{"id":69467,"date":"2025-06-17T12:55:25","date_gmt":"2025-06-17T10:55:25","guid":{"rendered":"https:\/\/www.he-arc.ch\/?post_type=he-arc_landing-page&#038;p=69467"},"modified":"2026-03-16T17:41:26","modified_gmt":"2026-03-16T16:41:26","slug":"h4sg","status":"publish","type":"he-arc_landing-page","link":"https:\/\/www.he-arc.ch\/en\/landing\/h4sg\/","title":{"rendered":"H4SG &#8211; Hack for Social Good"},"content":{"rendered":"<header class=\"hero-section\">\n  <div class=\"hero\">\n    <div class=\"hero-nav page-max\">\n      \n  <div class=\"breadcrumb hidden-print\">\n    <div class=\"breadcrumb-house\"><img decoding=\"async\" src=\"https:\/\/www.he-arc.ch\/wp-content\/themes\/he-arc\/static\/images\/icon-house--white.svg\" loading=\"lazy\" alt=\"\" height=\"12\"><\/div>\n    <a href=\"https:\/\/www.he-arc.ch\/en\/\" class=\"breadcrumb-link is-inverse\">HE-Arc<\/a>\n    <div class=\"breadcrumb-bullet is-inverse\"><\/div>\n\n          <a href=\"\/business-management\" class=\"breadcrumb-link is-inverse\"><\/a>\n      <div class=\"breadcrumb-bullet is-inverse\"><\/div>\n    \n    <span class=\"breadcrumb-link is-active pointer-none is-inverse\">H4SG<\/span>\n  <\/div>\n\n\n          <\/div>\n    <div class=\"hero-row page-max is-wide\">\n\n      \n            <div class=\"hero__image-wrapper hidden-print\">\n              <div class=\"image-frame\">\n                        <div class=\"hero-section__video landscape-video-wrapper is-loaded\" style=\"background-image: url(https:\/\/www.he-arc.ch\/wp-content\/uploads\/2025\/06\/Tiny-people-near-hashtag-for-social-media_2-scaled.jpg);\">\n                          <\/div>\n        <\/div>\n            <\/div>\n      \n      <div class=\"hero-content\">\n        <span class=\"hero__overline display-block\"><\/span>\n        <h1 class=\"hero__title\">Hack for Social Good <br \/>\r\nMarch 27-28, 2026<\/h1>\n                <div class=\"mt-2 rich-text is-large w-richtext\">\n          <p>The main venue for the event will be\u00a0<a href=\"https:\/\/www.youtube.com\/watch?v=l6QIGrlVsMo\">Campus Arc 1<\/a>, located at\u00a0<a href=\"https:\/\/www.google.ch\/maps\/place\/Espa.+de+l'Europe+21,+2000+Neuch%C3%A2tel\/@46.9986765,6.9392499,17z\/data=!3m1!4b1!4m6!3m5!1s0x478e0a2223826cc1:0x2655e9c6701d0ead!8m2!3d46.9986765!4d6.9418248!16s%2Fg%2F11c2pmdw9p?hl=fr&amp;entry=ttu&amp;g_ep=EgoyMDI1MDcwNy4wIKXMDSoASAFQAw%3D%3D\" target=\"_blank\" rel=\"noreferrer noopener\">Espace de l\u2019Europe 21\u00a0<\/a>in Neuch\u00e2tel.<\/p>\n<ul>\n<li><a href=\"https:\/\/bd.hack4socialgood.ch\/event\/9\" target=\"_blank\" rel=\"noopener\">Submit your challenge\/idea <\/a><\/li>\n<li><a href=\"https:\/\/jp-portal.gestion.he-arc.ch\/apex\/f?p=444:50:::::P50_NUMERO:180\" target=\"_blank\" rel=\"noopener\">Come and join<\/a> the Hackathon<\/li>\n<\/ul>\n\n\n          \n        <\/div>\n              <\/div>\n    <\/div>\n  <\/div>\n<\/header>\n\n<div class=\"page-section\">\n  <div class=\"hero-section__inner page-max\">\n    <div class=\"page-section__content is-with-aside\">\n          <\/div>\n    <aside class=\"page-section__aside\">\n    <\/aside>\n  <\/div>\n<\/div>\n\n\n\n\n<section id_=\"page-section-block_dfd24d9d826ca3ab59bfb39ab793ce09\"\n         class=\" bg-white page-section\">\n\n    <span id=\"idees\" class=\"scrollto-offset\"><\/span>\n  \n  <h2 class=\"section-title page-max \">Submit your idea<\/h2>\n  <div class=\"page-section__inner page-max\">\n\n    <div class=\"page-section__content rich-text \">\n\n              \n\n<p>Are you a social organization with a digital challenge? Whether you have a rough idea for a digital tool, face a software hurdle, or want to explore your data in new ways\u2014your challenge matters.<\/p>\n\n\n\n<p>Submit your idea and let interdisciplinary teams help you co-create a digital solution during the event. We\u2019ll support you in shaping your challenge in advance to get the most out of your volunteers.<\/p>\n\n\n\n<p><a href=\"https:\/\/bd.hack4socialgood.ch\/project\/new\/9\" target=\"_blank\" rel=\"noreferrer noopener\">Submit your challenge\/idea here<\/a><\/p>\n\n\n\n<p><span style=\"text-decoration: underline;\"><em>If ready <a href=\"https:\/\/jp-portal.gestion.he-arc.ch\/apex\/f?p=444:50:::::P50_NUMERO:180\" target=\"_blank\" rel=\"noreferrer noopener\">register here<\/a> to participate<\/em><\/span><\/p>\n\n\n\n<h2 class=\"wp-block-heading\"><br>Discover the <a href=\"https:\/\/bd.hack4socialgood.ch\/event\/9\" target=\"_blank\" rel=\"noreferrer noopener\">2026 challenges<\/a><\/h2>\n\n\n\n<p><\/p>\n\n\n  <a href=\"https:\/\/bd.hack4socialgood.ch\/project\/122\" target=\"_blank\" class=\"btn-primary is-arrowed \">\n    <div class=\"btn-primary__title\">Plateforme de mentoring professionnel senior <\/div>\n  <\/a>\n\n\n  <a href=\"https:\/\/bd.hack4socialgood.ch\/project\/123\" target=\"_blank\" class=\"btn-primary is-arrowed \">\n    <div class=\"btn-primary__title\">NeuroBin: Smart Waste Segregator <\/div>\n  <\/a>\n\n\n  <a href=\"https:\/\/bd.hack4socialgood.ch\/project\/132\" target=\"_blank\" class=\"btn-primary is-arrowed \">\n    <div class=\"btn-primary__title\">Offood Student Edition \u2014 Ensuring Every Student Has Time to Eat <\/div>\n  <\/a>\n\n\n  <a href=\"https:\/\/bd.hack4socialgood.ch\/project\/128\" target=\"_blank\" class=\"btn-primary is-arrowed \">\n    <div class=\"btn-primary__title\">FundingNavigator \u2013 Smart Matching for Social Funding in Switzerland <\/div>\n  <\/a>\n\n\n  <a href=\"https:\/\/bd.hack4socialgood.ch\/project\/124\" target=\"_blank\" class=\"btn-primary is-arrowed \">\n    <div class=\"btn-primary__title\">L&#8217;IA comme chance de participation non comme risque (EmSol Barrier Killer)<\/div>\n  <\/a>\n\n\n  <a href=\"https:\/\/bd.hack4socialgood.ch\/project\/129\" target=\"_blank\" class=\"btn-primary is-arrowed \">\n    <div class=\"btn-primary__title\">Transformation multilingue et en fran\u00e7ais accessible de l\u2019information existante <\/div>\n  <\/a>\n\n\n  <a href=\"https:\/\/bd.hack4socialgood.ch\/project\/130\" target=\"_blank\" class=\"btn-primary is-arrowed \">\n    <div class=\"btn-primary__title\">Mod\u00e8le participatif de gouvernance pour la primo-information <\/div>\n  <\/a>\n\n\n  <a href=\"https:\/\/bd.hack4socialgood.ch\/project\/131\" target=\"_blank\" class=\"btn-primary is-arrowed \">\n    <div class=\"btn-primary__title\">Moteur intelligent d\u2019orientation personnalis\u00e9e pour les primo-arrivants <\/div>\n  <\/a>\n\n\n  <a href=\"https:\/\/bd.hack4socialgood.ch\/project\/137\" target=\"_blank\" class=\"btn-primary is-arrowed \">\n    <div class=\"btn-primary__title\">AI-Powered Social Storytelling for Donation Campaign<\/div>\n  <\/a>\n\n\n  <a href=\"https:\/\/bd.hack4socialgood.ch\/project\/135\" target=\"_blank\" class=\"btn-primary is-arrowed \">\n    <div class=\"btn-primary__title\">Community in a Box<\/div>\n  <\/a>\n\n\n  <a href=\"https:\/\/bd.hack4socialgood.ch\/project\/139\" target=\"_blank\" class=\"btn-primary is-arrowed \">\n    <div class=\"btn-primary__title\">Digital Asylum Glossary<\/div>\n  <\/a>\n\n\n  <a href=\"https:\/\/bd.hack4socialgood.ch\/project\/136\" target=\"_blank\" class=\"btn-primary is-arrowed \">\n    <div class=\"btn-primary__title\">Sustaining Innovation:A Platform to Continue &#038; Discover Open Source Contribution<\/div>\n  <\/a>\n\n\n      \n    <\/div>\n\n    \n  <\/div>\n<\/section>\n\n\n<section id_=\"page-section-block_185c21bb8898bd28e5fb9c1a6d3c201c\"\n         class=\" bg-white page-section\">\n\n    <span id=\"about\" class=\"scrollto-offset\"><\/span>\n  \n  <h2 class=\"section-title page-max \">About Hack for Social Good<\/h2>\n  <div class=\"page-section__inner page-max\">\n\n    <div class=\"page-section__content rich-text \">\n\n              \n\n<p>Hack4SocialGood (H4SG) is a two-day hackathon that bridges the gap between the social sector and the world of technology. Participants from social work, IT, academia, and civil society come together to co-develop digital solutions for real-world challenges in social services.<\/p>\n\n\n\n<figure class=\"wp-block-image size-full is-resized\"><img decoding=\"async\" width=\"720\" height=\"358\" src=\"https:\/\/www.he-arc.ch\/wp-content\/uploads\/2025\/06\/Logo_Hack4SocialGood_100K-2.png\" alt=\"\" class=\"wp-image-71997\" style=\"width:185px;height:auto\" srcset=\"https:\/\/www.he-arc.ch\/wp-content\/uploads\/2025\/06\/Logo_Hack4SocialGood_100K-2.png 720w, https:\/\/www.he-arc.ch\/wp-content\/uploads\/2025\/06\/Logo_Hack4SocialGood_100K-2-300x149.png 300w\" sizes=\"(max-width: 720px) 100vw, 720px\" \/><\/figure>\n\n\n\n<p>The goal is to foster fair, inclusive, and effective digital transformation. Participants form interdisciplinary teams to co-create prototypes, data tools, platforms, or automation solutions based on needs submitted by social organizations.<\/p>\n\n\n\n<p>H4SG welcomes anyone interested in contributing to the social impact of digitalization\u2014whether you\u2019re from IT, social work, research, or simply passionate about making a difference.<\/p>\n\n\n      \n    <\/div>\n\n    \n  <\/div>\n<\/section>\n\n\n<section id_=\"page-section-block_d934804857c2dc68fc3622b3a2582e3a\"\n         class=\" bg-white page-section\">\n\n    <span id=\"2026\" class=\"scrollto-offset\"><\/span>\n  \n  <h2 class=\"section-title page-max \">H4SG 2026 Edition<\/h2>\n  <div class=\"page-section__inner page-max\">\n\n    <div class=\"page-section__content rich-text is-with-aside\">\n\n              \n\n<p>H4SG-26 is the fifth (following 2020, 2023, 2024, and 2025) and is co-organized by BFH, FHNW, HEG Arc, HSLU, ZHAW and sozialinfo.<\/p>\n\n\n\n<p>HEG Arc through the Institut de digitalisation des organisation (<a href=\"https:\/\/www.he-arc.ch\/gestion\/ido\/\" target=\"_blank\" rel=\"noreferrer noopener\">IDO<\/a>), takes the lead role in hosting the 2026 edition. A collaboration with <a href=\"https:\/\/grainedebelette.com\/\" target=\"_blank\" rel=\"noreferrer noopener\">Graine de Belette<\/a> will offer a space for creative prototyping a dedicated program for children, designed to introduce them to digital innovation in a fun, hands-on way (<em>see kids program section<\/em>).<\/p>\n\n\n\n<p>The main venue for the event will be <a href=\"https:\/\/www.youtube.com\/watch?v=l6QIGrlVsMo\">Campus Arc 1<\/a>, located at <a href=\"https:\/\/www.google.ch\/maps\/place\/Espa.+de+l'Europe+21,+2000+Neuch%C3%A2tel\/@46.9986765,6.9392499,17z\/data=!3m1!4b1!4m6!3m5!1s0x478e0a2223826cc1:0x2655e9c6701d0ead!8m2!3d46.9986765!4d6.9418248!16s%2Fg%2F11c2pmdw9p?hl=fr&amp;entry=ttu&amp;g_ep=EgoyMDI1MDcwNy4wIKXMDSoASAFQAw%3D%3D\" target=\"_blank\" rel=\"noreferrer noopener\">Espace de l&#8217;Europe 21 <\/a>in Neuch\u00e2tel. To enhance accessibility, satellite locations may be set up at HES-SO Valais-Wallis in Sierre and HETSL in Lausanne, allowing participants who are unable to travel to Neuch\u00e2tel to take part from other campuses. Further details will be shared soon.<\/p>\n\n\n\n<p><\/p>\n\n\n      \n    <\/div>\n\n    <div class=\"page-section__aside w-100p\" id=\"sidebar_contact\">\n\n  \n      <div class=\" w-100p\">\n              <div id=\"download-links-block_d934804857c2dc68fc3622b3a2582e3a\" class=\"\">\n  <div class=\"link-list\">\n\n        <h4 class=\"link-list__title\">Curious about past editions?<\/h4>\n    \n    \n      <div class=\"link-list__item\">\n\t            <a href=\"https:\/\/bd.hack4socialgood.ch\/event\/7\" class=\"simple-link\" target='_blank'>\n          Hack4SocialGood 2025\n        <\/a>\n            <\/div>\n\n    \n      <div class=\"link-list__item\">\n\t            <a href=\"https:\/\/bd.hack4socialgood.ch\/event\/6\" class=\"simple-link\" target='_blank'>\n          Hack4SocialGood 2024 \n        <\/a>\n            <\/div>\n\n    \n      <div class=\"link-list__item\">\n\t            <a href=\"https:\/\/bd.hack4socialgood.ch\/event\/4\" class=\"simple-link\" target='_blank'>\n          Hack4SocialGood 2023 \n        <\/a>\n            <\/div>\n\n    \n      <div class=\"link-list__item\">\n\t            <a href=\"https:\/\/bd.hack4socialgood.ch\/event\/1\" class=\"simple-link\" target='_blank'>\n          Hack4SocialGood 2020 \n        <\/a>\n            <\/div>\n\n      <\/div>\n<\/div>\n          <\/div>\n\n  <\/div>\n\n  <\/div>\n<\/section>\n\n\n\n<p><\/p>\n\n\n<section id_=\"page-section-block_3500505610bb65f63819b5d2245a427a\"\n         class=\" bg-white page-section\">\n\n    <span id=\"Program\" class=\"scrollto-offset\"><\/span>\n  \n  <h2 class=\"section-title page-max \">H4SG-26 Program<\/h2>\n  <div class=\"page-section__inner page-max\">\n\n    <div class=\"page-section__content rich-text \">\n\n              \n\n<p>The event is held <strong>in English<\/strong>, but most documentation will be provided in <strong>both English and French<\/strong>. Teams are free to collaborate in the language of their choice.<\/p>\n\n\n\n<div class=\"mb-2-5 \">\n    <div id=\"accordion-block_8f5f479e09b5078cdd69e89f10fc8255\"\n      class=\" accordion-item collapsed is-shadowed \"\n      data-toggle=\"collapse\" data-target=\"#accordion-pane-block_8f5f479e09b5078cdd69e89f10fc8255\">\n    <div class=\"accordion-item__heading\">\n      <h2 class=\"accordion-item__title  \">H4SG-26 Program<\/h2>\n    <\/div>\n    <span class=\"accordion-item__toggle hidden-print collapsed w-inline-block\">\n      <span class=\"plus-bar-1\"><\/span>\n      <span class=\"plus-bar-2\"><\/span>\n    <\/span>\n  <\/div>\n\n  <div id=\"accordion-pane-block_8f5f479e09b5078cdd69e89f10fc8255\" class=\"accordion-pane show-print collapse \">\n    <div class=\"rich-text mt-2 w-richtext\">\n\n      \n\n<h2 class=\"wp-block-heading\">Friday, March 27th<\/h2>\n\n\n\n<ul class=\"wp-block-list\">\n<li>09:30<br><strong>Opening<\/strong><\/li>\n\n\n\n<li>09:45<br><strong>Together we build: A collective dive into digital innovation<br><\/strong>Dr. Ma\u00ebl Dif-Pradalier, HES-SO &#8211; School of Social Work Fribourg<\/li>\n<\/ul>\n\n\n\n<ul class=\"wp-block-list\">\n<li>10:10<br><strong>Balancing AI innovation and privacy in the social sector<\/strong><br>Livio di Tria, Assistant Lecturer UAS and co-founder of Swissprivacy.law<\/li>\n<\/ul>\n\n\n\n<ul class=\"wp-block-list\">\n<li>10:50<br><strong>Hack4SocialGood 2025 flashback<\/strong><br>Joshua Weber &amp; Joval Lienhardt, Hochschule f\u00fcr Soziale Arbeit FHNW<\/li>\n<\/ul>\n\n\n\n<ul class=\"wp-block-list\">\n<li>11:00<br><strong>Presentation of challenges and selection<\/strong><\/li>\n<\/ul>\n\n\n\n<ul class=\"wp-block-list\">\n<li>12:00<br><strong>Lunch &amp; Team-Building<\/strong><\/li>\n<\/ul>\n\n\n\n<ul class=\"wp-block-list\">\n<li>13:30<br><strong>Working on challenges<\/strong><\/li>\n<\/ul>\n\n\n\n<ul class=\"wp-block-list\">\n<li>18:00<br><strong>Dinner<\/strong><br><\/li>\n<\/ul>\n\n\n\n<h2 class=\"wp-block-heading\">Saturday, March 28th<\/h2>\n\n\n\n<ul class=\"wp-block-list\">\n<li>08:00<br><strong>Morning yoga with UGANA (optional)<\/strong><\/li>\n<\/ul>\n\n\n\n<ul class=\"wp-block-list\">\n<li>08:30<br><strong>Breakfast &amp; Child program launching with <a href=\"https:\/\/grainedebelette.com\/\" target=\"_blank\" rel=\"noreferrer noopener\">Graine de Belette<\/a><\/strong><\/li>\n<\/ul>\n\n\n\n<ul class=\"wp-block-list\">\n<li>09:00<br><strong>Working on challenges<\/strong><\/li>\n<\/ul>\n\n\n\n<ul class=\"wp-block-list\">\n<li>12:00<br><strong>Lunch &amp; Team-Building<\/strong><\/li>\n<\/ul>\n\n\n\n<ul class=\"wp-block-list\">\n<li>13:30<br><strong>Building presentation<\/strong><\/li>\n<\/ul>\n\n\n\n<ul class=\"wp-block-list\">\n<li>15:30<br><strong>Poster session &amp; Ap\u00e9ro<\/strong><\/li>\n<\/ul>\n\n\n\n<ul class=\"wp-block-list\">\n<li>16:30<br><strong>Wrap-up &amp; Closing (with kids&#8217; participation)<\/strong><br><\/li>\n<\/ul>\n\n\n    <\/div>\n  <\/div>\n<\/div>\n\n\n\n<p>A creative workshop for children will be held in collaboration with <a href=\"https:\/\/grainedebelette.com\/\" target=\"_blank\" rel=\"noreferrer noopener\">Graine de belette<\/a> during the hackathon.<\/p>\n\n\n\n<div class=\"mb-2-5 \">\n    <div id=\"accordion-block_72f25a5ed236a64e67caf369990e8308\"\n      class=\" accordion-item collapsed is-shadowed \"\n      data-toggle=\"collapse\" data-target=\"#accordion-pane-block_72f25a5ed236a64e67caf369990e8308\">\n    <div class=\"accordion-item__heading\">\n      <h2 class=\"accordion-item__title  \">Kids Program<\/h2>\n    <\/div>\n    <span class=\"accordion-item__toggle hidden-print collapsed w-inline-block\">\n      <span class=\"plus-bar-1\"><\/span>\n      <span class=\"plus-bar-2\"><\/span>\n    <\/span>\n  <\/div>\n\n  <div id=\"accordion-pane-block_72f25a5ed236a64e67caf369990e8308\" class=\"accordion-pane show-print collapse \">\n    <div class=\"rich-text mt-2 w-richtext\">\n\n      \n\n<p>Kids aged 4 to 12 will enjoy hands-on activities that explore exciting topics like gelification, the wonders of chemistry in \u201cThe Chemists\u2019 Lab,\u201d and the mysteries of the digestive system\u2014designed to inspire curiosity and creativity. Each 1.5-hour workshop welcomes up to 20 children, with sessions scheduled from 9:00\u201310:30 AM, 11:00 AM\u201312:30 PM, and 2:00\u20133:30 PM. Registration opens in January 2026\u2014don\u2019t miss the chance to secure a spot!<\/p>\n\n\n    <\/div>\n  <\/div>\n<\/div>\n\n\n      \n    <\/div>\n\n    \n  <\/div>\n<\/section>\n\n\n\n<p><\/p>\n\n\n<section id_=\"page-section-block_9a6fb2d017b831056b4a5e6b3cf78eb1\"\n         class=\" bg-white page-section\">\n\n    <span id=\"contact\" class=\"scrollto-offset\"><\/span>\n  \n  <h2 class=\"section-title page-max \">Get in touch<\/h2>\n  <div class=\"page-section__inner page-max\">\n\n    <div class=\"page-section__content rich-text \">\n\n              \n\n<div id=\"contact-card-block_e883bb1f433900e6419d127b6f6f957b\" class=\"contact-card is-shadowed mb-2-5 is-not-contained\">\n  <div class=\"contact-card__inner\">\n                <div class=\"contact-entry mb-1\">\n        Maria Sokhn <br>Professor &#038; Head of the Institute for the Digitalization of Organizations (IDO)\n      <\/div>\n                      <div class=\"contact-entry mb-1\">\n        <a href=\"mailto:maria.sokhn@he-arc.ch\"  class=\"simple-link contact-entry mb-1\">E-Mail<\/a>\n      <\/div>\n                      <div class=\"contact-entry \">\n        T. +41 32 930 20 81\n      <\/div>\n            <\/div>\n<\/div>\n\n\n      \n    <\/div>\n\n    \n  <\/div>\n<\/section>\n\n\n<section id_=\"page-section-block_6ffa0982196c80aeb1055026f82706e3\"\n         class=\" bg-white page-section\">\n\n  \n  <h2 class=\"section-title page-max \">Partners<\/h2>\n  <div class=\"page-section__inner page-max\">\n\n    <div class=\"page-section__content rich-text \">\n\n              \n\n<figure class=\"wp-block-image size-large is-resized\"><img decoding=\"async\" width=\"1024\" height=\"576\" src=\"https:\/\/www.he-arc.ch\/wp-content\/uploads\/2025\/06\/Logos_H4SG2026-1024x576.jpg\" alt=\"\" class=\"wp-image-78165\" style=\"width:756px;height:auto\" srcset=\"https:\/\/www.he-arc.ch\/wp-content\/uploads\/2025\/06\/Logos_H4SG2026-1024x576.jpg 1024w, https:\/\/www.he-arc.ch\/wp-content\/uploads\/2025\/06\/Logos_H4SG2026-300x169.jpg 300w, https:\/\/www.he-arc.ch\/wp-content\/uploads\/2025\/06\/Logos_H4SG2026-768x432.jpg 768w, https:\/\/www.he-arc.ch\/wp-content\/uploads\/2025\/06\/Logos_H4SG2026.jpg 1280w\" sizes=\"(max-width: 1024px) 100vw, 1024px\" \/><\/figure>\n\n\n      \n    <\/div>\n\n    \n  <\/div>\n<\/section>\n\n\n\n<p><\/p>\n","protected":false},"author":53,"featured_media":73159,"template":"","class_list":["post-69467","he-arc_landing-page","type-he-arc_landing-page","status-publish","has-post-thumbnail","hentry"],"acf":[],"yoast_head":"<!-- This site is optimized with the Yoast SEO plugin v26.6 - https:\/\/yoast.com\/wordpress\/plugins\/seo\/ -->\n<title>H4SG - Hack for Social Good - Haute-Ecole Arc<\/title>\n<meta name=\"robots\" content=\"index, follow, max-snippet:-1, max-image-preview:large, max-video-preview:-1\" \/>\n<link rel=\"canonical\" href=\"https:\/\/www.he-arc.ch\/en\/landing\/h4sg\/\" \/>\n<meta property=\"og:locale\" content=\"en_US\" \/>\n<meta property=\"og:type\" content=\"article\" \/>\n<meta property=\"og:title\" content=\"H4SG - Hack for Social Good - Haute-Ecole Arc\" \/>\n<meta property=\"og:url\" content=\"https:\/\/www.he-arc.ch\/en\/landing\/h4sg\/\" \/>\n<meta property=\"og:site_name\" content=\"Haute-Ecole Arc\" \/>\n<meta property=\"article:modified_time\" content=\"2026-03-16T16:41:26+00:00\" \/>\n<meta property=\"og:image\" content=\"https:\/\/www.he-arc.ch\/wp-content\/uploads\/2025\/06\/Tiny-people-near-hashtag-for-social-media_2-scaled.jpg\" \/>\n\t<meta property=\"og:image:width\" content=\"1896\" \/>\n\t<meta property=\"og:image:height\" content=\"2560\" \/>\n\t<meta property=\"og:image:type\" content=\"image\/jpeg\" \/>\n<meta name=\"twitter:card\" content=\"summary_large_image\" \/>\n<meta name=\"twitter:label1\" content=\"Est. reading time\" \/>\n\t<meta name=\"twitter:data1\" content=\"4 minutes\" \/>\n<script type=\"application\/ld+json\" class=\"yoast-schema-graph\">{\"@context\":\"https:\/\/schema.org\",\"@graph\":[{\"@type\":\"WebPage\",\"@id\":\"https:\/\/www.he-arc.ch\/en\/landing\/h4sg\/\",\"url\":\"https:\/\/www.he-arc.ch\/en\/landing\/h4sg\/\",\"name\":\"H4SG - Hack for Social Good - Haute-Ecole Arc\",\"isPartOf\":{\"@id\":\"https:\/\/www.he-arc.ch\/en\/#website\"},\"primaryImageOfPage\":{\"@id\":\"https:\/\/www.he-arc.ch\/en\/landing\/h4sg\/#primaryimage\"},\"image\":{\"@id\":\"https:\/\/www.he-arc.ch\/en\/landing\/h4sg\/#primaryimage\"},\"thumbnailUrl\":\"https:\/\/www.he-arc.ch\/wp-content\/uploads\/2025\/06\/Tiny-people-near-hashtag-for-social-media_2-scaled.jpg\",\"datePublished\":\"2025-06-17T10:55:25+00:00\",\"dateModified\":\"2026-03-16T16:41:26+00:00\",\"breadcrumb\":{\"@id\":\"https:\/\/www.he-arc.ch\/en\/landing\/h4sg\/#breadcrumb\"},\"inLanguage\":\"en-US\",\"potentialAction\":[{\"@type\":\"ReadAction\",\"target\":[\"https:\/\/www.he-arc.ch\/en\/landing\/h4sg\/\"]}]},{\"@type\":\"ImageObject\",\"inLanguage\":\"en-US\",\"@id\":\"https:\/\/www.he-arc.ch\/en\/landing\/h4sg\/#primaryimage\",\"url\":\"https:\/\/www.he-arc.ch\/wp-content\/uploads\/2025\/06\/Tiny-people-near-hashtag-for-social-media_2-scaled.jpg\",\"contentUrl\":\"https:\/\/www.he-arc.ch\/wp-content\/uploads\/2025\/06\/Tiny-people-near-hashtag-for-social-media_2-scaled.jpg\",\"width\":1896,\"height\":2560},{\"@type\":\"BreadcrumbList\",\"@id\":\"https:\/\/www.he-arc.ch\/en\/landing\/h4sg\/#breadcrumb\",\"itemListElement\":[{\"@type\":\"ListItem\",\"position\":1,\"name\":\"Accueil\",\"item\":\"https:\/\/www.he-arc.ch\/en\/\"},{\"@type\":\"ListItem\",\"position\":2,\"name\":\"Landing pages\",\"item\":\"https:\/\/www.he-arc.ch\/en\/landing\/\"},{\"@type\":\"ListItem\",\"position\":3,\"name\":\"H4SG &#8211; Hack for Social Good\"}]},{\"@type\":\"WebSite\",\"@id\":\"https:\/\/www.he-arc.ch\/en\/#website\",\"url\":\"https:\/\/www.he-arc.ch\/en\/\",\"name\":\"Haute-Ecole Arc\",\"description\":\"Haute \u00e9cole sp\u00e9cialis\u00e9e Suisse. Gestion, Ing\u00e9nierie, Sant\u00e9, Conservation-\u200brestauration.\",\"publisher\":{\"@id\":\"https:\/\/www.he-arc.ch\/en\/#organization\"},\"potentialAction\":[{\"@type\":\"SearchAction\",\"target\":{\"@type\":\"EntryPoint\",\"urlTemplate\":\"https:\/\/www.he-arc.ch\/en\/?s={search_term_string}\"},\"query-input\":{\"@type\":\"PropertyValueSpecification\",\"valueRequired\":true,\"valueName\":\"search_term_string\"}}],\"inLanguage\":\"en-US\"},{\"@type\":\"Organization\",\"@id\":\"https:\/\/www.he-arc.ch\/en\/#organization\",\"name\":\"Haute Ecole Arc\",\"url\":\"https:\/\/www.he-arc.ch\/en\/\",\"logo\":{\"@type\":\"ImageObject\",\"inLanguage\":\"en-US\",\"@id\":\"https:\/\/www.he-arc.ch\/en\/#\/schema\/logo\/image\/\",\"url\":\"https:\/\/www.he-arc.ch\/wp-content\/uploads\/2022\/01\/logo-he-arc.svg\",\"contentUrl\":\"https:\/\/www.he-arc.ch\/wp-content\/uploads\/2022\/01\/logo-he-arc.svg\",\"width\":140,\"height\":42,\"caption\":\"Haute Ecole Arc\"},\"image\":{\"@id\":\"https:\/\/www.he-arc.ch\/en\/#\/schema\/logo\/image\/\"}}]}<\/script>\n<!-- \/ Yoast SEO plugin. -->","yoast_head_json":{"title":"H4SG - Hack for Social Good - Haute-Ecole Arc","robots":{"index":"index","follow":"follow","max-snippet":"max-snippet:-1","max-image-preview":"max-image-preview:large","max-video-preview":"max-video-preview:-1"},"canonical":"https:\/\/www.he-arc.ch\/en\/landing\/h4sg\/","og_locale":"en_US","og_type":"article","og_title":"H4SG - Hack for Social Good - Haute-Ecole Arc","og_url":"https:\/\/www.he-arc.ch\/en\/landing\/h4sg\/","og_site_name":"Haute-Ecole Arc","article_modified_time":"2026-03-16T16:41:26+00:00","og_image":[{"width":1896,"height":2560,"url":"https:\/\/www.he-arc.ch\/wp-content\/uploads\/2025\/06\/Tiny-people-near-hashtag-for-social-media_2-scaled.jpg","type":"image\/jpeg"}],"twitter_card":"summary_large_image","twitter_misc":{"Est. reading time":"4 minutes"},"schema":{"@context":"https:\/\/schema.org","@graph":[{"@type":"WebPage","@id":"https:\/\/www.he-arc.ch\/en\/landing\/h4sg\/","url":"https:\/\/www.he-arc.ch\/en\/landing\/h4sg\/","name":"H4SG - Hack for Social Good - Haute-Ecole Arc","isPartOf":{"@id":"https:\/\/www.he-arc.ch\/en\/#website"},"primaryImageOfPage":{"@id":"https:\/\/www.he-arc.ch\/en\/landing\/h4sg\/#primaryimage"},"image":{"@id":"https:\/\/www.he-arc.ch\/en\/landing\/h4sg\/#primaryimage"},"thumbnailUrl":"https:\/\/www.he-arc.ch\/wp-content\/uploads\/2025\/06\/Tiny-people-near-hashtag-for-social-media_2-scaled.jpg","datePublished":"2025-06-17T10:55:25+00:00","dateModified":"2026-03-16T16:41:26+00:00","breadcrumb":{"@id":"https:\/\/www.he-arc.ch\/en\/landing\/h4sg\/#breadcrumb"},"inLanguage":"en-US","potentialAction":[{"@type":"ReadAction","target":["https:\/\/www.he-arc.ch\/en\/landing\/h4sg\/"]}]},{"@type":"ImageObject","inLanguage":"en-US","@id":"https:\/\/www.he-arc.ch\/en\/landing\/h4sg\/#primaryimage","url":"https:\/\/www.he-arc.ch\/wp-content\/uploads\/2025\/06\/Tiny-people-near-hashtag-for-social-media_2-scaled.jpg","contentUrl":"https:\/\/www.he-arc.ch\/wp-content\/uploads\/2025\/06\/Tiny-people-near-hashtag-for-social-media_2-scaled.jpg","width":1896,"height":2560},{"@type":"BreadcrumbList","@id":"https:\/\/www.he-arc.ch\/en\/landing\/h4sg\/#breadcrumb","itemListElement":[{"@type":"ListItem","position":1,"name":"Accueil","item":"https:\/\/www.he-arc.ch\/en\/"},{"@type":"ListItem","position":2,"name":"Landing pages","item":"https:\/\/www.he-arc.ch\/en\/landing\/"},{"@type":"ListItem","position":3,"name":"H4SG &#8211; Hack for Social Good"}]},{"@type":"WebSite","@id":"https:\/\/www.he-arc.ch\/en\/#website","url":"https:\/\/www.he-arc.ch\/en\/","name":"Haute-Ecole Arc","description":"Haute \u00e9cole sp\u00e9cialis\u00e9e Suisse. Gestion, Ing\u00e9nierie, Sant\u00e9, Conservation-\u200brestauration.","publisher":{"@id":"https:\/\/www.he-arc.ch\/en\/#organization"},"potentialAction":[{"@type":"SearchAction","target":{"@type":"EntryPoint","urlTemplate":"https:\/\/www.he-arc.ch\/en\/?s={search_term_string}"},"query-input":{"@type":"PropertyValueSpecification","valueRequired":true,"valueName":"search_term_string"}}],"inLanguage":"en-US"},{"@type":"Organization","@id":"https:\/\/www.he-arc.ch\/en\/#organization","name":"Haute Ecole Arc","url":"https:\/\/www.he-arc.ch\/en\/","logo":{"@type":"ImageObject","inLanguage":"en-US","@id":"https:\/\/www.he-arc.ch\/en\/#\/schema\/logo\/image\/","url":"https:\/\/www.he-arc.ch\/wp-content\/uploads\/2022\/01\/logo-he-arc.svg","contentUrl":"https:\/\/www.he-arc.ch\/wp-content\/uploads\/2022\/01\/logo-he-arc.svg","width":140,"height":42,"caption":"Haute Ecole Arc"},"image":{"@id":"https:\/\/www.he-arc.ch\/en\/#\/schema\/logo\/image\/"}}]}},"_links":{"self":[{"href":"https:\/\/www.he-arc.ch\/en\/wp-json\/wp\/v2\/he-arc_landing-page\/69467","targetHints":{"allow":["GET"]}}],"collection":[{"href":"https:\/\/www.he-arc.ch\/en\/wp-json\/wp\/v2\/he-arc_landing-page"}],"about":[{"href":"https:\/\/www.he-arc.ch\/en\/wp-json\/wp\/v2\/types\/he-arc_landing-page"}],"author":[{"embeddable":true,"href":"https:\/\/www.he-arc.ch\/en\/wp-json\/wp\/v2\/users\/53"}],"version-history":[{"count":65,"href":"https:\/\/www.he-arc.ch\/en\/wp-json\/wp\/v2\/he-arc_landing-page\/69467\/revisions"}],"predecessor-version":[{"id":80481,"href":"https:\/\/www.he-arc.ch\/en\/wp-json\/wp\/v2\/he-arc_landing-page\/69467\/revisions\/80481"}],"wp:featuredmedia":[{"embeddable":true,"href":"https:\/\/www.he-arc.ch\/en\/wp-json\/wp\/v2\/media\/73159"}],"wp:attachment":[{"href":"https:\/\/www.he-arc.ch\/en\/wp-json\/wp\/v2\/media?parent=69467"}],"curies":[{"name":"wp","href":"https:\/\/api.w.org\/{rel}","templated":true}]}}