{"id":43654,"date":"2023-05-31T12:02:50","date_gmt":"2023-05-31T10:02:50","guid":{"rendered":"https:\/\/www.he-arc.ch\/?post_type=he-arc_portal&#038;p=43654"},"modified":"2024-11-06T16:07:38","modified_gmt":"2024-11-06T15:07:38","slug":"business-management","status":"publish","type":"he-arc_portal","link":"https:\/\/www.he-arc.ch\/en\/domain\/business-management\/","title":{"rendered":"Business Management"},"content":{"rendered":"  \n<header class=\"hero-section\">\n  <div class=\"hero page-max is-wide\">\n    <div class=\"portal-hero__heading\">\n      <h1 class=\"portal-hero__overline display-block\"><\/h1>\n      <span class=\"portal-hero__title\">Mon avenir, je le g\u00e8re<\/span>\n    <\/div>\n    <div class=\"portal-image\">\n\n            <a class=\"portal-image__thumb js-open-video hidden-print\" href=\"https:\/\/player.vimeo.com\/video\/651606125\" role=\"button\" >\n      \n                  <span class=\"btn-play w-hidden-main\"><\/span>\n          <div class=\"hero-section__video landscape-video-wrapper hide-mobile is-absolute is-loaded\">\n            <div class=\"video-embed pointer-events-none w-embed w-iframe\">\n              <iframe loading=\"lazy\" id=\"hero_video\" src=\"https:\/\/player.vimeo.com\/video\/651606125?background=1&#038;autoplay=1&#038;autopause=0&#038;controls=0\" width=\"3840\" height=\"2160\" frameborder=\"0\" allow=\"autoplay; fullscreen\" allowfullscreen=\"\">\n              <\/iframe>\n            <\/div>\n          <\/div>\n        \n            <\/a>\n          <\/div>\n    <div class=\"page-max is-wide\">\n      <ul class=\"offset-cards-wrapper w-list-unstyled\">\n\n                <li class=\"subnav-card \">\n          <div class=\"subnav-card__inner\">\n            <span class=\"subnav-card__title\">Bachelor&#8217;s Degree<\/span>\n            <div class=\"subnav-card__link-list\">\n              \n                <div class=\"link-list__item \">\n                                  <a href=\"https:\/\/www.he-arc.ch\/en\/business-management\/bachelor-en\/bachelors-degree-in-business-law\/\" class=\"simple-link\" >\n                     Bachelor\u2019s Degree in Business Law\n                  <\/a>\n                                <\/div>\n\n              \n                <div class=\"link-list__item \">\n                                  <a href=\"https:\/\/www.he-arc.ch\/en\/business-management\/bachelor-en\/bachelors-degree-in-business-administration\/\" class=\"simple-link\" >\n                    Bachelor\u2019s Degree in Business Administration\n                  <\/a>\n                                <\/div>\n\n              \n                <div class=\"link-list__item last\">\n                                  <a href=\"https:\/\/www.he-arc.ch\/en\/business-management\/bachelor-en\/bachelors-degree-in-business-information-technology\/\" class=\"simple-link\" >\n                    Bachelor\u2019s Degree in Business Information Technology\n                  <\/a>\n                                <\/div>\n\n                          <\/div>\n          <\/div>\n        <\/li>\n                <li class=\"subnav-card \">\n          <div class=\"subnav-card__inner\">\n            <span class=\"subnav-card__title\">Master&#8217;s Degree<\/span>\n            <div class=\"subnav-card__link-list\">\n              \n                <div class=\"link-list__item \">\n                                  <a href=\"https:\/\/www.myemba.ch\/\" class=\"simple-link\" target='_blank'>\n                    EMBA Management and Leadership (only in French)\n                  <\/a>\n                                <\/div>\n\n              \n                <div class=\"link-list__item \">\n                                  <a href=\"https:\/\/www.he-arc.ch\/gestion\/master\/mas-en-lutte-contre-la-criminalite-economique\/\" class=\"simple-link\" >\n                    MAS in Economic Crime Investigation (only in French)\n                  <\/a>\n                                <\/div>\n\n              \n                <div class=\"link-list__item \">\n                                  <a href=\"https:\/\/www.he-arc.ch\/en\/business-management\/master-en\/master-in-business-administration-business-in-eurasia-major\/\" class=\"simple-link\" >\n                    Master\u2019s Degree of Science in Business Administration &#8211; Major in Business in Eurasia \n                  <\/a>\n                                <\/div>\n\n              \n                <div class=\"link-list__item last\">\n                                  <a href=\"https:\/\/www.hes-so.ch\/en\/master\/hes-so-master\/programmes\/business-administration-msc-ba\/management-of-information-systems-major\" class=\"simple-link\" target='_blank'>\n                    Master\u2019s Degree of Science in Business Administration &#8211; Major in Management of Information Systems\n                  <\/a>\n                                <\/div>\n\n                          <\/div>\n          <\/div>\n        <\/li>\n                <li class=\"subnav-card last\">\n          <div class=\"subnav-card__inner\">\n            <span class=\"subnav-card__title\">Further Education<\/span>\n            <div class=\"subnav-card__link-list\">\n              \n                <div class=\"link-list__item \">\n                                  <a href=\"https:\/\/www.he-arc.ch\/en\/business-management\/further-education-certificates-of-advanced-studies-cas\/\" class=\"simple-link\" >\n                    Certificates of Advanced Studies (CAS)\n                  <\/a>\n                                <\/div>\n\n              \n                <div class=\"link-list__item last\">\n                                  <a href=\"https:\/\/www.he-arc.ch\/en\/business-management\/further-education-general-public\/\" class=\"simple-link\" >\n                    General Public Programmes\n                  <\/a>\n                                <\/div>\n\n                          <\/div>\n          <\/div>\n        <\/li>\n        \n      <\/ul>\n    <\/div>\n  <\/div>\n<\/section>\n\n<div class=\"page-section pt-cards bg-grey\">\n  <div class=\"hero-section__inner page-max\">\n    <div class=\"page-section__content is-with-aside\">\n            <div class=\"rich-text is-large w-richtext\">\n        <p>The Haute \u00e9cole de gestion Arc\/ The University of Applied Sciences (HEG Arc) is one of the domains of the Haute Ecole Arc.<\/p>\n<p>Founded in 1982, the HEG Arc has been growing steadily ever since and continues to attract many students.<\/p>\n\n      <\/div>\n          <\/div>\n    <aside class=\"page-section__aside\">\n      <h4 class=\"link-list__title\">Navigation rapide<\/h4>\n      <nav class=\"page-menu hidden-print is-shadowed--bold   w-list-unstyled\" aria-label=\"Raccourcis sur la page\">\n                    \n            <div class=\"btn-link  \">\n        <a href=\"#formations\"  class=\"simple-link is-goto\">Education<\/a>\n      <\/div>\n                      \n            <div class=\"btn-link  \">\n        <a href=\"#etudiant\"  class=\"simple-link is-goto\">Student Services<\/a>\n      <\/div>\n                      \n            <div class=\"btn-link  \">\n        <a href=\"#entreprises\"  class=\"simple-link is-goto\">Applied Research &#038; Development (aR&#038;D)<\/a>\n      <\/div>\n                      \n            <div class=\"btn-link  \">\n        <a href=\"#organisation\"  class=\"simple-link is-goto\">Organisation<\/a>\n      <\/div>\n                      \n            <div class=\"btn-link  border-none\">\n        <a href=\"#contact\" target=\"_blank\" class=\"simple-link is-goto\">Contact<\/a>\n      <\/div>\n            <\/nav>\n  <\/aside>\n  <\/div>\n<\/div>\n\n\n\n<section id_=\"page-section-block_eb2016b06af8f7c49d96248f63e62402\"\n         class=\" bg-grey page-section\">\n\n  \n  <h2 class=\"section-title page-max \">Agenda<\/h2>\n  <div class=\"page-section__inner page-max\">\n\n    <div class=\"page-section__content rich-text \">\n\n              \n\n  <div class=\"is-not-contained \">\n\n  \n          <ul class=\"event-list flex-row w-list-unstyled  \">\n                                                      <li class=\"size-1-3 size-full-mobile\" data-theme=\"2\">\n            <a href=\"https:\/\/www.he-arc.ch\/en\/agenda\/atelier-entretien-dembauche-du-point-de-vue-du-recruteur\/\" class=\"card is-tall is-shadowed  \">\n              <div class=\"event-card__meta\">\n                <div class=\"display-flex\">\n                  <span class=\"tag no-wrap mb-0 mr-1 is-bordered\">Gestion<\/span>\n                <\/div>\n                <div class=\"meta-extra\">\n                  <div class=\"meta-date \">\n                    07.05\n                                                          <\/div>\n                                  <\/div>\n              <\/div>\n              <h3 class=\"card__title pretty-underline \">Atelier &#8211; L\u2019entretien d\u2019embauche du point de vue du recruteur<\/h3>\n            <\/a>\n          <\/li>\n                                                              <li class=\"size-1-3 size-full-mobile\" data-theme=\"2\">\n            <a href=\"https:\/\/www.he-arc.ch\/en\/agenda\/journee-de-la-fiscalite-des-pme-2026\/\" class=\"card is-tall is-shadowed  \">\n              <div class=\"event-card__meta\">\n                <div class=\"display-flex\">\n                  <span class=\"tag no-wrap mb-0 mr-1 is-bordered\">Gestion<\/span>\n                <\/div>\n                <div class=\"meta-extra\">\n                  <div class=\"meta-date \">\n                    07.05\n                                                          <\/div>\n                                  <\/div>\n              <\/div>\n              <h3 class=\"card__title pretty-underline \">Journ\u00e9e de la fiscalit\u00e9 des PME 2026<\/h3>\n            <\/a>\n          <\/li>\n                                                              <li class=\"size-1-3 size-full-mobile\" data-theme=\"2\">\n            <a href=\"https:\/\/www.he-arc.ch\/en\/agenda\/masterclass-rh-management-reussir-sa-strategie-de-gestion-des-talents-les-cles-pour-attirer-developper-et-retenir-les-competences\/\" class=\"card is-tall is-shadowed  \">\n              <div class=\"event-card__meta\">\n                <div class=\"display-flex\">\n                  <span class=\"tag no-wrap mb-0 mr-1 is-bordered\">Gestion<\/span>\n                <\/div>\n                <div class=\"meta-extra\">\n                  <div class=\"meta-date \">\n                    07.05\n                                                          <\/div>\n                                  <\/div>\n              <\/div>\n              <h3 class=\"card__title pretty-underline \">MasterClass RH &amp; Management &#8211; R\u00e9ussir sa strat\u00e9gie de gestion des talents : les cl\u00e9s pour attirer, d\u00e9velopper et retenir les comp\u00e9tences.<\/h3>\n            <\/a>\n          <\/li>\n                  <\/ul>\n    <\/div>\n\n\n\n\n<p><\/p>\n\n\n  <a href=\"https:\/\/www.he-arc.ch\/agenda\/?_domain=gestion\"  class=\"btn-primary is-arrowed \">\n    <div class=\"btn-primary__title\">Voir tout l&#8217;agenda<\/div>\n  <\/a>\n\n\n      \n    <\/div>\n\n    \n  <\/div>\n<\/section>\n\n\n<section id_=\"page-section-block_8e9be38200837f2b0de8e0f077bb5289\"\n         class=\" bg-white page-section\">\n\n    <span id=\"formations\" class=\"scrollto-offset\"><\/span>\n  \n  <h2 class=\"section-title page-max \">Education<\/h2>\n  <div class=\"page-section__inner page-max\">\n\n    <div class=\"page-section__content rich-text \">\n\n              \n\n<p>Today, the HEG Arc\/The University of Applied Sciences has nearly 1800 students who are studying a Bachelor&#8217;s Degree, a Master&#8217;s Degree or further education courses in various fields of expertise: Business Law, Business Management, Information Technology, Economic Crime Investigation and Cybercrime, Leadership, Experiential Marketing, Eurasian Markets, Supply Chain, Blockchain and Public Management.<\/p>\n\n\n\n<div class=\"accordion-wrapper mt-4 \">\n    <!--div class=\"page-max\">\n    <h2 class=\"section-subtitle is-large\"><\/h2>\n  <\/div-->\n  \n\n<div class=\"mb-2-5 \">\n    <div id=\"accordion-block_bef60f09fcc28b15b563613a8242056f\"\n      class=\" accordion-item collapsed is-shadowed \"\n      data-toggle=\"collapse\" data-target=\"#accordion-pane-block_bef60f09fcc28b15b563613a8242056f\">\n    <div class=\"accordion-item__heading\">\n      <h2 class=\"accordion-item__title  \">Bachelor\u2019s Degree<\/h2>\n    <\/div>\n    <span class=\"accordion-item__toggle hidden-print collapsed w-inline-block\">\n      <span class=\"plus-bar-1\"><\/span>\n      <span class=\"plus-bar-2\"><\/span>\n    <\/span>\n  <\/div>\n\n  <div id=\"accordion-pane-block_bef60f09fcc28b15b563613a8242056f\" class=\"accordion-pane show-print collapse \">\n    <div class=\"rich-text mt-2 w-richtext\">\n\n      \n\n<p>The three main courses of study offered by the HEG Arc\/The University of Applied Sciences are the Bachelor&#8217;s Degree in Business Law, the Bachelor&#8217;s Degree in Business Administration and the Bachelor&#8217;s Degree in Business Information Technology.<\/p>\n\n\n\n<p>These courses can be taken full-time or in employment (respectively part-time), at the Neuch\u00e2tel and Del\u00e9mont sites.<\/p>\n\n\n\n<div class=\"cta-cards  \">\n\n    \n      \n        <ul class=\"flex-row mt-3 w-list-unstyled\">\n              <li class=\"size-1-2 size-full-mobile\">\n  \n    <a href=\"https:\/\/www.he-arc.ch\/en\/business-management\/bachelor-en\/bachelors-degree-in-business-law\/\"  class=\"cta-card is-shadowed \">\n  \n              <div class=\"cta-card__image center \" style=\"background-image: url(https:\/\/www.he-arc.ch\/wp-content\/uploads\/2021\/09\/EgaliteDiversite-300x200.jpg)\"><\/div>\n    \n    <div class=\"cta-card__inner is-with-arrow\">\n            <div class=\"cta-card__overline\">Bachelor<\/div>\n            <h3 class=\"cta-card__title pretty-underline is-large\">Bachelor\u2019s Degree in Business Law<\/h3>\n      <p class=\"cta-card__description\"><\/p>\n              <span class=\"icon-arrow-right cta-card__arrow\" \/>\n          <\/div>\n    <\/a>\n  <\/li>\n              <li class=\"size-1-2 size-full-mobile\">\n  \n    <a href=\"https:\/\/www.he-arc.ch\/en\/business-management\/bachelor-en\/bachelors-degree-in-business-administration\/\"  class=\"cta-card is-shadowed \">\n  \n              <div class=\"cta-card__image center \" style=\"background-image: url(https:\/\/www.he-arc.ch\/wp-content\/uploads\/2021\/09\/QuentinBacchus_LEMON_HEARC_Oct2020-4-300x200.jpg)\"><\/div>\n    \n    <div class=\"cta-card__inner is-with-arrow\">\n            <div class=\"cta-card__overline\">Bachelor<\/div>\n            <h3 class=\"cta-card__title pretty-underline is-large\">Bachelor\u2019s Degree in Business Administration<\/h3>\n      <p class=\"cta-card__description\"><\/p>\n              <span class=\"icon-arrow-right cta-card__arrow\" \/>\n          <\/div>\n    <\/a>\n  <\/li>\n          <\/ul>\n\n    \n      \n        <ul class=\"flex-row  w-list-unstyled\">\n              <li class=\"size-1-2 size-full-mobile\">\n  \n    <a href=\"https:\/\/www.he-arc.ch\/en\/business-management\/bachelor-en\/bachelors-degree-in-business-information-technology\/\"  class=\"cta-card is-shadowed \">\n  \n              <div class=\"cta-card__image center \" style=\"background-image: url(https:\/\/www.he-arc.ch\/wp-content\/uploads\/2021\/10\/QuentinBacchus_LEMON_HEARC_Oct2020_ACHAT-2-300x200.jpg)\"><\/div>\n    \n    <div class=\"cta-card__inner is-with-arrow\">\n            <div class=\"cta-card__overline\">Bachelor<\/div>\n            <h3 class=\"cta-card__title pretty-underline is-large\">Bachelor\u2019s Degree in Business Information Technology<\/h3>\n      <p class=\"cta-card__description\"><\/p>\n              <span class=\"icon-arrow-right cta-card__arrow\" \/>\n          <\/div>\n    <\/a>\n  <\/li>\n                        <\/ul>\n\n    \n  \n<\/div>\n\n    <\/div>\n  <\/div>\n<\/div>\n\n\n\n<div class=\"mb-2-5 \">\n    <div id=\"accordion-block_1b8f6529ba61a44bd46cd519cbfb2a16\"\n      class=\" accordion-item collapsed is-shadowed \"\n      data-toggle=\"collapse\" data-target=\"#accordion-pane-block_1b8f6529ba61a44bd46cd519cbfb2a16\">\n    <div class=\"accordion-item__heading\">\n      <h2 class=\"accordion-item__title  \">Master\u2019s Degree<\/h2>\n    <\/div>\n    <span class=\"accordion-item__toggle hidden-print collapsed w-inline-block\">\n      <span class=\"plus-bar-1\"><\/span>\n      <span class=\"plus-bar-2\"><\/span>\n    <\/span>\n  <\/div>\n\n  <div id=\"accordion-pane-block_1b8f6529ba61a44bd46cd519cbfb2a16\" class=\"accordion-pane show-print collapse \">\n    <div class=\"rich-text mt-2 w-richtext\">\n\n      \n\n<p>The HEG Arc\/ The University of Applied Sciences offers several courses leading to a MAS (Master\u2019s Degree of Advanced Studies, min. 60 ECTS) or an EMBA (Executive Master\u2019s Degree of Business Administration, min. 60 ECTS).<\/p>\n\n\n\n<div class=\"cta-cards  \">\n\n    \n      \n        <ul class=\"flex-row mt-3 w-list-unstyled\">\n              <li class=\"size-1-2 size-full-mobile\">\n  \n    <a href=\"https:\/\/www.myemba.ch\/\"  class=\"cta-card is-shadowed \">\n  \n              <div class=\"cta-card__image center \" style=\"background-image: url(https:\/\/www.he-arc.ch\/wp-content\/uploads\/2021\/10\/EMBA-Management-Leardership-300x200.jpg)\"><\/div>\n    \n    <div class=\"cta-card__inner is-with-arrow\">\n            <h3 class=\"cta-card__title pretty-underline is-large\">EMBA Management and Leadership (only in French)<\/h3>\n      <p class=\"cta-card__description\"><\/p>\n              <span class=\"icon-arrow-right cta-card__arrow\" \/>\n          <\/div>\n    <\/a>\n  <\/li>\n              <li class=\"size-1-2 size-full-mobile\">\n  \n    <a href=\"https:\/\/www.he-arc.ch\/gestion\/master\/mas-en-lutte-contre-la-criminalite-economique\/\"  class=\"cta-card is-shadowed \">\n  \n              <div class=\"cta-card__image center \" style=\"background-image: url(https:\/\/www.he-arc.ch\/wp-content\/uploads\/2021\/10\/MAS-LCE-Lutte-criminalite-economique-Oeil-1-300x200.jpg)\"><\/div>\n    \n    <div class=\"cta-card__inner is-with-arrow\">\n            <h3 class=\"cta-card__title pretty-underline is-large\">MAS in Economic Crime Investigation (only in French)<\/h3>\n      <p class=\"cta-card__description\"><\/p>\n              <span class=\"icon-arrow-right cta-card__arrow\" \/>\n          <\/div>\n    <\/a>\n  <\/li>\n          <\/ul>\n\n    \n      \n        <ul class=\"flex-row  w-list-unstyled\">\n              <li class=\"size-1-2 size-full-mobile\">\n  \n    <a href=\"https:\/\/www.he-arc.ch\/en\/business-management\/master-en\/master-in-business-administration-business-in-eurasia-major\/\"  class=\"cta-card is-shadowed \">\n  \n              <div class=\"cta-card__image center \" style=\"background-image: url(https:\/\/www.he-arc.ch\/wp-content\/uploads\/2021\/10\/MSc-BA-Business-in-Eurasia-Russia-Moscou-300x225.jpg)\"><\/div>\n    \n    <div class=\"cta-card__inner is-with-arrow\">\n            <h3 class=\"cta-card__title pretty-underline is-large\">Master\u2019s Degree of Science in Business Administration &#8211; Major in Business in Eurasia <\/h3>\n      <p class=\"cta-card__description\"><\/p>\n              <span class=\"icon-arrow-right cta-card__arrow\" \/>\n          <\/div>\n    <\/a>\n  <\/li>\n              <li class=\"size-1-2 size-full-mobile\">\n  \n    <a href=\"https:\/\/www.hes-so.ch\/en\/master\/hes-so-master\/programmes\/business-administration-msc-ba\/management-of-information-systems-major\"  class=\"cta-card is-shadowed \">\n  \n              <div class=\"cta-card__image center \" style=\"background-image: url(https:\/\/www.he-arc.ch\/wp-content\/uploads\/2021\/10\/GES-IMG000000-Collegues-dreamstime_m_12002054-300x200.jpg)\"><\/div>\n    \n    <div class=\"cta-card__inner is-with-arrow\">\n            <h3 class=\"cta-card__title pretty-underline is-large\">Master\u2019s Degree of Science in Business Administration &#8211; Major in Management of Information Systems <\/h3>\n      <p class=\"cta-card__description\"><\/p>\n              <span class=\"icon-arrow-right cta-card__arrow\" \/>\n          <\/div>\n    <\/a>\n  <\/li>\n          <\/ul>\n\n    \n  \n<\/div>\n\n    <\/div>\n  <\/div>\n<\/div>\n\n\n\n<div class=\"mb-2-5 \">\n    <div id=\"accordion-block_1290c5d497f86d6fd09903ac1c22680e\"\n      class=\" accordion-item collapsed is-shadowed \"\n      data-toggle=\"collapse\" data-target=\"#accordion-pane-block_1290c5d497f86d6fd09903ac1c22680e\">\n    <div class=\"accordion-item__heading\">\n      <h2 class=\"accordion-item__title  \">Further Education<\/h2>\n    <\/div>\n    <span class=\"accordion-item__toggle hidden-print collapsed w-inline-block\">\n      <span class=\"plus-bar-1\"><\/span>\n      <span class=\"plus-bar-2\"><\/span>\n    <\/span>\n  <\/div>\n\n  <div id=\"accordion-pane-block_1290c5d497f86d6fd09903ac1c22680e\" class=\"accordion-pane show-print collapse \">\n    <div class=\"rich-text mt-2 w-richtext\">\n\n      \n\n<p>Further education is intended for people who wish to continue their professional development by deepening their knowledge in a particular field of study or who wish to acquire new knowledge in other fields.<\/p>\n\n\n\n<p>The HEG Arc\/ The University of Applied Sciences offers a wide range of certification courses (CAS &#8211; Certificate of Advanced Studies, min. 10 ECTS) and training courses open to a broad public.<\/p>\n\n\n\n<div class=\"cta-cards  \">\n\n    \n      \n        <ul class=\"flex-row mt-3 w-list-unstyled\">\n              <li class=\"size-1-2 size-full-mobile\">\n  \n    <a href=\"https:\/\/www.he-arc.ch\/en\/business-management\/further-education-certificates-of-advanced-studies-cas\/\"  class=\"cta-card is-shadowed \">\n  \n              <div class=\"cta-card__image center \" style=\"background-image: url(https:\/\/www.he-arc.ch\/wp-content\/uploads\/2021\/10\/CAS-Certificate-of-advanced-studies-300x200.jpg)\"><\/div>\n    \n    <div class=\"cta-card__inner is-with-arrow\">\n            <h3 class=\"cta-card__title pretty-underline is-large\">Certificates of Advanced Studies (CAS)<\/h3>\n      <p class=\"cta-card__description\"><\/p>\n              <span class=\"icon-arrow-right cta-card__arrow\" \/>\n          <\/div>\n    <\/a>\n  <\/li>\n              <li class=\"size-1-2 size-full-mobile\">\n  \n    <a href=\"https:\/\/www.he-arc.ch\/en\/business-management\/further-education-general-public\/\"  class=\"cta-card is-shadowed \">\n  \n              <div class=\"cta-card__image center \" style=\"background-image: url(https:\/\/www.he-arc.ch\/wp-content\/uploads\/2021\/10\/Grand-public-Formation-continue-Marches-vers-carriere-300x200.jpg)\"><\/div>\n    \n    <div class=\"cta-card__inner is-with-arrow\">\n            <h3 class=\"cta-card__title pretty-underline is-large\">General public programmes<\/h3>\n      <p class=\"cta-card__description\"><\/p>\n              <span class=\"icon-arrow-right cta-card__arrow\" \/>\n          <\/div>\n    <\/a>\n  <\/li>\n          <\/ul>\n\n    \n  \n<\/div>\n\n    <\/div>\n  <\/div>\n<\/div>\n\n\n<\/div>\n\n\n      \n    <\/div>\n\n    \n  <\/div>\n<\/section>\n\n\n<section id_=\"page-section-block_061773b592f7045f0a76f11bb7362c90\"\n         class=\" bg-grey page-section\">\n\n    <span id=\"etudiant\" class=\"scrollto-offset\"><\/span>\n  \n  <h2 class=\"section-title page-max \">Student Services<\/h2>\n  <div class=\"page-section__inner page-max\">\n\n    <div class=\"page-section__content rich-text is-with-aside\">\n\n              \n\n<p>Ideally located in the immediate vicinity of the train station with its campuses in Neuch\u00e2tel and Del\u00e9mont, the HE Arc\/The University of Applied Sciences provides its students with all the services they need to follow their course in optimal conditions<\/p>\n\n\n\n<div class=\"cta-cards  \">\n\n    \n      \n        <ul class=\"flex-row mt-3 w-list-unstyled\">\n              <li class=\"size-1-3 size-full-mobile\">\n  \n    <a href=\"https:\/\/www.he-arc.ch\/en\/he-arc-en\/students-associations\/\"  class=\"cta-card is-shadowed\">\n      <div class=\"cta-card__inner\">\n            <h3 class=\"cta-card__title pretty-underline\">Student Associations<\/h3>\n      <p class=\"cta-card__description\"><\/p>\n    <\/div>\n    <\/a>\n  <\/li>\n              <li class=\"size-1-3 size-full-mobile\">\n  \n    <a href=\"https:\/\/www.he-arc.ch\/en\/he-arc-en\/libraries\/\"  class=\"cta-card is-shadowed\">\n      <div class=\"cta-card__inner\">\n            <h3 class=\"cta-card__title pretty-underline\">Library<\/h3>\n      <p class=\"cta-card__description\"><\/p>\n    <\/div>\n    <\/a>\n  <\/li>\n              <li class=\"size-1-3 size-full-mobile\">\n  \n    <a href=\"https:\/\/www.he-arc.ch\/en\/business-management\/international-mobility-ges\/\"  class=\"cta-card is-shadowed\">\n      <div class=\"cta-card__inner\">\n            <h3 class=\"cta-card__title pretty-underline\">International Mobility<\/h3>\n      <p class=\"cta-card__description\"><\/p>\n    <\/div>\n    <\/a>\n  <\/li>\n          <\/ul>\n\n    \n      \n        <ul class=\"flex-row  w-list-unstyled\">\n              <li class=\"size-1-3 size-full-mobile\">\n  \n    <a href=\"https:\/\/www.he-arc.ch\/gestion\/centre-de-carriere\/\"  class=\"cta-card is-shadowed\">\n      <div class=\"cta-card__inner\">\n            <h3 class=\"cta-card__title pretty-underline\">Career Centre<\/h3>\n      <p class=\"cta-card__description\">in French only<\/p>\n    <\/div>\n    <\/a>\n  <\/li>\n              <li class=\"size-1-3 size-full-mobile\">\n  \n    <a href=\"https:\/\/www.he-arc.ch\/en\/he-arc-en\/listening-space\/\"  class=\"cta-card is-shadowed\">\n      <div class=\"cta-card__inner\">\n            <h3 class=\"cta-card__title pretty-underline\">Student Support<\/h3>\n      <p class=\"cta-card__description\"><\/p>\n    <\/div>\n    <\/a>\n  <\/li>\n                        <\/ul>\n\n    \n  \n<\/div>\n\n<div class=\"video-card-wrapper  is-not-contained \">\n                    <ul class=\"flex-row w-list-unstyled  \">\n                              <li class=\"size-1-2 size-full-mobile\">\n              <a class=\"video-card is-shadowed js-open-video \" href=\"https:\/\/youtu.be\/l6QIGrlVsMo\">\n                <div class=\"image-wrapper--landscape\" style=\"background-image: url(https:\/\/www.he-arc.ch\/wp-content\/uploads\/2021\/10\/QuentinBacchus_LEMON_HEARC_Oct2020_ACHAT-13-1024x508.jpg)\">\n                  <div class=\"btn-play is-centered\">&nbsp;<\/div>\n                <\/div>\n                <div class=\"video-card__info\">\n                                    <div class=\"video-card__meta\">\n                    <h3 class=\"video-card__overline\">Neuch\u00e2tel<\/h3>\n                  <\/div>\n                                    <h3 class=\"video-card__title\">Campus Arc 1<\/h3>\n                <\/div>\n              <\/a>\n            <\/li>\n                                        <li class=\"size-1-2 size-full-mobile\">\n              <a class=\"video-card is-shadowed js-open-video \" href=\"https:\/\/youtu.be\/2rGv2mMRHQY\">\n                <div class=\"image-wrapper--landscape\" style=\"background-image: url(https:\/\/www.he-arc.ch\/wp-content\/uploads\/2021\/10\/QuentinBacchus_LEMON_HEARC_Oct2020_ACHAT-17-1024x683.jpg)\">\n                  <div class=\"btn-play is-centered\">&nbsp;<\/div>\n                <\/div>\n                <div class=\"video-card__info\">\n                                    <div class=\"video-card__meta\">\n                    <h3 class=\"video-card__overline\">Del\u00e9mont<\/h3>\n                  <\/div>\n                                    <h3 class=\"video-card__title\">Campus Arc 3<\/h3>\n                <\/div>\n              <\/a>\n            <\/li>\n                        <\/ul>\n      <\/div>\n\n\n\n      \n    <\/div>\n\n    <div class=\"page-section__aside w-100p\" id=\"sidebar_contact\">\n\n  \n      <div class=\" w-100p\">\n              <div id=\"download-links-block_061773b592f7045f0a76f11bb7362c90\" class=\"\">\n  <div class=\"link-list\">\n\n        <h4 class=\"link-list__title\">TWO CAMPUSES<\/h4>\n    \n    \n      <div class=\"link-list__item\">\n\t            <a href=\"https:\/\/www.he-arc.ch\/en\/he-arc-en\/neuchatel-campus\/\" class=\"simple-link\" >\n           Neuch\u00e2tel Campus\n        <\/a>\n            <\/div>\n\n    \n      <div class=\"link-list__item\">\n\t            <a href=\"https:\/\/www.he-arc.ch\/en\/he-arc-en\/delemont-campus\/\" class=\"simple-link\" >\n          Del\u00e9mont Campus\n        <\/a>\n            <\/div>\n\n      <\/div>\n<\/div>\n          <\/div>\n\n  <\/div>\n\n  <\/div>\n<\/section>\n\n\n<section id_=\"page-section-block_e5b24e014492d6cb3528ab57771a20ce\"\n         class=\" bg-grey page-section\">\n\n    <span id=\"entreprises\" class=\"scrollto-offset\"><\/span>\n  \n  <h2 class=\"section-title page-max \">Applied Research &#038; Development<\/h2>\n  <div class=\"page-section__inner page-max\">\n\n    <div class=\"page-section__content rich-text is-with-aside\">\n\n              \n\n<p>In the area of Applied Research and Development and Services (aR&amp;D), the HEG Arc\/The University of Applied Sciences is open and available for mandates for private companies, public authorities and non-profit organisations to find solutions adapted to their needs.<\/p>\n\n\n\n<p>HE Arc&#8217;s\/The University of Applied Sciences\u2019 aR&amp;D department has key resources and competences in four areas :<\/p>\n\n\n\n<div class=\"cta-cards  \">\n\n    \n      \n        <ul class=\"flex-row mt-3 w-list-unstyled\">\n              <li class=\"size-1-2 size-full-mobile\">\n  \n    <a href=\"https:\/\/www.he-arc.ch\/en\/business-management\/institute-of-communication-and-experiential-marketing-icme\/\"  class=\"cta-card is-shadowed \">\n  \n              <div class=\"cta-card__image center \" style=\"background-image: url(https:\/\/www.he-arc.ch\/wp-content\/uploads\/2021\/10\/ICME-Institut-Communication-Marketing-experientiel-cerveau-code-barre-300x244.jpg)\"><\/div>\n    \n    <div class=\"cta-card__inner is-with-arrow\">\n            <div class=\"cta-card__overline\">ICME<\/div>\n            <h3 class=\"cta-card__title pretty-underline is-large\">Institute of Communication and Experiential Marketing<\/h3>\n      <p class=\"cta-card__description\"><\/p>\n              <span class=\"icon-arrow-right cta-card__arrow\" \/>\n          <\/div>\n    <\/a>\n  <\/li>\n              <li class=\"size-1-2 size-full-mobile\">\n  \n    <a href=\"https:\/\/www.he-arc.ch\/en\/business-management\/institut-de-digitalisation-des-organisations-ido\/\"  class=\"cta-card is-shadowed \">\n  \n              <div class=\"cta-card__image center \" style=\"background-image: url(https:\/\/www.he-arc.ch\/wp-content\/uploads\/2021\/10\/IDO-Institut-de-digitalisation-des-organisations-1-300x200.jpg)\"><\/div>\n    \n    <div class=\"cta-card__inner is-with-arrow\">\n            <div class=\"cta-card__overline\">IDO<\/div>\n            <h3 class=\"cta-card__title pretty-underline is-large\">Institute for the Digitalisation of Organisations<\/h3>\n      <p class=\"cta-card__description\"><\/p>\n              <span class=\"icon-arrow-right cta-card__arrow\" \/>\n          <\/div>\n    <\/a>\n  <\/li>\n          <\/ul>\n\n    \n      \n        <ul class=\"flex-row  w-list-unstyled\">\n              <li class=\"size-1-2 size-full-mobile\">\n  \n    <a href=\"https:\/\/www.he-arc.ch\/en\/business-management\/institute-of-economic-crime-investigation-ilce\/\"  class=\"cta-card is-shadowed \">\n  \n              <div class=\"cta-card__image center \" style=\"background-image: url(https:\/\/www.he-arc.ch\/wp-content\/uploads\/2021\/10\/ILCE-Institut-lutte-contre-criminalite-economique-Hacker-300x223.jpg)\"><\/div>\n    \n    <div class=\"cta-card__inner is-with-arrow\">\n            <div class=\"cta-card__overline\">ILCE<\/div>\n            <h3 class=\"cta-card__title pretty-underline is-large\">Institute of Economic Crime Investigation<\/h3>\n      <p class=\"cta-card__description\"><\/p>\n              <span class=\"icon-arrow-right cta-card__arrow\" \/>\n          <\/div>\n    <\/a>\n  <\/li>\n              <li class=\"size-1-2 size-full-mobile\">\n  \n    <a href=\"https:\/\/www.he-arc.ch\/en\/business-management\/institut-du-management-des-villes-et-du-territoire-imvt\/\"  class=\"cta-card is-shadowed \">\n  \n              <div class=\"cta-card__image center \" style=\"background-image: url(https:\/\/www.he-arc.ch\/wp-content\/uploads\/2021\/09\/Man-placing-City-Hall--300x230.png)\"><\/div>\n    \n    <div class=\"cta-card__inner is-with-arrow\">\n            <div class=\"cta-card__overline\">IMVT<\/div>\n            <h3 class=\"cta-card__title pretty-underline is-large\">Institute of Cities and Regional Management<\/h3>\n      <p class=\"cta-card__description\"><\/p>\n              <span class=\"icon-arrow-right cta-card__arrow\" \/>\n          <\/div>\n    <\/a>\n  <\/li>\n          <\/ul>\n\n    \n      \n        <ul class=\"flex-row  w-list-unstyled\">\n              <li class=\"size-1-2 size-full-mobile\">\n  \n    <a href=\"https:\/\/www.he-arc.ch\/en\/business-management\/swiss-eurasian-institute-of-management-seim\/\"  class=\"cta-card is-shadowed \">\n  \n              <div class=\"cta-card__image center \" style=\"background-image: url(https:\/\/www.he-arc.ch\/wp-content\/uploads\/2024\/01\/MSc-BA-Business-in-Eurasia-Russia-Moscou-300x225.jpg)\"><\/div>\n    \n    <div class=\"cta-card__inner is-with-arrow\">\n            <div class=\"cta-card__overline\">SEIM<\/div>\n            <h3 class=\"cta-card__title pretty-underline is-large\">Swiss Eurasian Institute of Management<\/h3>\n      <p class=\"cta-card__description\"><\/p>\n              <span class=\"icon-arrow-right cta-card__arrow\" \/>\n          <\/div>\n    <\/a>\n  <\/li>\n                        <\/ul>\n\n    \n  \n<\/div>\n\n      \n    <\/div>\n\n    <div class=\"page-section__aside w-100p\" id=\"sidebar_contact\">\n\n  \n      <div class=\" w-100p\">\n              <div id=\"download-links-block_e5b24e014492d6cb3528ab57771a20ce\" class=\"\">\n  <div class=\"link-list\">\n\n        <h4 class=\"link-list__title\">Publications<\/h4>\n    \n    \n      <div class=\"link-list__item\">\n\t            <a href=\"https:\/\/www.he-arc.ch\/presse\/?_domain=gestion\" class=\"simple-link\" >\n          Media and press (in French)\n        <\/a>\n            <\/div>\n\n    \n      <div class=\"link-list__item\">\n\t            <a href=\"https:\/\/www.he-arc.ch\/publications\/?_domain=gestion\" class=\"simple-link\" >\n          Scientific articles\n        <\/a>\n            <\/div>\n\n    \n      <div class=\"link-list__item\">\n\t            <a href=\"https:\/\/www.he-arc.ch\/projets-recherche\/?_domain=gestion\" class=\"simple-link\" target='_blank'>\n          Research projects\n        <\/a>\n            <\/div>\n\n      <\/div>\n<\/div>\n          <\/div>\n\n      <div class=\"mt-4 w-100p\">\n              <div id=\"download-links-block_e5b24e014492d6cb3528ab57771a20ce\" class=\"\">\n  <div class=\"link-list\">\n\n        <h4 class=\"link-list__title\">Other areas of expertise<\/h4>\n    \n    \n      <div class=\"link-list__item\">\n\t            <a href=\"https:\/\/www.he-arc.ch\/gestion\/ecole-romande-de-la-magistrature-penale-ermp\/\" class=\"simple-link\" >\n          The Swiss Romand School of Penal Magistrates (ERMP) (in French)\n        <\/a>\n            <\/div>\n\n    \n      <div class=\"link-list__item\">\n\t            <a href=\"https:\/\/www.he-arc.ch\/gestion\/ecole-romande-en-administration-judiciaire-eraj\/\" class=\"simple-link\" >\n          The Swiss Romand School of Judicial Administration (ERAJ)  (in French)\n        <\/a>\n            <\/div>\n\n    \n      <div class=\"link-list__item\">\n\t            <a href=\"https:\/\/www.he-arc.ch\/?page_id=5298\" class=\"simple-link\" >\n          Watch Marketing Centre (CMH)  (in French)\n        <\/a>\n            <\/div>\n\n      <\/div>\n<\/div>\n          <\/div>\n\n      <div class=\"mt-4 w-100p\">\n              <div id=\"download-links-block_e5b24e014492d6cb3528ab57771a20ce\" class=\"\">\n  <div class=\"link-list\">\n\n        <h4 class=\"link-list__title\">Directory<\/h4>\n    \n    \n      <div class=\"link-list__item\">\n\t            <a href=\"https:\/\/people.he-arc.ch\/\" class=\"simple-link\" target='_blank'>\n          People HEG Arc\n        <\/a>\n            <\/div>\n\n      <\/div>\n<\/div>\n          <\/div>\n\n  <\/div>\n\n  <\/div>\n<\/section>\n\n\n<section id_=\"page-section-block_aeff6fe04cd63c143ffa9a834fff027d\"\n         class=\" bg-white page-section\">\n\n    <span id=\"organisation\" class=\"scrollto-offset\"><\/span>\n  \n  <h2 class=\"section-title page-max \">Organisation<\/h2>\n  <div class=\"page-section__inner page-max\">\n\n    <div class=\"page-section__content rich-text is-with-aside\">\n\n              \n\n<p>The three decision-making bodies of the HEG Arc\/The University of Applied Sciences are the Management Board, the Education Committee and the aR&amp;D Committee.<\/p>\n\n\n\n<div class=\"accordion-wrapper mt-4 \">\n    <!--div class=\"page-max\">\n    <h2 class=\"section-subtitle is-large\"><\/h2>\n  <\/div-->\n  \n\n<div class=\"mb-2-5 \">\n    <div id=\"accordion-block_37835a2a4cfe16dabe8c6e8e63a8e7a3\"\n      class=\" accordion-item collapsed is-shadowed \"\n      data-toggle=\"collapse\" data-target=\"#accordion-pane-block_37835a2a4cfe16dabe8c6e8e63a8e7a3\">\n    <div class=\"accordion-item__heading\">\n      <h2 class=\"accordion-item__title  \">The Management Board<\/h2>\n    <\/div>\n    <span class=\"accordion-item__toggle hidden-print collapsed w-inline-block\">\n      <span class=\"plus-bar-1\"><\/span>\n      <span class=\"plus-bar-2\"><\/span>\n    <\/span>\n  <\/div>\n\n  <div id=\"accordion-pane-block_37835a2a4cfe16dabe8c6e8e63a8e7a3\" class=\"accordion-pane show-print collapse \">\n    <div class=\"rich-text mt-2 w-richtext\">\n\n      \n\n<p><\/p>\n\n\n\n<p>The HEG Arc\/The University of Applied Sciences Board is the coordinating and decision-making body of the HEG Arc for matters falling within its competence.<\/p>\n\n\n\n<p>Under the responsibility of the executive director, who manages, among other things, the budget and the objectives of the HEG Arc\/The University Applied Sciences, local HR issues, as well as the organisation of studies.<\/p>\n\n\n\n<p>The Board is also responsible for applying and enforcing the various regulations of the HE- Arc and the HES-SO in the management field.<\/p>\n\n\n\n<p>The Management Board is composed of the Executive Director, his deputy, the head of aR&amp;D, the deans of the various faculty programmes, the site managers and the executive assistant to the management.<\/p>\n\n\n\n<div class=\"cta-cards  \">\n\n    \n      \n        <ul class=\"flex-row mt-3 w-list-unstyled\">\n              <li class=\"size-1-2 size-full-mobile\">\n  \n    <a href=\"http:\/\/people.he-arc.ch\/contact.php?id=2305938\"  class=\"cta-card is-shadowed \">\n  \n              <div class=\"cta-card__image center \" style=\"background-image: url(https:\/\/www.he-arc.ch\/wp-content\/uploads\/2021\/10\/Kubli-Olivier-225x300.jpg)\"><\/div>\n    \n    <div class=\"cta-card__inner is-with-arrow\">\n            <div class=\"cta-card__overline\">Director of the Business Management Departement and Deputy to the General Director of the HE-Arc <BR> Director of Further Education<\/div>\n            <h3 class=\"cta-card__title pretty-underline is-large\">Olivier Kubli<\/h3>\n      <p class=\"cta-card__description\"><\/p>\n              <span class=\"icon-arrow-right cta-card__arrow\" \/>\n          <\/div>\n    <\/a>\n  <\/li>\n              <li class=\"size-1-2 size-full-mobile\">\n  \n    <a href=\"http:\/\/people.he-arc.ch\/contact.php?id=3216491833\" target='_blank' class=\"cta-card is-shadowed \">\n  \n              <div class=\"cta-card__image center \" style=\"background-image: url(https:\/\/www.he-arc.ch\/wp-content\/uploads\/2021\/10\/Chappuis-Guillaume-225x300.jpg)\"><\/div>\n    \n    <div class=\"cta-card__inner is-with-arrow\">\n            <div class=\"cta-card__overline\">Deputy Director, Education &#038; International Relations <BR><\/div>\n            <h3 class=\"cta-card__title pretty-underline is-large\">Guillaume Chappuis<\/h3>\n      <p class=\"cta-card__description\"><\/p>\n              <span class=\"icon-arrow-right cta-card__arrow\" \/>\n          <\/div>\n    <\/a>\n  <\/li>\n          <\/ul>\n\n    \n      \n        <ul class=\"flex-row  w-list-unstyled\">\n              <li class=\"size-1-2 size-full-mobile\">\n  \n    <a href=\"http:\/\/people.he-arc.ch\/contact.php?id=10875511\" target='_blank' class=\"cta-card is-shadowed \">\n  \n              <div class=\"cta-card__image center \" style=\"background-image: url(https:\/\/www.he-arc.ch\/wp-content\/uploads\/2021\/10\/francesco-termine.jpg)\"><\/div>\n    \n    <div class=\"cta-card__inner is-with-arrow\">\n            <div class=\"cta-card__overline\">Deputy Director, Research &#038; Innovation <BR><\/div>\n            <h3 class=\"cta-card__title pretty-underline is-large\">Francesco Termine<\/h3>\n      <p class=\"cta-card__description\"><\/p>\n              <span class=\"icon-arrow-right cta-card__arrow\" \/>\n          <\/div>\n    <\/a>\n  <\/li>\n              <li class=\"size-1-2 size-full-mobile\">\n  \n    <a href=\"https:\/\/people.he-arc.ch\/contact.php?id=9048881\"  class=\"cta-card is-shadowed \">\n  \n              <div class=\"cta-card__image center \" style=\"background-image: url(https:\/\/www.he-arc.ch\/wp-content\/uploads\/2021\/10\/Struchen-Julien-225x300.jpg)\"><\/div>\n    \n    <div class=\"cta-card__inner is-with-arrow\">\n            <div class=\"cta-card__overline\">Education Manager <BR> Business Administration <BR><\/div>\n            <h3 class=\"cta-card__title pretty-underline is-large\">Julien Struchen<\/h3>\n      <p class=\"cta-card__description\"><\/p>\n              <span class=\"icon-arrow-right cta-card__arrow\" \/>\n          <\/div>\n    <\/a>\n  <\/li>\n          <\/ul>\n\n    \n      \n        <ul class=\"flex-row  w-list-unstyled\">\n              <li class=\"size-1-2 size-full-mobile\">\n  \n    <a href=\"https:\/\/people.he-arc.ch\/contact.php?id=9001981750\"  class=\"cta-card is-shadowed \">\n  \n        \n    <div class=\"cta-card__inner is-with-arrow\">\n            <div class=\"cta-card__overline\">Education Manager <BR> Business Information Technology<\/div>\n            <h3 class=\"cta-card__title pretty-underline is-large\">Fabian Todeschini<\/h3>\n      <p class=\"cta-card__description\"><\/p>\n              <span class=\"icon-arrow-right cta-card__arrow\" \/>\n          <\/div>\n    <\/a>\n  <\/li>\n              <li class=\"size-1-2 size-full-mobile\">\n  \n    <a href=\"http:\/\/people.he-arc.ch\/contact.php?id=99526919\"  class=\"cta-card is-shadowed \">\n  \n              <div class=\"cta-card__image center \" style=\"background-image: url(https:\/\/www.he-arc.ch\/wp-content\/uploads\/2021\/10\/Lavanchy-Pierre-Yves-225x300.jpg)\"><\/div>\n    \n    <div class=\"cta-card__inner is-with-arrow\">\n            <div class=\"cta-card__overline\">Education Manager <BR> Business Law<\/div>\n            <h3 class=\"cta-card__title pretty-underline is-large\">Pierre-Yves Lavanchy<\/h3>\n      <p class=\"cta-card__description\"><\/p>\n              <span class=\"icon-arrow-right cta-card__arrow\" \/>\n          <\/div>\n    <\/a>\n  <\/li>\n          <\/ul>\n\n    \n      \n        <ul class=\"flex-row  w-list-unstyled\">\n              <li class=\"size-1-2 size-full-mobile\">\n  \n    <a href=\"http:\/\/people.he-arc.ch\/contact.php?id=2836639\"  class=\"cta-card is-shadowed \">\n  \n              <div class=\"cta-card__image center \" style=\"background-image: url(https:\/\/www.he-arc.ch\/wp-content\/uploads\/2021\/10\/Monnerat-Stephanie-225x300.jpg)\"><\/div>\n    \n    <div class=\"cta-card__inner is-with-arrow\">\n            <div class=\"cta-card__overline\">Administrative Manager <BR> Manager of the Neuch\u00e2tel Campus<\/div>\n            <h3 class=\"cta-card__title pretty-underline is-large\">St\u00e9phanie Monnerat<\/h3>\n      <p class=\"cta-card__description\"><\/p>\n              <span class=\"icon-arrow-right cta-card__arrow\" \/>\n          <\/div>\n    <\/a>\n  <\/li>\n              <li class=\"size-1-2 size-full-mobile\">\n  \n    <a href=\"https:\/\/people.he-arc.ch\/contact.php?id=6468894378\"  class=\"cta-card is-shadowed \">\n  \n              <div class=\"cta-card__image center \" style=\"background-image: url(https:\/\/www.he-arc.ch\/wp-content\/uploads\/2023\/11\/Maelle-Courtet-Willemin_MCW_photo-225x300.jpg)\"><\/div>\n    \n    <div class=\"cta-card__inner is-with-arrow\">\n            <div class=\"cta-card__overline\">Manager of the Del\u00e9mont Campus<\/div>\n            <h3 class=\"cta-card__title pretty-underline is-large\">Ma\u00eblle Willemin<\/h3>\n      <p class=\"cta-card__description\"><\/p>\n              <span class=\"icon-arrow-right cta-card__arrow\" \/>\n          <\/div>\n    <\/a>\n  <\/li>\n          <\/ul>\n\n    \n      \n        <ul class=\"flex-row  w-list-unstyled\">\n              <li class=\"size-1-2 size-full-mobile\">\n  \n    <a href=\"https:\/\/people.he-arc.ch\/contact.php?id=3855790352\"  class=\"cta-card is-shadowed \">\n  \n              <div class=\"cta-card__image center \" style=\"background-image: url(https:\/\/www.he-arc.ch\/wp-content\/uploads\/2021\/10\/Lamri-Zeggar-Yamina-225x300.jpg)\"><\/div>\n    \n    <div class=\"cta-card__inner is-with-arrow\">\n            <div class=\"cta-card__overline\">Executive Assistant <BR><\/div>\n            <h3 class=\"cta-card__title pretty-underline is-large\">Yamina Lamri-Zeggar<\/h3>\n      <p class=\"cta-card__description\"><\/p>\n              <span class=\"icon-arrow-right cta-card__arrow\" \/>\n          <\/div>\n    <\/a>\n  <\/li>\n                        <\/ul>\n\n    \n  \n<\/div>\n\n    <\/div>\n  <\/div>\n<\/div>\n\n\n\n<div class=\"mb-2-5 \">\n    <div id=\"accordion-block_88384f9747c60a9a4e719c06d744b8ab\"\n      class=\" accordion-item collapsed is-shadowed \"\n      data-toggle=\"collapse\" data-target=\"#accordion-pane-block_88384f9747c60a9a4e719c06d744b8ab\">\n    <div class=\"accordion-item__heading\">\n      <h2 class=\"accordion-item__title  \">Education Committee<\/h2>\n    <\/div>\n    <span class=\"accordion-item__toggle hidden-print collapsed w-inline-block\">\n      <span class=\"plus-bar-1\"><\/span>\n      <span class=\"plus-bar-2\"><\/span>\n    <\/span>\n  <\/div>\n\n  <div id=\"accordion-pane-block_88384f9747c60a9a4e719c06d744b8ab\" class=\"accordion-pane show-print collapse \">\n    <div class=\"rich-text mt-2 w-richtext\">\n\n      \n\n<p>The Education Committee manages issues which span across the various Bachelor&#8217;s Degree programmes, such as; examinations, student services, administrative matters and student mobility.<\/p>\n\n\n\n<div class=\"cta-cards  \">\n\n    \n      \n        <ul class=\"flex-row mt-3 w-list-unstyled\">\n              <li class=\"size-1-2 size-full-mobile\">\n  \n    <a href=\"http:\/\/people.he-arc.ch\/contact.php?id=3216491833\"  class=\"cta-card is-shadowed \">\n  \n              <div class=\"cta-card__image center \" style=\"background-image: url(https:\/\/www.he-arc.ch\/wp-content\/uploads\/2021\/10\/Chappuis-Guillaume-225x300.jpg)\"><\/div>\n    \n    <div class=\"cta-card__inner is-with-arrow\">\n            <div class=\"cta-card__overline\">Deputy Director, Education &#038; International Relations <BR><\/div>\n            <h3 class=\"cta-card__title pretty-underline is-large\">Guillaume Chappuis<\/h3>\n      <p class=\"cta-card__description\"><\/p>\n              <span class=\"icon-arrow-right cta-card__arrow\" \/>\n          <\/div>\n    <\/a>\n  <\/li>\n              <li class=\"size-1-2 size-full-mobile\">\n  \n    <a href=\"https:\/\/people.he-arc.ch\/contact.php?id=9048881\"  class=\"cta-card is-shadowed \">\n  \n              <div class=\"cta-card__image center \" style=\"background-image: url(https:\/\/www.he-arc.ch\/wp-content\/uploads\/2021\/10\/Struchen-Julien-225x300.jpg)\"><\/div>\n    \n    <div class=\"cta-card__inner is-with-arrow\">\n            <div class=\"cta-card__overline\">Education Manager <BR> Business Administration <BR><\/div>\n            <h3 class=\"cta-card__title pretty-underline is-large\">Julien Struchen<\/h3>\n      <p class=\"cta-card__description\"><\/p>\n              <span class=\"icon-arrow-right cta-card__arrow\" \/>\n          <\/div>\n    <\/a>\n  <\/li>\n          <\/ul>\n\n    \n      \n        <ul class=\"flex-row  w-list-unstyled\">\n              <li class=\"size-1-2 size-full-mobile\">\n  \n    <a href=\"https:\/\/people.he-arc.ch\/contact.php?id=9001981750\"  class=\"cta-card is-shadowed \">\n  \n        \n    <div class=\"cta-card__inner is-with-arrow\">\n            <div class=\"cta-card__overline\">Education Manager <BR> Business Information Technology<\/div>\n            <h3 class=\"cta-card__title pretty-underline is-large\">Fabian Todeschini<\/h3>\n      <p class=\"cta-card__description\"><\/p>\n              <span class=\"icon-arrow-right cta-card__arrow\" \/>\n          <\/div>\n    <\/a>\n  <\/li>\n              <li class=\"size-1-2 size-full-mobile\">\n  \n    <a href=\"http:\/\/people.he-arc.ch\/contact.php?id=99526919\"  class=\"cta-card is-shadowed \">\n  \n              <div class=\"cta-card__image center \" style=\"background-image: url(https:\/\/www.he-arc.ch\/wp-content\/uploads\/2021\/10\/Lavanchy-Pierre-Yves-225x300.jpg)\"><\/div>\n    \n    <div class=\"cta-card__inner is-with-arrow\">\n            <div class=\"cta-card__overline\">Education Manager <BR> Business Law<\/div>\n            <h3 class=\"cta-card__title pretty-underline is-large\">Pierre-Yves Lavanchy<\/h3>\n      <p class=\"cta-card__description\"><\/p>\n              <span class=\"icon-arrow-right cta-card__arrow\" \/>\n          <\/div>\n    <\/a>\n  <\/li>\n          <\/ul>\n\n    \n      \n        <ul class=\"flex-row  w-list-unstyled\">\n              <li class=\"size-1-2 size-full-mobile\">\n  \n    <a href=\"http:\/\/people.he-arc.ch\/contact.php?id=2836639\"  class=\"cta-card is-shadowed \">\n  \n              <div class=\"cta-card__image center \" style=\"background-image: url(https:\/\/www.he-arc.ch\/wp-content\/uploads\/2021\/10\/Monnerat-Stephanie-225x300.jpg)\"><\/div>\n    \n    <div class=\"cta-card__inner is-with-arrow\">\n            <div class=\"cta-card__overline\">Administrative Manager <BR> Manager of the Neuch\u00e2tel Campus<\/div>\n            <h3 class=\"cta-card__title pretty-underline is-large\">St\u00e9phanie Monnerat<\/h3>\n      <p class=\"cta-card__description\"><\/p>\n              <span class=\"icon-arrow-right cta-card__arrow\" \/>\n          <\/div>\n    <\/a>\n  <\/li>\n              <li class=\"size-1-2 size-full-mobile\">\n  \n    <a href=\"https:\/\/people.he-arc.ch\/contact.php?id=6468894378\"  class=\"cta-card is-shadowed \">\n  \n              <div class=\"cta-card__image center \" style=\"background-image: url(https:\/\/www.he-arc.ch\/wp-content\/uploads\/2023\/11\/Maelle-Courtet-Willemin_MCW_photo-225x300.jpg)\"><\/div>\n    \n    <div class=\"cta-card__inner is-with-arrow\">\n            <div class=\"cta-card__overline\">Manager of the Del\u00e9mont Campus<\/div>\n            <h3 class=\"cta-card__title pretty-underline is-large\">Ma\u00eblle Willemin<\/h3>\n      <p class=\"cta-card__description\"><\/p>\n              <span class=\"icon-arrow-right cta-card__arrow\" \/>\n          <\/div>\n    <\/a>\n  <\/li>\n          <\/ul>\n\n    \n      \n        <ul class=\"flex-row  w-list-unstyled\">\n              <li class=\"size-1-2 size-full-mobile\">\n  \n    <a href=\"https:\/\/people.he-arc.ch\/contact.php?id=3855790352\"  class=\"cta-card is-shadowed \">\n  \n              <div class=\"cta-card__image center \" style=\"background-image: url(https:\/\/www.he-arc.ch\/wp-content\/uploads\/2021\/10\/Lamri-Zeggar-Yamina-225x300.jpg)\"><\/div>\n    \n    <div class=\"cta-card__inner is-with-arrow\">\n            <div class=\"cta-card__overline\">Executive Assistant<\/div>\n            <h3 class=\"cta-card__title pretty-underline is-large\">Yamina Lamri-Zeggar<\/h3>\n      <p class=\"cta-card__description\"><\/p>\n              <span class=\"icon-arrow-right cta-card__arrow\" \/>\n          <\/div>\n    <\/a>\n  <\/li>\n                        <\/ul>\n\n    \n  \n<\/div>\n\n    <\/div>\n  <\/div>\n<\/div>\n\n\n\n<div class=\"mb-2-5 \">\n    <div id=\"accordion-block_c23a89f78c1ece952cf126e4f06afb68\"\n      class=\" accordion-item collapsed is-shadowed \"\n      data-toggle=\"collapse\" data-target=\"#accordion-pane-block_c23a89f78c1ece952cf126e4f06afb68\">\n    <div class=\"accordion-item__heading\">\n      <h2 class=\"accordion-item__title  \">aR&#038;D Committee<\/h2>\n    <\/div>\n    <span class=\"accordion-item__toggle hidden-print collapsed w-inline-block\">\n      <span class=\"plus-bar-1\"><\/span>\n      <span class=\"plus-bar-2\"><\/span>\n    <\/span>\n  <\/div>\n\n  <div id=\"accordion-pane-block_c23a89f78c1ece952cf126e4f06afb68\" class=\"accordion-pane show-print collapse \">\n    <div class=\"rich-text mt-2 w-richtext\">\n\n      \n\n<p>The Applied Research &amp; Development organisation consists of the Head of aR&amp;D, four research institutes and a Scientific Support Service (SAS).<\/p>\n\n\n\n<div class=\"cta-cards  \">\n\n    \n      \n        <ul class=\"flex-row mt-3 w-list-unstyled\">\n              <li class=\"size-1-2 size-full-mobile\">\n  \n    <a href=\"http:\/\/people.he-arc.ch\/contact.php?id=10875511\"  class=\"cta-card is-shadowed \">\n  \n              <div class=\"cta-card__image center \" style=\"background-image: url(https:\/\/www.he-arc.ch\/wp-content\/uploads\/2021\/10\/francesco-termine.jpg)\"><\/div>\n    \n    <div class=\"cta-card__inner is-with-arrow\">\n            <div class=\"cta-card__overline\">Deputy Director, Research &#038; Innovation <\/div>\n            <h3 class=\"cta-card__title pretty-underline is-large\">Francesco Termine<\/h3>\n      <p class=\"cta-card__description\"><\/p>\n              <span class=\"icon-arrow-right cta-card__arrow\" \/>\n          <\/div>\n    <\/a>\n  <\/li>\n              <li class=\"size-1-2 size-full-mobile\">\n  \n    <a href=\"https:\/\/people.he-arc.ch\/contact.php?id=367842974\"  class=\"cta-card is-shadowed \">\n  \n        \n    <div class=\"cta-card__inner is-with-arrow\">\n            <div class=\"cta-card__overline\">Dean of the Institute of Communication and Experiential Marketing (ICME)<\/div>\n            <h3 class=\"cta-card__title pretty-underline is-large\">Julien Intartaglia<\/h3>\n      <p class=\"cta-card__description\"><\/p>\n              <span class=\"icon-arrow-right cta-card__arrow\" \/>\n          <\/div>\n    <\/a>\n  <\/li>\n          <\/ul>\n\n    \n      \n        <ul class=\"flex-row  w-list-unstyled\">\n              <li class=\"size-1-2 size-full-mobile\">\n  \n    <a href=\"https:\/\/people.he-arc.ch\/contact.php?id=274418362\"  class=\"cta-card is-shadowed \">\n  \n              <div class=\"cta-card__image center \" style=\"background-image: url(https:\/\/www.he-arc.ch\/wp-content\/uploads\/2022\/03\/Sokhn-Maria-225x300.jpg)\"><\/div>\n    \n    <div class=\"cta-card__inner is-with-arrow\">\n            <div class=\"cta-card__overline\">Dean of the Institute for the Digitalisation of Organisations  (IDO)<\/div>\n            <h3 class=\"cta-card__title pretty-underline is-large\">Maria Sokhn<\/h3>\n      <p class=\"cta-card__description\"><\/p>\n              <span class=\"icon-arrow-right cta-card__arrow\" \/>\n          <\/div>\n    <\/a>\n  <\/li>\n              <li class=\"size-1-2 size-full-mobile\">\n  \n    <a href=\"https:\/\/people.he-arc.ch\/contact.php?id=3560580257\"  class=\"cta-card is-shadowed \">\n  \n        \n    <div class=\"cta-card__inner is-with-arrow\">\n            <div class=\"cta-card__overline\">Dean of the The Institute of Economic Crime Investigation (ILCE)<\/div>\n            <h3 class=\"cta-card__title pretty-underline is-large\">Olivier Beaudet-Labrecque<\/h3>\n      <p class=\"cta-card__description\"><\/p>\n              <span class=\"icon-arrow-right cta-card__arrow\" \/>\n          <\/div>\n    <\/a>\n  <\/li>\n          <\/ul>\n\n    \n      \n        <ul class=\"flex-row  w-list-unstyled\">\n              <li class=\"size-1-2 size-full-mobile\">\n  \n    <a href=\"https:\/\/people.he-arc.ch\/contact.php?id=2837003\"  class=\"cta-card is-shadowed \">\n  \n        \n    <div class=\"cta-card__inner is-with-arrow\">\n            <div class=\"cta-card__overline\">Dean of the Institute of Cities and Territory Management (IMVT)<\/div>\n            <h3 class=\"cta-card__title pretty-underline is-large\">Nicolas Babey<\/h3>\n      <p class=\"cta-card__description\"><\/p>\n              <span class=\"icon-arrow-right cta-card__arrow\" \/>\n          <\/div>\n    <\/a>\n  <\/li>\n              <li class=\"size-1-2 size-full-mobile\">\n  \n    <a href=\"https:\/\/people.he-arc.ch\/contact.php?id=5384318833\"  class=\"cta-card is-shadowed \">\n  \n              <div class=\"cta-card__image center \" style=\"background-image: url(https:\/\/www.he-arc.ch\/wp-content\/uploads\/2022\/03\/Passannante-Luginbuhl-Maude-225x300.jpg)\"><\/div>\n    \n    <div class=\"cta-card__inner is-with-arrow\">\n            <div class=\"cta-card__overline\">Scientific Support Service<\/div>\n            <h3 class=\"cta-card__title pretty-underline is-large\">Maude Passannante-Luginb\u00fchl<\/h3>\n      <p class=\"cta-card__description\"><\/p>\n              <span class=\"icon-arrow-right cta-card__arrow\" \/>\n          <\/div>\n    <\/a>\n  <\/li>\n          <\/ul>\n\n    \n  \n<\/div>\n\n    <\/div>\n  <\/div>\n<\/div>\n\n\n<\/div>\n\n\n\n<p><\/p>\n\n\n      \n    <\/div>\n\n    <div class=\"page-section__aside w-100p\" id=\"sidebar_contact\">\n\n  \n      <div class=\" w-100p\">\n              <div id=\"download-links-block_aeff6fe04cd63c143ffa9a834fff027d\" class=\"\">\n  <div class=\"link-list\">\n\n        <h4 class=\"link-list__title\">ORGANISATION<\/h4>\n    \n    \n      <div class=\"link-list__item\">\n\t            <a href=\"https:\/\/www.he-arc.ch\/wp-content\/uploads\/2023\/06\/Organigramme-HEG-Arc-synthetique-Automne-2022-1.pdf\" alt=\"\" class=\"simple-link is-doc\" target='_blank'>\n          Organisation chart of the HEG Arc\n        <\/a>\n            <\/div>\n\n    \n      <div class=\"link-list__item\">\n\t            <a href=\"https:\/\/www.he-arc.ch\/en\/he-arc-en\/organization-2\/\" class=\"simple-link\" >\n          Organisation chart of the HE-Arc\n        <\/a>\n            <\/div>\n\n      <\/div>\n<\/div>\n          <\/div>\n\n  <\/div>\n\n  <\/div>\n<\/section>\n\n\n<section id_=\"page-section-block_531c3db71dbfa830717c2626ad744bba\"\n         class=\" bg-grey page-section\">\n\n  \n  <h2 class=\"section-title page-max \">Actualit\u00e9s<\/h2>\n  <div class=\"page-section__inner page-max\">\n\n    <div class=\"page-section__content rich-text \">\n\n              \n\n  <div class=\"is-not-contained \">\n\n    \n              \n                <ul class=\"flex-row  margin-auto-mobile w-list-unstyled\">\n                                                      <li class=\"size-1-3  size-full-mobile \" data-theme=\"2\">\n              <a href=\"https:\/\/www.he-arc.ch\/en\/actualites\/168-titres-en-formation-continue-grand-public-remis-par-la-heg-arc\/\" class=\"card has-image-header  margin-auto-mobile is-shadowed\">\n    <div class=\"card-image \">\n    <div class=\"card-image__thumb\" style=\"background-image: url(https:\/\/www.he-arc.ch\/wp-content\/uploads\/2026\/04\/RemiseTitresGrandPublic-avril26-5-1.jpg)\"><\/div>\n  <\/div>\n    <div class=\"news-card__meta\">\n    <time class=\"news-card__date\" datetime=\"2026-04-29 16:20:18\">29 april 2026<\/time>\n    <span class=\"tag is-bordered\">Gestion<\/span>\n  <\/div>\n  <h3 class=\"card__title pretty-underline is-large\">168 titres en formation continue \u00ab Grand Public \u00bb remis par la HEG Arc<\/h3>\n  <div class=\"news-card__excerpt\">\n          168 titres en formation continue \u00ab Grand Public \u00bb ont \u00e9t\u00e9 remis le 28 avril 2026 par la Haute \u00e9cole de gestion Arc, lors d\u2019une c\u00e9r&#8230;\n      <\/div>\n  <span class=\"icon-arrow-right cta-card__arrow\" \/>\n<\/a>\n            <\/li>\n                                                                <li class=\"size-1-3  size-full-mobile \" data-theme=\"2\">\n              <a href=\"https:\/\/www.he-arc.ch\/en\/actualites\/129-etudiants-diplomes-de-la-heg-arc\/\" class=\"card has-image-header  margin-auto-mobile is-shadowed\">\n    <div class=\"card-image \">\n    <div class=\"card-image__thumb\" style=\"background-image: url(https:\/\/www.he-arc.ch\/wp-content\/uploads\/2026\/03\/CeremonieBachelorHEGArc2026-27-scaled.jpg)\"><\/div>\n  <\/div>\n    <div class=\"news-card__meta\">\n    <time class=\"news-card__date\" datetime=\"2026-03-24 12:36:05\">24 march 2026<\/time>\n    <span class=\"tag is-bordered\">Gestion<\/span>\n  <\/div>\n  <h3 class=\"card__title pretty-underline is-large\">129 \u00e9tudiants dipl\u00f4m\u00e9s de la HEG Arc<\/h3>\n  <div class=\"news-card__excerpt\">\n          129 \u00e9tudiantes et \u00e9tudiants de la Haute \u00e9cole de gestion Arc ont obtenu cette ann\u00e9e leur Bachelor of Science HES-SO en Economie d\u2019&#8230;\n      <\/div>\n  <span class=\"icon-arrow-right cta-card__arrow\" \/>\n<\/a>\n            <\/li>\n                                                                <li class=\"size-1-3  size-full-mobile \" data-theme=\"2\">\n              <a href=\"https:\/\/www.he-arc.ch\/en\/actualites\/projet-oneen-observatoire-neuchatelois-de-lempreinte-environnementale-du-numerique\/\" class=\"card has-image-header  margin-auto-mobile is-shadowed\">\n    <div class=\"card-image \">\n    <div class=\"card-image__thumb\" style=\"background-image: url(https:\/\/www.he-arc.ch\/wp-content\/uploads\/2026\/03\/1000099896.jpg)\"><\/div>\n  <\/div>\n    <div class=\"news-card__meta\">\n    <time class=\"news-card__date\" datetime=\"2026-03-12 14:12:32\">12 march 2026<\/time>\n    <span class=\"tag is-bordered\">Gestion<\/span>\n  <\/div>\n  <h3 class=\"card__title pretty-underline is-large\">Projet ONEEN\u00a0: Observatoire neuch\u00e2telois de l\u2019empreinte environnementale du num\u00e9rique<\/h3>\n  <div class=\"news-card__excerpt\">\n          Dans le cadre de notre cycle de conf\u00e9rence \u00ab durabilit\u00e9 HE-Arc \u00bb, Steve Berberat, Professeur HES et Julien Reichenbach, collaborat&#8230;\n      <\/div>\n  <span class=\"icon-arrow-right cta-card__arrow\" \/>\n<\/a>\n            <\/li>\n                        <\/ul>\n    \n        <div class=\"flex-row justify-center mt-5 is-not-contained margin-auto-mobile\">\n      <a href=\"https:\/\/www.he-arc.ch\/en\/he-arc-en\/news\/\" class=\"btn-primary is-arrowed w-inline-block\">\n        <div class=\"btn-primary__title\">All the latest news<\/div>\n      <\/a>\n    <\/div>\n      <\/div>\n\n\n\n      \n    <\/div>\n\n    \n  <\/div>\n<\/section>\n\n\n<section id_=\"page-section-block_a48add9e5b71a9f1cddf3f8f08ec8024\"\n         class=\" bg-white page-section\">\n\n    <span id=\"contact\" class=\"scrollto-offset\"><\/span>\n  \n  <h2 class=\"section-title page-max \">Contact<\/h2>\n  <div class=\"page-section__inner page-max\">\n\n    <div class=\"page-section__content rich-text is-with-aside\">\n\n              \n\n<div id=\"contact-card-block_11ee48baa23452d361e19c5cbba1f4d6\" class=\"contact-card is-shadowed mb-2-5 is-not-contained\">\n  <div class=\"contact-card__inner\">\n                <div class=\"contact-entry mb-1\">\n        Business Management\n      <\/div>\n                      <div class=\"contact-entry mb-1\">\n        HEG &#8211; Haute \u00e9cole de gestion Arc\n      <\/div>\n                      <div class=\"contact-entry mb-1\">\n        Espace de l&#8217;Europe 21\n      <\/div>\n                      <div class=\"contact-entry mb-1\">\n        2000 Neuch\u00e2tel\n      <\/div>\n                      <div class=\"contact-entry mb-1\">\n        <a href=\"tel:+41329302020\"  class=\"simple-link contact-entry mb-1\">+41 32 930 20 20<\/a>\n      <\/div>\n                      <div class=\"contact-entry mb-1\">\n        <a href=\"mailto:gestion@he-arc.ch\"  class=\"simple-link contact-entry mb-1\">gestion@he-arc.ch<\/a>\n      <\/div>\n                      <div class=\"contact-entry \">\n        <a href=\"http:\/\/maps.google.ch\/maps?f=q&#038;source=s_q&#038;hl=fr&#038;geocode=&#038;q=Espace+de+l%27Europe+21&#038;sll=46.362093,9.036255&#038;sspn=5.299391,9.854736&#038;ie=UTF8&#038;z=16\"  class=\"simple-link contact-entry mb-1\">Google Map<\/a>\n      <\/div>\n            <\/div>\n<\/div>\n\n\n\n<div id=\"contact-card-block_ecfc716073e3c0f9a873453c6cde0299\" class=\"contact-card is-shadowed mb-2-5 is-not-contained\">\n  <div class=\"contact-card__inner\">\n                <div class=\"contact-entry mb-1\">\n        Del\u00e9mont Campus\n      <\/div>\n                      <div class=\"contact-entry mb-1\">\n        HEG &#8211; Haute \u00e9cole de gestion Arc\n      <\/div>\n                      <div class=\"contact-entry mb-1\">\n        Route de Moutier 14\n      <\/div>\n                      <div class=\"contact-entry mb-1\">\n        2800 Del\u00e9mont\n      <\/div>\n                      <div class=\"contact-entry mb-1\">\n        <a href=\"tel:+41329301717\"  class=\"simple-link contact-entry mb-1\">+41 32 930 17 17<\/a>\n      <\/div>\n                      <div class=\"contact-entry mb-1\">\n        <a href=\"mailto:gestion.delemont@he-arc.ch\"  class=\"simple-link contact-entry mb-1\">gestion.delemont@he-arc.ch<\/a>\n      <\/div>\n                      <div class=\"contact-entry \">\n        <a href=\"https:\/\/www.google.com\/maps\/place\/HEG+-+Haute+%C3%A9cole+de+gestion+Arc,+Site+de+Del%C3%A9mont\/@47.3624998,7.35215,16z\/data=!4m14!1m8!2m7!1sheg+-+haute+%C3%A9cole!3m5!1sheg+-+haute+%C3%A9cole!2s47.3625,+7.3518!4m2!1d7.3517852!2d47.3624709!3m4!1s0x4791e7db1d5082db:0x84f16e1a0bf04bc4!8m2!3d47.3625145!4d7.3521608?hl=fr-CH\"  class=\"simple-link contact-entry mb-1\">Google Map<\/a>\n      <\/div>\n            <\/div>\n<\/div>\n\n\n      \n    <\/div>\n\n    <div class=\"page-section__aside w-100p\" id=\"sidebar_contact\">\n\n  \n      <div class=\" w-100p\">\n              <div id=\"download-links-block_a48add9e5b71a9f1cddf3f8f08ec8024\" class=\"\">\n  <div class=\"link-list\">\n\n        <h4 class=\"link-list__title\">Annuaire<\/h4>\n    \n    \n      <div class=\"link-list__item\">\n\t            <a href=\"https:\/\/people.he-arc.ch\" class=\"simple-link\" target='_blank'>\n          People HEG Arc\n        <\/a>\n            <\/div>\n\n      <\/div>\n<\/div>\n          <\/div>\n\n      <div class=\"mt-4 w-100p\">\n              <div id=\"download-links-block_a48add9e5b71a9f1cddf3f8f08ec8024\" class=\"\">\n  <div class=\"link-list\">\n\n        <h4 class=\"link-list__title\">Campus<\/h4>\n    \n    \n      <div class=\"link-list__item\">\n\t            <a href=\"https:\/\/www.he-arc.ch\/en\/he-arc-en\/neuchatel-campus\/\" class=\"simple-link\" >\n          Neuch\u00e2tel Campus \n        <\/a>\n            <\/div>\n\n    \n      <div class=\"link-list__item\">\n\t            <a href=\"https:\/\/www.he-arc.ch\/en\/he-arc-en\/delemont-campus\/\" class=\"simple-link\" >\n          Del\u00e9mont Campus\n        <\/a>\n            <\/div>\n\n      <\/div>\n<\/div>\n          <\/div>\n\n  <\/div>\n\n  <\/div>\n<\/section>\n\n\n\n<p><\/p>\n","protected":false},"author":12,"featured_media":0,"template":"","he-arc_domain":[153,232],"class_list":["post-43654","he-arc_portal","type-he-arc_portal","status-publish","hentry","he-arc_domain-business-management","he-arc_domain-gestion-en"],"acf":[],"yoast_head":"<!-- This site is optimized with the Yoast SEO plugin v26.6 - https:\/\/yoast.com\/wordpress\/plugins\/seo\/ -->\n<title>Business Management - Haute-Ecole Arc<\/title>\n<meta name=\"description\" content=\"HEG Arc \u2013 Haute \u00e9cole de gestion Arc \u2013 Neuch\u00e2tel et Del\u00e9mont\" \/>\n<meta name=\"robots\" content=\"index, follow, max-snippet:-1, max-image-preview:large, max-video-preview:-1\" \/>\n<link rel=\"canonical\" href=\"https:\/\/www.he-arc.ch\/en\/domain\/business-management\/\" \/>\n<meta property=\"og:locale\" content=\"en_US\" \/>\n<meta property=\"og:type\" content=\"article\" \/>\n<meta property=\"og:title\" content=\"Business Management - Haute-Ecole Arc\" \/>\n<meta property=\"og:description\" content=\"HEG Arc \u2013 Haute \u00e9cole de gestion Arc \u2013 Neuch\u00e2tel et Del\u00e9mont\" \/>\n<meta property=\"og:url\" content=\"https:\/\/www.he-arc.ch\/en\/domain\/business-management\/\" \/>\n<meta property=\"og:site_name\" content=\"Haute-Ecole Arc\" \/>\n<meta property=\"article:modified_time\" content=\"2024-11-06T15:07:38+00:00\" \/>\n<meta name=\"twitter:card\" content=\"summary_large_image\" \/>\n<meta name=\"twitter:label1\" content=\"Est. reading time\" \/>\n\t<meta name=\"twitter:data1\" content=\"3 minutes\" \/>\n<script type=\"application\/ld+json\" class=\"yoast-schema-graph\">{\"@context\":\"https:\/\/schema.org\",\"@graph\":[{\"@type\":\"WebPage\",\"@id\":\"https:\/\/www.he-arc.ch\/en\/domain\/business-management\/\",\"url\":\"https:\/\/www.he-arc.ch\/en\/domain\/business-management\/\",\"name\":\"Business Management - Haute-Ecole Arc\",\"isPartOf\":{\"@id\":\"https:\/\/www.he-arc.ch\/en\/#website\"},\"datePublished\":\"2023-05-31T10:02:50+00:00\",\"dateModified\":\"2024-11-06T15:07:38+00:00\",\"description\":\"HEG Arc \u2013 Haute \u00e9cole de gestion Arc \u2013 Neuch\u00e2tel et Del\u00e9mont\",\"breadcrumb\":{\"@id\":\"https:\/\/www.he-arc.ch\/en\/domain\/business-management\/#breadcrumb\"},\"inLanguage\":\"en-US\",\"potentialAction\":[{\"@type\":\"ReadAction\",\"target\":[\"https:\/\/www.he-arc.ch\/en\/domain\/business-management\/\"]}]},{\"@type\":\"BreadcrumbList\",\"@id\":\"https:\/\/www.he-arc.ch\/en\/domain\/business-management\/#breadcrumb\",\"itemListElement\":[{\"@type\":\"ListItem\",\"position\":1,\"name\":\"Accueil\",\"item\":\"https:\/\/www.he-arc.ch\/en\/\"},{\"@type\":\"ListItem\",\"position\":2,\"name\":\"Domaines\",\"item\":\"https:\/\/www.he-arc.ch\/en\/domain\/\"},{\"@type\":\"ListItem\",\"position\":3,\"name\":\"Business Management\"}]},{\"@type\":\"WebSite\",\"@id\":\"https:\/\/www.he-arc.ch\/en\/#website\",\"url\":\"https:\/\/www.he-arc.ch\/en\/\",\"name\":\"Haute-Ecole Arc\",\"description\":\"Haute \u00e9cole sp\u00e9cialis\u00e9e Suisse. Gestion, Ing\u00e9nierie, Sant\u00e9, Conservation-\u200brestauration.\",\"publisher\":{\"@id\":\"https:\/\/www.he-arc.ch\/en\/#organization\"},\"potentialAction\":[{\"@type\":\"SearchAction\",\"target\":{\"@type\":\"EntryPoint\",\"urlTemplate\":\"https:\/\/www.he-arc.ch\/en\/?s={search_term_string}\"},\"query-input\":{\"@type\":\"PropertyValueSpecification\",\"valueRequired\":true,\"valueName\":\"search_term_string\"}}],\"inLanguage\":\"en-US\"},{\"@type\":\"Organization\",\"@id\":\"https:\/\/www.he-arc.ch\/en\/#organization\",\"name\":\"Haute Ecole Arc\",\"url\":\"https:\/\/www.he-arc.ch\/en\/\",\"logo\":{\"@type\":\"ImageObject\",\"inLanguage\":\"en-US\",\"@id\":\"https:\/\/www.he-arc.ch\/en\/#\/schema\/logo\/image\/\",\"url\":\"https:\/\/www.he-arc.ch\/wp-content\/uploads\/2022\/01\/logo-he-arc.svg\",\"contentUrl\":\"https:\/\/www.he-arc.ch\/wp-content\/uploads\/2022\/01\/logo-he-arc.svg\",\"width\":140,\"height\":42,\"caption\":\"Haute Ecole Arc\"},\"image\":{\"@id\":\"https:\/\/www.he-arc.ch\/en\/#\/schema\/logo\/image\/\"}}]}<\/script>\n<!-- \/ Yoast SEO plugin. -->","yoast_head_json":{"title":"Business Management - Haute-Ecole Arc","description":"HEG Arc \u2013 Haute \u00e9cole de gestion Arc \u2013 Neuch\u00e2tel et Del\u00e9mont","robots":{"index":"index","follow":"follow","max-snippet":"max-snippet:-1","max-image-preview":"max-image-preview:large","max-video-preview":"max-video-preview:-1"},"canonical":"https:\/\/www.he-arc.ch\/en\/domain\/business-management\/","og_locale":"en_US","og_type":"article","og_title":"Business Management - Haute-Ecole Arc","og_description":"HEG Arc \u2013 Haute \u00e9cole de gestion Arc \u2013 Neuch\u00e2tel et Del\u00e9mont","og_url":"https:\/\/www.he-arc.ch\/en\/domain\/business-management\/","og_site_name":"Haute-Ecole Arc","article_modified_time":"2024-11-06T15:07:38+00:00","twitter_card":"summary_large_image","twitter_misc":{"Est. reading time":"3 minutes"},"schema":{"@context":"https:\/\/schema.org","@graph":[{"@type":"WebPage","@id":"https:\/\/www.he-arc.ch\/en\/domain\/business-management\/","url":"https:\/\/www.he-arc.ch\/en\/domain\/business-management\/","name":"Business Management - Haute-Ecole Arc","isPartOf":{"@id":"https:\/\/www.he-arc.ch\/en\/#website"},"datePublished":"2023-05-31T10:02:50+00:00","dateModified":"2024-11-06T15:07:38+00:00","description":"HEG Arc \u2013 Haute \u00e9cole de gestion Arc \u2013 Neuch\u00e2tel et Del\u00e9mont","breadcrumb":{"@id":"https:\/\/www.he-arc.ch\/en\/domain\/business-management\/#breadcrumb"},"inLanguage":"en-US","potentialAction":[{"@type":"ReadAction","target":["https:\/\/www.he-arc.ch\/en\/domain\/business-management\/"]}]},{"@type":"BreadcrumbList","@id":"https:\/\/www.he-arc.ch\/en\/domain\/business-management\/#breadcrumb","itemListElement":[{"@type":"ListItem","position":1,"name":"Accueil","item":"https:\/\/www.he-arc.ch\/en\/"},{"@type":"ListItem","position":2,"name":"Domaines","item":"https:\/\/www.he-arc.ch\/en\/domain\/"},{"@type":"ListItem","position":3,"name":"Business Management"}]},{"@type":"WebSite","@id":"https:\/\/www.he-arc.ch\/en\/#website","url":"https:\/\/www.he-arc.ch\/en\/","name":"Haute-Ecole Arc","description":"Haute \u00e9cole sp\u00e9cialis\u00e9e Suisse. Gestion, Ing\u00e9nierie, Sant\u00e9, Conservation-\u200brestauration.","publisher":{"@id":"https:\/\/www.he-arc.ch\/en\/#organization"},"potentialAction":[{"@type":"SearchAction","target":{"@type":"EntryPoint","urlTemplate":"https:\/\/www.he-arc.ch\/en\/?s={search_term_string}"},"query-input":{"@type":"PropertyValueSpecification","valueRequired":true,"valueName":"search_term_string"}}],"inLanguage":"en-US"},{"@type":"Organization","@id":"https:\/\/www.he-arc.ch\/en\/#organization","name":"Haute Ecole Arc","url":"https:\/\/www.he-arc.ch\/en\/","logo":{"@type":"ImageObject","inLanguage":"en-US","@id":"https:\/\/www.he-arc.ch\/en\/#\/schema\/logo\/image\/","url":"https:\/\/www.he-arc.ch\/wp-content\/uploads\/2022\/01\/logo-he-arc.svg","contentUrl":"https:\/\/www.he-arc.ch\/wp-content\/uploads\/2022\/01\/logo-he-arc.svg","width":140,"height":42,"caption":"Haute Ecole Arc"},"image":{"@id":"https:\/\/www.he-arc.ch\/en\/#\/schema\/logo\/image\/"}}]}},"_links":{"self":[{"href":"https:\/\/www.he-arc.ch\/en\/wp-json\/wp\/v2\/he-arc_portal\/43654","targetHints":{"allow":["GET"]}}],"collection":[{"href":"https:\/\/www.he-arc.ch\/en\/wp-json\/wp\/v2\/he-arc_portal"}],"about":[{"href":"https:\/\/www.he-arc.ch\/en\/wp-json\/wp\/v2\/types\/he-arc_portal"}],"author":[{"embeddable":true,"href":"https:\/\/www.he-arc.ch\/en\/wp-json\/wp\/v2\/users\/12"}],"version-history":[{"count":156,"href":"https:\/\/www.he-arc.ch\/en\/wp-json\/wp\/v2\/he-arc_portal\/43654\/revisions"}],"predecessor-version":[{"id":62849,"href":"https:\/\/www.he-arc.ch\/en\/wp-json\/wp\/v2\/he-arc_portal\/43654\/revisions\/62849"}],"wp:attachment":[{"href":"https:\/\/www.he-arc.ch\/en\/wp-json\/wp\/v2\/media?parent=43654"}],"wp:term":[{"taxonomy":"he-arc_domain","embeddable":true,"href":"https:\/\/www.he-arc.ch\/en\/wp-json\/wp\/v2\/he-arc_domain?post=43654"}],"curies":[{"name":"wp","href":"https:\/\/api.w.org\/{rel}","templated":true}]}}