{"id":20867,"date":"2018-02-21T09:09:00","date_gmt":"2018-02-21T09:09:00","guid":{"rendered":"https:\/\/www.he-arc.ch\/projets-recherche\/chariot-sensoriel\/"},"modified":"2022-05-12T10:20:25","modified_gmt":"2022-05-12T09:20:25","slug":"chariot-sensoriel","status":"publish","type":"he-arc_project","link":"https:\/\/www.he-arc.ch\/en\/projets-recherche\/chariot-sensoriel\/","title":{"rendered":"CHARIOT SENSORIEL"},"content":{"rendered":"<p>Start: 2016 &#8211; End: 2018<\/p>\n<p><strong>\u00c9laboration d&#8217;un processus visant \u00e0 accompagner les intervenants et les proches-aidants de patient-e-s souffrant de d\u00e9mence dans la conception d&#8217;une activit\u00e9 utilisant un chariot sensoriel et susceptible de cr\u00e9er un moment de plaisir partag\u00e9.<\/strong><\/p>\n<p><strong>Equipe : <a href=\"http:\/\/people.he-arc.ch\/contact.php?id=2750323474\" target=\"_blank\" rel=\"noopener\">Christian Voirol<\/a>, chef de projet, avec <a href=\"http:\/\/people.he-arc.ch\/contact.php?id=2270133632\" target=\"_blank\" rel=\"noopener\">Typhaine Juvet<\/a><\/strong><\/p>\n<p class=\"rtejustify\">Depuis quelques ann\u00e9es, la Fondation Arp\u00e8ge, qui regroupe plusieurs EMS dans l&#8217;arc l\u00e9manique, a d\u00e9velopp\u00e9 un chariot mobile sensoriel. Ce chariot, inspir\u00e9 des espaces Snoezelen, permet de projeter des images au plafond ou sur un mur, de jouer de la musique ou des sons, de piloter des spots de luminoth\u00e9rapie et de diffuser des odeurs (aromath\u00e9rapie). Le projet propos\u00e9 vise \u00e0 d\u00e9velopper un processus permettant aux intervenant-e-s, personnel de soins et d&#8217;animation des EMS,\u00a0 de soutenir les proches de patient-e-s d\u00e9ment-e-s dans la cr\u00e9ation d&#8217;activit\u00e9s personnalis\u00e9es utilisant des photos, des vid\u00e9os, des morceaux de musique, des sons, des odeurs famili\u00e8res et des massages. Ces activit\u00e9s leurs offrent l&#8217;opportunit\u00e9 de s&#8217;investir dans les soins de leurs proches, de passer des moments agr\u00e9ables avec ces derniers et de maintenir la relation avec eux.<\/p>\n","protected":false},"author":16,"featured_media":20695,"template":"","he-arc_domain":[4],"he-arc_project_skill":[110],"he-arc_project_year":[38,39,40],"class_list":["post-20867","he-arc_project","type-he-arc_project","status-publish","has-post-thumbnail","hentry","he-arc_domain-sante","he-arc_project_skill-sante","he-arc_project_year-38","he-arc_project_year-39","he-arc_project_year-40"],"acf":[],"yoast_head":"<!-- This site is optimized with the Yoast SEO plugin v26.6 - https:\/\/yoast.com\/wordpress\/plugins\/seo\/ -->\n<title>CHARIOT SENSORIEL - Haute-Ecole Arc<\/title>\n<meta name=\"robots\" content=\"index, follow, max-snippet:-1, max-image-preview:large, max-video-preview:-1\" \/>\n<link rel=\"canonical\" href=\"https:\/\/www.he-arc.ch\/en\/projets-recherche\/chariot-sensoriel\/\" \/>\n<meta property=\"og:locale\" content=\"en_US\" \/>\n<meta property=\"og:type\" content=\"article\" \/>\n<meta property=\"og:title\" content=\"CHARIOT SENSORIEL - Haute-Ecole Arc\" \/>\n<meta property=\"og:description\" content=\"Start: 2016 &#8211; End: 2018 \u00c9laboration d&#8217;un processus visant \u00e0 accompagner les intervenants et les proches-aidants de patient-e-s souffrant de d\u00e9mence dans la conception d&#8217;une activit\u00e9 utilisant un chariot sensoriel et susceptible de cr\u00e9er un moment de plaisir partag\u00e9. Equipe : Christian Voirol, chef de projet, avec Typhaine Juvet Depuis quelques ann\u00e9es, la Fondation Arp\u00e8ge, [&hellip;]\" \/>\n<meta property=\"og:url\" content=\"https:\/\/www.he-arc.ch\/en\/projets-recherche\/chariot-sensoriel\/\" \/>\n<meta property=\"og:site_name\" content=\"Haute-Ecole Arc\" \/>\n<meta property=\"article:modified_time\" content=\"2022-05-12T09:20:25+00:00\" \/>\n<meta property=\"og:image\" content=\"https:\/\/www.he-arc.ch\/wp-content\/uploads\/oldsite\/projets\/chariot.png\" \/>\n\t<meta property=\"og:image:width\" content=\"312\" \/>\n\t<meta property=\"og:image:height\" content=\"258\" \/>\n\t<meta property=\"og:image:type\" content=\"image\/png\" \/>\n<meta name=\"twitter:card\" content=\"summary_large_image\" \/>\n<meta name=\"twitter:label1\" content=\"Est. reading time\" \/>\n\t<meta name=\"twitter:data1\" content=\"1 minute\" \/>\n<script type=\"application\/ld+json\" class=\"yoast-schema-graph\">{\"@context\":\"https:\/\/schema.org\",\"@graph\":[{\"@type\":\"WebPage\",\"@id\":\"https:\/\/www.he-arc.ch\/en\/projets-recherche\/chariot-sensoriel\/\",\"url\":\"https:\/\/www.he-arc.ch\/en\/projets-recherche\/chariot-sensoriel\/\",\"name\":\"CHARIOT SENSORIEL - Haute-Ecole Arc\",\"isPartOf\":{\"@id\":\"https:\/\/www.he-arc.ch\/en\/#website\"},\"primaryImageOfPage\":{\"@id\":\"https:\/\/www.he-arc.ch\/en\/projets-recherche\/chariot-sensoriel\/#primaryimage\"},\"image\":{\"@id\":\"https:\/\/www.he-arc.ch\/en\/projets-recherche\/chariot-sensoriel\/#primaryimage\"},\"thumbnailUrl\":\"https:\/\/www.he-arc.ch\/wp-content\/uploads\/oldsite\/projets\/chariot.png\",\"datePublished\":\"2018-02-21T09:09:00+00:00\",\"dateModified\":\"2022-05-12T09:20:25+00:00\",\"breadcrumb\":{\"@id\":\"https:\/\/www.he-arc.ch\/en\/projets-recherche\/chariot-sensoriel\/#breadcrumb\"},\"inLanguage\":\"en-US\",\"potentialAction\":[{\"@type\":\"ReadAction\",\"target\":[\"https:\/\/www.he-arc.ch\/en\/projets-recherche\/chariot-sensoriel\/\"]}]},{\"@type\":\"ImageObject\",\"inLanguage\":\"en-US\",\"@id\":\"https:\/\/www.he-arc.ch\/en\/projets-recherche\/chariot-sensoriel\/#primaryimage\",\"url\":\"https:\/\/www.he-arc.ch\/wp-content\/uploads\/oldsite\/projets\/chariot.png\",\"contentUrl\":\"https:\/\/www.he-arc.ch\/wp-content\/uploads\/oldsite\/projets\/chariot.png\",\"width\":312,\"height\":258},{\"@type\":\"BreadcrumbList\",\"@id\":\"https:\/\/www.he-arc.ch\/en\/projets-recherche\/chariot-sensoriel\/#breadcrumb\",\"itemListElement\":[{\"@type\":\"ListItem\",\"position\":1,\"name\":\"Accueil\",\"item\":\"https:\/\/www.he-arc.ch\/en\/\"},{\"@type\":\"ListItem\",\"position\":2,\"name\":\"R&D projects\",\"item\":\"https:\/\/www.he-arc.ch\/en\/rd-projects\/\"},{\"@type\":\"ListItem\",\"position\":3,\"name\":\"CHARIOT SENSORIEL\"}]},{\"@type\":\"WebSite\",\"@id\":\"https:\/\/www.he-arc.ch\/en\/#website\",\"url\":\"https:\/\/www.he-arc.ch\/en\/\",\"name\":\"Haute-Ecole Arc\",\"description\":\"Haute \u00e9cole sp\u00e9cialis\u00e9e Suisse. Gestion, Ing\u00e9nierie, Sant\u00e9, Conservation-\u200brestauration.\",\"publisher\":{\"@id\":\"https:\/\/www.he-arc.ch\/en\/#organization\"},\"potentialAction\":[{\"@type\":\"SearchAction\",\"target\":{\"@type\":\"EntryPoint\",\"urlTemplate\":\"https:\/\/www.he-arc.ch\/en\/?s={search_term_string}\"},\"query-input\":{\"@type\":\"PropertyValueSpecification\",\"valueRequired\":true,\"valueName\":\"search_term_string\"}}],\"inLanguage\":\"en-US\"},{\"@type\":\"Organization\",\"@id\":\"https:\/\/www.he-arc.ch\/en\/#organization\",\"name\":\"Haute Ecole Arc\",\"url\":\"https:\/\/www.he-arc.ch\/en\/\",\"logo\":{\"@type\":\"ImageObject\",\"inLanguage\":\"en-US\",\"@id\":\"https:\/\/www.he-arc.ch\/en\/#\/schema\/logo\/image\/\",\"url\":\"https:\/\/www.he-arc.ch\/wp-content\/uploads\/2022\/01\/logo-he-arc.svg\",\"contentUrl\":\"https:\/\/www.he-arc.ch\/wp-content\/uploads\/2022\/01\/logo-he-arc.svg\",\"width\":140,\"height\":42,\"caption\":\"Haute Ecole Arc\"},\"image\":{\"@id\":\"https:\/\/www.he-arc.ch\/en\/#\/schema\/logo\/image\/\"}}]}<\/script>\n<!-- \/ Yoast SEO plugin. -->","yoast_head_json":{"title":"CHARIOT SENSORIEL - Haute-Ecole Arc","robots":{"index":"index","follow":"follow","max-snippet":"max-snippet:-1","max-image-preview":"max-image-preview:large","max-video-preview":"max-video-preview:-1"},"canonical":"https:\/\/www.he-arc.ch\/en\/projets-recherche\/chariot-sensoriel\/","og_locale":"en_US","og_type":"article","og_title":"CHARIOT SENSORIEL - Haute-Ecole Arc","og_description":"Start: 2016 &#8211; End: 2018 \u00c9laboration d&#8217;un processus visant \u00e0 accompagner les intervenants et les proches-aidants de patient-e-s souffrant de d\u00e9mence dans la conception d&#8217;une activit\u00e9 utilisant un chariot sensoriel et susceptible de cr\u00e9er un moment de plaisir partag\u00e9. Equipe : Christian Voirol, chef de projet, avec Typhaine Juvet Depuis quelques ann\u00e9es, la Fondation Arp\u00e8ge, [&hellip;]","og_url":"https:\/\/www.he-arc.ch\/en\/projets-recherche\/chariot-sensoriel\/","og_site_name":"Haute-Ecole Arc","article_modified_time":"2022-05-12T09:20:25+00:00","og_image":[{"width":312,"height":258,"url":"https:\/\/www.he-arc.ch\/wp-content\/uploads\/oldsite\/projets\/chariot.png","type":"image\/png"}],"twitter_card":"summary_large_image","twitter_misc":{"Est. reading time":"1 minute"},"schema":{"@context":"https:\/\/schema.org","@graph":[{"@type":"WebPage","@id":"https:\/\/www.he-arc.ch\/en\/projets-recherche\/chariot-sensoriel\/","url":"https:\/\/www.he-arc.ch\/en\/projets-recherche\/chariot-sensoriel\/","name":"CHARIOT SENSORIEL - Haute-Ecole Arc","isPartOf":{"@id":"https:\/\/www.he-arc.ch\/en\/#website"},"primaryImageOfPage":{"@id":"https:\/\/www.he-arc.ch\/en\/projets-recherche\/chariot-sensoriel\/#primaryimage"},"image":{"@id":"https:\/\/www.he-arc.ch\/en\/projets-recherche\/chariot-sensoriel\/#primaryimage"},"thumbnailUrl":"https:\/\/www.he-arc.ch\/wp-content\/uploads\/oldsite\/projets\/chariot.png","datePublished":"2018-02-21T09:09:00+00:00","dateModified":"2022-05-12T09:20:25+00:00","breadcrumb":{"@id":"https:\/\/www.he-arc.ch\/en\/projets-recherche\/chariot-sensoriel\/#breadcrumb"},"inLanguage":"en-US","potentialAction":[{"@type":"ReadAction","target":["https:\/\/www.he-arc.ch\/en\/projets-recherche\/chariot-sensoriel\/"]}]},{"@type":"ImageObject","inLanguage":"en-US","@id":"https:\/\/www.he-arc.ch\/en\/projets-recherche\/chariot-sensoriel\/#primaryimage","url":"https:\/\/www.he-arc.ch\/wp-content\/uploads\/oldsite\/projets\/chariot.png","contentUrl":"https:\/\/www.he-arc.ch\/wp-content\/uploads\/oldsite\/projets\/chariot.png","width":312,"height":258},{"@type":"BreadcrumbList","@id":"https:\/\/www.he-arc.ch\/en\/projets-recherche\/chariot-sensoriel\/#breadcrumb","itemListElement":[{"@type":"ListItem","position":1,"name":"Accueil","item":"https:\/\/www.he-arc.ch\/en\/"},{"@type":"ListItem","position":2,"name":"R&D projects","item":"https:\/\/www.he-arc.ch\/en\/rd-projects\/"},{"@type":"ListItem","position":3,"name":"CHARIOT SENSORIEL"}]},{"@type":"WebSite","@id":"https:\/\/www.he-arc.ch\/en\/#website","url":"https:\/\/www.he-arc.ch\/en\/","name":"Haute-Ecole Arc","description":"Haute \u00e9cole sp\u00e9cialis\u00e9e Suisse. Gestion, Ing\u00e9nierie, Sant\u00e9, Conservation-\u200brestauration.","publisher":{"@id":"https:\/\/www.he-arc.ch\/en\/#organization"},"potentialAction":[{"@type":"SearchAction","target":{"@type":"EntryPoint","urlTemplate":"https:\/\/www.he-arc.ch\/en\/?s={search_term_string}"},"query-input":{"@type":"PropertyValueSpecification","valueRequired":true,"valueName":"search_term_string"}}],"inLanguage":"en-US"},{"@type":"Organization","@id":"https:\/\/www.he-arc.ch\/en\/#organization","name":"Haute Ecole Arc","url":"https:\/\/www.he-arc.ch\/en\/","logo":{"@type":"ImageObject","inLanguage":"en-US","@id":"https:\/\/www.he-arc.ch\/en\/#\/schema\/logo\/image\/","url":"https:\/\/www.he-arc.ch\/wp-content\/uploads\/2022\/01\/logo-he-arc.svg","contentUrl":"https:\/\/www.he-arc.ch\/wp-content\/uploads\/2022\/01\/logo-he-arc.svg","width":140,"height":42,"caption":"Haute Ecole Arc"},"image":{"@id":"https:\/\/www.he-arc.ch\/en\/#\/schema\/logo\/image\/"}}]}},"_links":{"self":[{"href":"https:\/\/www.he-arc.ch\/en\/wp-json\/wp\/v2\/he-arc_project\/20867","targetHints":{"allow":["GET"]}}],"collection":[{"href":"https:\/\/www.he-arc.ch\/en\/wp-json\/wp\/v2\/he-arc_project"}],"about":[{"href":"https:\/\/www.he-arc.ch\/en\/wp-json\/wp\/v2\/types\/he-arc_project"}],"author":[{"embeddable":true,"href":"https:\/\/www.he-arc.ch\/en\/wp-json\/wp\/v2\/users\/16"}],"version-history":[{"count":3,"href":"https:\/\/www.he-arc.ch\/en\/wp-json\/wp\/v2\/he-arc_project\/20867\/revisions"}],"predecessor-version":[{"id":28598,"href":"https:\/\/www.he-arc.ch\/en\/wp-json\/wp\/v2\/he-arc_project\/20867\/revisions\/28598"}],"wp:featuredmedia":[{"embeddable":true,"href":"https:\/\/www.he-arc.ch\/en\/wp-json\/wp\/v2\/media\/20695"}],"wp:attachment":[{"href":"https:\/\/www.he-arc.ch\/en\/wp-json\/wp\/v2\/media?parent=20867"}],"wp:term":[{"taxonomy":"he-arc_domain","embeddable":true,"href":"https:\/\/www.he-arc.ch\/en\/wp-json\/wp\/v2\/he-arc_domain?post=20867"},{"taxonomy":"he-arc_project_skill","embeddable":true,"href":"https:\/\/www.he-arc.ch\/en\/wp-json\/wp\/v2\/he-arc_project_skill?post=20867"},{"taxonomy":"he-arc_project_year","embeddable":true,"href":"https:\/\/www.he-arc.ch\/en\/wp-json\/wp\/v2\/he-arc_project_year?post=20867"}],"curies":[{"name":"wp","href":"https:\/\/api.w.org\/{rel}","templated":true}]}}