{"id":82018,"date":"2026-04-28T15:57:04","date_gmt":"2026-04-28T13:57:04","guid":{"rendered":"https:\/\/www.he-arc.ch\/?post_type=he-arc_project&#038;p=82018"},"modified":"2026-04-28T16:01:07","modified_gmt":"2026-04-28T14:01:07","slug":"domirefas-impact-des-interventions-favorisant-la-presence-au-travail-en-sante-des-professionnel-le-s-de-sante-dans-un-contexte-de-sois-a-domicile-en-suisse-romande","status":"publish","type":"he-arc_project","link":"https:\/\/www.he-arc.ch\/en\/projets-recherche\/domirefas-impact-des-interventions-favorisant-la-presence-au-travail-en-sante-des-professionnel-le-s-de-sante-dans-un-contexte-de-sois-a-domicile-en-suisse-romande\/","title":{"rendered":"DomiR\u00e9FAS &#8211; Impact des interventions favorisant la pr\u00e9sence au travail en sant\u00e9 des professionnel.le.s de sant\u00e9 dans un contexte de sois \u00e0 domicile en Suisse romande"},"content":{"rendered":"\n<p>Start: 2024 &#8211; End: 2026<\/p>\n\n\n\n<p><strong>DomiR\u00e9FAS <\/strong><\/p>\n\n\n\n<p><b>Equipe:\u00a0<\/b><strong>Anne Gerber (HESAV), Carole D\u00e9l\u00e9troz (HESAV), Charlotte Gilart de Keranflec&#8217;h (HESAV)<\/strong>, <strong><a href=\"https:\/\/people.he-arc.ch\/contact.php?id=2750323474\" target=\"_blank\" rel=\"noreferrer noopener\">Christian Voirol<\/a><\/strong><\/p>\n\n\n\n<p><\/p>\n\n\n\n<p><strong>Description du projet :<\/strong><\/p>\n\n\n\n<p>L\u2019\u00e9tude DomiR\u00e9FAS vise \u00e0 adapter, valider, implanter un processus d\u2019am\u00e9lioration continue des conditions de travail, au sein de la Fondation pour l\u2019Aide et les Soins \u00e0 Domicile du canton du Jura (FASD-Jura), par une formation de ses cadres sur les principaux facteurs psychosociaux au travail.<\/p>\n\n\n\n<p>Depuis plusieurs ann\u00e9es, des \u00e9tudes conduites en Suisse et \u00e0 l\u2019\u00e9tranger ont identifi\u00e9, d\u00e9crit et mesur\u00e9 les principaux facteurs psycho-sociaux (FPS) et risques psycho-sociaux (RPS) au travail des professionnels de sant\u00e9 (PDS). N\u00e9anmoins, une fois le diagnostic pos\u00e9, en l\u2019absence d\u2019interventions visant \u00e0 r\u00e9organiser le travail, des ph\u00e9nom\u00e8nes tels l\u2019atteinte \u00e0 l\u2019\u00e9tat de sant\u00e9 des PDS, l\u2019absent\u00e9isme ou le fait de quitter la profession ne diminuent pas et l\u2019intention de rester n\u2019augmente pas. Dans un contexte de restriction de ressources et de p\u00e9nurie de personnel, les PDS s\u2019\u00e9puisent.<\/p>\n\n\n\n<p>Cette \u00e9tude exploratoire, longitudinale, descriptive et corr\u00e9lationnelle se d\u00e9roule sur une dur\u00e9e de 27 mois (1.10.2024 \/ 31.12.2026). Elle a comme principal objectif d\u2019adapter, valider, implanter un processus d\u2019am\u00e9lioration continue des conditions de travail, au sein de la Fondation pour l\u2019Aide et les Soins \u00e0 Domicile-Jura, par une formation des cadres. 345 professionnel\u00b7les de sant\u00e9 (PDS) r\u00e9parti\u00b7es dans 25 \u00e9quipes participent \u00e0 l\u2019\u00e9tude.<\/p>\n\n\n\n<p>L\u2019\u00e9tude contribuera \u00e0 combler les lacunes en termes de donn\u00e9es empiriques sur l\u2019impact d\u2019interventions favorisant un environnement de travail sain et la sant\u00e9 au travail des PDS dans un contexte de soins \u00e0 domicile en Suisse. Des r\u00e9sultats fiables et contextualis\u00e9s permettront de mieux cerner les interventions impactant des ph\u00e9nom\u00e8nes comme l\u2019absent\u00e9isme et l\u2019intention de rester ou le fait de quitter la profession.<\/p>\n\n\n\n<p>\u00a9 image: libre de droit<\/p>\n\n\n\n<p><\/p>\n","protected":false},"author":47,"featured_media":82019,"template":"","he-arc_domain":[4],"he-arc_project_skill":[110],"he-arc_project_year":[46,111,112],"class_list":["post-82018","he-arc_project","type-he-arc_project","status-publish","has-post-thumbnail","hentry","he-arc_domain-sante","he-arc_project_skill-sante","he-arc_project_year-46","he-arc_project_year-111","he-arc_project_year-112"],"acf":[],"yoast_head":"<!-- This site is optimized with the Yoast SEO plugin v26.6 - https:\/\/yoast.com\/wordpress\/plugins\/seo\/ -->\n<title>Haute-Ecole Arc - Haute-Ecole Arc<\/title>\n<meta name=\"description\" content=\"DomiR\u00e9FAS vise \u00e0 adapter, valider, implanter un processus d\u2019am\u00e9lioration continue des conditions de travail, au sein de la FASD-Jura\" \/>\n<meta name=\"robots\" content=\"index, follow, max-snippet:-1, max-image-preview:large, max-video-preview:-1\" \/>\n<link rel=\"canonical\" href=\"https:\/\/www.he-arc.ch\/en\/projets-recherche\/domirefas-impact-des-interventions-favorisant-la-presence-au-travail-en-sante-des-professionnel-le-s-de-sante-dans-un-contexte-de-sois-a-domicile-en-suisse-romande\/\" \/>\n<meta property=\"og:locale\" content=\"en_US\" \/>\n<meta property=\"og:type\" content=\"article\" \/>\n<meta property=\"og:title\" content=\"Haute-Ecole Arc - Haute-Ecole Arc\" \/>\n<meta property=\"og:description\" content=\"DomiR\u00e9FAS vise \u00e0 adapter, valider, implanter un processus d\u2019am\u00e9lioration continue des conditions de travail, au sein de la FASD-Jura\" \/>\n<meta property=\"og:url\" content=\"https:\/\/www.he-arc.ch\/en\/projets-recherche\/domirefas-impact-des-interventions-favorisant-la-presence-au-travail-en-sante-des-professionnel-le-s-de-sante-dans-un-contexte-de-sois-a-domicile-en-suisse-romande\/\" \/>\n<meta property=\"og:site_name\" content=\"Haute-Ecole Arc\" \/>\n<meta property=\"article:modified_time\" content=\"2026-04-28T14:01:07+00:00\" \/>\n<meta property=\"og:image\" content=\"https:\/\/www.he-arc.ch\/wp-content\/uploads\/2026\/04\/DomiReFAS.jpg\" \/>\n\t<meta property=\"og:image:width\" content=\"506\" \/>\n\t<meta property=\"og:image:height\" content=\"507\" \/>\n\t<meta property=\"og:image:type\" content=\"image\/jpeg\" \/>\n<meta name=\"twitter:card\" content=\"summary_large_image\" \/>\n<meta name=\"twitter:label1\" content=\"Est. reading time\" \/>\n\t<meta name=\"twitter:data1\" content=\"2 minutes\" \/>\n<script type=\"application\/ld+json\" class=\"yoast-schema-graph\">{\"@context\":\"https:\/\/schema.org\",\"@graph\":[{\"@type\":\"WebPage\",\"@id\":\"https:\/\/www.he-arc.ch\/en\/projets-recherche\/domirefas-impact-des-interventions-favorisant-la-presence-au-travail-en-sante-des-professionnel-le-s-de-sante-dans-un-contexte-de-sois-a-domicile-en-suisse-romande\/\",\"url\":\"https:\/\/www.he-arc.ch\/en\/projets-recherche\/domirefas-impact-des-interventions-favorisant-la-presence-au-travail-en-sante-des-professionnel-le-s-de-sante-dans-un-contexte-de-sois-a-domicile-en-suisse-romande\/\",\"name\":\"Haute-Ecole Arc - Haute-Ecole Arc\",\"isPartOf\":{\"@id\":\"https:\/\/www.he-arc.ch\/en\/#website\"},\"primaryImageOfPage\":{\"@id\":\"https:\/\/www.he-arc.ch\/en\/projets-recherche\/domirefas-impact-des-interventions-favorisant-la-presence-au-travail-en-sante-des-professionnel-le-s-de-sante-dans-un-contexte-de-sois-a-domicile-en-suisse-romande\/#primaryimage\"},\"image\":{\"@id\":\"https:\/\/www.he-arc.ch\/en\/projets-recherche\/domirefas-impact-des-interventions-favorisant-la-presence-au-travail-en-sante-des-professionnel-le-s-de-sante-dans-un-contexte-de-sois-a-domicile-en-suisse-romande\/#primaryimage\"},\"thumbnailUrl\":\"https:\/\/www.he-arc.ch\/wp-content\/uploads\/2026\/04\/DomiReFAS.jpg\",\"datePublished\":\"2026-04-28T13:57:04+00:00\",\"dateModified\":\"2026-04-28T14:01:07+00:00\",\"description\":\"DomiR\u00e9FAS vise \u00e0 adapter, valider, implanter un processus d\u2019am\u00e9lioration continue des conditions de travail, au sein de la FASD-Jura\",\"breadcrumb\":{\"@id\":\"https:\/\/www.he-arc.ch\/en\/projets-recherche\/domirefas-impact-des-interventions-favorisant-la-presence-au-travail-en-sante-des-professionnel-le-s-de-sante-dans-un-contexte-de-sois-a-domicile-en-suisse-romande\/#breadcrumb\"},\"inLanguage\":\"en-US\",\"potentialAction\":[{\"@type\":\"ReadAction\",\"target\":[\"https:\/\/www.he-arc.ch\/en\/projets-recherche\/domirefas-impact-des-interventions-favorisant-la-presence-au-travail-en-sante-des-professionnel-le-s-de-sante-dans-un-contexte-de-sois-a-domicile-en-suisse-romande\/\"]}]},{\"@type\":\"ImageObject\",\"inLanguage\":\"en-US\",\"@id\":\"https:\/\/www.he-arc.ch\/en\/projets-recherche\/domirefas-impact-des-interventions-favorisant-la-presence-au-travail-en-sante-des-professionnel-le-s-de-sante-dans-un-contexte-de-sois-a-domicile-en-suisse-romande\/#primaryimage\",\"url\":\"https:\/\/www.he-arc.ch\/wp-content\/uploads\/2026\/04\/DomiReFAS.jpg\",\"contentUrl\":\"https:\/\/www.he-arc.ch\/wp-content\/uploads\/2026\/04\/DomiReFAS.jpg\",\"width\":506,\"height\":507},{\"@type\":\"BreadcrumbList\",\"@id\":\"https:\/\/www.he-arc.ch\/en\/projets-recherche\/domirefas-impact-des-interventions-favorisant-la-presence-au-travail-en-sante-des-professionnel-le-s-de-sante-dans-un-contexte-de-sois-a-domicile-en-suisse-romande\/#breadcrumb\",\"itemListElement\":[{\"@type\":\"ListItem\",\"position\":1,\"name\":\"Accueil\",\"item\":\"https:\/\/www.he-arc.ch\/en\/\"},{\"@type\":\"ListItem\",\"position\":2,\"name\":\"R&D projects\",\"item\":\"https:\/\/www.he-arc.ch\/en\/rd-projects\/\"},{\"@type\":\"ListItem\",\"position\":3,\"name\":\"DomiR\u00e9FAS &#8211; Impact des interventions favorisant la pr\u00e9sence au travail en sant\u00e9 des professionnel.le.s de sant\u00e9 dans un contexte de sois \u00e0 domicile en Suisse romande\"}]},{\"@type\":\"WebSite\",\"@id\":\"https:\/\/www.he-arc.ch\/en\/#website\",\"url\":\"https:\/\/www.he-arc.ch\/en\/\",\"name\":\"Haute-Ecole Arc\",\"description\":\"Haute \u00e9cole sp\u00e9cialis\u00e9e Suisse. Gestion, Ing\u00e9nierie, Sant\u00e9, Conservation-\u200brestauration.\",\"publisher\":{\"@id\":\"https:\/\/www.he-arc.ch\/en\/#organization\"},\"potentialAction\":[{\"@type\":\"SearchAction\",\"target\":{\"@type\":\"EntryPoint\",\"urlTemplate\":\"https:\/\/www.he-arc.ch\/en\/?s={search_term_string}\"},\"query-input\":{\"@type\":\"PropertyValueSpecification\",\"valueRequired\":true,\"valueName\":\"search_term_string\"}}],\"inLanguage\":\"en-US\"},{\"@type\":\"Organization\",\"@id\":\"https:\/\/www.he-arc.ch\/en\/#organization\",\"name\":\"Haute Ecole Arc\",\"url\":\"https:\/\/www.he-arc.ch\/en\/\",\"logo\":{\"@type\":\"ImageObject\",\"inLanguage\":\"en-US\",\"@id\":\"https:\/\/www.he-arc.ch\/en\/#\/schema\/logo\/image\/\",\"url\":\"https:\/\/www.he-arc.ch\/wp-content\/uploads\/2022\/01\/logo-he-arc.svg\",\"contentUrl\":\"https:\/\/www.he-arc.ch\/wp-content\/uploads\/2022\/01\/logo-he-arc.svg\",\"width\":140,\"height\":42,\"caption\":\"Haute Ecole Arc\"},\"image\":{\"@id\":\"https:\/\/www.he-arc.ch\/en\/#\/schema\/logo\/image\/\"}}]}<\/script>\n<!-- \/ Yoast SEO plugin. -->","yoast_head_json":{"title":"Haute-Ecole Arc - Haute-Ecole Arc","description":"DomiR\u00e9FAS vise \u00e0 adapter, valider, implanter un processus d\u2019am\u00e9lioration continue des conditions de travail, au sein de la FASD-Jura","robots":{"index":"index","follow":"follow","max-snippet":"max-snippet:-1","max-image-preview":"max-image-preview:large","max-video-preview":"max-video-preview:-1"},"canonical":"https:\/\/www.he-arc.ch\/en\/projets-recherche\/domirefas-impact-des-interventions-favorisant-la-presence-au-travail-en-sante-des-professionnel-le-s-de-sante-dans-un-contexte-de-sois-a-domicile-en-suisse-romande\/","og_locale":"en_US","og_type":"article","og_title":"Haute-Ecole Arc - Haute-Ecole Arc","og_description":"DomiR\u00e9FAS vise \u00e0 adapter, valider, implanter un processus d\u2019am\u00e9lioration continue des conditions de travail, au sein de la FASD-Jura","og_url":"https:\/\/www.he-arc.ch\/en\/projets-recherche\/domirefas-impact-des-interventions-favorisant-la-presence-au-travail-en-sante-des-professionnel-le-s-de-sante-dans-un-contexte-de-sois-a-domicile-en-suisse-romande\/","og_site_name":"Haute-Ecole Arc","article_modified_time":"2026-04-28T14:01:07+00:00","og_image":[{"width":506,"height":507,"url":"https:\/\/www.he-arc.ch\/wp-content\/uploads\/2026\/04\/DomiReFAS.jpg","type":"image\/jpeg"}],"twitter_card":"summary_large_image","twitter_misc":{"Est. reading time":"2 minutes"},"schema":{"@context":"https:\/\/schema.org","@graph":[{"@type":"WebPage","@id":"https:\/\/www.he-arc.ch\/en\/projets-recherche\/domirefas-impact-des-interventions-favorisant-la-presence-au-travail-en-sante-des-professionnel-le-s-de-sante-dans-un-contexte-de-sois-a-domicile-en-suisse-romande\/","url":"https:\/\/www.he-arc.ch\/en\/projets-recherche\/domirefas-impact-des-interventions-favorisant-la-presence-au-travail-en-sante-des-professionnel-le-s-de-sante-dans-un-contexte-de-sois-a-domicile-en-suisse-romande\/","name":"Haute-Ecole Arc - Haute-Ecole Arc","isPartOf":{"@id":"https:\/\/www.he-arc.ch\/en\/#website"},"primaryImageOfPage":{"@id":"https:\/\/www.he-arc.ch\/en\/projets-recherche\/domirefas-impact-des-interventions-favorisant-la-presence-au-travail-en-sante-des-professionnel-le-s-de-sante-dans-un-contexte-de-sois-a-domicile-en-suisse-romande\/#primaryimage"},"image":{"@id":"https:\/\/www.he-arc.ch\/en\/projets-recherche\/domirefas-impact-des-interventions-favorisant-la-presence-au-travail-en-sante-des-professionnel-le-s-de-sante-dans-un-contexte-de-sois-a-domicile-en-suisse-romande\/#primaryimage"},"thumbnailUrl":"https:\/\/www.he-arc.ch\/wp-content\/uploads\/2026\/04\/DomiReFAS.jpg","datePublished":"2026-04-28T13:57:04+00:00","dateModified":"2026-04-28T14:01:07+00:00","description":"DomiR\u00e9FAS vise \u00e0 adapter, valider, implanter un processus d\u2019am\u00e9lioration continue des conditions de travail, au sein de la FASD-Jura","breadcrumb":{"@id":"https:\/\/www.he-arc.ch\/en\/projets-recherche\/domirefas-impact-des-interventions-favorisant-la-presence-au-travail-en-sante-des-professionnel-le-s-de-sante-dans-un-contexte-de-sois-a-domicile-en-suisse-romande\/#breadcrumb"},"inLanguage":"en-US","potentialAction":[{"@type":"ReadAction","target":["https:\/\/www.he-arc.ch\/en\/projets-recherche\/domirefas-impact-des-interventions-favorisant-la-presence-au-travail-en-sante-des-professionnel-le-s-de-sante-dans-un-contexte-de-sois-a-domicile-en-suisse-romande\/"]}]},{"@type":"ImageObject","inLanguage":"en-US","@id":"https:\/\/www.he-arc.ch\/en\/projets-recherche\/domirefas-impact-des-interventions-favorisant-la-presence-au-travail-en-sante-des-professionnel-le-s-de-sante-dans-un-contexte-de-sois-a-domicile-en-suisse-romande\/#primaryimage","url":"https:\/\/www.he-arc.ch\/wp-content\/uploads\/2026\/04\/DomiReFAS.jpg","contentUrl":"https:\/\/www.he-arc.ch\/wp-content\/uploads\/2026\/04\/DomiReFAS.jpg","width":506,"height":507},{"@type":"BreadcrumbList","@id":"https:\/\/www.he-arc.ch\/en\/projets-recherche\/domirefas-impact-des-interventions-favorisant-la-presence-au-travail-en-sante-des-professionnel-le-s-de-sante-dans-un-contexte-de-sois-a-domicile-en-suisse-romande\/#breadcrumb","itemListElement":[{"@type":"ListItem","position":1,"name":"Accueil","item":"https:\/\/www.he-arc.ch\/en\/"},{"@type":"ListItem","position":2,"name":"R&D projects","item":"https:\/\/www.he-arc.ch\/en\/rd-projects\/"},{"@type":"ListItem","position":3,"name":"DomiR\u00e9FAS &#8211; Impact des interventions favorisant la pr\u00e9sence au travail en sant\u00e9 des professionnel.le.s de sant\u00e9 dans un contexte de sois \u00e0 domicile en Suisse romande"}]},{"@type":"WebSite","@id":"https:\/\/www.he-arc.ch\/en\/#website","url":"https:\/\/www.he-arc.ch\/en\/","name":"Haute-Ecole Arc","description":"Haute \u00e9cole sp\u00e9cialis\u00e9e Suisse. Gestion, Ing\u00e9nierie, Sant\u00e9, Conservation-\u200brestauration.","publisher":{"@id":"https:\/\/www.he-arc.ch\/en\/#organization"},"potentialAction":[{"@type":"SearchAction","target":{"@type":"EntryPoint","urlTemplate":"https:\/\/www.he-arc.ch\/en\/?s={search_term_string}"},"query-input":{"@type":"PropertyValueSpecification","valueRequired":true,"valueName":"search_term_string"}}],"inLanguage":"en-US"},{"@type":"Organization","@id":"https:\/\/www.he-arc.ch\/en\/#organization","name":"Haute Ecole Arc","url":"https:\/\/www.he-arc.ch\/en\/","logo":{"@type":"ImageObject","inLanguage":"en-US","@id":"https:\/\/www.he-arc.ch\/en\/#\/schema\/logo\/image\/","url":"https:\/\/www.he-arc.ch\/wp-content\/uploads\/2022\/01\/logo-he-arc.svg","contentUrl":"https:\/\/www.he-arc.ch\/wp-content\/uploads\/2022\/01\/logo-he-arc.svg","width":140,"height":42,"caption":"Haute Ecole Arc"},"image":{"@id":"https:\/\/www.he-arc.ch\/en\/#\/schema\/logo\/image\/"}}]}},"_links":{"self":[{"href":"https:\/\/www.he-arc.ch\/en\/wp-json\/wp\/v2\/he-arc_project\/82018","targetHints":{"allow":["GET"]}}],"collection":[{"href":"https:\/\/www.he-arc.ch\/en\/wp-json\/wp\/v2\/he-arc_project"}],"about":[{"href":"https:\/\/www.he-arc.ch\/en\/wp-json\/wp\/v2\/types\/he-arc_project"}],"author":[{"embeddable":true,"href":"https:\/\/www.he-arc.ch\/en\/wp-json\/wp\/v2\/users\/47"}],"version-history":[{"count":2,"href":"https:\/\/www.he-arc.ch\/en\/wp-json\/wp\/v2\/he-arc_project\/82018\/revisions"}],"predecessor-version":[{"id":82022,"href":"https:\/\/www.he-arc.ch\/en\/wp-json\/wp\/v2\/he-arc_project\/82018\/revisions\/82022"}],"wp:featuredmedia":[{"embeddable":true,"href":"https:\/\/www.he-arc.ch\/en\/wp-json\/wp\/v2\/media\/82019"}],"wp:attachment":[{"href":"https:\/\/www.he-arc.ch\/en\/wp-json\/wp\/v2\/media?parent=82018"}],"wp:term":[{"taxonomy":"he-arc_domain","embeddable":true,"href":"https:\/\/www.he-arc.ch\/en\/wp-json\/wp\/v2\/he-arc_domain?post=82018"},{"taxonomy":"he-arc_project_skill","embeddable":true,"href":"https:\/\/www.he-arc.ch\/en\/wp-json\/wp\/v2\/he-arc_project_skill?post=82018"},{"taxonomy":"he-arc_project_year","embeddable":true,"href":"https:\/\/www.he-arc.ch\/en\/wp-json\/wp\/v2\/he-arc_project_year?post=82018"}],"curies":[{"name":"wp","href":"https:\/\/api.w.org\/{rel}","templated":true}]}}