{"id":82032,"date":"2026-04-28T16:16:46","date_gmt":"2026-04-28T14:16:46","guid":{"rendered":"https:\/\/www.he-arc.ch\/?post_type=he-arc_project&#038;p=82032"},"modified":"2026-04-28T16:16:47","modified_gmt":"2026-04-28T14:16:47","slug":"cah-stev-la-charge-administrative-a-lhopital-entre-systeme-de-travail-et-experience-vecue-une-etude-qualitative-en-ergonomie-et-sciences-infirmieres","status":"publish","type":"he-arc_project","link":"https:\/\/www.he-arc.ch\/en\/projets-recherche\/cah-stev-la-charge-administrative-a-lhopital-entre-systeme-de-travail-et-experience-vecue-une-etude-qualitative-en-ergonomie-et-sciences-infirmieres\/","title":{"rendered":"CAH-STEV &#8211;  La charge administrative \u00e0 l&#8217;h\u00f4pital, entre syst\u00e8me de travail et exp\u00e9rience v\u00e9cue : Une \u00e9tude qualitative en ergonomie et sciences infirmi\u00e8res"},"content":{"rendered":"\n<p>Start: 2025 &#8211; End: 2027<\/p>\n\n\n\n<p><strong>CAH-STEV <\/strong><\/p>\n\n\n\n<p><b>Equipe:\u00a0<\/b><strong>Rafa\u00ebl Weissbrodt HES-SO Valais-Wallis et <a href=\"https:\/\/people.he-arc.ch\/contact.php?id=4475227285\" target=\"_blank\" rel=\"noreferrer noopener\">Pauline Roos<\/a><\/strong><\/p>\n\n\n\n<p><\/p>\n\n\n\n<p><strong>Description du projet :<\/strong><\/p>\n\n\n\n<p>La charge administrative \u00e0 l\u2019h\u00f4pital, entre syst\u00e8me de travail et exp\u00e9rience v\u00e9cue : une \u00e9tude qualitative en ergonomie et sciences infirmi\u00e8res. Objectif : comprendre, \u00e0 partir d\u2019observations et d\u2019entretiens, le sens, les sources et les effets de ces t\u00e2ches pour les m\u00e9decins et infirmi\u00e8res.<\/p>\n\n\n\n<p>La charge administrative \u00e0 l\u2019h\u00f4pital a des effets n\u00e9gatifs sur les patient\u00d7es, les professionnelles et les institutions. Toutefois, les t\u00e2ches administratives peuvent \u00eatre v\u00e9cues de diverses mani\u00e8res, selon le fardeau qu\u2019elles occasionnent et leur degr\u00e9 de fonctionnalit\u00e9. Les exp\u00e9riences diff\u00e8rent \u00e9galement selon les professions et les contextes, la nature des t\u00e2ches et les personnes elles-m\u00eames ; il n\u2019existe pas de crit\u00e8re objectif permettant de pr\u00e9dire la perception d\u2019une t\u00e2che administrative. C\u2019est pourquoi cette \u00e9tude interdisciplinaire (sciences infirmi\u00e8res, ergonomie et psychologie) propose de recourir \u00e0 une d\u00e9marche inductive, pour comprendre et d\u00e9crire l\u2019exp\u00e9rience v\u00e9cue de la charge administrative, chez du personnel m\u00e9dical et infirmier de deux h\u00f4pitaux. Fond\u00e9e sur des entretiens structur\u00e9s et de l\u2019observation de l\u2019activit\u00e9, elle permettra d\u2019\u00e9laborer une typologie des sources de charge administrative, de la d\u00e9cliner selon les deux professions, et de d\u00e9crire les interactions entre les divers \u00e9l\u00e9ments du syst\u00e8me de travail influen\u00e7ant le ressenti de la charge administrative. Le projet s\u2019\u00e9tend sur 18 mois, \u00e0 partir du 1er septembre 2025.<\/p>\n\n\n\n<p>\u00a9 image: libre de droit<\/p>\n\n\n\n<p><\/p>\n","protected":false},"author":47,"featured_media":82034,"template":"","he-arc_domain":[4],"he-arc_project_skill":[110],"he-arc_project_year":[111,112,113],"class_list":["post-82032","he-arc_project","type-he-arc_project","status-publish","has-post-thumbnail","hentry","he-arc_domain-sante","he-arc_project_skill-sante","he-arc_project_year-111","he-arc_project_year-112","he-arc_project_year-113"],"acf":[],"yoast_head":"<!-- This site is optimized with the Yoast SEO plugin v26.6 - https:\/\/yoast.com\/wordpress\/plugins\/seo\/ -->\n<title>Haute-Ecole Arc - Haute-Ecole Arc<\/title>\n<meta name=\"description\" content=\"La charge administrative \u00e0 l\u2019h\u00f4pital, entre syst\u00e8me de travail et exp\u00e9rience v\u00e9cue : une \u00e9tude qualitative en ergonomie et sciences infirmi\u00e8res\" \/>\n<meta name=\"robots\" content=\"index, follow, max-snippet:-1, max-image-preview:large, max-video-preview:-1\" \/>\n<link rel=\"canonical\" href=\"https:\/\/www.he-arc.ch\/en\/projets-recherche\/cah-stev-la-charge-administrative-a-lhopital-entre-systeme-de-travail-et-experience-vecue-une-etude-qualitative-en-ergonomie-et-sciences-infirmieres\/\" \/>\n<meta property=\"og:locale\" content=\"en_US\" \/>\n<meta property=\"og:type\" content=\"article\" \/>\n<meta property=\"og:title\" content=\"Haute-Ecole Arc - Haute-Ecole Arc\" \/>\n<meta property=\"og:description\" content=\"La charge administrative \u00e0 l\u2019h\u00f4pital, entre syst\u00e8me de travail et exp\u00e9rience v\u00e9cue : une \u00e9tude qualitative en ergonomie et sciences infirmi\u00e8res\" \/>\n<meta property=\"og:url\" content=\"https:\/\/www.he-arc.ch\/en\/projets-recherche\/cah-stev-la-charge-administrative-a-lhopital-entre-systeme-de-travail-et-experience-vecue-une-etude-qualitative-en-ergonomie-et-sciences-infirmieres\/\" \/>\n<meta property=\"og:site_name\" content=\"Haute-Ecole Arc\" \/>\n<meta property=\"article:modified_time\" content=\"2026-04-28T14:16:47+00:00\" \/>\n<meta property=\"og:image\" content=\"https:\/\/www.he-arc.ch\/wp-content\/uploads\/2026\/04\/CAH-STEV.jpg\" \/>\n\t<meta property=\"og:image:width\" content=\"827\" \/>\n\t<meta property=\"og:image:height\" content=\"560\" \/>\n\t<meta property=\"og:image:type\" content=\"image\/jpeg\" \/>\n<meta name=\"twitter:card\" content=\"summary_large_image\" \/>\n<meta name=\"twitter:label1\" content=\"Est. reading time\" \/>\n\t<meta name=\"twitter:data1\" content=\"2 minutes\" \/>\n<script type=\"application\/ld+json\" class=\"yoast-schema-graph\">{\"@context\":\"https:\/\/schema.org\",\"@graph\":[{\"@type\":\"WebPage\",\"@id\":\"https:\/\/www.he-arc.ch\/en\/projets-recherche\/cah-stev-la-charge-administrative-a-lhopital-entre-systeme-de-travail-et-experience-vecue-une-etude-qualitative-en-ergonomie-et-sciences-infirmieres\/\",\"url\":\"https:\/\/www.he-arc.ch\/en\/projets-recherche\/cah-stev-la-charge-administrative-a-lhopital-entre-systeme-de-travail-et-experience-vecue-une-etude-qualitative-en-ergonomie-et-sciences-infirmieres\/\",\"name\":\"Haute-Ecole Arc - Haute-Ecole Arc\",\"isPartOf\":{\"@id\":\"https:\/\/www.he-arc.ch\/en\/#website\"},\"primaryImageOfPage\":{\"@id\":\"https:\/\/www.he-arc.ch\/en\/projets-recherche\/cah-stev-la-charge-administrative-a-lhopital-entre-systeme-de-travail-et-experience-vecue-une-etude-qualitative-en-ergonomie-et-sciences-infirmieres\/#primaryimage\"},\"image\":{\"@id\":\"https:\/\/www.he-arc.ch\/en\/projets-recherche\/cah-stev-la-charge-administrative-a-lhopital-entre-systeme-de-travail-et-experience-vecue-une-etude-qualitative-en-ergonomie-et-sciences-infirmieres\/#primaryimage\"},\"thumbnailUrl\":\"https:\/\/www.he-arc.ch\/wp-content\/uploads\/2026\/04\/CAH-STEV.jpg\",\"datePublished\":\"2026-04-28T14:16:46+00:00\",\"dateModified\":\"2026-04-28T14:16:47+00:00\",\"description\":\"La charge administrative \u00e0 l\u2019h\u00f4pital, entre syst\u00e8me de travail et exp\u00e9rience v\u00e9cue : une \u00e9tude qualitative en ergonomie et sciences infirmi\u00e8res\",\"breadcrumb\":{\"@id\":\"https:\/\/www.he-arc.ch\/en\/projets-recherche\/cah-stev-la-charge-administrative-a-lhopital-entre-systeme-de-travail-et-experience-vecue-une-etude-qualitative-en-ergonomie-et-sciences-infirmieres\/#breadcrumb\"},\"inLanguage\":\"en-US\",\"potentialAction\":[{\"@type\":\"ReadAction\",\"target\":[\"https:\/\/www.he-arc.ch\/en\/projets-recherche\/cah-stev-la-charge-administrative-a-lhopital-entre-systeme-de-travail-et-experience-vecue-une-etude-qualitative-en-ergonomie-et-sciences-infirmieres\/\"]}]},{\"@type\":\"ImageObject\",\"inLanguage\":\"en-US\",\"@id\":\"https:\/\/www.he-arc.ch\/en\/projets-recherche\/cah-stev-la-charge-administrative-a-lhopital-entre-systeme-de-travail-et-experience-vecue-une-etude-qualitative-en-ergonomie-et-sciences-infirmieres\/#primaryimage\",\"url\":\"https:\/\/www.he-arc.ch\/wp-content\/uploads\/2026\/04\/CAH-STEV.jpg\",\"contentUrl\":\"https:\/\/www.he-arc.ch\/wp-content\/uploads\/2026\/04\/CAH-STEV.jpg\",\"width\":827,\"height\":560},{\"@type\":\"BreadcrumbList\",\"@id\":\"https:\/\/www.he-arc.ch\/en\/projets-recherche\/cah-stev-la-charge-administrative-a-lhopital-entre-systeme-de-travail-et-experience-vecue-une-etude-qualitative-en-ergonomie-et-sciences-infirmieres\/#breadcrumb\",\"itemListElement\":[{\"@type\":\"ListItem\",\"position\":1,\"name\":\"Accueil\",\"item\":\"https:\/\/www.he-arc.ch\/en\/\"},{\"@type\":\"ListItem\",\"position\":2,\"name\":\"R&D projects\",\"item\":\"https:\/\/www.he-arc.ch\/en\/rd-projects\/\"},{\"@type\":\"ListItem\",\"position\":3,\"name\":\"CAH-STEV &#8211; La charge administrative \u00e0 l&rsquo;h\u00f4pital, entre syst\u00e8me de travail et exp\u00e9rience v\u00e9cue : Une \u00e9tude qualitative en ergonomie et sciences infirmi\u00e8res\"}]},{\"@type\":\"WebSite\",\"@id\":\"https:\/\/www.he-arc.ch\/en\/#website\",\"url\":\"https:\/\/www.he-arc.ch\/en\/\",\"name\":\"Haute-Ecole Arc\",\"description\":\"Haute \u00e9cole sp\u00e9cialis\u00e9e Suisse. Gestion, Ing\u00e9nierie, Sant\u00e9, Conservation-\u200brestauration.\",\"publisher\":{\"@id\":\"https:\/\/www.he-arc.ch\/en\/#organization\"},\"potentialAction\":[{\"@type\":\"SearchAction\",\"target\":{\"@type\":\"EntryPoint\",\"urlTemplate\":\"https:\/\/www.he-arc.ch\/en\/?s={search_term_string}\"},\"query-input\":{\"@type\":\"PropertyValueSpecification\",\"valueRequired\":true,\"valueName\":\"search_term_string\"}}],\"inLanguage\":\"en-US\"},{\"@type\":\"Organization\",\"@id\":\"https:\/\/www.he-arc.ch\/en\/#organization\",\"name\":\"Haute Ecole Arc\",\"url\":\"https:\/\/www.he-arc.ch\/en\/\",\"logo\":{\"@type\":\"ImageObject\",\"inLanguage\":\"en-US\",\"@id\":\"https:\/\/www.he-arc.ch\/en\/#\/schema\/logo\/image\/\",\"url\":\"https:\/\/www.he-arc.ch\/wp-content\/uploads\/2022\/01\/logo-he-arc.svg\",\"contentUrl\":\"https:\/\/www.he-arc.ch\/wp-content\/uploads\/2022\/01\/logo-he-arc.svg\",\"width\":140,\"height\":42,\"caption\":\"Haute Ecole Arc\"},\"image\":{\"@id\":\"https:\/\/www.he-arc.ch\/en\/#\/schema\/logo\/image\/\"}}]}<\/script>\n<!-- \/ Yoast SEO plugin. -->","yoast_head_json":{"title":"Haute-Ecole Arc - Haute-Ecole Arc","description":"La charge administrative \u00e0 l\u2019h\u00f4pital, entre syst\u00e8me de travail et exp\u00e9rience v\u00e9cue : une \u00e9tude qualitative en ergonomie et sciences infirmi\u00e8res","robots":{"index":"index","follow":"follow","max-snippet":"max-snippet:-1","max-image-preview":"max-image-preview:large","max-video-preview":"max-video-preview:-1"},"canonical":"https:\/\/www.he-arc.ch\/en\/projets-recherche\/cah-stev-la-charge-administrative-a-lhopital-entre-systeme-de-travail-et-experience-vecue-une-etude-qualitative-en-ergonomie-et-sciences-infirmieres\/","og_locale":"en_US","og_type":"article","og_title":"Haute-Ecole Arc - Haute-Ecole Arc","og_description":"La charge administrative \u00e0 l\u2019h\u00f4pital, entre syst\u00e8me de travail et exp\u00e9rience v\u00e9cue : une \u00e9tude qualitative en ergonomie et sciences infirmi\u00e8res","og_url":"https:\/\/www.he-arc.ch\/en\/projets-recherche\/cah-stev-la-charge-administrative-a-lhopital-entre-systeme-de-travail-et-experience-vecue-une-etude-qualitative-en-ergonomie-et-sciences-infirmieres\/","og_site_name":"Haute-Ecole Arc","article_modified_time":"2026-04-28T14:16:47+00:00","og_image":[{"width":827,"height":560,"url":"https:\/\/www.he-arc.ch\/wp-content\/uploads\/2026\/04\/CAH-STEV.jpg","type":"image\/jpeg"}],"twitter_card":"summary_large_image","twitter_misc":{"Est. reading time":"2 minutes"},"schema":{"@context":"https:\/\/schema.org","@graph":[{"@type":"WebPage","@id":"https:\/\/www.he-arc.ch\/en\/projets-recherche\/cah-stev-la-charge-administrative-a-lhopital-entre-systeme-de-travail-et-experience-vecue-une-etude-qualitative-en-ergonomie-et-sciences-infirmieres\/","url":"https:\/\/www.he-arc.ch\/en\/projets-recherche\/cah-stev-la-charge-administrative-a-lhopital-entre-systeme-de-travail-et-experience-vecue-une-etude-qualitative-en-ergonomie-et-sciences-infirmieres\/","name":"Haute-Ecole Arc - Haute-Ecole Arc","isPartOf":{"@id":"https:\/\/www.he-arc.ch\/en\/#website"},"primaryImageOfPage":{"@id":"https:\/\/www.he-arc.ch\/en\/projets-recherche\/cah-stev-la-charge-administrative-a-lhopital-entre-systeme-de-travail-et-experience-vecue-une-etude-qualitative-en-ergonomie-et-sciences-infirmieres\/#primaryimage"},"image":{"@id":"https:\/\/www.he-arc.ch\/en\/projets-recherche\/cah-stev-la-charge-administrative-a-lhopital-entre-systeme-de-travail-et-experience-vecue-une-etude-qualitative-en-ergonomie-et-sciences-infirmieres\/#primaryimage"},"thumbnailUrl":"https:\/\/www.he-arc.ch\/wp-content\/uploads\/2026\/04\/CAH-STEV.jpg","datePublished":"2026-04-28T14:16:46+00:00","dateModified":"2026-04-28T14:16:47+00:00","description":"La charge administrative \u00e0 l\u2019h\u00f4pital, entre syst\u00e8me de travail et exp\u00e9rience v\u00e9cue : une \u00e9tude qualitative en ergonomie et sciences infirmi\u00e8res","breadcrumb":{"@id":"https:\/\/www.he-arc.ch\/en\/projets-recherche\/cah-stev-la-charge-administrative-a-lhopital-entre-systeme-de-travail-et-experience-vecue-une-etude-qualitative-en-ergonomie-et-sciences-infirmieres\/#breadcrumb"},"inLanguage":"en-US","potentialAction":[{"@type":"ReadAction","target":["https:\/\/www.he-arc.ch\/en\/projets-recherche\/cah-stev-la-charge-administrative-a-lhopital-entre-systeme-de-travail-et-experience-vecue-une-etude-qualitative-en-ergonomie-et-sciences-infirmieres\/"]}]},{"@type":"ImageObject","inLanguage":"en-US","@id":"https:\/\/www.he-arc.ch\/en\/projets-recherche\/cah-stev-la-charge-administrative-a-lhopital-entre-systeme-de-travail-et-experience-vecue-une-etude-qualitative-en-ergonomie-et-sciences-infirmieres\/#primaryimage","url":"https:\/\/www.he-arc.ch\/wp-content\/uploads\/2026\/04\/CAH-STEV.jpg","contentUrl":"https:\/\/www.he-arc.ch\/wp-content\/uploads\/2026\/04\/CAH-STEV.jpg","width":827,"height":560},{"@type":"BreadcrumbList","@id":"https:\/\/www.he-arc.ch\/en\/projets-recherche\/cah-stev-la-charge-administrative-a-lhopital-entre-systeme-de-travail-et-experience-vecue-une-etude-qualitative-en-ergonomie-et-sciences-infirmieres\/#breadcrumb","itemListElement":[{"@type":"ListItem","position":1,"name":"Accueil","item":"https:\/\/www.he-arc.ch\/en\/"},{"@type":"ListItem","position":2,"name":"R&D projects","item":"https:\/\/www.he-arc.ch\/en\/rd-projects\/"},{"@type":"ListItem","position":3,"name":"CAH-STEV &#8211; La charge administrative \u00e0 l&rsquo;h\u00f4pital, entre syst\u00e8me de travail et exp\u00e9rience v\u00e9cue : Une \u00e9tude qualitative en ergonomie et sciences infirmi\u00e8res"}]},{"@type":"WebSite","@id":"https:\/\/www.he-arc.ch\/en\/#website","url":"https:\/\/www.he-arc.ch\/en\/","name":"Haute-Ecole Arc","description":"Haute \u00e9cole sp\u00e9cialis\u00e9e Suisse. Gestion, Ing\u00e9nierie, Sant\u00e9, Conservation-\u200brestauration.","publisher":{"@id":"https:\/\/www.he-arc.ch\/en\/#organization"},"potentialAction":[{"@type":"SearchAction","target":{"@type":"EntryPoint","urlTemplate":"https:\/\/www.he-arc.ch\/en\/?s={search_term_string}"},"query-input":{"@type":"PropertyValueSpecification","valueRequired":true,"valueName":"search_term_string"}}],"inLanguage":"en-US"},{"@type":"Organization","@id":"https:\/\/www.he-arc.ch\/en\/#organization","name":"Haute Ecole Arc","url":"https:\/\/www.he-arc.ch\/en\/","logo":{"@type":"ImageObject","inLanguage":"en-US","@id":"https:\/\/www.he-arc.ch\/en\/#\/schema\/logo\/image\/","url":"https:\/\/www.he-arc.ch\/wp-content\/uploads\/2022\/01\/logo-he-arc.svg","contentUrl":"https:\/\/www.he-arc.ch\/wp-content\/uploads\/2022\/01\/logo-he-arc.svg","width":140,"height":42,"caption":"Haute Ecole Arc"},"image":{"@id":"https:\/\/www.he-arc.ch\/en\/#\/schema\/logo\/image\/"}}]}},"_links":{"self":[{"href":"https:\/\/www.he-arc.ch\/en\/wp-json\/wp\/v2\/he-arc_project\/82032","targetHints":{"allow":["GET"]}}],"collection":[{"href":"https:\/\/www.he-arc.ch\/en\/wp-json\/wp\/v2\/he-arc_project"}],"about":[{"href":"https:\/\/www.he-arc.ch\/en\/wp-json\/wp\/v2\/types\/he-arc_project"}],"author":[{"embeddable":true,"href":"https:\/\/www.he-arc.ch\/en\/wp-json\/wp\/v2\/users\/47"}],"version-history":[{"count":1,"href":"https:\/\/www.he-arc.ch\/en\/wp-json\/wp\/v2\/he-arc_project\/82032\/revisions"}],"predecessor-version":[{"id":82036,"href":"https:\/\/www.he-arc.ch\/en\/wp-json\/wp\/v2\/he-arc_project\/82032\/revisions\/82036"}],"wp:featuredmedia":[{"embeddable":true,"href":"https:\/\/www.he-arc.ch\/en\/wp-json\/wp\/v2\/media\/82034"}],"wp:attachment":[{"href":"https:\/\/www.he-arc.ch\/en\/wp-json\/wp\/v2\/media?parent=82032"}],"wp:term":[{"taxonomy":"he-arc_domain","embeddable":true,"href":"https:\/\/www.he-arc.ch\/en\/wp-json\/wp\/v2\/he-arc_domain?post=82032"},{"taxonomy":"he-arc_project_skill","embeddable":true,"href":"https:\/\/www.he-arc.ch\/en\/wp-json\/wp\/v2\/he-arc_project_skill?post=82032"},{"taxonomy":"he-arc_project_year","embeddable":true,"href":"https:\/\/www.he-arc.ch\/en\/wp-json\/wp\/v2\/he-arc_project_year?post=82032"}],"curies":[{"name":"wp","href":"https:\/\/api.w.org\/{rel}","templated":true}]}}