{"id":17832,"date":"2021-05-10T10:04:00","date_gmt":"2021-05-10T10:04:00","guid":{"rendered":"https:\/\/www.he-arc.ch\/publications\/criminalite-economique-et-cybercriminalite-melanges-en-lhonneur-de-la-professeure-isabelle-augsburger-bucheli\/"},"modified":"2022-03-08T16:41:16","modified_gmt":"2022-03-08T15:41:16","slug":"criminalite-economique-et-cybercriminalite-melanges-en-lhonneur-de-la-professeure-isabelle-augsburger-bucheli","status":"publish","type":"he-arc_publication","link":"https:\/\/www.he-arc.ch\/en\/publications\/criminalite-economique-et-cybercriminalite-melanges-en-lhonneur-de-la-professeure-isabelle-augsburger-bucheli\/","title":{"rendered":"Criminalit\u00e9 \u00e9conomique et cybercriminalit\u00e9: m\u00e9langes en l&#8217;honneur de la professeure Isabelle Augsburger-Bucheli"},"content":{"rendered":"<p>B\u00e2le : Helbing Lichtenhahn, 2021<\/p>\n<p><a href=\"https:\/\/people.he-arc.ch\/contact.php?id=512042942\" target=\"_blank\" rel=\"noopener\">S\u00e9bastien Jaquier<\/a>, <a href=\"https:\/\/people.he-arc.ch\/contact.php?id=3560580257\" target=\"_blank\" rel=\"noopener\">Olivier Beaudet-Labrecque<\/a>, <a href=\"https:\/\/people.he-arc.ch\/contact.php?id=3850957943\">Renaud Zbinden<\/a> (\u00e9diteurs)<\/p>\n<ul>\n<li><a href=\"https:\/\/www.helbing.ch\/detail\/ISBN-9783719043988\/Criminalit%C3%A9-%C3%A9conomique-et-cybercriminalit%C3%A9\" target=\"_blank\" rel=\"noopener\">En savoir plus<\/a><\/li>\n<li><a href=\"mailto:fabienne.schader@he-arc.ch?subject=Ouvrage%20%22Criminalit%C3%A9%20%C3%A9conomique%20et%20cybercriminalit%C3%A9%22\">Commande<\/a><\/li>\n<\/ul>\n","protected":false},"author":16,"featured_media":17691,"template":"","he-arc_domain":[2],"class_list":["post-17832","he-arc_publication","type-he-arc_publication","status-publish","has-post-thumbnail","hentry","he-arc_domain-gestion"],"acf":[],"yoast_head":"<!-- This site is optimized with the Yoast SEO plugin v26.6 - https:\/\/yoast.com\/wordpress\/plugins\/seo\/ -->\n<title>Criminalit\u00e9 \u00e9conomique et cybercriminalit\u00e9: m\u00e9langes en l&#039;honneur de la professeure Isabelle Augsburger-Bucheli - Haute-Ecole Arc<\/title>\n<meta name=\"robots\" content=\"index, follow, max-snippet:-1, max-image-preview:large, max-video-preview:-1\" \/>\n<link rel=\"canonical\" href=\"https:\/\/www.he-arc.ch\/en\/publications\/criminalite-economique-et-cybercriminalite-melanges-en-lhonneur-de-la-professeure-isabelle-augsburger-bucheli\/\" \/>\n<meta property=\"og:locale\" content=\"en_US\" \/>\n<meta property=\"og:type\" content=\"article\" \/>\n<meta property=\"og:title\" content=\"Criminalit\u00e9 \u00e9conomique et cybercriminalit\u00e9: m\u00e9langes en l&#039;honneur de la professeure Isabelle Augsburger-Bucheli - Haute-Ecole Arc\" \/>\n<meta property=\"og:description\" content=\"B\u00e2le : Helbing Lichtenhahn, 2021 S\u00e9bastien Jaquier, Olivier Beaudet-Labrecque, Renaud Zbinden (\u00e9diteurs) En savoir plus Commande\" \/>\n<meta property=\"og:url\" content=\"https:\/\/www.he-arc.ch\/en\/publications\/criminalite-economique-et-cybercriminalite-melanges-en-lhonneur-de-la-professeure-isabelle-augsburger-bucheli\/\" \/>\n<meta property=\"og:site_name\" content=\"Haute-Ecole Arc\" \/>\n<meta property=\"article:modified_time\" content=\"2022-03-08T15:41:16+00:00\" \/>\n<meta property=\"og:image\" content=\"https:\/\/www.he-arc.ch\/wp-content\/uploads\/oldsite\/publi\/publications-livre.jpg\" \/>\n\t<meta property=\"og:image:width\" content=\"200\" \/>\n\t<meta property=\"og:image:height\" content=\"117\" \/>\n\t<meta property=\"og:image:type\" content=\"image\/jpeg\" \/>\n<meta name=\"twitter:card\" content=\"summary_large_image\" \/>\n<meta name=\"twitter:label1\" content=\"Est. reading time\" \/>\n\t<meta name=\"twitter:data1\" content=\"1 minute\" \/>\n<script type=\"application\/ld+json\" class=\"yoast-schema-graph\">{\"@context\":\"https:\/\/schema.org\",\"@graph\":[{\"@type\":\"WebPage\",\"@id\":\"https:\/\/www.he-arc.ch\/en\/publications\/criminalite-economique-et-cybercriminalite-melanges-en-lhonneur-de-la-professeure-isabelle-augsburger-bucheli\/\",\"url\":\"https:\/\/www.he-arc.ch\/en\/publications\/criminalite-economique-et-cybercriminalite-melanges-en-lhonneur-de-la-professeure-isabelle-augsburger-bucheli\/\",\"name\":\"Criminalit\u00e9 \u00e9conomique et cybercriminalit\u00e9: m\u00e9langes en l'honneur de la professeure Isabelle Augsburger-Bucheli - Haute-Ecole Arc\",\"isPartOf\":{\"@id\":\"https:\/\/www.he-arc.ch\/en\/#website\"},\"primaryImageOfPage\":{\"@id\":\"https:\/\/www.he-arc.ch\/en\/publications\/criminalite-economique-et-cybercriminalite-melanges-en-lhonneur-de-la-professeure-isabelle-augsburger-bucheli\/#primaryimage\"},\"image\":{\"@id\":\"https:\/\/www.he-arc.ch\/en\/publications\/criminalite-economique-et-cybercriminalite-melanges-en-lhonneur-de-la-professeure-isabelle-augsburger-bucheli\/#primaryimage\"},\"thumbnailUrl\":\"https:\/\/www.he-arc.ch\/wp-content\/uploads\/oldsite\/publi\/publications-livre.jpg\",\"datePublished\":\"2021-05-10T10:04:00+00:00\",\"dateModified\":\"2022-03-08T15:41:16+00:00\",\"breadcrumb\":{\"@id\":\"https:\/\/www.he-arc.ch\/en\/publications\/criminalite-economique-et-cybercriminalite-melanges-en-lhonneur-de-la-professeure-isabelle-augsburger-bucheli\/#breadcrumb\"},\"inLanguage\":\"en-US\",\"potentialAction\":[{\"@type\":\"ReadAction\",\"target\":[\"https:\/\/www.he-arc.ch\/en\/publications\/criminalite-economique-et-cybercriminalite-melanges-en-lhonneur-de-la-professeure-isabelle-augsburger-bucheli\/\"]}]},{\"@type\":\"ImageObject\",\"inLanguage\":\"en-US\",\"@id\":\"https:\/\/www.he-arc.ch\/en\/publications\/criminalite-economique-et-cybercriminalite-melanges-en-lhonneur-de-la-professeure-isabelle-augsburger-bucheli\/#primaryimage\",\"url\":\"https:\/\/www.he-arc.ch\/wp-content\/uploads\/oldsite\/publi\/publications-livre.jpg\",\"contentUrl\":\"https:\/\/www.he-arc.ch\/wp-content\/uploads\/oldsite\/publi\/publications-livre.jpg\",\"width\":200,\"height\":117},{\"@type\":\"BreadcrumbList\",\"@id\":\"https:\/\/www.he-arc.ch\/en\/publications\/criminalite-economique-et-cybercriminalite-melanges-en-lhonneur-de-la-professeure-isabelle-augsburger-bucheli\/#breadcrumb\",\"itemListElement\":[{\"@type\":\"ListItem\",\"position\":1,\"name\":\"Accueil\",\"item\":\"https:\/\/www.he-arc.ch\/en\/\"},{\"@type\":\"ListItem\",\"position\":2,\"name\":\"Publications\",\"item\":\"https:\/\/www.he-arc.ch\/en\/publications\/\"},{\"@type\":\"ListItem\",\"position\":3,\"name\":\"Criminalit\u00e9 \u00e9conomique et cybercriminalit\u00e9: m\u00e9langes en l&rsquo;honneur de la professeure Isabelle Augsburger-Bucheli\"}]},{\"@type\":\"WebSite\",\"@id\":\"https:\/\/www.he-arc.ch\/en\/#website\",\"url\":\"https:\/\/www.he-arc.ch\/en\/\",\"name\":\"Haute-Ecole Arc\",\"description\":\"Haute \u00e9cole sp\u00e9cialis\u00e9e Suisse. Gestion, Ing\u00e9nierie, Sant\u00e9, Conservation-\u200brestauration.\",\"publisher\":{\"@id\":\"https:\/\/www.he-arc.ch\/en\/#organization\"},\"potentialAction\":[{\"@type\":\"SearchAction\",\"target\":{\"@type\":\"EntryPoint\",\"urlTemplate\":\"https:\/\/www.he-arc.ch\/en\/?s={search_term_string}\"},\"query-input\":{\"@type\":\"PropertyValueSpecification\",\"valueRequired\":true,\"valueName\":\"search_term_string\"}}],\"inLanguage\":\"en-US\"},{\"@type\":\"Organization\",\"@id\":\"https:\/\/www.he-arc.ch\/en\/#organization\",\"name\":\"Haute Ecole Arc\",\"url\":\"https:\/\/www.he-arc.ch\/en\/\",\"logo\":{\"@type\":\"ImageObject\",\"inLanguage\":\"en-US\",\"@id\":\"https:\/\/www.he-arc.ch\/en\/#\/schema\/logo\/image\/\",\"url\":\"https:\/\/www.he-arc.ch\/wp-content\/uploads\/2022\/01\/logo-he-arc.svg\",\"contentUrl\":\"https:\/\/www.he-arc.ch\/wp-content\/uploads\/2022\/01\/logo-he-arc.svg\",\"width\":140,\"height\":42,\"caption\":\"Haute Ecole Arc\"},\"image\":{\"@id\":\"https:\/\/www.he-arc.ch\/en\/#\/schema\/logo\/image\/\"}}]}<\/script>\n<!-- \/ Yoast SEO plugin. -->","yoast_head_json":{"title":"Criminalit\u00e9 \u00e9conomique et cybercriminalit\u00e9: m\u00e9langes en l'honneur de la professeure Isabelle Augsburger-Bucheli - Haute-Ecole Arc","robots":{"index":"index","follow":"follow","max-snippet":"max-snippet:-1","max-image-preview":"max-image-preview:large","max-video-preview":"max-video-preview:-1"},"canonical":"https:\/\/www.he-arc.ch\/en\/publications\/criminalite-economique-et-cybercriminalite-melanges-en-lhonneur-de-la-professeure-isabelle-augsburger-bucheli\/","og_locale":"en_US","og_type":"article","og_title":"Criminalit\u00e9 \u00e9conomique et cybercriminalit\u00e9: m\u00e9langes en l'honneur de la professeure Isabelle Augsburger-Bucheli - Haute-Ecole Arc","og_description":"B\u00e2le : Helbing Lichtenhahn, 2021 S\u00e9bastien Jaquier, Olivier Beaudet-Labrecque, Renaud Zbinden (\u00e9diteurs) En savoir plus Commande","og_url":"https:\/\/www.he-arc.ch\/en\/publications\/criminalite-economique-et-cybercriminalite-melanges-en-lhonneur-de-la-professeure-isabelle-augsburger-bucheli\/","og_site_name":"Haute-Ecole Arc","article_modified_time":"2022-03-08T15:41:16+00:00","og_image":[{"width":200,"height":117,"url":"https:\/\/www.he-arc.ch\/wp-content\/uploads\/oldsite\/publi\/publications-livre.jpg","type":"image\/jpeg"}],"twitter_card":"summary_large_image","twitter_misc":{"Est. reading time":"1 minute"},"schema":{"@context":"https:\/\/schema.org","@graph":[{"@type":"WebPage","@id":"https:\/\/www.he-arc.ch\/en\/publications\/criminalite-economique-et-cybercriminalite-melanges-en-lhonneur-de-la-professeure-isabelle-augsburger-bucheli\/","url":"https:\/\/www.he-arc.ch\/en\/publications\/criminalite-economique-et-cybercriminalite-melanges-en-lhonneur-de-la-professeure-isabelle-augsburger-bucheli\/","name":"Criminalit\u00e9 \u00e9conomique et cybercriminalit\u00e9: m\u00e9langes en l'honneur de la professeure Isabelle Augsburger-Bucheli - Haute-Ecole Arc","isPartOf":{"@id":"https:\/\/www.he-arc.ch\/en\/#website"},"primaryImageOfPage":{"@id":"https:\/\/www.he-arc.ch\/en\/publications\/criminalite-economique-et-cybercriminalite-melanges-en-lhonneur-de-la-professeure-isabelle-augsburger-bucheli\/#primaryimage"},"image":{"@id":"https:\/\/www.he-arc.ch\/en\/publications\/criminalite-economique-et-cybercriminalite-melanges-en-lhonneur-de-la-professeure-isabelle-augsburger-bucheli\/#primaryimage"},"thumbnailUrl":"https:\/\/www.he-arc.ch\/wp-content\/uploads\/oldsite\/publi\/publications-livre.jpg","datePublished":"2021-05-10T10:04:00+00:00","dateModified":"2022-03-08T15:41:16+00:00","breadcrumb":{"@id":"https:\/\/www.he-arc.ch\/en\/publications\/criminalite-economique-et-cybercriminalite-melanges-en-lhonneur-de-la-professeure-isabelle-augsburger-bucheli\/#breadcrumb"},"inLanguage":"en-US","potentialAction":[{"@type":"ReadAction","target":["https:\/\/www.he-arc.ch\/en\/publications\/criminalite-economique-et-cybercriminalite-melanges-en-lhonneur-de-la-professeure-isabelle-augsburger-bucheli\/"]}]},{"@type":"ImageObject","inLanguage":"en-US","@id":"https:\/\/www.he-arc.ch\/en\/publications\/criminalite-economique-et-cybercriminalite-melanges-en-lhonneur-de-la-professeure-isabelle-augsburger-bucheli\/#primaryimage","url":"https:\/\/www.he-arc.ch\/wp-content\/uploads\/oldsite\/publi\/publications-livre.jpg","contentUrl":"https:\/\/www.he-arc.ch\/wp-content\/uploads\/oldsite\/publi\/publications-livre.jpg","width":200,"height":117},{"@type":"BreadcrumbList","@id":"https:\/\/www.he-arc.ch\/en\/publications\/criminalite-economique-et-cybercriminalite-melanges-en-lhonneur-de-la-professeure-isabelle-augsburger-bucheli\/#breadcrumb","itemListElement":[{"@type":"ListItem","position":1,"name":"Accueil","item":"https:\/\/www.he-arc.ch\/en\/"},{"@type":"ListItem","position":2,"name":"Publications","item":"https:\/\/www.he-arc.ch\/en\/publications\/"},{"@type":"ListItem","position":3,"name":"Criminalit\u00e9 \u00e9conomique et cybercriminalit\u00e9: m\u00e9langes en l&rsquo;honneur de la professeure Isabelle Augsburger-Bucheli"}]},{"@type":"WebSite","@id":"https:\/\/www.he-arc.ch\/en\/#website","url":"https:\/\/www.he-arc.ch\/en\/","name":"Haute-Ecole Arc","description":"Haute \u00e9cole sp\u00e9cialis\u00e9e Suisse. Gestion, Ing\u00e9nierie, Sant\u00e9, Conservation-\u200brestauration.","publisher":{"@id":"https:\/\/www.he-arc.ch\/en\/#organization"},"potentialAction":[{"@type":"SearchAction","target":{"@type":"EntryPoint","urlTemplate":"https:\/\/www.he-arc.ch\/en\/?s={search_term_string}"},"query-input":{"@type":"PropertyValueSpecification","valueRequired":true,"valueName":"search_term_string"}}],"inLanguage":"en-US"},{"@type":"Organization","@id":"https:\/\/www.he-arc.ch\/en\/#organization","name":"Haute Ecole Arc","url":"https:\/\/www.he-arc.ch\/en\/","logo":{"@type":"ImageObject","inLanguage":"en-US","@id":"https:\/\/www.he-arc.ch\/en\/#\/schema\/logo\/image\/","url":"https:\/\/www.he-arc.ch\/wp-content\/uploads\/2022\/01\/logo-he-arc.svg","contentUrl":"https:\/\/www.he-arc.ch\/wp-content\/uploads\/2022\/01\/logo-he-arc.svg","width":140,"height":42,"caption":"Haute Ecole Arc"},"image":{"@id":"https:\/\/www.he-arc.ch\/en\/#\/schema\/logo\/image\/"}}]}},"_links":{"self":[{"href":"https:\/\/www.he-arc.ch\/en\/wp-json\/wp\/v2\/he-arc_publication\/17832","targetHints":{"allow":["GET"]}}],"collection":[{"href":"https:\/\/www.he-arc.ch\/en\/wp-json\/wp\/v2\/he-arc_publication"}],"about":[{"href":"https:\/\/www.he-arc.ch\/en\/wp-json\/wp\/v2\/types\/he-arc_publication"}],"author":[{"embeddable":true,"href":"https:\/\/www.he-arc.ch\/en\/wp-json\/wp\/v2\/users\/16"}],"version-history":[{"count":3,"href":"https:\/\/www.he-arc.ch\/en\/wp-json\/wp\/v2\/he-arc_publication\/17832\/revisions"}],"predecessor-version":[{"id":25677,"href":"https:\/\/www.he-arc.ch\/en\/wp-json\/wp\/v2\/he-arc_publication\/17832\/revisions\/25677"}],"wp:featuredmedia":[{"embeddable":true,"href":"https:\/\/www.he-arc.ch\/en\/wp-json\/wp\/v2\/media\/17691"}],"wp:attachment":[{"href":"https:\/\/www.he-arc.ch\/en\/wp-json\/wp\/v2\/media?parent=17832"}],"wp:term":[{"taxonomy":"he-arc_domain","embeddable":true,"href":"https:\/\/www.he-arc.ch\/en\/wp-json\/wp\/v2\/he-arc_domain?post=17832"}],"curies":[{"name":"wp","href":"https:\/\/api.w.org\/{rel}","templated":true}]}}