{"id":51731,"date":"2023-12-05T14:28:23","date_gmt":"2023-12-05T13:28:23","guid":{"rendered":"https:\/\/www.he-arc.ch\/?post_type=he-arc_publication&#038;p=51731"},"modified":"2023-12-05T14:28:26","modified_gmt":"2023-12-05T13:28:26","slug":"soins-de-sante-resilients-et-rechauffement-climatique-en-suisse-une-mesure-a-considerer-avec-serieux","status":"publish","type":"he-arc_publication","link":"https:\/\/www.he-arc.ch\/en\/publications\/soins-de-sante-resilients-et-rechauffement-climatique-en-suisse-une-mesure-a-considerer-avec-serieux\/","title":{"rendered":"Soins de sant\u00e9 r\u00e9silients et r\u00e9chauffement climatique en Suisse: une mesure \u00e0 consid\u00e9rer avec s\u00e9rieux"},"content":{"rendered":"\n<p>20 Octobre 2022<\/p>\n\n\n\n<p>Weissbrodt, R., Krsmanovic, B., Hannart-Oppliger, S., Juvet, T., Corbaz-Kurth, S. &amp; Roos, P. (2022). Soins de sant\u00e9 r\u00e9silients et r\u00e9chauffement climatique en Suisse : une mesure \u00e0 consid\u00e9rer avec s\u00e9rieux. <em>Science of Nursing and Health Practices \/ Science infirmi\u00e8re et pratiques en sant\u00e9<\/em>, <em>5<\/em>, 35\u201335. <a href=\"https:\/\/doi.org\/10.7202\/1093095ar\" target=\"_blank\" rel=\"noreferrer noopener\">https:\/\/doi.org\/10.7202\/1093095ar<\/a><\/p>\n","protected":false},"author":20,"featured_media":23535,"template":"","he-arc_domain":[4],"class_list":["post-51731","he-arc_publication","type-he-arc_publication","status-publish","has-post-thumbnail","hentry","he-arc_domain-sante"],"acf":[],"yoast_head":"<!-- This site is optimized with the Yoast SEO plugin v26.6 - https:\/\/yoast.com\/wordpress\/plugins\/seo\/ -->\n<title>Soins de sant\u00e9 r\u00e9silients et r\u00e9chauffement climatique en Suisse: une mesure \u00e0 consid\u00e9rer avec s\u00e9rieux - Haute-Ecole Arc<\/title>\n<meta name=\"robots\" content=\"index, follow, max-snippet:-1, max-image-preview:large, max-video-preview:-1\" \/>\n<link rel=\"canonical\" href=\"https:\/\/www.he-arc.ch\/en\/publications\/soins-de-sante-resilients-et-rechauffement-climatique-en-suisse-une-mesure-a-considerer-avec-serieux\/\" \/>\n<meta property=\"og:locale\" content=\"en_US\" \/>\n<meta property=\"og:type\" content=\"article\" \/>\n<meta property=\"og:title\" content=\"Soins de sant\u00e9 r\u00e9silients et r\u00e9chauffement climatique en Suisse: une mesure \u00e0 consid\u00e9rer avec s\u00e9rieux - Haute-Ecole Arc\" \/>\n<meta property=\"og:description\" content=\"20 Octobre 2022 Weissbrodt, R., Krsmanovic, B., Hannart-Oppliger, S., Juvet, T., Corbaz-Kurth, S. &amp; Roos, P. (2022). Soins de sant\u00e9 r\u00e9silients et r\u00e9chauffement climatique en Suisse : une mesure \u00e0 consid\u00e9rer avec s\u00e9rieux. Science of Nursing and Health Practices \/ Science infirmi\u00e8re et pratiques en sant\u00e9, 5, 35\u201335. https:\/\/doi.org\/10.7202\/1093095ar\" \/>\n<meta property=\"og:url\" content=\"https:\/\/www.he-arc.ch\/en\/publications\/soins-de-sante-resilients-et-rechauffement-climatique-en-suisse-une-mesure-a-considerer-avec-serieux\/\" \/>\n<meta property=\"og:site_name\" content=\"Haute-Ecole Arc\" \/>\n<meta property=\"article:modified_time\" content=\"2023-12-05T13:28:26+00:00\" \/>\n<meta property=\"og:image\" content=\"https:\/\/www.he-arc.ch\/wp-content\/uploads\/2022\/01\/schreyer_1200137-scaled.jpg\" \/>\n\t<meta property=\"og:image:width\" content=\"2560\" \/>\n\t<meta property=\"og:image:height\" content=\"1703\" \/>\n\t<meta property=\"og:image:type\" content=\"image\/jpeg\" \/>\n<meta name=\"twitter:card\" content=\"summary_large_image\" \/>\n<meta name=\"twitter:label1\" content=\"Est. reading time\" \/>\n\t<meta name=\"twitter:data1\" content=\"1 minute\" \/>\n<script type=\"application\/ld+json\" class=\"yoast-schema-graph\">{\"@context\":\"https:\/\/schema.org\",\"@graph\":[{\"@type\":\"WebPage\",\"@id\":\"https:\/\/www.he-arc.ch\/en\/publications\/soins-de-sante-resilients-et-rechauffement-climatique-en-suisse-une-mesure-a-considerer-avec-serieux\/\",\"url\":\"https:\/\/www.he-arc.ch\/en\/publications\/soins-de-sante-resilients-et-rechauffement-climatique-en-suisse-une-mesure-a-considerer-avec-serieux\/\",\"name\":\"Soins de sant\u00e9 r\u00e9silients et r\u00e9chauffement climatique en Suisse: une mesure \u00e0 consid\u00e9rer avec s\u00e9rieux - Haute-Ecole Arc\",\"isPartOf\":{\"@id\":\"https:\/\/www.he-arc.ch\/en\/#website\"},\"primaryImageOfPage\":{\"@id\":\"https:\/\/www.he-arc.ch\/en\/publications\/soins-de-sante-resilients-et-rechauffement-climatique-en-suisse-une-mesure-a-considerer-avec-serieux\/#primaryimage\"},\"image\":{\"@id\":\"https:\/\/www.he-arc.ch\/en\/publications\/soins-de-sante-resilients-et-rechauffement-climatique-en-suisse-une-mesure-a-considerer-avec-serieux\/#primaryimage\"},\"thumbnailUrl\":\"https:\/\/www.he-arc.ch\/wp-content\/uploads\/2022\/01\/schreyer_1200137-scaled.jpg\",\"datePublished\":\"2023-12-05T13:28:23+00:00\",\"dateModified\":\"2023-12-05T13:28:26+00:00\",\"breadcrumb\":{\"@id\":\"https:\/\/www.he-arc.ch\/en\/publications\/soins-de-sante-resilients-et-rechauffement-climatique-en-suisse-une-mesure-a-considerer-avec-serieux\/#breadcrumb\"},\"inLanguage\":\"en-US\",\"potentialAction\":[{\"@type\":\"ReadAction\",\"target\":[\"https:\/\/www.he-arc.ch\/en\/publications\/soins-de-sante-resilients-et-rechauffement-climatique-en-suisse-une-mesure-a-considerer-avec-serieux\/\"]}]},{\"@type\":\"ImageObject\",\"inLanguage\":\"en-US\",\"@id\":\"https:\/\/www.he-arc.ch\/en\/publications\/soins-de-sante-resilients-et-rechauffement-climatique-en-suisse-une-mesure-a-considerer-avec-serieux\/#primaryimage\",\"url\":\"https:\/\/www.he-arc.ch\/wp-content\/uploads\/2022\/01\/schreyer_1200137-scaled.jpg\",\"contentUrl\":\"https:\/\/www.he-arc.ch\/wp-content\/uploads\/2022\/01\/schreyer_1200137-scaled.jpg\",\"width\":2560,\"height\":1703,\"caption\":\"Location : HE-Arc - Neuch\u00e2tel - Switzerland \/ Use only for the communication of HE-Arc \/ Please mention the photograph by \\\"picture : patriceschreyer.com\\\".\"},{\"@type\":\"BreadcrumbList\",\"@id\":\"https:\/\/www.he-arc.ch\/en\/publications\/soins-de-sante-resilients-et-rechauffement-climatique-en-suisse-une-mesure-a-considerer-avec-serieux\/#breadcrumb\",\"itemListElement\":[{\"@type\":\"ListItem\",\"position\":1,\"name\":\"Accueil\",\"item\":\"https:\/\/www.he-arc.ch\/en\/\"},{\"@type\":\"ListItem\",\"position\":2,\"name\":\"Publications\",\"item\":\"https:\/\/www.he-arc.ch\/en\/publications\/\"},{\"@type\":\"ListItem\",\"position\":3,\"name\":\"Soins de sant\u00e9 r\u00e9silients et r\u00e9chauffement climatique en Suisse: une mesure \u00e0 consid\u00e9rer avec s\u00e9rieux\"}]},{\"@type\":\"WebSite\",\"@id\":\"https:\/\/www.he-arc.ch\/en\/#website\",\"url\":\"https:\/\/www.he-arc.ch\/en\/\",\"name\":\"Haute-Ecole Arc\",\"description\":\"Haute \u00e9cole sp\u00e9cialis\u00e9e Suisse. Gestion, Ing\u00e9nierie, Sant\u00e9, Conservation-\u200brestauration.\",\"publisher\":{\"@id\":\"https:\/\/www.he-arc.ch\/en\/#organization\"},\"potentialAction\":[{\"@type\":\"SearchAction\",\"target\":{\"@type\":\"EntryPoint\",\"urlTemplate\":\"https:\/\/www.he-arc.ch\/en\/?s={search_term_string}\"},\"query-input\":{\"@type\":\"PropertyValueSpecification\",\"valueRequired\":true,\"valueName\":\"search_term_string\"}}],\"inLanguage\":\"en-US\"},{\"@type\":\"Organization\",\"@id\":\"https:\/\/www.he-arc.ch\/en\/#organization\",\"name\":\"Haute Ecole Arc\",\"url\":\"https:\/\/www.he-arc.ch\/en\/\",\"logo\":{\"@type\":\"ImageObject\",\"inLanguage\":\"en-US\",\"@id\":\"https:\/\/www.he-arc.ch\/en\/#\/schema\/logo\/image\/\",\"url\":\"https:\/\/www.he-arc.ch\/wp-content\/uploads\/2022\/01\/logo-he-arc.svg\",\"contentUrl\":\"https:\/\/www.he-arc.ch\/wp-content\/uploads\/2022\/01\/logo-he-arc.svg\",\"width\":140,\"height\":42,\"caption\":\"Haute Ecole Arc\"},\"image\":{\"@id\":\"https:\/\/www.he-arc.ch\/en\/#\/schema\/logo\/image\/\"}}]}<\/script>\n<!-- \/ Yoast SEO plugin. -->","yoast_head_json":{"title":"Soins de sant\u00e9 r\u00e9silients et r\u00e9chauffement climatique en Suisse: une mesure \u00e0 consid\u00e9rer avec s\u00e9rieux - Haute-Ecole Arc","robots":{"index":"index","follow":"follow","max-snippet":"max-snippet:-1","max-image-preview":"max-image-preview:large","max-video-preview":"max-video-preview:-1"},"canonical":"https:\/\/www.he-arc.ch\/en\/publications\/soins-de-sante-resilients-et-rechauffement-climatique-en-suisse-une-mesure-a-considerer-avec-serieux\/","og_locale":"en_US","og_type":"article","og_title":"Soins de sant\u00e9 r\u00e9silients et r\u00e9chauffement climatique en Suisse: une mesure \u00e0 consid\u00e9rer avec s\u00e9rieux - Haute-Ecole Arc","og_description":"20 Octobre 2022 Weissbrodt, R., Krsmanovic, B., Hannart-Oppliger, S., Juvet, T., Corbaz-Kurth, S. &amp; Roos, P. (2022). Soins de sant\u00e9 r\u00e9silients et r\u00e9chauffement climatique en Suisse : une mesure \u00e0 consid\u00e9rer avec s\u00e9rieux. Science of Nursing and Health Practices \/ Science infirmi\u00e8re et pratiques en sant\u00e9, 5, 35\u201335. https:\/\/doi.org\/10.7202\/1093095ar","og_url":"https:\/\/www.he-arc.ch\/en\/publications\/soins-de-sante-resilients-et-rechauffement-climatique-en-suisse-une-mesure-a-considerer-avec-serieux\/","og_site_name":"Haute-Ecole Arc","article_modified_time":"2023-12-05T13:28:26+00:00","og_image":[{"width":2560,"height":1703,"url":"https:\/\/www.he-arc.ch\/wp-content\/uploads\/2022\/01\/schreyer_1200137-scaled.jpg","type":"image\/jpeg"}],"twitter_card":"summary_large_image","twitter_misc":{"Est. reading time":"1 minute"},"schema":{"@context":"https:\/\/schema.org","@graph":[{"@type":"WebPage","@id":"https:\/\/www.he-arc.ch\/en\/publications\/soins-de-sante-resilients-et-rechauffement-climatique-en-suisse-une-mesure-a-considerer-avec-serieux\/","url":"https:\/\/www.he-arc.ch\/en\/publications\/soins-de-sante-resilients-et-rechauffement-climatique-en-suisse-une-mesure-a-considerer-avec-serieux\/","name":"Soins de sant\u00e9 r\u00e9silients et r\u00e9chauffement climatique en Suisse: une mesure \u00e0 consid\u00e9rer avec s\u00e9rieux - Haute-Ecole Arc","isPartOf":{"@id":"https:\/\/www.he-arc.ch\/en\/#website"},"primaryImageOfPage":{"@id":"https:\/\/www.he-arc.ch\/en\/publications\/soins-de-sante-resilients-et-rechauffement-climatique-en-suisse-une-mesure-a-considerer-avec-serieux\/#primaryimage"},"image":{"@id":"https:\/\/www.he-arc.ch\/en\/publications\/soins-de-sante-resilients-et-rechauffement-climatique-en-suisse-une-mesure-a-considerer-avec-serieux\/#primaryimage"},"thumbnailUrl":"https:\/\/www.he-arc.ch\/wp-content\/uploads\/2022\/01\/schreyer_1200137-scaled.jpg","datePublished":"2023-12-05T13:28:23+00:00","dateModified":"2023-12-05T13:28:26+00:00","breadcrumb":{"@id":"https:\/\/www.he-arc.ch\/en\/publications\/soins-de-sante-resilients-et-rechauffement-climatique-en-suisse-une-mesure-a-considerer-avec-serieux\/#breadcrumb"},"inLanguage":"en-US","potentialAction":[{"@type":"ReadAction","target":["https:\/\/www.he-arc.ch\/en\/publications\/soins-de-sante-resilients-et-rechauffement-climatique-en-suisse-une-mesure-a-considerer-avec-serieux\/"]}]},{"@type":"ImageObject","inLanguage":"en-US","@id":"https:\/\/www.he-arc.ch\/en\/publications\/soins-de-sante-resilients-et-rechauffement-climatique-en-suisse-une-mesure-a-considerer-avec-serieux\/#primaryimage","url":"https:\/\/www.he-arc.ch\/wp-content\/uploads\/2022\/01\/schreyer_1200137-scaled.jpg","contentUrl":"https:\/\/www.he-arc.ch\/wp-content\/uploads\/2022\/01\/schreyer_1200137-scaled.jpg","width":2560,"height":1703,"caption":"Location : HE-Arc - Neuch\u00e2tel - Switzerland \/ Use only for the communication of HE-Arc \/ Please mention the photograph by \"picture : patriceschreyer.com\"."},{"@type":"BreadcrumbList","@id":"https:\/\/www.he-arc.ch\/en\/publications\/soins-de-sante-resilients-et-rechauffement-climatique-en-suisse-une-mesure-a-considerer-avec-serieux\/#breadcrumb","itemListElement":[{"@type":"ListItem","position":1,"name":"Accueil","item":"https:\/\/www.he-arc.ch\/en\/"},{"@type":"ListItem","position":2,"name":"Publications","item":"https:\/\/www.he-arc.ch\/en\/publications\/"},{"@type":"ListItem","position":3,"name":"Soins de sant\u00e9 r\u00e9silients et r\u00e9chauffement climatique en Suisse: une mesure \u00e0 consid\u00e9rer avec s\u00e9rieux"}]},{"@type":"WebSite","@id":"https:\/\/www.he-arc.ch\/en\/#website","url":"https:\/\/www.he-arc.ch\/en\/","name":"Haute-Ecole Arc","description":"Haute \u00e9cole sp\u00e9cialis\u00e9e Suisse. Gestion, Ing\u00e9nierie, Sant\u00e9, Conservation-\u200brestauration.","publisher":{"@id":"https:\/\/www.he-arc.ch\/en\/#organization"},"potentialAction":[{"@type":"SearchAction","target":{"@type":"EntryPoint","urlTemplate":"https:\/\/www.he-arc.ch\/en\/?s={search_term_string}"},"query-input":{"@type":"PropertyValueSpecification","valueRequired":true,"valueName":"search_term_string"}}],"inLanguage":"en-US"},{"@type":"Organization","@id":"https:\/\/www.he-arc.ch\/en\/#organization","name":"Haute Ecole Arc","url":"https:\/\/www.he-arc.ch\/en\/","logo":{"@type":"ImageObject","inLanguage":"en-US","@id":"https:\/\/www.he-arc.ch\/en\/#\/schema\/logo\/image\/","url":"https:\/\/www.he-arc.ch\/wp-content\/uploads\/2022\/01\/logo-he-arc.svg","contentUrl":"https:\/\/www.he-arc.ch\/wp-content\/uploads\/2022\/01\/logo-he-arc.svg","width":140,"height":42,"caption":"Haute Ecole Arc"},"image":{"@id":"https:\/\/www.he-arc.ch\/en\/#\/schema\/logo\/image\/"}}]}},"_links":{"self":[{"href":"https:\/\/www.he-arc.ch\/en\/wp-json\/wp\/v2\/he-arc_publication\/51731","targetHints":{"allow":["GET"]}}],"collection":[{"href":"https:\/\/www.he-arc.ch\/en\/wp-json\/wp\/v2\/he-arc_publication"}],"about":[{"href":"https:\/\/www.he-arc.ch\/en\/wp-json\/wp\/v2\/types\/he-arc_publication"}],"author":[{"embeddable":true,"href":"https:\/\/www.he-arc.ch\/en\/wp-json\/wp\/v2\/users\/20"}],"version-history":[{"count":4,"href":"https:\/\/www.he-arc.ch\/en\/wp-json\/wp\/v2\/he-arc_publication\/51731\/revisions"}],"predecessor-version":[{"id":51736,"href":"https:\/\/www.he-arc.ch\/en\/wp-json\/wp\/v2\/he-arc_publication\/51731\/revisions\/51736"}],"wp:featuredmedia":[{"embeddable":true,"href":"https:\/\/www.he-arc.ch\/en\/wp-json\/wp\/v2\/media\/23535"}],"wp:attachment":[{"href":"https:\/\/www.he-arc.ch\/en\/wp-json\/wp\/v2\/media?parent=51731"}],"wp:term":[{"taxonomy":"he-arc_domain","embeddable":true,"href":"https:\/\/www.he-arc.ch\/en\/wp-json\/wp\/v2\/he-arc_domain?post=51731"}],"curies":[{"name":"wp","href":"https:\/\/api.w.org\/{rel}","templated":true}]}}