{"id":43573,"date":"2021-08-24T11:14:00","date_gmt":"2021-08-24T09:14:00","guid":{"rendered":"https:\/\/www.he-arc.ch\/?p=43573"},"modified":"2025-04-29T09:16:01","modified_gmt":"2025-04-29T07:16:01","slug":"institut-du-management-des-villes-et-du-territoire-imvt","status":"publish","type":"page","link":"https:\/\/www.he-arc.ch\/en\/business-management\/institut-du-management-des-villes-et-du-territoire-imvt\/","title":{"rendered":"Institute of Cities and Regional Management (IMVT)"},"content":{"rendered":"<header class=\"hero-section is-simple page-max is-wide\">\n  <div class=\"hero\">\n    <div class=\"hero-nav page-max\">\n      \n  <div class=\"breadcrumb hidden-print\">\n    <div class=\"breadcrumb-house\"><img decoding=\"async\" src=\"https:\/\/www.he-arc.ch\/wp-content\/themes\/he-arc\/static\/images\/icon-house.svg\" loading=\"lazy\" alt=\"\" height=\"12\"><\/div>\n    <a href=\"https:\/\/www.he-arc.ch\/en\/\" class=\"breadcrumb-link\">HE-Arc<\/a>\n    <div class=\"breadcrumb-bullet\"><\/div>\n\n          <a href=\"\/\/\" class=\"breadcrumb-link\"><\/a>\n      <div class=\"breadcrumb-bullet\"><\/div>\n    \n    \n              \n    \n    \n    \n    <span class=\"breadcrumb-link is-active pointer-none\">Institute of Cities and Regional Management (IMVT)<\/span>\n  <\/div>\n\n          <\/div>\n    <div class=\"hero-row is-simple page-max\">\n      <div>\n        <span class=\"hero__overline display-block\"><\/span>\n        <h1 class=\"hero__title is-small\">Institute of Cities and Regional Management (IMVT)<\/h1>\n      <\/div>\n    <\/div>\n  <\/div>\n<\/header>\n\n\n<section class=\"page-section\">\n\n  <div class=\"page-menu--mobile is-shadowed--bold\">\n    <a href=\"#sidebar_contact\" class=\"btn-link border-none w-inline-block\">\n      <span class=\"btn-link__title is-goto\">Contact and Infos<\/span>\n    <\/a>\n  <\/div>\n\n  <div class=\"page-section__inner page-max\">\n\n    <div class=\"article__content is-with-aside\">\n\n      <div class=\"rich-text w-richtext\">\n                \n<div class=\"article__intro rich-text is-large w-richtext\">\n      <p>The mission of the Institute of Cities and Regional Management (IMVT) is to support the development of public, private, and associative organisations in relation to the jurisdiction they occupy.<\/p>\n\n  <\/div>\n\n\n\n<figure class=\"wp-block-image size-large is-resized is-style-default\"><img decoding=\"async\" width=\"1024\" height=\"784\" src=\"https:\/\/www.he-arc.ch\/wp-content\/uploads\/2021\/09\/Man-placing-City-Hall--1024x784.png\" alt=\"\" class=\"wp-image-2931\" style=\"width:512px;height:392px\" srcset=\"https:\/\/www.he-arc.ch\/wp-content\/uploads\/2021\/09\/Man-placing-City-Hall--1024x784.png 1024w, https:\/\/www.he-arc.ch\/wp-content\/uploads\/2021\/09\/Man-placing-City-Hall--300x230.png 300w, https:\/\/www.he-arc.ch\/wp-content\/uploads\/2021\/09\/Man-placing-City-Hall--768x588.png 768w, https:\/\/www.he-arc.ch\/wp-content\/uploads\/2021\/09\/Man-placing-City-Hall-.png 1134w\" sizes=\"(max-width: 1024px) 100vw, 1024px\" \/><\/figure>\n\n\n\n<p>Since the early 2000s, the IMVT has been carrying out mandates for these organisations, as well as applied research, financed by cantonal, national, and international research funds.<\/p>\n\n\n\n<h2 class=\"wp-block-heading\"><strong>Areas of Activity<\/strong><\/h2>\n\n\n\n<p>The main areas of activity of the IMVT are the economic, demographic, social, cultural, tourist and environmental development of regions and their public, private and associative organisations. The institute also integrates climate issues, energy transition and carbon accounting in its diagnoses and proposals.<\/p>\n\n\n\n<h2 class=\"wp-block-heading\"><strong>Holistic approach of the Institute (IMVT)<\/strong><\/h2>\n\n\n\n<p>To our knowledge, the IMVT is the only applied research institute in Switzerland which considers all public, private or associative organisations as an integral part of a region, whether it is sub-municipal, communal, cantonal or regional. It is at this intersection of the region and the organisations in which economic, social, cultural, logistical and environmental issues arise, and where solutions emerge, both to contribute to regional development and to the organisations occupying it. In principle, our intervention methods have two main stages: diagnosis and remedy. <\/p>\n\n\n\n<p>Our multi-disciplinary team is highly skilled in the statistical, financial, qualitative, quantitative, social, and environmental diagnosis of regions and the companies and inhabitants located there. Since any issue can be summed up as an imbalance between human and non-human entities which make up the region (lack of information, financial leaks, destruction of resources, conflicts, etc.), any solution requires a strengthening of the co-operation between the said entities, including the environment. Our multidisciplinary skills in Social Sciences (Geography, Economics, Sociology, Anthropology), Strategy, Finance and Logistics enable us to put together globally adapted and concrete solutions based on the principle of co-operation.<\/p>\n\n\n\n<h2 class=\"wp-block-heading\">Projects<\/h2>\n\n\n<div class=\"is-not-contained \">\n    \n    \n    \n                <ul class=\"flex-row is-not-contained w-list-unstyled \">\n                                                      <li class=\"size-full size-full-mobile\" data-theme=\"2\">\n              <a href=\"https:\/\/www.he-arc.ch\/en\/projets-recherche\/une-approche-dia-generative-pour-linnovation-collaborative\/\"  class=\"project-card is-shadowed\">\n                                  <div class=\"project-card__image\" style=\"background-image: url(https:\/\/www.he-arc.ch\/wp-content\/uploads\/2021\/09\/Man-placing-City-Hall-.png)\"><\/div>\n                                <div class=\"cta-card__inner\">\n                  <div class=\"event-card__meta mb-0 border-none\">\n                    <div class=\"display-flex align-bottom mb-1\">\n                      <span class=\"tag mr-1 is-bordered\">Business Management<\/span>\n                                          <\/div>\n                  <\/div>\n                  <h3 class=\"card__title pretty-underline is-xlarge\">Une approche d\u2019IA g\u00e9n\u00e9rative pour l\u2019innovation collaborative<\/h3>\n                                    <div class=\"cta-card__description is-large\">\n                                          Les m\u00e9thodologies traditionnelles d\u2019id\u00e9ation, ou plus g\u00e9n\u00e9ralement d\u2019innovation, telles que Concept Knowledge (CK), Design Thinking (DT) jouent un r\u00f4le central dans le processus d\u2019id\u00e9ation mais se heurtent \u00e0 des limites lorsqu\u2019il s\u2019agit de s\u2019adapter \u00e0 des d\u00e9fis complexes et transdisciplinaires.\n                                      <\/div>\n                                    <span class=\"cta-card__featured\">\u2606<\/span>                <\/div>\n              <\/a>\n\n            <\/li>\n                        <\/ul>\n                <ul class=\"flex-row is-not-contained w-list-unstyled mt-1\">\n                                                      <li class=\"size-full size-full-mobile\" data-theme=\"2\">\n              <a href=\"https:\/\/www.he-arc.ch\/en\/projets-recherche\/evaluation-du-projet-pilote-daction-sociale-de-proximite-de-courtetelle\/\"  class=\"project-card is-shadowed\">\n                                  <div class=\"project-card__image\" style=\"background-image: url(https:\/\/www.he-arc.ch\/wp-content\/uploads\/2021\/09\/Man-placing-City-Hall-.png)\"><\/div>\n                                <div class=\"cta-card__inner\">\n                  <div class=\"event-card__meta mb-0 border-none\">\n                    <div class=\"display-flex align-bottom mb-1\">\n                      <span class=\"tag mr-1 is-bordered\">Business Management<\/span>\n                                          <\/div>\n                  <\/div>\n                  <h3 class=\"card__title pretty-underline is-xlarge\">Evaluation du projet-pilote d\u2019action sociale de proximit\u00e9 de Court\u00e9telle<\/h3>\n                                    <div class=\"cta-card__description is-large\">\n                                          Les Services sociaux r\u00e9gionaux de la R\u00e9publique et Canton du Jura ont mis en place un projet-pilote d\u2019action sociale de proximit\u00e9 pour leur permettre de d\u00e9velopper leurs propres outils de pr\u00e9vention en mati\u00e8re d\u2019int\u00e9gration sociale, via une d\u00e9marche participative. \n                                      <\/div>\n                                    <span class=\"cta-card__featured\">\u2606<\/span>                <\/div>\n              <\/a>\n\n            <\/li>\n                        <\/ul>\n                <ul class=\"flex-row is-not-contained w-list-unstyled mt-1\">\n                                                      <li class=\"size-full size-full-mobile\" data-theme=\"2\">\n              <a href=\"https:\/\/www.he-arc.ch\/en\/projets-recherche\/impacts-economiques-dun-studio-de-cinema-pour-le-canton-de-neuchatel\/\"  class=\"project-card is-shadowed\">\n                                  <div class=\"project-card__image\" style=\"background-image: url(https:\/\/www.he-arc.ch\/wp-content\/uploads\/2021\/09\/Man-placing-City-Hall-.png)\"><\/div>\n                                <div class=\"cta-card__inner\">\n                  <div class=\"event-card__meta mb-0 border-none\">\n                    <div class=\"display-flex align-bottom mb-1\">\n                      <span class=\"tag mr-1 is-bordered\">Business Management<\/span>\n                                          <\/div>\n                  <\/div>\n                  <h3 class=\"card__title pretty-underline is-xlarge\">Impacts \u00e9conomiques d\u2019un studio de cin\u00e9ma pour le canton de Neuch\u00e2tel<\/h3>\n                                    <div class=\"cta-card__description is-large\">\n                                          Cette \u00e9tude exploratoire cherche \u00e0 mesurer l\u2019impact \u00e9conomique pour le canton de Neuch\u00e2tel d\u00e9coulant de l\u2019installation d\u2019un studio de cin\u00e9ma. \n                                      <\/div>\n                                    <span class=\"cta-card__featured\">\u2606<\/span>                <\/div>\n              <\/a>\n\n            <\/li>\n                        <\/ul>\n      <\/div>\n\n\n\n  <a href=\"https:\/\/www.he-arc.ch\/projets-recherche\/?_domain=gestion&#038;_skill_group=management-des-villes-et-du-territoire\"  class=\"btn-primary is-arrowed \">\n    <div class=\"btn-primary__title\">All projects<\/div>\n  <\/a>\n\n\n\n<p><\/p>\n\n\n\n<h2 class=\"wp-block-heading\" id=\"collaborations\">Collaboration<\/h2>\n\n\n\n<p>The Institute regularly works with the Research Group of Regional Economy (Groupe de recherche en \u00e9conomie territorial &#8211; GRET) of the <a href=\"https:\/\/www.unine.ch\/socio\/recherche\/\" target=\"_blank\" rel=\"noreferrer noopener\">University of Neuch\u00e2tel<\/a> in the organisation of training courses and conferences dedicated to regional development. Although the missions of the IMVT and the GRET are different, they are complementary; the same theoretical basis unites these two institutes: the residential and presential economy.<\/p>\n\n\n\n<p>Many local authorities and institutional organisations also collaborate regularly with the IMVT.<\/p>\n\n\n\n<h2 class=\"wp-block-heading\">Publications<\/h2>\n\n\n\n<div id=\"resource-card-block_15b5f5564cb9d03ed5859c5c75513a14\" class=\" link-list is-padded mt-3\">\n  <div class=\"link-list__title\">Working papers<\/div>\n  <div class=\"col-count-2\">\n          <div class=\"link-list__item\">\n                  <a href=\"https:\/\/www.he-arc.ch\/wp-content\/uploads\/2022\/05\/GES-COM220512-Working-paper-Impact-de-la-mise-en-place-dune-demarche-RSE-sur-le-SCM.pdf\" alt=\"\" class=\"simple-link is-doc\" target='_blank'>\n            Impact de la mise en place d\u2019une d\u00e9marche de responsabilit\u00e9 soci\u00e9tale d\u2019entreprise sur le Supply Chain Management\n          <\/a>\n              <\/div>\n          <div class=\"link-list__item\">\n                  <a href=\"https:\/\/www.he-arc.ch\/wp-content\/uploads\/2022\/03\/GES-COM190901-Working-Paper-CIRCALOG.pdf\" alt=\"Working Paper Les circuits alimentaires de proximit\u00e9 dans le domaine de la restauration collective : le cas de la r\u00e9gion BEJUNE\" class=\"simple-link is-doc\" target='_blank'>\n            Les circuits alimentaires de proximit\u00e9 dans le domaine de la restauration collective: le cas de la r\u00e9gion BEJUNE\n          <\/a>\n              <\/div>\n      <\/div>\n<\/div>\n\n\n<div id=\"cta-card-block_8563afeba1f402005ddcd848c1e9c87d\" class=\"contact-card is-shadowed mb-2-5 is-not-contained\">\n  <div class=\"contact-card__inner\">\n    <div class=\"contact-entry\">\n      <a href=\"https:\/\/www.he-arc.ch\/publications\/?_domain=gestion\"  class=\"simple-link is-large contact-entry mb-1\">All publications<\/a>\n    <\/div>\n  <\/div>\n<\/div>\n\n\n\n<h2 class=\"wp-block-heading\" id=\"equipe\">Research Team<\/h2>\n\n\n\n<div class=\"cta-cards  \">\n\n    \n      \n        <ul class=\"flex-row mt-3 w-list-unstyled\">\n              <li class=\"size-1-3 size-full-mobile\">\n  \n    <a href=\"https:\/\/people.he-arc.ch\/contact.php?id=2837003\"  class=\"cta-card is-shadowed\">\n      <div class=\"cta-card__inner\">\n            <h3 class=\"cta-card__title pretty-underline\">Nicolas Babey<\/h3>\n      <p class=\"cta-card__description\">Dean<\/p>\n    <\/div>\n    <\/a>\n  <\/li>\n              <li class=\"size-1-3 size-full-mobile\">\n  \n    <a href=\"https:\/\/people.he-arc.ch\/contact.php?id=4775062378\"  class=\"cta-card is-shadowed\">\n      <div class=\"cta-card__inner\">\n            <h3 class=\"cta-card__title pretty-underline\">Lukas Baschung<\/h3>\n      <p class=\"cta-card__description\"><\/p>\n    <\/div>\n    <\/a>\n  <\/li>\n              <li class=\"size-1-3 size-full-mobile\">\n  \n    <a href=\"https:\/\/people.he-arc.ch\/contact.php?id=945198976\"  class=\"cta-card is-shadowed\">\n      <div class=\"cta-card__inner\">\n            <h3 class=\"cta-card__title pretty-underline\">Lamia Ben Hamida<\/h3>\n      <p class=\"cta-card__description\"><\/p>\n    <\/div>\n    <\/a>\n  <\/li>\n          <\/ul>\n\n    \n      \n        <ul class=\"flex-row  w-list-unstyled\">\n              <li class=\"size-1-3 size-full-mobile\">\n  \n    <a href=\"https:\/\/people.he-arc.ch\/contact.php?id=304634871\"  class=\"cta-card is-shadowed\">\n      <div class=\"cta-card__inner\">\n            <h3 class=\"cta-card__title pretty-underline\">Thierry Bregnard<\/h3>\n      <p class=\"cta-card__description\"><\/p>\n    <\/div>\n    <\/a>\n  <\/li>\n              <li class=\"size-1-3 size-full-mobile\">\n  \n    <a href=\"https:\/\/people.he-arc.ch\/contact.php?id=3077552717\"  class=\"cta-card is-shadowed\">\n      <div class=\"cta-card__inner\">\n            <h3 class=\"cta-card__title pretty-underline\">Karine Doan<\/h3>\n      <p class=\"cta-card__description\"><\/p>\n    <\/div>\n    <\/a>\n  <\/li>\n              <li class=\"size-1-3 size-full-mobile\">\n  \n    <a href=\"https:\/\/people.he-arc.ch\/contact.php?id=3187080774\"  class=\"cta-card is-shadowed\">\n      <div class=\"cta-card__inner\">\n            <h3 class=\"cta-card__title pretty-underline\">M\u00e9lanie Gagnebin Brown<\/h3>\n      <p class=\"cta-card__description\"><\/p>\n    <\/div>\n    <\/a>\n  <\/li>\n          <\/ul>\n\n    \n      \n        <ul class=\"flex-row  w-list-unstyled\">\n              <li class=\"size-1-3 size-full-mobile\">\n  \n    <a href=\"https:\/\/people.he-arc.ch\/contact.php?id=6153303797\"  class=\"cta-card is-shadowed\">\n      <div class=\"cta-card__inner\">\n            <h3 class=\"cta-card__title pretty-underline\">Stefanie Hasler<\/h3>\n      <p class=\"cta-card__description\"><\/p>\n    <\/div>\n    <\/a>\n  <\/li>\n              <li class=\"size-1-3 size-full-mobile\">\n  \n    <a href=\"J\u00e9r\u00f4me Heim\"  class=\"cta-card is-shadowed\">\n      <div class=\"cta-card__inner\">\n            <h3 class=\"cta-card__title pretty-underline\">J\u00e9r\u00f4me Heim<\/h3>\n      <p class=\"cta-card__description\"><\/p>\n    <\/div>\n    <\/a>\n  <\/li>\n              <li class=\"size-1-3 size-full-mobile\">\n  \n    <a href=\"https:\/\/people.he-arc.ch\/contact.php?id=1773555976\"  class=\"cta-card is-shadowed\">\n      <div class=\"cta-card__inner\">\n            <h3 class=\"cta-card__title pretty-underline\">Calin Ionescu<\/h3>\n      <p class=\"cta-card__description\"><\/p>\n    <\/div>\n    <\/a>\n  <\/li>\n          <\/ul>\n\n    \n      \n        <ul class=\"flex-row  w-list-unstyled\">\n              <li class=\"size-1-3 size-full-mobile\">\n  \n    <a href=\"https:\/\/people.he-arc.ch\/contact.php?id=4413452526\"  class=\"cta-card is-shadowed\">\n      <div class=\"cta-card__inner\">\n            <h3 class=\"cta-card__title pretty-underline\">Patrick Ischer<\/h3>\n      <p class=\"cta-card__description\"><\/p>\n    <\/div>\n    <\/a>\n  <\/li>\n              <li class=\"size-1-3 size-full-mobile\">\n  \n    <a href=\"https:\/\/people.he-arc.ch\/contact.php?id=2700130157\"  class=\"cta-card is-shadowed\">\n      <div class=\"cta-card__inner\">\n            <h3 class=\"cta-card__title pretty-underline\">Aris Martinelli<\/h3>\n      <p class=\"cta-card__description\"><\/p>\n    <\/div>\n    <\/a>\n  <\/li>\n              <li class=\"size-1-3 size-full-mobile\">\n  \n    <a href=\"https:\/\/people.he-arc.ch\/contact.php?id=2767651601\"  class=\"cta-card is-shadowed\">\n      <div class=\"cta-card__inner\">\n            <h3 class=\"cta-card__title pretty-underline\">Mathias Rota<\/h3>\n      <p class=\"cta-card__description\"><\/p>\n    <\/div>\n    <\/a>\n  <\/li>\n          <\/ul>\n\n    \n      \n        <ul class=\"flex-row  w-list-unstyled\">\n              <li class=\"size-1-3 size-full-mobile\">\n  \n    <a href=\"https:\/\/people.he-arc.ch\/contact.php?id=4142197504\"  class=\"cta-card is-shadowed\">\n      <div class=\"cta-card__inner\">\n            <h3 class=\"cta-card__title pretty-underline\">Alain Segessemann<\/h3>\n      <p class=\"cta-card__description\"><\/p>\n    <\/div>\n    <\/a>\n  <\/li>\n              <li class=\"size-1-3 size-full-mobile\">\n  \n    <a href=\"https:\/\/people.he-arc.ch\/contact.php?id=10874600\"  class=\"cta-card is-shadowed\">\n      <div class=\"cta-card__inner\">\n            <h3 class=\"cta-card__title pretty-underline\">Thierry Theurillat<\/h3>\n      <p class=\"cta-card__description\"><\/p>\n    <\/div>\n    <\/a>\n  <\/li>\n              <li class=\"size-1-3 size-full-mobile\">\n  \n    <a href=\"https:\/\/people.he-arc.ch\/contact.php?id=1212031215\"  class=\"cta-card is-shadowed\">\n      <div class=\"cta-card__inner\">\n            <h3 class=\"cta-card__title pretty-underline\">Nicole Weber<\/h3>\n      <p class=\"cta-card__description\"><\/p>\n    <\/div>\n    <\/a>\n  <\/li>\n          <\/ul>\n\n    \n  \n<\/div>\n\n\n<h2 class=\"wp-block-heading\">Agenda<\/h2>\n\n\n      <p>No events are planned in the near future.<\/p>\n  \n\n            <\/div>\n\n    <\/div>\n\n    <div class=\"article__aside w-100p\" id=\"sidebar_contact\">\n\n  <aside class=\"page-section__aside\">\n      <nav class=\"page-menu hidden-print is-shadowed--bold mt-1  w-list-unstyled\" aria-label=\"Raccourcis sur la page\">\n                    \n                        <a href=\"#equipe\" target=\"_blank\" class=\"btn-link  \">\n            <div class=\"btn-link__title\n                              is-goto\n              \">Research Team<\/div>\n          <\/a>\n                              \n                        <a href=\"https:\/\/www.he-arc.ch\/projets-recherche\/?_domain=gestion&#038;_skill_group=management-des-villes-et-du-territoire\" target=\"_blank\" class=\"btn-link  border-none\">\n            <div class=\"btn-link__title\n                              is-external\n              \">Projects<\/div>\n          <\/a>\n                    <\/nav>\n  <\/aside>\n\n      <div class=\"mt-4 w-100p\">\n              <h4 class=\"link-list__title\">Contact Person<\/h4>\n        \n<div id=\"contact-card-block_682b893439312813ae5c861994758b15\" class=\"contact-card is-shadowed  is-not-contained\">\n  <div class=\"contact-card__inner\">\n                <div class=\"contact-entry mb-1\">\n        Dean\n      <\/div>\n                      <div class=\"contact-entry mb-1\">\n        <a href=\"mailto:nicolas.babey@he-arc.ch\"  class=\"simple-link contact-entry mb-1\">Nicolas Babey<\/a>\n      <\/div>\n                      <div class=\"contact-entry \">\n        <a href=\"tel:+4178135607\"  class=\"simple-link contact-entry mb-1\">+41 78 613 56 07<\/a>\n      <\/div>\n            <\/div>\n<\/div>\n          <\/div>\n\n  <\/div>\n\n  <\/div>\n<\/section>\n","protected":false},"excerpt":{"rendered":"","protected":false},"author":12,"featured_media":0,"parent":0,"menu_order":247,"comment_status":"closed","ping_status":"closed","template":"","meta":{"_acf_changed":false,"footnotes":""},"he-arc_domain":[153,232],"class_list":["post-43573","page","type-page","status-publish","hentry","he-arc_domain-business-management","he-arc_domain-gestion-en"],"acf":[],"yoast_head":"<!-- This site is optimized with the Yoast SEO plugin v26.6 - https:\/\/yoast.com\/wordpress\/plugins\/seo\/ -->\n<title>Institute of Cities and Regional Management (IMVT) - Haute-Ecole Arc<\/title>\n<meta name=\"description\" content=\"Accompagner le d\u00e9veloppement des organisations publiques, priv\u00e9es et associatives, en lien avec le territoire qu\u2019elles occupent.\" \/>\n<meta name=\"robots\" content=\"index, follow, max-snippet:-1, max-image-preview:large, max-video-preview:-1\" \/>\n<link rel=\"canonical\" href=\"https:\/\/www.he-arc.ch\/en\/business-management\/institut-du-management-des-villes-et-du-territoire-imvt\/\" \/>\n<meta property=\"og:locale\" content=\"en_US\" \/>\n<meta property=\"og:type\" content=\"article\" \/>\n<meta property=\"og:title\" content=\"Institute of Cities and Regional Management (IMVT) - Haute-Ecole Arc\" \/>\n<meta property=\"og:description\" content=\"Accompagner le d\u00e9veloppement des organisations publiques, priv\u00e9es et associatives, en lien avec le territoire qu\u2019elles occupent.\" \/>\n<meta property=\"og:url\" content=\"https:\/\/www.he-arc.ch\/en\/business-management\/institut-du-management-des-villes-et-du-territoire-imvt\/\" \/>\n<meta property=\"og:site_name\" content=\"Haute-Ecole Arc\" \/>\n<meta property=\"article:modified_time\" content=\"2025-04-29T07:16:01+00:00\" \/>\n<meta property=\"og:image\" content=\"https:\/\/www.he-arc.ch\/wp-content\/uploads\/2021\/09\/Man-placing-City-Hall--1024x784.png\" \/>\n<meta name=\"twitter:card\" content=\"summary_large_image\" \/>\n<meta name=\"twitter:label1\" content=\"Est. reading time\" \/>\n\t<meta name=\"twitter:data1\" content=\"2 minutes\" \/>\n<script type=\"application\/ld+json\" class=\"yoast-schema-graph\">{\"@context\":\"https:\/\/schema.org\",\"@graph\":[{\"@type\":\"WebPage\",\"@id\":\"https:\/\/www.he-arc.ch\/en\/business-management\/institut-du-management-des-villes-et-du-territoire-imvt\/\",\"url\":\"https:\/\/www.he-arc.ch\/en\/business-management\/institut-du-management-des-villes-et-du-territoire-imvt\/\",\"name\":\"Institute of Cities and Regional Management (IMVT) - Haute-Ecole Arc\",\"isPartOf\":{\"@id\":\"https:\/\/www.he-arc.ch\/en\/#website\"},\"primaryImageOfPage\":{\"@id\":\"https:\/\/www.he-arc.ch\/en\/business-management\/institut-du-management-des-villes-et-du-territoire-imvt\/#primaryimage\"},\"image\":{\"@id\":\"https:\/\/www.he-arc.ch\/en\/business-management\/institut-du-management-des-villes-et-du-territoire-imvt\/#primaryimage\"},\"thumbnailUrl\":\"https:\/\/www.he-arc.ch\/wp-content\/uploads\/2021\/09\/Man-placing-City-Hall--1024x784.png\",\"datePublished\":\"2021-08-24T09:14:00+00:00\",\"dateModified\":\"2025-04-29T07:16:01+00:00\",\"description\":\"Accompagner le d\u00e9veloppement des organisations publiques, priv\u00e9es et associatives, en lien avec le territoire qu\u2019elles occupent.\",\"breadcrumb\":{\"@id\":\"https:\/\/www.he-arc.ch\/en\/business-management\/institut-du-management-des-villes-et-du-territoire-imvt\/#breadcrumb\"},\"inLanguage\":\"en-US\",\"potentialAction\":[{\"@type\":\"ReadAction\",\"target\":[\"https:\/\/www.he-arc.ch\/en\/business-management\/institut-du-management-des-villes-et-du-territoire-imvt\/\"]}]},{\"@type\":\"ImageObject\",\"inLanguage\":\"en-US\",\"@id\":\"https:\/\/www.he-arc.ch\/en\/business-management\/institut-du-management-des-villes-et-du-territoire-imvt\/#primaryimage\",\"url\":\"https:\/\/www.he-arc.ch\/wp-content\/uploads\/2021\/09\/Man-placing-City-Hall--1024x784.png\",\"contentUrl\":\"https:\/\/www.he-arc.ch\/wp-content\/uploads\/2021\/09\/Man-placing-City-Hall--1024x784.png\"},{\"@type\":\"BreadcrumbList\",\"@id\":\"https:\/\/www.he-arc.ch\/en\/business-management\/institut-du-management-des-villes-et-du-territoire-imvt\/#breadcrumb\",\"itemListElement\":[{\"@type\":\"ListItem\",\"position\":1,\"name\":\"Accueil\",\"item\":\"https:\/\/www.he-arc.ch\/en\/\"},{\"@type\":\"ListItem\",\"position\":2,\"name\":\"Institute of Cities and Regional Management (IMVT)\"}]},{\"@type\":\"WebSite\",\"@id\":\"https:\/\/www.he-arc.ch\/en\/#website\",\"url\":\"https:\/\/www.he-arc.ch\/en\/\",\"name\":\"Haute-Ecole Arc\",\"description\":\"Haute \u00e9cole sp\u00e9cialis\u00e9e Suisse. Gestion, Ing\u00e9nierie, Sant\u00e9, Conservation-\u200brestauration.\",\"publisher\":{\"@id\":\"https:\/\/www.he-arc.ch\/en\/#organization\"},\"potentialAction\":[{\"@type\":\"SearchAction\",\"target\":{\"@type\":\"EntryPoint\",\"urlTemplate\":\"https:\/\/www.he-arc.ch\/en\/?s={search_term_string}\"},\"query-input\":{\"@type\":\"PropertyValueSpecification\",\"valueRequired\":true,\"valueName\":\"search_term_string\"}}],\"inLanguage\":\"en-US\"},{\"@type\":\"Organization\",\"@id\":\"https:\/\/www.he-arc.ch\/en\/#organization\",\"name\":\"Haute Ecole Arc\",\"url\":\"https:\/\/www.he-arc.ch\/en\/\",\"logo\":{\"@type\":\"ImageObject\",\"inLanguage\":\"en-US\",\"@id\":\"https:\/\/www.he-arc.ch\/en\/#\/schema\/logo\/image\/\",\"url\":\"https:\/\/www.he-arc.ch\/wp-content\/uploads\/2022\/01\/logo-he-arc.svg\",\"contentUrl\":\"https:\/\/www.he-arc.ch\/wp-content\/uploads\/2022\/01\/logo-he-arc.svg\",\"width\":140,\"height\":42,\"caption\":\"Haute Ecole Arc\"},\"image\":{\"@id\":\"https:\/\/www.he-arc.ch\/en\/#\/schema\/logo\/image\/\"}}]}<\/script>\n<!-- \/ Yoast SEO plugin. -->","yoast_head_json":{"title":"Institute of Cities and Regional Management (IMVT) - Haute-Ecole Arc","description":"Accompagner le d\u00e9veloppement des organisations publiques, priv\u00e9es et associatives, en lien avec le territoire qu\u2019elles occupent.","robots":{"index":"index","follow":"follow","max-snippet":"max-snippet:-1","max-image-preview":"max-image-preview:large","max-video-preview":"max-video-preview:-1"},"canonical":"https:\/\/www.he-arc.ch\/en\/business-management\/institut-du-management-des-villes-et-du-territoire-imvt\/","og_locale":"en_US","og_type":"article","og_title":"Institute of Cities and Regional Management (IMVT) - Haute-Ecole Arc","og_description":"Accompagner le d\u00e9veloppement des organisations publiques, priv\u00e9es et associatives, en lien avec le territoire qu\u2019elles occupent.","og_url":"https:\/\/www.he-arc.ch\/en\/business-management\/institut-du-management-des-villes-et-du-territoire-imvt\/","og_site_name":"Haute-Ecole Arc","article_modified_time":"2025-04-29T07:16:01+00:00","og_image":[{"url":"https:\/\/www.he-arc.ch\/wp-content\/uploads\/2021\/09\/Man-placing-City-Hall--1024x784.png","type":"","width":"","height":""}],"twitter_card":"summary_large_image","twitter_misc":{"Est. reading time":"2 minutes"},"schema":{"@context":"https:\/\/schema.org","@graph":[{"@type":"WebPage","@id":"https:\/\/www.he-arc.ch\/en\/business-management\/institut-du-management-des-villes-et-du-territoire-imvt\/","url":"https:\/\/www.he-arc.ch\/en\/business-management\/institut-du-management-des-villes-et-du-territoire-imvt\/","name":"Institute of Cities and Regional Management (IMVT) - Haute-Ecole Arc","isPartOf":{"@id":"https:\/\/www.he-arc.ch\/en\/#website"},"primaryImageOfPage":{"@id":"https:\/\/www.he-arc.ch\/en\/business-management\/institut-du-management-des-villes-et-du-territoire-imvt\/#primaryimage"},"image":{"@id":"https:\/\/www.he-arc.ch\/en\/business-management\/institut-du-management-des-villes-et-du-territoire-imvt\/#primaryimage"},"thumbnailUrl":"https:\/\/www.he-arc.ch\/wp-content\/uploads\/2021\/09\/Man-placing-City-Hall--1024x784.png","datePublished":"2021-08-24T09:14:00+00:00","dateModified":"2025-04-29T07:16:01+00:00","description":"Accompagner le d\u00e9veloppement des organisations publiques, priv\u00e9es et associatives, en lien avec le territoire qu\u2019elles occupent.","breadcrumb":{"@id":"https:\/\/www.he-arc.ch\/en\/business-management\/institut-du-management-des-villes-et-du-territoire-imvt\/#breadcrumb"},"inLanguage":"en-US","potentialAction":[{"@type":"ReadAction","target":["https:\/\/www.he-arc.ch\/en\/business-management\/institut-du-management-des-villes-et-du-territoire-imvt\/"]}]},{"@type":"ImageObject","inLanguage":"en-US","@id":"https:\/\/www.he-arc.ch\/en\/business-management\/institut-du-management-des-villes-et-du-territoire-imvt\/#primaryimage","url":"https:\/\/www.he-arc.ch\/wp-content\/uploads\/2021\/09\/Man-placing-City-Hall--1024x784.png","contentUrl":"https:\/\/www.he-arc.ch\/wp-content\/uploads\/2021\/09\/Man-placing-City-Hall--1024x784.png"},{"@type":"BreadcrumbList","@id":"https:\/\/www.he-arc.ch\/en\/business-management\/institut-du-management-des-villes-et-du-territoire-imvt\/#breadcrumb","itemListElement":[{"@type":"ListItem","position":1,"name":"Accueil","item":"https:\/\/www.he-arc.ch\/en\/"},{"@type":"ListItem","position":2,"name":"Institute of Cities and Regional Management (IMVT)"}]},{"@type":"WebSite","@id":"https:\/\/www.he-arc.ch\/en\/#website","url":"https:\/\/www.he-arc.ch\/en\/","name":"Haute-Ecole Arc","description":"Haute \u00e9cole sp\u00e9cialis\u00e9e Suisse. Gestion, Ing\u00e9nierie, Sant\u00e9, Conservation-\u200brestauration.","publisher":{"@id":"https:\/\/www.he-arc.ch\/en\/#organization"},"potentialAction":[{"@type":"SearchAction","target":{"@type":"EntryPoint","urlTemplate":"https:\/\/www.he-arc.ch\/en\/?s={search_term_string}"},"query-input":{"@type":"PropertyValueSpecification","valueRequired":true,"valueName":"search_term_string"}}],"inLanguage":"en-US"},{"@type":"Organization","@id":"https:\/\/www.he-arc.ch\/en\/#organization","name":"Haute Ecole Arc","url":"https:\/\/www.he-arc.ch\/en\/","logo":{"@type":"ImageObject","inLanguage":"en-US","@id":"https:\/\/www.he-arc.ch\/en\/#\/schema\/logo\/image\/","url":"https:\/\/www.he-arc.ch\/wp-content\/uploads\/2022\/01\/logo-he-arc.svg","contentUrl":"https:\/\/www.he-arc.ch\/wp-content\/uploads\/2022\/01\/logo-he-arc.svg","width":140,"height":42,"caption":"Haute Ecole Arc"},"image":{"@id":"https:\/\/www.he-arc.ch\/en\/#\/schema\/logo\/image\/"}}]}},"_links":{"self":[{"href":"https:\/\/www.he-arc.ch\/en\/wp-json\/wp\/v2\/pages\/43573","targetHints":{"allow":["GET"]}}],"collection":[{"href":"https:\/\/www.he-arc.ch\/en\/wp-json\/wp\/v2\/pages"}],"about":[{"href":"https:\/\/www.he-arc.ch\/en\/wp-json\/wp\/v2\/types\/page"}],"author":[{"embeddable":true,"href":"https:\/\/www.he-arc.ch\/en\/wp-json\/wp\/v2\/users\/12"}],"replies":[{"embeddable":true,"href":"https:\/\/www.he-arc.ch\/en\/wp-json\/wp\/v2\/comments?post=43573"}],"version-history":[{"count":19,"href":"https:\/\/www.he-arc.ch\/en\/wp-json\/wp\/v2\/pages\/43573\/revisions"}],"predecessor-version":[{"id":67341,"href":"https:\/\/www.he-arc.ch\/en\/wp-json\/wp\/v2\/pages\/43573\/revisions\/67341"}],"wp:attachment":[{"href":"https:\/\/www.he-arc.ch\/en\/wp-json\/wp\/v2\/media?parent=43573"}],"wp:term":[{"taxonomy":"he-arc_domain","embeddable":true,"href":"https:\/\/www.he-arc.ch\/en\/wp-json\/wp\/v2\/he-arc_domain?post=43573"}],"curies":[{"name":"wp","href":"https:\/\/api.w.org\/{rel}","templated":true}]}}